{"id":29923,"date":"2023-01-20T10:02:39","date_gmt":"2023-01-20T13:02:39","guid":{"rendered":"https:\/\/www.fitnessbrasil.com.br\/?page_id=29923"},"modified":"2024-05-01T11:29:22","modified_gmt":"2024-05-01T14:29:22","slug":"cida-conti","status":"publish","type":"page","link":"https:\/\/www.fitnessbrasil.com.br\/es\/cida-conti\/","title":{"rendered":"CIDA CONTI"},"content":{"rendered":"<style>\n.logo-fitbr-news img{\n    max-width: 500px;\n}\n.post-destaque .box-text{\n    max-width: 1080px;\n    margin:auto\n}\n\n.post-destaque .image-cover {\n    min-height: 450px;\n}\n\n.post-destaque .box-text-inner {\n    max-width: 360px;\n}\n\n.post-destaque h5.post-title {\n    font-size: 2.5em !important\n}\n\n.post-destaque .from_the_blog_excerpt {\n    font-size: 1.4em !important\n}\n\n.post-destaque .cat-label {\n    font-size: .8em !important\n}\n\n\/*Newsletter*\/\n.section.newsletter .wpcf7-email{\n    background: #fff;\n    border: 1px solid var(--fs-color-primary);\n}\n\n.section.newsletter .wpcf7-submit{\n    width: 100%;\n}\n\n.section.newsletter .wpcf7-spinner{\n    position: absolute !important;\n    top: 7px;\n    right: -10px;\n}\n\n\/*PUBLICIDADE*\/\n.publicidade .img{\n    border: 1px solid #e9e9e9;\n    padding: 15px;\n    border-radius: 10px;\n}\n\n\n\/*** TITULOS ***\/\n.col.titulos .col-inner {\n    display: flex;\n    flex-direction: row;\n    align-content: center;    \n    align-items: center;\n}\n\n.col.titulos .col-inner img{\n    margin: 0px !important;\n    max-width: 20px;\n}\n\n.col.titulos .img.heading {\n    margin: 0px 0px !important;\n    max-width: 20px;\n}\n\n.col.titulos .text,\n.col.titulos h3,\n.col.titulos h2{\n    margin: 0px 10px;\n}\n\n\n\/*** OUTROS DESTAQUES ***\/\n.section.outros-destaques {}\n\n.section.outros-destaques .wp-post-image{\n    \/*width: 100%;\n    height: 100%;\n    object-fit: cover;\n    clip-path: polygon(0 0, 100% 0, 100% 50%, 0 50%);*\/\n    border-radius: 10px;\n}\n\n.section.outros-destaques .cat-label {\n    color: #d82d79;\n    font-size: 11px;\n    font-weight: 700;\n}\n\n.section.outros-destaques .post-item .is-divider {\n    display: none;\n}\n\n.section.outros-destaques .box-text-inner.blog-post-inner p{\n    margin-bottom: 20px;\n}\n\n.section.outros-destaques .heading img{\n    max-width: 400px;\n    margin-bottom: 30px;\n}\n\n.section.outros-destaques .box-text .button{\n    margin: 0px;\n}\n\n\/*** DIVCERSOS 01 ***\/\n.mais-recentes .cat-label,\n.mais-lidos .cat-label {\n    color: #d82d79;\n    font-size: 11px;\n    font-weight: 700;\n}\n\n.box.box-vertical.box-text-top.box-blog-post.has-hover {}\n\n\n.mais-recentes .box-vertical .box-image,\n.mais-lidos .box-vertical .box-image {\n    direction: ltr;\n    display: table-cell;\n    vertical-align: top;\n    padding-top: 15px !important;\n    border-radius: 10px !important;\n}\n\n.mais-recentes .box-vertical .box-image img,\n.mais-lidos .box-vertical .box-image img {\n    border-radius: 10px !important;\n}\n\n.mais-recentes .is-divider,\n.mais-lidos .is-divider {\n    display: none;\n}\n\n.colunista {\n    display: flex;\n    margin-bottom: 30px;\n    flex-direction: row;\n    flex-wrap: nowrap;\n    align-content: center;\n    justify-content: flex-start;\n    align-items: center;\n}\n\n.colunista a{\n    width: 40%;\n    margin-right: 10px;\n}\n\n.colunista .box-text.text-left {\n    width: 100%;\n    margin: 0px;\n}\n\n\n.colunista .box-image{\n    width: 100% !important\n} \n\n\/*.colunista .box-image {\n    margin-right: 10px;\n    width: 40% !important\n}*\/\n\n.colunista .box-text.text-left {\n    padding: 0px;\n    \n}\n\n.colunista span.person-name {\n    color: #d82d79;\n    font-weight: 700;\n}\n\n.colunista span.person-title {\n    text-transform: none !important;\n    font-size: 16px;\n}\n\n\/*** OUTROS DESTAQUES ***\/\n.outros-destaques .img.heading {\n    display: inline-block;\n    width: auto !important;\n    margin-right: 20px;\n}\n\n.outros-destaques a.button.primary.is-smaller {\n    display: inline-block;\n    \/*top: -36px;*\/\n    margin: 0px;\n}\n\n\/* Posts List*\/\n.posts-list .box.box-normal.box-text-bottom.box-blog-post.has-hover {\n    display: flex;\n    flex-direction: row;\n    flex-wrap: nowrap;\n    align-content: center;\n    align-items: flex-start;\n    gap: 20px;\n    justify-content: flex-start;\n}\n\n.posts-list .box-image {\n    width: 30%;\n    margin-top: 15px;\n}\n<\/style>\n\n\t<div class=\"img has-hover hidden x md-x lg-x y md-y lg-y\" id=\"image_1828546848\">\n\t\t\t\t\t\t\t\t<div class=\"img-inner dark\" >\n\t\t\t<img decoding=\"async\" width=\"1020\" height=\"90\" data-src=\"https:\/\/www.fitnessbrasil.com.br\/wp-content\/uploads\/2021\/07\/BannerMovement.jpg\" class=\"attachment-large size-large lazyload\" alt=\"\" data-srcset=\"https:\/\/www.fitnessbrasil.com.br\/wp-content\/uploads\/2021\/07\/BannerMovement.jpg 1024w, https:\/\/www.fitnessbrasil.com.br\/wp-content\/uploads\/2021\/07\/BannerMovement-800x70.jpg 800w, https:\/\/www.fitnessbrasil.com.br\/wp-content\/uploads\/2021\/07\/BannerMovement-768x68.jpg 768w, https:\/\/www.fitnessbrasil.com.br\/wp-content\/uploads\/2021\/07\/BannerMovement-510x45.jpg 510w\" data-sizes=\"(max-width: 1020px) 100vw, 1020px\" src=\"data:image\/svg+xml;base64,PHN2ZyB3aWR0aD0iMSIgaGVpZ2h0PSIxIiB4bWxucz0iaHR0cDovL3d3dy53My5vcmcvMjAwMC9zdmciPjwvc3ZnPg==\" style=\"--smush-placeholder-width: 1020px; --smush-placeholder-aspect-ratio: 1020\/90;\" \/>\t\t\t\t\t\t\n\t\t\t\t\t<\/div>\n\t\t\t\t\t\t\t\t\n<style>\n#image_1828546848 {\n  width: 100%;\n}\n<\/style>\n\t<\/div>\n\t\n\n\n\t<section class=\"section\" id=\"section_316065983\">\n\t\t<div class=\"section-bg fill\" >\n\t\t\t\t\t\t\t\t\t\n\t\t\t\n\n\t\t<\/div>\n\n\t\t\n\n\t\t<div class=\"section-content relative\">\n\t\t\t\n\n\t\t<div class=\"hidden\">\n\t\t\t\t\n\n<style>\n.menu-news-novo a{\n    color: #fff !important;\n}\n\n<\/style>\n\t\t<\/div>\n\t\n<div class=\"row row-collapse row-full-width align-middle align-center\"  id=\"row-1775224758\">\n\n\n\t<div id=\"col-545787361\" class=\"col small-12 large-12\"  >\n\t\t\t\t<div class=\"col-inner text-center\"  >\n\t\t\t\n\t\t\t\n\n\t<div class=\"img has-hover logo-fitbr-news x md-x lg-x y md-y lg-y\" id=\"image_671295466\">\n\t\t\t\t\t\t\t\t<div class=\"img-inner dark\" >\n\t\t\t<img decoding=\"async\" width=\"768\" height=\"121\" data-src=\"https:\/\/www.fitnessbrasil.com.br\/wp-content\/uploads\/2024\/03\/fitbrnews_logo_cabecalho-768x121.png\" class=\"attachment-medium_large size-medium_large lazyload\" alt=\"\" data-srcset=\"https:\/\/www.fitnessbrasil.com.br\/wp-content\/uploads\/2024\/03\/fitbrnews_logo_cabecalho-768x121.png 768w, https:\/\/www.fitnessbrasil.com.br\/wp-content\/uploads\/2024\/03\/fitbrnews_logo_cabecalho-800x126.png 800w, https:\/\/www.fitnessbrasil.com.br\/wp-content\/uploads\/2024\/03\/fitbrnews_logo_cabecalho-18x3.png 18w, https:\/\/www.fitnessbrasil.com.br\/wp-content\/uploads\/2024\/03\/fitbrnews_logo_cabecalho-510x80.png 510w, https:\/\/www.fitnessbrasil.com.br\/wp-content\/uploads\/2024\/03\/fitbrnews_logo_cabecalho.png 1375w\" data-sizes=\"(max-width: 768px) 100vw, 768px\" src=\"data:image\/svg+xml;base64,PHN2ZyB3aWR0aD0iMSIgaGVpZ2h0PSIxIiB4bWxucz0iaHR0cDovL3d3dy53My5vcmcvMjAwMC9zdmciPjwvc3ZnPg==\" style=\"--smush-placeholder-width: 768px; --smush-placeholder-aspect-ratio: 768\/121;\" \/>\t\t\t\t\t\t\n\t\t\t\t\t<\/div>\n\t\t\t\t\t\t\t\t\n<style>\n#image_671295466 {\n  width: 60%;\n}\n@media (min-width:550px) {\n  #image_671295466 {\n    width: 38%;\n  }\n}\n@media (min-width:850px) {\n  #image_671295466 {\n    width: 21%;\n  }\n}\n<\/style>\n\t<\/div>\n\t\n\n\t<div id=\"text-1512460493\" class=\"text\">\n\t\t\n\n<p>Not\u00edcias, entrevistas e artigos de grandes colunistas do mercado sa\u00fade, business, fitness e bem-estar<\/p>\n\t\t\n<style>\n#text-1512460493 {\n  font-size: 0.95rem;\n  color: rgb(77, 178, 162);\n}\n#text-1512460493 > * {\n  color: rgb(77, 178, 162);\n}\n@media (min-width:550px) {\n  #text-1512460493 {\n    font-size: 1.5rem;\n  }\n}\n<\/style>\n\t<\/div>\n\t\n<div class=\"row row-collapse align-middle align-center\"  id=\"row-1901496334\">\n\n\n\t<div id=\"col-735799818\" class=\"col medium-3 small-12 large-3\"  >\n\t\t\t\t<div class=\"col-inner\"  >\n\t\t\t\n\t\t\t\n\n\n\t\t<\/div>\n\t\t\t\t\t<\/div>\n\n\t\n\n\t<div id=\"col-977932915\" class=\"col medium-6 small-12 large-6\"  >\n\t\t\t\t<div class=\"col-inner\"  >\n\t\t\t\n\t\t\t\n\n\n\n<style>\n.searchbox {\n    text-align: right;\n    display: flex;\n    align-content: center;\n    justify-content: flex-end;\n    align-items: center;\n    flex-direction: row;\n    flex-wrap: nowrap;\n}\n\n.searchbox #search-field {\n    background-color: #ebf5f4;\n    border: 2px solid #2db7a2;\n    border-radius: 99px;\n    box-shadow: none;\n    color: currentColor !important;\n}\n\n.searchbox .searchform .button.icon i{\n    color: #2db7a2;\n}\n\n.searchbox .searchform {\n    width: 100%;\n}\n<\/style>\n<div class=\"searchform-wrapper ux-search-box relative searchbox form-flat is-normal\">\n\n<form role=\"search\" method=\"get\" class=\"searchform\" action=\"https:\/\/www.fitnessbrasil.com.br\/es\/\" data-trp-original-action=\"https:\/\/www.fitnessbrasil.com.br\/\">\n\t<div class=\"flex-row relative\">\n\t\t\t\t\t\t<div class=\"flex-col flex-grow\">\n\t\t\t<label class=\"screen-reader-text\" for=\"search-field\">Pesquisar por:<\/label>\n\t\t\t<input type=\"search\" id=\"search-field\" class=\"search-field mb-0\" placeholder=\"Pesquisar\u2026\" value=\"\" name=\"s\" autocomplete=\"off\">\n\t\t\t\t\t<\/div>\n\t\t<div class=\"flex-col\">\n\t\t\t<button type=\"submit\" value=\"Pesquisar\" class=\"ux-search-submit submit-button secondary button  icon mb-0\" aria-label=\"Enviar\">\n\t\t\t\t<i class=\"icon-search\"><\/i>\t\t\t<\/button>\n\t\t<\/div>\n\t<\/div>\n<input type=\"hidden\" name=\"trp-form-language\" value=\"es\"\/><\/form>\n\n<\/div>\n\n\n\t\t<\/div>\n\t\t\t\t\t<\/div>\n\n\t\n\n\t<div id=\"col-345854673\" class=\"col medium-3 small-12 large-3\"  >\n\t\t\t\t<div class=\"col-inner\"  >\n\t\t\t\n\t\t\t\n\n\n\t\t<\/div>\n\t\t\t\t\t<\/div>\n\n\t\n\n<\/div>\n\n\t\t<\/div>\n\t\t\t\t\n<style>\n#col-545787361 > .col-inner {\n  padding: 0px 30px 0px 30px;\n  margin: 0px 0px 0px 0px;\n  max-width: 100%;\n}\n@media (min-width:550px) {\n  #col-545787361 > .col-inner {\n    padding: 0px 30px 0px 30px;\n  }\n}\n@media (min-width:850px) {\n  #col-545787361 > .col-inner {\n    padding: 0px 0px 0px 0px;\n  }\n}\n<\/style>\n\t<\/div>\n\n\t\n\n\n<style>\n#row-1775224758 > .col > .col-inner {\n  padding: 60px 30px 60px 30px;\n  background-color: rgb(21, 21, 21);\n}\n@media (min-width:850px) {\n  #row-1775224758 > .col > .col-inner {\n    padding: 60px 0px 60px 0px;\n  }\n}\n<\/style>\n<\/div>\n<div class=\"row row-collapse row-full-width align-middle\"  id=\"row-332801382\">\n\n\n\t<div id=\"col-291883457\" class=\"col small-12 large-12\"  >\n\t\t\t\t<div class=\"col-inner\"  >\n\t\t\t\n\t\t\t\n\n<div class=\"nav-wrapper\"><ul class=\"nav menu-news-novo nav-uppercase nav-horizontal nav-simple text-center nav-center\"><li class=\"\"><a href=\"https:\/\/www.fitnessbrasil.com.br\/es\/fb-news\/nasm\/\">Ofrecido por NASM<\/a><\/li><li class=\"\"><a href=\"https:\/\/www.fitnessbrasil.com.br\/es\/fb-news\/quem-e-quem\/\">Qui\u00e9n es qui\u00e9n<\/a><\/li><li class=\"\"><a href=\"https:\/\/www.fitnessbrasil.com.br\/es\/fb-news\/saude-e-bem-estar\/\">Salud y Bienestar<\/a><\/li><li class=\"\"><a href=\"https:\/\/www.fitnessbrasil.com.br\/es\/fb-news\/gestao-e-negocios\/\">Gesti\u00f3n y Negocios<\/a><\/li><li class=\"\"><a href=\"https:\/\/www.fitnessbrasil.com.br\/es\/fb-news\/fitness\/\">Fitness<\/a><\/li><li class=\"\"><a href=\"https:\/\/www.fitnessbrasil.com.br\/es\/fb-news\/esporte\/\">Deporte<\/a><\/li><li class=\"\"><a href=\"https:\/\/www.fitnessbrasil.com.br\/es\/fb-news\/academias\/\">Gimnasios<\/a><\/li><li class=\"\"><a href=\"https:\/\/www.fitnessbrasil.com.br\/es\/fb-news\/noticias\/\">Noticias<\/a><\/li><li class=\"\"><a href=\"https:\/\/www.fitnessbrasil.com.br\/es\/fb-news\/colunistas\/\">Columnistas<\/a><\/li><li class=\"\"><a href=\"https:\/\/www.fitnessbrasil.com.br\/es\/fb-news\/fitbr-cast-podcast\/\">FitBR Cast - Podcast<\/a><\/li><\/ul><\/div>\n\n\n\t\t<\/div>\n\t\t\t\t\t<\/div>\n\n\t\n\n\n<style>\n#row-332801382 > .col > .col-inner {\n  padding: 5px 0px 5px 0px;\n  background-color: #17c3b2;\n}\n<\/style>\n<\/div>\n\n\n\t\t<\/div>\n\n\t\t\n<style>\n#section_316065983 {\n  padding-top: 0px;\n  padding-bottom: 0px;\n}\n<\/style>\n\t<\/section>\n\t\n\n\n\t<section class=\"section\" id=\"section_793011211\">\n\t\t<div class=\"section-bg fill\" >\n\t\t\t\t\t\t\t\t\t\n\t\t\t\n\n\t\t<\/div>\n\n\t\t\n\n\t\t<div class=\"section-content relative\">\n\t\t\t\n\n<div class=\"row row-collapse align-middle\"  id=\"row-516539311\">\n\n\n\t<div id=\"col-2062061997\" class=\"col small-12 large-12\"  >\n\t\t\t\t<div class=\"col-inner text-center\"  >\n\t\t\t\n\t\t\t\n\n    <div class=\"box has-hover header-colunista has-hover box-vertical box-text-middle\" >\n\n                  <div class=\"box-image\" style=\"width:13%;\">\n           <div class=\"box-image-inner image-cover\" style=\"border-radius:100%;padding-top:100%;\">\n              <img decoding=\"async\" width=\"425\" height=\"720\" data-src=\"https:\/\/www.fitnessbrasil.com.br\/wp-content\/uploads\/2022\/04\/Cida-Conti-e1689187946378.jpg\" class=\"attachment- size- lazyload\" alt=\"\" data-srcset=\"https:\/\/www.fitnessbrasil.com.br\/wp-content\/uploads\/2022\/04\/Cida-Conti-e1689187946378.jpg 425w, https:\/\/www.fitnessbrasil.com.br\/wp-content\/uploads\/2022\/04\/Cida-Conti-e1689187946378-236x400.jpg 236w, https:\/\/www.fitnessbrasil.com.br\/wp-content\/uploads\/2022\/04\/Cida-Conti-e1689187946378-7x12.jpg 7w\" data-sizes=\"(max-width: 425px) 100vw, 425px\" src=\"data:image\/svg+xml;base64,PHN2ZyB3aWR0aD0iMSIgaGVpZ2h0PSIxIiB4bWxucz0iaHR0cDovL3d3dy53My5vcmcvMjAwMC9zdmciPjwvc3ZnPg==\" style=\"--smush-placeholder-width: 425px; --smush-placeholder-aspect-ratio: 425\/720;\" \/>                         <\/div>\n          <\/div>\n         \n          <div class=\"box-text text-left is-xlarge\" >\n                <div class=\"box-text-inner\">\n                  <h4 class=\"uppercase\">\n                    <span class=\"person-name\">CIDA CONTI<\/span><br\/>\n                    <span class=\"person-title is-small thin-font op-7\">\n                                          <\/span>\n                  <\/h4>\n\t\t\t\t\t\n\n\t<div id=\"text-2541286054\" class=\"text\">\n\t\t\n\n<p>CEO na FIT.PRO &#8211; Fitness Programas. Mais de 2 d\u00e9cadas formando e desenvolvendo Programas de Coreografia Profissional <\/p>\n\t\t\n<style>\n#text-2541286054 {\n  font-size: 0.8rem;\n}\n<\/style>\n\t<\/div>\n\t\n\n                <\/div>\n          <\/div>\n    <\/div>\n\n\t\n    \n\n\t\t<\/div>\n\t\t\t\t\t<\/div>\n\n\t\n\n<\/div>\n\n\t\t<\/div>\n\n\t\t\n<style>\n#section_793011211 {\n  padding-top: 30px;\n  padding-bottom: 30px;\n  background-color: rgb(238, 238, 238);\n}\n<\/style>\n\t<\/section>\n\t\n\n\t<section class=\"section outros-destaques saude\" id=\"section_1376269303\">\n\t\t<div class=\"section-bg fill\" >\n\t\t\t\t\t\t\t\t\t\n\t\t\t\n\n\t\t<\/div>\n\n\t\t\n\n\t\t<div class=\"section-content relative\">\n\t\t\t\n\n<div class=\"row row-collapse align-middle align-center\"  id=\"row-72995389\">\n\n\n\t<div id=\"col-576951471\" class=\"col small-12 large-12\"  >\n\t\t\t\t<div class=\"col-inner text-left\"  >\n\t\t\t\n\t\t\t\n\n\n  \n    <div class=\"row posts-list large-columns-1 medium-columns-1 small-columns-1\" >\n  <div class=\"col post-item\" >\n\t\t\t<div class=\"col-inner\">\n\t\t\t\t<div class=\"box box-normal box-text-bottom box-blog-post has-hover\">\n            \t\t\t\t\t<div class=\"box-image\" >\n  \t\t\t\t\t\t<div class=\"image-cover\" style=\"padding-top:56.25%;\">\n\t\t\t\t\t\t\t<a href=\"https:\/\/www.fitnessbrasil.com.br\/es\/newsfitbr\/a-forca-da-conexao-humana-no-fitness-por-que-aulas-coletivas-voltam-ao-centro-da-experiencia\/\" class=\"plain\" aria-label=\"A for\u00e7a da conex\u00e3o humana no fitness: por que aulas coletivas voltam ao centro da experi\u00eancia\">\n\t\t\t\t\t\t\t\t<img decoding=\"async\" width=\"600\" height=\"400\" data-src=\"https:\/\/www.fitnessbrasil.com.br\/wp-content\/uploads\/2026\/01\/CIDA-CONTI-AdobeStock_340802049-600x400.jpg\" class=\"attachment-medium size-medium wp-post-image lazyload\" alt=\"\" data-srcset=\"https:\/\/www.fitnessbrasil.com.br\/wp-content\/uploads\/2026\/01\/CIDA-CONTI-AdobeStock_340802049-600x400.jpg 600w, https:\/\/www.fitnessbrasil.com.br\/wp-content\/uploads\/2026\/01\/CIDA-CONTI-AdobeStock_340802049-1200x800.jpg 1200w, https:\/\/www.fitnessbrasil.com.br\/wp-content\/uploads\/2026\/01\/CIDA-CONTI-AdobeStock_340802049-768x512.jpg 768w, https:\/\/www.fitnessbrasil.com.br\/wp-content\/uploads\/2026\/01\/CIDA-CONTI-AdobeStock_340802049-1536x1024.jpg 1536w, https:\/\/www.fitnessbrasil.com.br\/wp-content\/uploads\/2026\/01\/CIDA-CONTI-AdobeStock_340802049-18x12.jpg 18w, https:\/\/www.fitnessbrasil.com.br\/wp-content\/uploads\/2026\/01\/CIDA-CONTI-AdobeStock_340802049-510x340.jpg 510w, https:\/\/www.fitnessbrasil.com.br\/wp-content\/uploads\/2026\/01\/CIDA-CONTI-AdobeStock_340802049.jpg 1600w\" data-sizes=\"(max-width: 600px) 100vw, 600px\" src=\"data:image\/svg+xml;base64,PHN2ZyB3aWR0aD0iMSIgaGVpZ2h0PSIxIiB4bWxucz0iaHR0cDovL3d3dy53My5vcmcvMjAwMC9zdmciPjwvc3ZnPg==\" style=\"--smush-placeholder-width: 600px; --smush-placeholder-aspect-ratio: 600\/400;\" \/>\t\t\t\t\t\t\t<\/a>\n  \t\t\t\t\t\t\t  \t\t\t\t\t\t\t  \t\t\t\t\t\t<\/div>\n  \t\t\t\t\t\t  \t\t\t\t\t<\/div>\n          \t\t\t\t\t<div class=\"box-text text-left\" >\n\t\t\t\t\t<div class=\"box-text-inner blog-post-inner\">\n\n\t\t\t\t\t\n\t\t\t\t\t\t\t\t\t\t\t<p class=\"cat-label  is-xxsmall op-7 uppercase\">\n\t\t\t\t\tCida Conti Colunistas Destaques Not\u00edcias \t\t\t\t\t<\/p>\n\t\t\t\t\t\t\t\t\t\t<h5 class=\"post-title is-larger\">\n\t\t\t\t\t\t<a href=\"https:\/\/www.fitnessbrasil.com.br\/es\/newsfitbr\/a-forca-da-conexao-humana-no-fitness-por-que-aulas-coletivas-voltam-ao-centro-da-experiencia\/\" class=\"plain\">A for\u00e7a da conex\u00e3o humana no fitness: por que aulas coletivas voltam ao centro da experi\u00eancia<\/a>\n\t\t\t\t\t<\/h5>\n\t\t\t\t\t\t\t\t\t\t<div class=\"is-divider\"><\/div>\n\t\t\t\t\t\t\t\t\t\t<p class=\"from_the_blog_excerpt\">\n\t\t\t\t\t\tEm um mercado cada vez mais digital, v\u00ednculo, pertencimento e rela\u00e7\u00e3o professor\u2013aluno se tornam diferenciais estrat\u00e9gicos\t\t\t\t\t<\/p>\n\t\t\t\t\t                    \n\t\t\t\t\t\t\t\t\t\t\t<a href=\"https:\/\/www.fitnessbrasil.com.br\/es\/newsfitbr\/a-forca-da-conexao-humana-no-fitness-por-que-aulas-coletivas-voltam-ao-centro-da-experiencia\/\" class=\"button primary is-shade is-small mb-0\">\n\t\t\t\t\t\t\tLEIA MAIS\t\t\t\t\t\t<\/a>\n\t\t\t\t\t\n\t\t\t\t\t\n\t\t\t\t\t<\/div>\n\t\t\t\t\t<\/div>\n\t\t\t\t\t\t\t\t\t<\/div>\n\t\t\t<\/div>\n\t\t<\/div><div class=\"col post-item\" >\n\t\t\t<div class=\"col-inner\">\n\t\t\t\t<div class=\"box box-normal box-text-bottom box-blog-post has-hover\">\n            \t\t\t\t\t<div class=\"box-image\" >\n  \t\t\t\t\t\t<div class=\"image-cover\" style=\"padding-top:56.25%;\">\n\t\t\t\t\t\t\t<a href=\"https:\/\/www.fitnessbrasil.com.br\/es\/newsfitbr\/tendencia-2026-aulas-coletivas-reconquistam-espaco-no-universo-do-fitness-global\/\" class=\"plain\" aria-label=\"Tend\u00eancia 2026: aulas coletivas reconquistam espa\u00e7o no universo do fitness global\">\n\t\t\t\t\t\t\t\t<img decoding=\"async\" width=\"608\" height=\"400\" data-src=\"https:\/\/www.fitnessbrasil.com.br\/wp-content\/uploads\/2025\/11\/AdobeStock_270816493-608x400.jpeg\" class=\"attachment-medium size-medium wp-post-image lazyload\" alt=\"\" data-srcset=\"https:\/\/www.fitnessbrasil.com.br\/wp-content\/uploads\/2025\/11\/AdobeStock_270816493-608x400.jpeg 608w, https:\/\/www.fitnessbrasil.com.br\/wp-content\/uploads\/2025\/11\/AdobeStock_270816493-1216x800.jpeg 1216w, https:\/\/www.fitnessbrasil.com.br\/wp-content\/uploads\/2025\/11\/AdobeStock_270816493-768x505.jpeg 768w, https:\/\/www.fitnessbrasil.com.br\/wp-content\/uploads\/2025\/11\/AdobeStock_270816493-1536x1011.jpeg 1536w, https:\/\/www.fitnessbrasil.com.br\/wp-content\/uploads\/2025\/11\/AdobeStock_270816493-2048x1348.jpeg 2048w, https:\/\/www.fitnessbrasil.com.br\/wp-content\/uploads\/2025\/11\/AdobeStock_270816493-18x12.jpeg 18w, https:\/\/www.fitnessbrasil.com.br\/wp-content\/uploads\/2025\/11\/AdobeStock_270816493-510x336.jpeg 510w\" data-sizes=\"(max-width: 608px) 100vw, 608px\" src=\"data:image\/svg+xml;base64,PHN2ZyB3aWR0aD0iMSIgaGVpZ2h0PSIxIiB4bWxucz0iaHR0cDovL3d3dy53My5vcmcvMjAwMC9zdmciPjwvc3ZnPg==\" style=\"--smush-placeholder-width: 608px; --smush-placeholder-aspect-ratio: 608\/400;\" \/>\t\t\t\t\t\t\t<\/a>\n  \t\t\t\t\t\t\t  \t\t\t\t\t\t\t  \t\t\t\t\t\t<\/div>\n  \t\t\t\t\t\t  \t\t\t\t\t<\/div>\n          \t\t\t\t\t<div class=\"box-text text-left\" >\n\t\t\t\t\t<div class=\"box-text-inner blog-post-inner\">\n\n\t\t\t\t\t\n\t\t\t\t\t\t\t\t\t\t\t<p class=\"cat-label  is-xxsmall op-7 uppercase\">\n\t\t\t\t\tCida Conti Colunistas Destaques Not\u00edcias \t\t\t\t\t<\/p>\n\t\t\t\t\t\t\t\t\t\t<h5 class=\"post-title is-larger\">\n\t\t\t\t\t\t<a href=\"https:\/\/www.fitnessbrasil.com.br\/es\/newsfitbr\/tendencia-2026-aulas-coletivas-reconquistam-espaco-no-universo-do-fitness-global\/\" class=\"plain\">Tend\u00eancia 2026: aulas coletivas reconquistam espa\u00e7o no universo do fitness global<\/a>\n\t\t\t\t\t<\/h5>\n\t\t\t\t\t\t\t\t\t\t<div class=\"is-divider\"><\/div>\n\t\t\t\t\t\t\t\t\t\t<p class=\"from_the_blog_excerpt\">\n\t\t\t\t\t\tA explica\u00e7\u00e3o pode estar no fato de que o coletivo oferece o que a tecnologia ainda n\u00e3o consegue reproduzir: energia humana\t\t\t\t\t<\/p>\n\t\t\t\t\t                    \n\t\t\t\t\t\t\t\t\t\t\t<a href=\"https:\/\/www.fitnessbrasil.com.br\/es\/newsfitbr\/tendencia-2026-aulas-coletivas-reconquistam-espaco-no-universo-do-fitness-global\/\" class=\"button primary is-shade is-small mb-0\">\n\t\t\t\t\t\t\tLEIA MAIS\t\t\t\t\t\t<\/a>\n\t\t\t\t\t\n\t\t\t\t\t\n\t\t\t\t\t<\/div>\n\t\t\t\t\t<\/div>\n\t\t\t\t\t\t\t\t\t<\/div>\n\t\t\t<\/div>\n\t\t<\/div><div class=\"col post-item\" >\n\t\t\t<div class=\"col-inner\">\n\t\t\t\t<div class=\"box box-normal box-text-bottom box-blog-post has-hover\">\n            \t\t\t\t\t<div class=\"box-image\" >\n  \t\t\t\t\t\t<div class=\"image-cover\" style=\"padding-top:56.25%;\">\n\t\t\t\t\t\t\t<a href=\"https:\/\/www.fitnessbrasil.com.br\/es\/newsfitbr\/o-futuro-das-aulas-coletivas-personalizacao-comunidade-e-tecnologia-como-motores-de-engajamento\/\" class=\"plain\" aria-label=\"O futuro das aulas coletivas: personaliza\u00e7\u00e3o, comunidade e tecnologia como motores de engajamento\">\n\t\t\t\t\t\t\t\t<img decoding=\"async\" width=\"649\" height=\"400\" data-src=\"https:\/\/www.fitnessbrasil.com.br\/wp-content\/uploads\/2025\/09\/WhatsApp-Image-2025-08-30-at-14.48.10-scaled-e1756825545337-649x400.jpeg\" class=\"attachment-medium size-medium wp-post-image lazyload\" alt=\"\" data-srcset=\"https:\/\/www.fitnessbrasil.com.br\/wp-content\/uploads\/2025\/09\/WhatsApp-Image-2025-08-30-at-14.48.10-scaled-e1756825545337-649x400.jpeg 649w, https:\/\/www.fitnessbrasil.com.br\/wp-content\/uploads\/2025\/09\/WhatsApp-Image-2025-08-30-at-14.48.10-scaled-e1756825545337-1298x800.jpeg 1298w, https:\/\/www.fitnessbrasil.com.br\/wp-content\/uploads\/2025\/09\/WhatsApp-Image-2025-08-30-at-14.48.10-scaled-e1756825545337-768x473.jpeg 768w, https:\/\/www.fitnessbrasil.com.br\/wp-content\/uploads\/2025\/09\/WhatsApp-Image-2025-08-30-at-14.48.10-scaled-e1756825545337-1536x947.jpeg 1536w, https:\/\/www.fitnessbrasil.com.br\/wp-content\/uploads\/2025\/09\/WhatsApp-Image-2025-08-30-at-14.48.10-scaled-e1756825545337-2048x1263.jpeg 2048w, https:\/\/www.fitnessbrasil.com.br\/wp-content\/uploads\/2025\/09\/WhatsApp-Image-2025-08-30-at-14.48.10-scaled-e1756825545337-18x12.jpeg 18w, https:\/\/www.fitnessbrasil.com.br\/wp-content\/uploads\/2025\/09\/WhatsApp-Image-2025-08-30-at-14.48.10-scaled-e1756825545337-510x314.jpeg 510w\" data-sizes=\"(max-width: 649px) 100vw, 649px\" src=\"data:image\/svg+xml;base64,PHN2ZyB3aWR0aD0iMSIgaGVpZ2h0PSIxIiB4bWxucz0iaHR0cDovL3d3dy53My5vcmcvMjAwMC9zdmciPjwvc3ZnPg==\" style=\"--smush-placeholder-width: 649px; --smush-placeholder-aspect-ratio: 649\/400;\" \/>\t\t\t\t\t\t\t<\/a>\n  \t\t\t\t\t\t\t  \t\t\t\t\t\t\t  \t\t\t\t\t\t<\/div>\n  \t\t\t\t\t\t  \t\t\t\t\t<\/div>\n          \t\t\t\t\t<div class=\"box-text text-left\" >\n\t\t\t\t\t<div class=\"box-text-inner blog-post-inner\">\n\n\t\t\t\t\t\n\t\t\t\t\t\t\t\t\t\t\t<p class=\"cat-label  is-xxsmall op-7 uppercase\">\n\t\t\t\t\tCida Conti Colunistas Destaques Not\u00edcias \t\t\t\t\t<\/p>\n\t\t\t\t\t\t\t\t\t\t<h5 class=\"post-title is-larger\">\n\t\t\t\t\t\t<a href=\"https:\/\/www.fitnessbrasil.com.br\/es\/newsfitbr\/o-futuro-das-aulas-coletivas-personalizacao-comunidade-e-tecnologia-como-motores-de-engajamento\/\" class=\"plain\">O futuro das aulas coletivas: personaliza\u00e7\u00e3o, comunidade e tecnologia como motores de engajamento<\/a>\n\t\t\t\t\t<\/h5>\n\t\t\t\t\t\t\t\t\t\t<div class=\"is-divider\"><\/div>\n\t\t\t\t\t\t\t\t\t\t<p class=\"from_the_blog_excerpt\">\n\t\t\t\t\t\tAs aulas coletivas est\u00e3o se reinventando: mais personalizadas, tecnol\u00f3gicas e centradas na constru\u00e7\u00e3o de comunidade, elas seguem como uma das principais for\u00e7as do fitness\t\t\t\t\t<\/p>\n\t\t\t\t\t                    \n\t\t\t\t\t\t\t\t\t\t\t<a href=\"https:\/\/www.fitnessbrasil.com.br\/es\/newsfitbr\/o-futuro-das-aulas-coletivas-personalizacao-comunidade-e-tecnologia-como-motores-de-engajamento\/\" class=\"button primary is-shade is-small mb-0\">\n\t\t\t\t\t\t\tLEIA MAIS\t\t\t\t\t\t<\/a>\n\t\t\t\t\t\n\t\t\t\t\t\n\t\t\t\t\t<\/div>\n\t\t\t\t\t<\/div>\n\t\t\t\t\t\t\t\t\t<\/div>\n\t\t\t<\/div>\n\t\t<\/div><div class=\"col post-item\" >\n\t\t\t<div class=\"col-inner\">\n\t\t\t\t<div class=\"box box-normal box-text-bottom box-blog-post has-hover\">\n            \t\t\t\t\t<div class=\"box-image\" >\n  \t\t\t\t\t\t<div class=\"image-cover\" style=\"padding-top:56.25%;\">\n\t\t\t\t\t\t\t<a href=\"https:\/\/www.fitnessbrasil.com.br\/es\/newsfitbr\/studios-e-academias-boutique-nova-tendencia-do-fitness-ou-revolucao-ja-consolidada-no-mercado\/\" class=\"plain\" aria-label=\"Studios e academias boutique: nova tend\u00eancia do fitness ou revolu\u00e7\u00e3o j\u00e1 consolidada no mercado?\">\n\t\t\t\t\t\t\t\t<img decoding=\"async\" width=\"600\" height=\"400\" data-src=\"https:\/\/www.fitnessbrasil.com.br\/wp-content\/uploads\/2025\/06\/AdobeStock_448287067-600x400.jpeg\" class=\"attachment-medium size-medium wp-post-image lazyload\" alt=\"\" data-srcset=\"https:\/\/www.fitnessbrasil.com.br\/wp-content\/uploads\/2025\/06\/AdobeStock_448287067-600x400.jpeg 600w, https:\/\/www.fitnessbrasil.com.br\/wp-content\/uploads\/2025\/06\/AdobeStock_448287067-1200x800.jpeg 1200w, https:\/\/www.fitnessbrasil.com.br\/wp-content\/uploads\/2025\/06\/AdobeStock_448287067-768x512.jpeg 768w, https:\/\/www.fitnessbrasil.com.br\/wp-content\/uploads\/2025\/06\/AdobeStock_448287067-1536x1024.jpeg 1536w, https:\/\/www.fitnessbrasil.com.br\/wp-content\/uploads\/2025\/06\/AdobeStock_448287067-18x12.jpeg 18w, https:\/\/www.fitnessbrasil.com.br\/wp-content\/uploads\/2025\/06\/AdobeStock_448287067-510x340.jpeg 510w, https:\/\/www.fitnessbrasil.com.br\/wp-content\/uploads\/2025\/06\/AdobeStock_448287067.jpeg 1680w\" data-sizes=\"(max-width: 600px) 100vw, 600px\" src=\"data:image\/svg+xml;base64,PHN2ZyB3aWR0aD0iMSIgaGVpZ2h0PSIxIiB4bWxucz0iaHR0cDovL3d3dy53My5vcmcvMjAwMC9zdmciPjwvc3ZnPg==\" style=\"--smush-placeholder-width: 600px; --smush-placeholder-aspect-ratio: 600\/400;\" \/>\t\t\t\t\t\t\t<\/a>\n  \t\t\t\t\t\t\t  \t\t\t\t\t\t\t  \t\t\t\t\t\t<\/div>\n  \t\t\t\t\t\t  \t\t\t\t\t<\/div>\n          \t\t\t\t\t<div class=\"box-text text-left\" >\n\t\t\t\t\t<div class=\"box-text-inner blog-post-inner\">\n\n\t\t\t\t\t\n\t\t\t\t\t\t\t\t\t\t\t<p class=\"cat-label  is-xxsmall op-7 uppercase\">\n\t\t\t\t\tCida Conti Colunistas Destaques Not\u00edcias \t\t\t\t\t<\/p>\n\t\t\t\t\t\t\t\t\t\t<h5 class=\"post-title is-larger\">\n\t\t\t\t\t\t<a href=\"https:\/\/www.fitnessbrasil.com.br\/es\/newsfitbr\/studios-e-academias-boutique-nova-tendencia-do-fitness-ou-revolucao-ja-consolidada-no-mercado\/\" class=\"plain\">Studios e academias boutique: nova tend\u00eancia do fitness ou revolu\u00e7\u00e3o j\u00e1 consolidada no mercado?<\/a>\n\t\t\t\t\t<\/h5>\n\t\t\t\t\t\t\t\t\t\t<div class=\"is-divider\"><\/div>\n\t\t\t\t\t\t\t\t\t\t<p class=\"from_the_blog_excerpt\">\n\t\t\t\t\t\tFormatos compactos e premium se multiplicam em territ\u00f3rio nacional e abrem novas possibilidades de neg\u00f3cio para o fitness\t\t\t\t\t<\/p>\n\t\t\t\t\t                    \n\t\t\t\t\t\t\t\t\t\t\t<a href=\"https:\/\/www.fitnessbrasil.com.br\/es\/newsfitbr\/studios-e-academias-boutique-nova-tendencia-do-fitness-ou-revolucao-ja-consolidada-no-mercado\/\" class=\"button primary is-shade is-small mb-0\">\n\t\t\t\t\t\t\tLEIA MAIS\t\t\t\t\t\t<\/a>\n\t\t\t\t\t\n\t\t\t\t\t\n\t\t\t\t\t<\/div>\n\t\t\t\t\t<\/div>\n\t\t\t\t\t\t\t\t\t<\/div>\n\t\t\t<\/div>\n\t\t<\/div><div class=\"col post-item\" >\n\t\t\t<div class=\"col-inner\">\n\t\t\t\t<div class=\"box box-normal box-text-bottom box-blog-post has-hover\">\n            \t\t\t\t\t<div class=\"box-image\" >\n  \t\t\t\t\t\t<div class=\"image-cover\" style=\"padding-top:56.25%;\">\n\t\t\t\t\t\t\t<a href=\"https:\/\/www.fitnessbrasil.com.br\/es\/newsfitbr\/o-destino-das-aulas-coletivas-pos-crise-da-covid\/\" class=\"plain\" aria-label=\"O destino das aulas coletivas p\u00f3s crise da Covid\">\n\t\t\t\t\t\t\t\t<img decoding=\"async\" width=\"600\" height=\"400\" data-src=\"https:\/\/www.fitnessbrasil.com.br\/wp-content\/uploads\/2023\/02\/Cida-Conti-Coletivas-AdobeStock_217324632-600x400.jpg\" class=\"attachment-medium size-medium wp-post-image lazyload\" alt=\"\" data-srcset=\"https:\/\/www.fitnessbrasil.com.br\/wp-content\/uploads\/2023\/02\/Cida-Conti-Coletivas-AdobeStock_217324632-600x400.jpg 600w, https:\/\/www.fitnessbrasil.com.br\/wp-content\/uploads\/2023\/02\/Cida-Conti-Coletivas-AdobeStock_217324632-1200x800.jpg 1200w, https:\/\/www.fitnessbrasil.com.br\/wp-content\/uploads\/2023\/02\/Cida-Conti-Coletivas-AdobeStock_217324632-768x512.jpg 768w, https:\/\/www.fitnessbrasil.com.br\/wp-content\/uploads\/2023\/02\/Cida-Conti-Coletivas-AdobeStock_217324632-1536x1024.jpg 1536w, https:\/\/www.fitnessbrasil.com.br\/wp-content\/uploads\/2023\/02\/Cida-Conti-Coletivas-AdobeStock_217324632-2048x1365.jpg 2048w, https:\/\/www.fitnessbrasil.com.br\/wp-content\/uploads\/2023\/02\/Cida-Conti-Coletivas-AdobeStock_217324632-18x12.jpg 18w, https:\/\/www.fitnessbrasil.com.br\/wp-content\/uploads\/2023\/02\/Cida-Conti-Coletivas-AdobeStock_217324632-510x340.jpg 510w\" data-sizes=\"(max-width: 600px) 100vw, 600px\" src=\"data:image\/svg+xml;base64,PHN2ZyB3aWR0aD0iMSIgaGVpZ2h0PSIxIiB4bWxucz0iaHR0cDovL3d3dy53My5vcmcvMjAwMC9zdmciPjwvc3ZnPg==\" style=\"--smush-placeholder-width: 600px; --smush-placeholder-aspect-ratio: 600\/400;\" \/>\t\t\t\t\t\t\t<\/a>\n  \t\t\t\t\t\t\t  \t\t\t\t\t\t\t  \t\t\t\t\t\t<\/div>\n  \t\t\t\t\t\t  \t\t\t\t\t<\/div>\n          \t\t\t\t\t<div class=\"box-text text-left\" >\n\t\t\t\t\t<div class=\"box-text-inner blog-post-inner\">\n\n\t\t\t\t\t\n\t\t\t\t\t\t\t\t\t\t\t<p class=\"cat-label  is-xxsmall op-7 uppercase\">\n\t\t\t\t\tCida Conti Colunistas \t\t\t\t\t<\/p>\n\t\t\t\t\t\t\t\t\t\t<h5 class=\"post-title is-larger\">\n\t\t\t\t\t\t<a href=\"https:\/\/www.fitnessbrasil.com.br\/es\/newsfitbr\/o-destino-das-aulas-coletivas-pos-crise-da-covid\/\" class=\"plain\">O destino das aulas coletivas p\u00f3s crise da Covid<\/a>\n\t\t\t\t\t<\/h5>\n\t\t\t\t\t\t\t\t\t\t<div class=\"is-divider\"><\/div>\n\t\t\t\t\t\t\t\t\t\t<p class=\"from_the_blog_excerpt\">\n\t\t\t\t\t\tPor Cida Conti, colunista Fitness Brasil\t\t\t\t\t<\/p>\n\t\t\t\t\t                                            <p class=\"from_the_blog_comments uppercase is-xsmall\">\n                            2 Comments                        <\/p>\n                    \n\t\t\t\t\t\t\t\t\t\t\t<a href=\"https:\/\/www.fitnessbrasil.com.br\/es\/newsfitbr\/o-destino-das-aulas-coletivas-pos-crise-da-covid\/\" class=\"button primary is-shade is-small mb-0\">\n\t\t\t\t\t\t\tLEIA MAIS\t\t\t\t\t\t<\/a>\n\t\t\t\t\t\n\t\t\t\t\t\n\t\t\t\t\t<\/div>\n\t\t\t\t\t<\/div>\n\t\t\t\t\t\t\t\t\t<\/div>\n\t\t\t<\/div>\n\t\t<\/div><div class=\"col post-item\" >\n\t\t\t<div class=\"col-inner\">\n\t\t\t\t<div class=\"box box-normal box-text-bottom box-blog-post has-hover\">\n            \t\t\t\t\t<div class=\"box-image\" >\n  \t\t\t\t\t\t<div class=\"image-cover\" style=\"padding-top:56.25%;\">\n\t\t\t\t\t\t\t<a href=\"https:\/\/www.fitnessbrasil.com.br\/es\/newsfitbr\/microgyms-revivem-a-tendencia-das-aulas-em-grupo\/\" class=\"plain\" aria-label=\"Microgyms revivem a tend\u00eancia das aulas em grupo\">\n\t\t\t\t\t\t\t\t<img decoding=\"async\" width=\"600\" height=\"400\" data-src=\"https:\/\/www.fitnessbrasil.com.br\/wp-content\/uploads\/2023\/01\/MICROGYM-CIDA-CONTI-AdobeStock_334976968-600x400.jpg\" class=\"attachment-medium size-medium wp-post-image lazyload\" alt=\"\" data-srcset=\"https:\/\/www.fitnessbrasil.com.br\/wp-content\/uploads\/2023\/01\/MICROGYM-CIDA-CONTI-AdobeStock_334976968-600x400.jpg 600w, https:\/\/www.fitnessbrasil.com.br\/wp-content\/uploads\/2023\/01\/MICROGYM-CIDA-CONTI-AdobeStock_334976968-1200x800.jpg 1200w, https:\/\/www.fitnessbrasil.com.br\/wp-content\/uploads\/2023\/01\/MICROGYM-CIDA-CONTI-AdobeStock_334976968-768x512.jpg 768w, https:\/\/www.fitnessbrasil.com.br\/wp-content\/uploads\/2023\/01\/MICROGYM-CIDA-CONTI-AdobeStock_334976968-1536x1024.jpg 1536w, https:\/\/www.fitnessbrasil.com.br\/wp-content\/uploads\/2023\/01\/MICROGYM-CIDA-CONTI-AdobeStock_334976968-2048x1366.jpg 2048w, https:\/\/www.fitnessbrasil.com.br\/wp-content\/uploads\/2023\/01\/MICROGYM-CIDA-CONTI-AdobeStock_334976968-18x12.jpg 18w, https:\/\/www.fitnessbrasil.com.br\/wp-content\/uploads\/2023\/01\/MICROGYM-CIDA-CONTI-AdobeStock_334976968-510x340.jpg 510w\" data-sizes=\"(max-width: 600px) 100vw, 600px\" src=\"data:image\/svg+xml;base64,PHN2ZyB3aWR0aD0iMSIgaGVpZ2h0PSIxIiB4bWxucz0iaHR0cDovL3d3dy53My5vcmcvMjAwMC9zdmciPjwvc3ZnPg==\" style=\"--smush-placeholder-width: 600px; --smush-placeholder-aspect-ratio: 600\/400;\" \/>\t\t\t\t\t\t\t<\/a>\n  \t\t\t\t\t\t\t  \t\t\t\t\t\t\t  \t\t\t\t\t\t<\/div>\n  \t\t\t\t\t\t  \t\t\t\t\t<\/div>\n          \t\t\t\t\t<div class=\"box-text text-left\" >\n\t\t\t\t\t<div class=\"box-text-inner blog-post-inner\">\n\n\t\t\t\t\t\n\t\t\t\t\t\t\t\t\t\t\t<p class=\"cat-label  is-xxsmall op-7 uppercase\">\n\t\t\t\t\tCida Conti Colunistas \t\t\t\t\t<\/p>\n\t\t\t\t\t\t\t\t\t\t<h5 class=\"post-title is-larger\">\n\t\t\t\t\t\t<a href=\"https:\/\/www.fitnessbrasil.com.br\/es\/newsfitbr\/microgyms-revivem-a-tendencia-das-aulas-em-grupo\/\" class=\"plain\">Microgyms revivem a tend\u00eancia das aulas em grupo<\/a>\n\t\t\t\t\t<\/h5>\n\t\t\t\t\t\t\t\t\t\t<div class=\"is-divider\"><\/div>\n\t\t\t\t\t\t\t\t\t\t<p class=\"from_the_blog_excerpt\">\n\t\t\t\t\t\tPor Cida Conti, colunista Fitness Brasil\t\t\t\t\t<\/p>\n\t\t\t\t\t                    \n\t\t\t\t\t\t\t\t\t\t\t<a href=\"https:\/\/www.fitnessbrasil.com.br\/es\/newsfitbr\/microgyms-revivem-a-tendencia-das-aulas-em-grupo\/\" class=\"button primary is-shade is-small mb-0\">\n\t\t\t\t\t\t\tLEIA MAIS\t\t\t\t\t\t<\/a>\n\t\t\t\t\t\n\t\t\t\t\t\n\t\t\t\t\t<\/div>\n\t\t\t\t\t<\/div>\n\t\t\t\t\t\t\t\t\t<\/div>\n\t\t\t<\/div>\n\t\t<\/div><\/div>\n\n\n\t\t<\/div>\n\t\t\t\t\t<\/div>\n\n\t\n\n\n<style>\n#row-72995389 > .col > .col-inner {\n  padding: 0px 0px 0px 0px;\n}\n<\/style>\n<\/div>\n\n\t\t<\/div>\n\n\t\t\n<style>\n#section_1376269303 {\n  padding-top: 30px;\n  padding-bottom: 30px;\n}\n<\/style>\n\t<\/section>\n\t\n\t\t<div class=\"hidden\">\n\t\t\t\t\n\n<style>\n\/*Newsletter*\/\n.section.newsletter .wpcf7-email{\n    background: #fff;\n    border: 1px solid var(--fs-color-primary);\n}\n\n.section.newsletter .wpcf7-submit{\n    width: 100%;\n}\n\n.section.newsletter .wpcf7-spinner{\n    position: absolute !important;\n    top: 7px;\n    right: -10px;\n}\n<\/style>\n\t\t<\/div>\n\t\n\n\t<section class=\"section newsletter\" id=\"section_1761889620\">\n\t\t<div class=\"section-bg fill\" >\n\t\t\t\t\t\t\t\t\t\n\t\t\t\n\n\t\t<\/div>\n\n\t\t\n\n\t\t<div class=\"section-content relative\">\n\t\t\t\n\n<div class=\"row\"  id=\"row-1328054645\">\n\n\n\t<div id=\"col-2053052361\" class=\"col medium-3 small-12 large-3\"  >\n\t\t\t\t<div class=\"col-inner text-center\"  >\n\t\t\t\n\t\t\t\n\n\t<div class=\"img has-hover x md-x lg-x y md-y lg-y\" id=\"image_2087962613\">\n\t\t\t\t\t\t\t\t<div class=\"img-inner dark\" >\n\t\t\t<img decoding=\"async\" width=\"1020\" height=\"226\" data-src=\"https:\/\/www.fitnessbrasil.com.br\/wp-content\/uploads\/2024\/03\/fitbrnews_fitletter_logo.png\" class=\"attachment-large size-large lazyload\" alt=\"\" data-srcset=\"https:\/\/www.fitnessbrasil.com.br\/wp-content\/uploads\/2024\/03\/fitbrnews_fitletter_logo.png 1244w, https:\/\/www.fitnessbrasil.com.br\/wp-content\/uploads\/2024\/03\/fitbrnews_fitletter_logo-800x177.png 800w, https:\/\/www.fitnessbrasil.com.br\/wp-content\/uploads\/2024\/03\/fitbrnews_fitletter_logo-768x170.png 768w, https:\/\/www.fitnessbrasil.com.br\/wp-content\/uploads\/2024\/03\/fitbrnews_fitletter_logo-18x4.png 18w, https:\/\/www.fitnessbrasil.com.br\/wp-content\/uploads\/2024\/03\/fitbrnews_fitletter_logo-510x113.png 510w\" data-sizes=\"(max-width: 1020px) 100vw, 1020px\" src=\"data:image\/svg+xml;base64,PHN2ZyB3aWR0aD0iMSIgaGVpZ2h0PSIxIiB4bWxucz0iaHR0cDovL3d3dy53My5vcmcvMjAwMC9zdmciPjwvc3ZnPg==\" style=\"--smush-placeholder-width: 1020px; --smush-placeholder-aspect-ratio: 1020\/226;\" \/>\t\t\t\t\t\t\n\t\t\t\t\t<\/div>\n\t\t\t\t\t\t\t\t\n<style>\n#image_2087962613 {\n  width: 62%;\n}\n@media (min-width:550px) {\n  #image_2087962613 {\n    width: 100%;\n  }\n}\n<\/style>\n\t<\/div>\n\t\n\n\n\t\t<\/div>\n\t\t\t\t\t<\/div>\n\n\t\n\n\t<div id=\"col-1989604650\" class=\"col medium-9 small-12 large-9\"  >\n\t\t\t\t<div class=\"col-inner\"  >\n\t\t\t\n\t\t\t\n\n\t<div id=\"text-4081281140\" class=\"text\">\n\t\t\n\n<p>Cada semana, recibe en tu bandeja de entrada los principales contenidos de FitBR News de forma gratuita. Gesti\u00f3n, negocios, salud, bienestar, fitness y un equipo de columnistas con la curadur\u00eda premium de Fitness Brasil. \u00a1Suscr\u00edbete y recibe las mejores noticias!<\/p>\n\t\t\n<style>\n#text-4081281140 {\n  text-align: center;\n  color: rgb(0, 0, 0);\n}\n#text-4081281140 > * {\n  color: rgb(0, 0, 0);\n}\n<\/style>\n\t<\/div>\n\t\n\n\t\t<\/div>\n\t\t\t\t\t<\/div>\n\n\t\n\n<\/div>\n<div class=\"row\"  id=\"row-668660924\">\n\n\n\t<div id=\"col-1514389773\" class=\"col small-12 large-12\"  >\n\t\t\t\t<div class=\"col-inner\"  >\n\t\t\t\n\t\t\t\n\n\n<div class=\"wpcf7 no-js\" id=\"wpcf7-f4183-o1\" lang=\"en-US\" dir=\"ltr\" data-wpcf7-id=\"4183\">\n<div class=\"screen-reader-response\"><p role=\"status\" aria-live=\"polite\" aria-atomic=\"true\"><\/p> <ul><\/ul><\/div>\n<form action=\"\/es\/wp-json\/wp\/v2\/pages\/29923#wpcf7-f4183-o1\" method=\"post\" class=\"wpcf7-form init\" aria-label=\"Contact form\" novalidate=\"novalidate\" data-status=\"init\" data-trp-original-action=\"\/es\/wp-json\/wp\/v2\/pages\/29923#wpcf7-f4183-o1\">\n<fieldset class=\"hidden-fields-container\"><input type=\"hidden\" name=\"_wpcf7\" value=\"4183\" \/><input type=\"hidden\" name=\"_wpcf7_version\" value=\"6.1.5\" \/><input type=\"hidden\" name=\"_wpcf7_locale\" value=\"en_US\" \/><input type=\"hidden\" name=\"_wpcf7_unit_tag\" value=\"wpcf7-f4183-o1\" \/><input type=\"hidden\" name=\"_wpcf7_container_post\" value=\"0\" \/><input type=\"hidden\" name=\"_wpcf7_posted_data_hash\" value=\"\" \/><input type=\"hidden\" name=\"_wpcf7_recaptcha_response\" value=\"\" \/>\n<\/fieldset>\n<div class=\"flex-row form-flat medium-flex-wrap\">\n\t<div class=\"flex-col flex-grow\">\n\t\t<p><span class=\"wpcf7-form-control-wrap\" data-name=\"your-email\"><input size=\"40\" maxlength=\"400\" class=\"wpcf7-form-control wpcf7-email wpcf7-validates-as-required wpcf7-text wpcf7-validates-as-email\" aria-required=\"true\" aria-invalid=\"false\" placeholder=\"Tu correo electr\u00f3nico\" value=\"\" type=\"email\" name=\"your-email\" \/><\/span>\n\t\t<\/p>\n\t<\/div>\n\t<div class=\"flex-col ml-half\">\n\t\t<p><input class=\"wpcf7-form-control wpcf7-submit has-spinner button\" type=\"submit\" value=\"\u00a1Suscr\u00edbete!\" \/>\n\t\t<\/p>\n\t<\/div>\n<\/div><div class=\"wpcf7-response-output\" aria-hidden=\"true\"><\/div>\n<input type=\"hidden\" name=\"trp-form-language\" value=\"es\"\/><\/form>\n<\/div>\n\n\n\n\t\t<\/div>\n\t\t\t\t\n<style>\n#col-1514389773 > .col-inner {\n  padding: 1px 1px 1px 1px;\n  margin: 0px 0px 0px 0px;\n}\n<\/style>\n\t<\/div>\n\n\t\n\n<\/div>\n\n\t\t<\/div>\n\n\t\t\n<style>\n#section_1761889620 {\n  padding-top: 30px;\n  padding-bottom: 30px;\n  background-color: rgb(227, 245, 243);\n}\n<\/style>\n\t<\/section>","protected":false},"excerpt":{"rendered":"","protected":false},"author":389,"featured_media":0,"parent":0,"menu_order":0,"comment_status":"closed","ping_status":"closed","template":"page-blank.php","meta":{"_acf_changed":false,"footnotes":""},"folder":[],"class_list":["post-29923","page","type-page","status-publish","hentry"],"acf":[],"yoast_head":"<!-- This site is optimized with the Yoast SEO plugin v27.4 - https:\/\/yoast.com\/product\/yoast-seo-wordpress\/ -->\n<title>CIDA CONTI - Fitness Brasil<\/title>\n<meta name=\"robots\" content=\"index, follow, max-snippet:-1, max-image-preview:large, max-video-preview:-1\" \/>\n<link rel=\"canonical\" href=\"https:\/\/www.fitnessbrasil.com.br\/es\/cida-conti\/\" \/>\n<meta property=\"og:locale\" content=\"es_ES\" \/>\n<meta property=\"og:type\" content=\"article\" \/>\n<meta property=\"og:title\" content=\"CIDA CONTI - Fitness Brasil\" \/>\n<meta property=\"og:url\" content=\"https:\/\/www.fitnessbrasil.com.br\/es\/cida-conti\/\" \/>\n<meta property=\"og:site_name\" content=\"Fitness Brasil\" \/>\n<meta property=\"article:modified_time\" content=\"2024-05-01T14:29:22+00:00\" \/>\n<meta name=\"twitter:card\" content=\"summary_large_image\" \/>\n<meta name=\"twitter:label1\" content=\"Tiempo de lectura\" \/>\n\t<meta name=\"twitter:data1\" content=\"1 minuto\" \/>\n<script type=\"application\/ld+json\" class=\"yoast-schema-graph\">{\"@context\":\"https:\\\/\\\/schema.org\",\"@graph\":[{\"@type\":\"WebPage\",\"@id\":\"https:\\\/\\\/www.fitnessbrasil.com.br\\\/cida-conti\\\/\",\"url\":\"https:\\\/\\\/www.fitnessbrasil.com.br\\\/cida-conti\\\/\",\"name\":\"CIDA CONTI - Fitness Brasil\",\"isPartOf\":{\"@id\":\"https:\\\/\\\/www.fitnessbrasil.com.br\\\/#website\"},\"datePublished\":\"2023-01-20T13:02:39+00:00\",\"dateModified\":\"2024-05-01T14:29:22+00:00\",\"breadcrumb\":{\"@id\":\"https:\\\/\\\/www.fitnessbrasil.com.br\\\/cida-conti\\\/#breadcrumb\"},\"inLanguage\":\"es\",\"potentialAction\":[{\"@type\":\"ReadAction\",\"target\":[\"https:\\\/\\\/www.fitnessbrasil.com.br\\\/cida-conti\\\/\"]}]},{\"@type\":\"BreadcrumbList\",\"@id\":\"https:\\\/\\\/www.fitnessbrasil.com.br\\\/cida-conti\\\/#breadcrumb\",\"itemListElement\":[{\"@type\":\"ListItem\",\"position\":1,\"name\":\"In\u00edcio\",\"item\":\"https:\\\/\\\/www.fitnessbrasil.com.br\\\/\"},{\"@type\":\"ListItem\",\"position\":2,\"name\":\"CIDA CONTI\"}]},{\"@type\":\"WebSite\",\"@id\":\"https:\\\/\\\/www.fitnessbrasil.com.br\\\/#website\",\"url\":\"https:\\\/\\\/www.fitnessbrasil.com.br\\\/\",\"name\":\"Fitness Brasil\",\"description\":\"\",\"publisher\":{\"@id\":\"https:\\\/\\\/www.fitnessbrasil.com.br\\\/#organization\"},\"potentialAction\":[{\"@type\":\"SearchAction\",\"target\":{\"@type\":\"EntryPoint\",\"urlTemplate\":\"https:\\\/\\\/www.fitnessbrasil.com.br\\\/?s={search_term_string}\"},\"query-input\":{\"@type\":\"PropertyValueSpecification\",\"valueRequired\":true,\"valueName\":\"search_term_string\"}}],\"inLanguage\":\"es\"},{\"@type\":\"Organization\",\"@id\":\"https:\\\/\\\/www.fitnessbrasil.com.br\\\/#organization\",\"name\":\"Fitness Brasil\",\"url\":\"https:\\\/\\\/www.fitnessbrasil.com.br\\\/\",\"logo\":{\"@type\":\"ImageObject\",\"inLanguage\":\"es\",\"@id\":\"https:\\\/\\\/www.fitnessbrasil.com.br\\\/#\\\/schema\\\/logo\\\/image\\\/\",\"url\":\"https:\\\/\\\/www.fitnessbrasil.com.br\\\/wp-content\\\/uploads\\\/2022\\\/01\\\/Logo-Fitness-Brasil_preto-e-cor.png\",\"contentUrl\":\"https:\\\/\\\/www.fitnessbrasil.com.br\\\/wp-content\\\/uploads\\\/2022\\\/01\\\/Logo-Fitness-Brasil_preto-e-cor.png\",\"width\":593,\"height\":316,\"caption\":\"Fitness Brasil\"},\"image\":{\"@id\":\"https:\\\/\\\/www.fitnessbrasil.com.br\\\/#\\\/schema\\\/logo\\\/image\\\/\"}}]}<\/script>\n<!-- \/ Yoast SEO plugin. -->","yoast_head_json":{"title":"CIDA CONTI - Fitness Brasil","robots":{"index":"index","follow":"follow","max-snippet":"max-snippet:-1","max-image-preview":"max-image-preview:large","max-video-preview":"max-video-preview:-1"},"canonical":"https:\/\/www.fitnessbrasil.com.br\/es\/cida-conti\/","og_locale":"es_ES","og_type":"article","og_title":"CIDA CONTI - Fitness Brasil","og_url":"https:\/\/www.fitnessbrasil.com.br\/es\/cida-conti\/","og_site_name":"Fitness Brasil","article_modified_time":"2024-05-01T14:29:22+00:00","twitter_card":"summary_large_image","twitter_misc":{"Tiempo de lectura":"1 minuto"},"schema":{"@context":"https:\/\/schema.org","@graph":[{"@type":"WebPage","@id":"https:\/\/www.fitnessbrasil.com.br\/cida-conti\/","url":"https:\/\/www.fitnessbrasil.com.br\/cida-conti\/","name":"CIDA CONTI - Fitness Brasil","isPartOf":{"@id":"https:\/\/www.fitnessbrasil.com.br\/#website"},"datePublished":"2023-01-20T13:02:39+00:00","dateModified":"2024-05-01T14:29:22+00:00","breadcrumb":{"@id":"https:\/\/www.fitnessbrasil.com.br\/cida-conti\/#breadcrumb"},"inLanguage":"es","potentialAction":[{"@type":"ReadAction","target":["https:\/\/www.fitnessbrasil.com.br\/cida-conti\/"]}]},{"@type":"BreadcrumbList","@id":"https:\/\/www.fitnessbrasil.com.br\/cida-conti\/#breadcrumb","itemListElement":[{"@type":"ListItem","position":1,"name":"In\u00edcio","item":"https:\/\/www.fitnessbrasil.com.br\/"},{"@type":"ListItem","position":2,"name":"CIDA CONTI"}]},{"@type":"WebSite","@id":"https:\/\/www.fitnessbrasil.com.br\/#website","url":"https:\/\/www.fitnessbrasil.com.br\/","name":"Fitness Brasil","description":"","publisher":{"@id":"https:\/\/www.fitnessbrasil.com.br\/#organization"},"potentialAction":[{"@type":"SearchAction","target":{"@type":"EntryPoint","urlTemplate":"https:\/\/www.fitnessbrasil.com.br\/?s={search_term_string}"},"query-input":{"@type":"PropertyValueSpecification","valueRequired":true,"valueName":"search_term_string"}}],"inLanguage":"es"},{"@type":"Organization","@id":"https:\/\/www.fitnessbrasil.com.br\/#organization","name":"Fitness Brasil","url":"https:\/\/www.fitnessbrasil.com.br\/","logo":{"@type":"ImageObject","inLanguage":"es","@id":"https:\/\/www.fitnessbrasil.com.br\/#\/schema\/logo\/image\/","url":"https:\/\/www.fitnessbrasil.com.br\/wp-content\/uploads\/2022\/01\/Logo-Fitness-Brasil_preto-e-cor.png","contentUrl":"https:\/\/www.fitnessbrasil.com.br\/wp-content\/uploads\/2022\/01\/Logo-Fitness-Brasil_preto-e-cor.png","width":593,"height":316,"caption":"Fitness Brasil"},"image":{"@id":"https:\/\/www.fitnessbrasil.com.br\/#\/schema\/logo\/image\/"}}]}},"_links":{"self":[{"href":"https:\/\/www.fitnessbrasil.com.br\/es\/wp-json\/wp\/v2\/pages\/29923","targetHints":{"allow":["GET"]}}],"collection":[{"href":"https:\/\/www.fitnessbrasil.com.br\/es\/wp-json\/wp\/v2\/pages"}],"about":[{"href":"https:\/\/www.fitnessbrasil.com.br\/es\/wp-json\/wp\/v2\/types\/page"}],"author":[{"embeddable":true,"href":"https:\/\/www.fitnessbrasil.com.br\/es\/wp-json\/wp\/v2\/users\/389"}],"replies":[{"embeddable":true,"href":"https:\/\/www.fitnessbrasil.com.br\/es\/wp-json\/wp\/v2\/comments?post=29923"}],"version-history":[{"count":0,"href":"https:\/\/www.fitnessbrasil.com.br\/es\/wp-json\/wp\/v2\/pages\/29923\/revisions"}],"wp:attachment":[{"href":"https:\/\/www.fitnessbrasil.com.br\/es\/wp-json\/wp\/v2\/media?parent=29923"}],"wp:term":[{"taxonomy":"folder","embeddable":true,"href":"https:\/\/www.fitnessbrasil.com.br\/es\/wp-json\/wp\/v2\/folder?post=29923"}],"curies":[{"name":"wp","href":"https:\/\/api.w.org\/{rel}","templated":true}]}}