{"id":4233,"date":"2022-04-03T11:00:24","date_gmt":"2022-04-03T14:00:24","guid":{"rendered":"https:\/\/www.fitnessbrasil.com.br\/?page_id=4233"},"modified":"2024-04-03T18:47:00","modified_gmt":"2024-04-03T21:47:00","slug":"gestao-e-negocios","status":"publish","type":"page","link":"https:\/\/www.fitnessbrasil.com.br\/es\/fb-news\/gestao-e-negocios\/","title":{"rendered":"Gesti\u00f3n y Negocios"},"content":{"rendered":"<div class=\"hidden\">\n\t\t\t\t\n\n<style>\n.wp-post-image{\n    \/*width: 100%;\n    height: 100%;\n    object-fit: cover;\n    clip-path: polygon(0 0, 100% 0, 100% 50%, 0 50%);*\/\n    border-radius: 10px;\n}\n\n.cat-label {\n    color: #d82d79;\n    font-size: 11px;\n    font-weight: 700;\n}\n\n.post-item .is-divider {\n    display: none;\n}\n\n.box-text-inner.blog-post-inner p{\n    margin-bottom: 20px;\n}\n\n.heading img{\n    max-width: 400px;\n    margin-bottom: 30px;\n}\n\n.box-text .button{\n    margin: 0px;\n}\n\n\/*** PAGINA\u00c7\u00c3O ***\/\n\n.nav-pagination>li>.current, .nav-pagination>li>a:hover, .nav-pagination>li>span:hover {\n    \/*background-color: var(--fs-color-primary);*\/\n    background-color: #d82d79;\n    border-color: #d82d79 !important;\n    color: #fff;\n}\n\n.nav-pagination>li>a, .nav-pagination>li>span {\n    border: none;\n    border-right: 1px solid #ccc;\n    border-radius: 0px;\n    color: #d82d79;\n    font-size: 16px;\n    font-weight: 700;\n}\n\n.page-numbers.nav-pagination.links {\n    width: auto;\n    border: 1px solid #ccc;\n    display: inline-block;\n    border-radius: 5px;\n    color: #d82d79;\n}\n\nul.links li {\n    display: inline-block;\n    margin: 0px;\n}\n\n\n\/*** TITULOS ***\/\n.col.titulos .col-inner {\n    display: flex;\n    flex-direction: row;\n    align-content: center;    \n    align-items: center;\n}\n\n.col.titulos .col-inner img{\n    margin: 0px !important;\n    max-width: 20px;\n}\n\n.col.titulos .img.heading {\n    margin: 0px 0px !important;\n    max-width: 20px;\n}\n\n.col.titulos .text,\n.col.titulos h3,\n.col.titulos h2{\n    margin: 0px 10px;\nwidth: auto !important;\n}\n\n\n\n<\/style>\n\t\t<\/div>\n\t\n\t\t<div class=\"hidden\">\n\t\t\t\t\n\n<style>\n.menu-news-novo a{\n    color: #fff !important;\n}\n\n<\/style>\n\t\t<\/div>\n\t\n<div class=\"row row-collapse row-full-width align-middle align-center\"  id=\"row-115858193\">\n\n\n\t<div id=\"col-1013642149\" class=\"col small-12 large-12\"  >\n\t\t\t\t<div class=\"col-inner text-center\"  >\n\t\t\t\n\t\t\t\n\n\t<div class=\"img has-hover logo-fitbr-news x md-x lg-x y md-y lg-y\" id=\"image_712977374\">\n\t\t\t\t\t\t\t\t<div class=\"img-inner dark\" >\n\t\t\t<img decoding=\"async\" width=\"768\" height=\"121\" data-src=\"https:\/\/www.fitnessbrasil.com.br\/wp-content\/uploads\/2024\/03\/fitbrnews_logo_cabecalho-768x121.png\" class=\"attachment-medium_large size-medium_large lazyload\" alt=\"\" data-srcset=\"https:\/\/www.fitnessbrasil.com.br\/wp-content\/uploads\/2024\/03\/fitbrnews_logo_cabecalho-768x121.png 768w, https:\/\/www.fitnessbrasil.com.br\/wp-content\/uploads\/2024\/03\/fitbrnews_logo_cabecalho-800x126.png 800w, https:\/\/www.fitnessbrasil.com.br\/wp-content\/uploads\/2024\/03\/fitbrnews_logo_cabecalho-18x3.png 18w, https:\/\/www.fitnessbrasil.com.br\/wp-content\/uploads\/2024\/03\/fitbrnews_logo_cabecalho-510x80.png 510w, https:\/\/www.fitnessbrasil.com.br\/wp-content\/uploads\/2024\/03\/fitbrnews_logo_cabecalho.png 1375w\" data-sizes=\"(max-width: 768px) 100vw, 768px\" src=\"data:image\/svg+xml;base64,PHN2ZyB3aWR0aD0iMSIgaGVpZ2h0PSIxIiB4bWxucz0iaHR0cDovL3d3dy53My5vcmcvMjAwMC9zdmciPjwvc3ZnPg==\" style=\"--smush-placeholder-width: 768px; --smush-placeholder-aspect-ratio: 768\/121;\" \/>\t\t\t\t\t\t\n\t\t\t\t\t<\/div>\n\t\t\t\t\t\t\t\t\n<style>\n#image_712977374 {\n  width: 60%;\n}\n@media (min-width:550px) {\n  #image_712977374 {\n    width: 38%;\n  }\n}\n@media (min-width:850px) {\n  #image_712977374 {\n    width: 21%;\n  }\n}\n<\/style>\n\t<\/div>\n\t\n\n\t<div id=\"text-3221178140\" class=\"text\">\n\t\t\n\n<p>Not\u00edcias, entrevistas e artigos de grandes colunistas do mercado sa\u00fade, business, fitness e bem-estar<\/p>\n\t\t\n<style>\n#text-3221178140 {\n  font-size: 0.95rem;\n  color: rgb(77, 178, 162);\n}\n#text-3221178140 > * {\n  color: rgb(77, 178, 162);\n}\n@media (min-width:550px) {\n  #text-3221178140 {\n    font-size: 1.5rem;\n  }\n}\n<\/style>\n\t<\/div>\n\t\n<div class=\"row row-collapse align-middle align-center\"  id=\"row-1394658400\">\n\n\n\t<div id=\"col-968922307\" class=\"col medium-3 small-12 large-3\"  >\n\t\t\t\t<div class=\"col-inner\"  >\n\t\t\t\n\t\t\t\n\n\n\t\t<\/div>\n\t\t\t\t\t<\/div>\n\n\t\n\n\t<div id=\"col-1983426777\" class=\"col medium-6 small-12 large-6\"  >\n\t\t\t\t<div class=\"col-inner\"  >\n\t\t\t\n\t\t\t\n\n\n\n<style>\n.searchbox {\n    text-align: right;\n    display: flex;\n    align-content: center;\n    justify-content: flex-end;\n    align-items: center;\n    flex-direction: row;\n    flex-wrap: nowrap;\n}\n\n.searchbox #search-field {\n    background-color: #ebf5f4;\n    border: 2px solid #2db7a2;\n    border-radius: 99px;\n    box-shadow: none;\n    color: currentColor !important;\n}\n\n.searchbox .searchform .button.icon i{\n    color: #2db7a2;\n}\n\n.searchbox .searchform {\n    width: 100%;\n}\n<\/style>\n<div class=\"searchform-wrapper ux-search-box relative searchbox form-flat is-normal\">\n\n<form role=\"search\" method=\"get\" class=\"searchform\" action=\"https:\/\/www.fitnessbrasil.com.br\/es\/\" data-trp-original-action=\"https:\/\/www.fitnessbrasil.com.br\/\">\n\t<div class=\"flex-row relative\">\n\t\t\t\t\t\t<div class=\"flex-col flex-grow\">\n\t\t\t<label class=\"screen-reader-text\" for=\"search-field\">Pesquisar por:<\/label>\n\t\t\t<input type=\"search\" id=\"search-field\" class=\"search-field mb-0\" placeholder=\"Pesquisar\u2026\" value=\"\" name=\"s\" autocomplete=\"off\">\n\t\t\t\t\t<\/div>\n\t\t<div class=\"flex-col\">\n\t\t\t<button type=\"submit\" value=\"Pesquisar\" class=\"ux-search-submit submit-button secondary button  icon mb-0\" aria-label=\"Enviar\">\n\t\t\t\t<i class=\"icon-search\"><\/i>\t\t\t<\/button>\n\t\t<\/div>\n\t<\/div>\n<input type=\"hidden\" name=\"trp-form-language\" value=\"es\"\/><\/form>\n\n<\/div>\n\n\n\t\t<\/div>\n\t\t\t\t\t<\/div>\n\n\t\n\n\t<div id=\"col-374882823\" class=\"col medium-3 small-12 large-3\"  >\n\t\t\t\t<div class=\"col-inner\"  >\n\t\t\t\n\t\t\t\n\n\n\t\t<\/div>\n\t\t\t\t\t<\/div>\n\n\t\n\n<\/div>\n\n\t\t<\/div>\n\t\t\t\t\n<style>\n#col-1013642149 > .col-inner {\n  padding: 0px 30px 0px 30px;\n  margin: 0px 0px 0px 0px;\n  max-width: 100%;\n}\n@media (min-width:550px) {\n  #col-1013642149 > .col-inner {\n    padding: 0px 30px 0px 30px;\n  }\n}\n@media (min-width:850px) {\n  #col-1013642149 > .col-inner {\n    padding: 0px 0px 0px 0px;\n  }\n}\n<\/style>\n\t<\/div>\n\n\t\n\n\n<style>\n#row-115858193 > .col > .col-inner {\n  padding: 60px 30px 60px 30px;\n  background-color: rgb(21, 21, 21);\n}\n@media (min-width:850px) {\n  #row-115858193 > .col > .col-inner {\n    padding: 60px 0px 60px 0px;\n  }\n}\n<\/style>\n<\/div>\n<div class=\"row row-collapse row-full-width align-middle\"  id=\"row-1976177547\">\n\n\n\t<div id=\"col-2052831168\" class=\"col small-12 large-12\"  >\n\t\t\t\t<div class=\"col-inner\"  >\n\t\t\t\n\t\t\t\n\n<div class=\"nav-wrapper\"><ul class=\"nav menu-news-novo nav-uppercase nav-horizontal nav-simple text-center nav-center\"><li class=\"\"><a href=\"https:\/\/www.fitnessbrasil.com.br\/es\/fb-news\/nasm\/\">Ofrecido por NASM<\/a><\/li><li class=\"\"><a href=\"https:\/\/www.fitnessbrasil.com.br\/es\/fb-news\/quem-e-quem\/\">Qui\u00e9n es qui\u00e9n<\/a><\/li><li class=\"\"><a href=\"https:\/\/www.fitnessbrasil.com.br\/es\/fb-news\/saude-e-bem-estar\/\">Salud y Bienestar<\/a><\/li><li class=\"active\"><a href=\"https:\/\/www.fitnessbrasil.com.br\/es\/fb-news\/gestao-e-negocios\/\">Gesti\u00f3n y Negocios<\/a><\/li><li class=\"\"><a href=\"https:\/\/www.fitnessbrasil.com.br\/es\/fb-news\/fitness\/\">Fitness<\/a><\/li><li class=\"\"><a href=\"https:\/\/www.fitnessbrasil.com.br\/es\/fb-news\/esporte\/\">Deporte<\/a><\/li><li class=\"\"><a href=\"https:\/\/www.fitnessbrasil.com.br\/es\/fb-news\/academias\/\">Gimnasios<\/a><\/li><li class=\"\"><a href=\"https:\/\/www.fitnessbrasil.com.br\/es\/fb-news\/noticias\/\">Noticias<\/a><\/li><li class=\"\"><a href=\"https:\/\/www.fitnessbrasil.com.br\/es\/fb-news\/colunistas\/\">Columnistas<\/a><\/li><li class=\"\"><a href=\"https:\/\/www.fitnessbrasil.com.br\/es\/fb-news\/fitbr-cast-podcast\/\">FitBR Cast - Podcast<\/a><\/li><\/ul><\/div>\n\n\n\t\t<\/div>\n\t\t\t\t\t<\/div>\n\n\t\n\n\n<style>\n#row-1976177547 > .col > .col-inner {\n  padding: 5px 0px 5px 0px;\n  background-color: #17c3b2;\n}\n<\/style>\n<\/div>\n\n<div class=\"row\"  id=\"row-1757248444\">\n\n\n\t<div id=\"col-740138959\" class=\"col small-12 large-12\"  >\n\t\t\t\t<div class=\"col-inner text-center\"  >\n\t\t\t\n\t\t\t\n\n<div class=\"row align-middle align-center\"  id=\"row-2071799146\">\n\n\n\t<div id=\"col-1843630232\" class=\"col medium-4 small-12 large-4\"  >\n\t\t\t\t<div class=\"col-inner\"  >\n\t\t\t\n\t\t\t\n\n\n\t\t<\/div>\n\t\t\t\t\t<\/div>\n\n\t\n\n\t<div id=\"col-1094751277\" class=\"col titulos medium-4 small-12 large-4\"  >\n\t\t\t\t<div class=\"col-inner\"  >\n\t\t\t\n\t\t\t\n\n\t<div class=\"img has-hover heading x md-x lg-x y md-y lg-y\" id=\"image_981901485\">\n\t\t\t\t\t\t\t\t<div class=\"img-inner dark\" >\n\t\t\t<img decoding=\"async\" width=\"78\" height=\"100\" data-src=\"https:\/\/www.fitnessbrasil.com.br\/wp-content\/uploads\/2024\/04\/logotipo_100pxH.png\" class=\"attachment-original size-original lazyload\" alt=\"\" data-srcset=\"https:\/\/www.fitnessbrasil.com.br\/wp-content\/uploads\/2024\/04\/logotipo_100pxH.png 78w, https:\/\/www.fitnessbrasil.com.br\/wp-content\/uploads\/2024\/04\/logotipo_100pxH-9x12.png 9w\" data-sizes=\"(max-width: 78px) 100vw, 78px\" src=\"data:image\/svg+xml;base64,PHN2ZyB3aWR0aD0iMSIgaGVpZ2h0PSIxIiB4bWxucz0iaHR0cDovL3d3dy53My5vcmcvMjAwMC9zdmciPjwvc3ZnPg==\" style=\"--smush-placeholder-width: 78px; --smush-placeholder-aspect-ratio: 78\/100;\" \/>\t\t\t\t\t\t\n\t\t\t\t\t<\/div>\n\t\t\t\t\t\t\t\t\n<style>\n#image_981901485 {\n  width: 100%;\n}\n<\/style>\n\t<\/div>\n\t\n\n\t<div id=\"text-2162380654\" class=\"text\">\n\t\t\n\n<h1>GEST\u00c3O E NEG\u00d3CIOS<\/h1>\n\n\t\t\n<style>\n#text-2162380654 {\n  text-align: center;\n  color: rgb(133, 176, 170);\n}\n#text-2162380654 > * {\n  color: rgb(133, 176, 170);\n}\n<\/style>\n\t<\/div>\n\t\n\t<div class=\"img has-hover heading x md-x lg-x y md-y lg-y\" id=\"image_872510502\">\n\t\t\t\t\t\t\t\t<div class=\"img-inner dark\" >\n\t\t\t<img decoding=\"async\" width=\"78\" height=\"100\" data-src=\"https:\/\/www.fitnessbrasil.com.br\/wp-content\/uploads\/2024\/04\/logotipo_100pxH.png\" class=\"attachment-original size-original lazyload\" alt=\"\" data-srcset=\"https:\/\/www.fitnessbrasil.com.br\/wp-content\/uploads\/2024\/04\/logotipo_100pxH.png 78w, https:\/\/www.fitnessbrasil.com.br\/wp-content\/uploads\/2024\/04\/logotipo_100pxH-9x12.png 9w\" data-sizes=\"(max-width: 78px) 100vw, 78px\" src=\"data:image\/svg+xml;base64,PHN2ZyB3aWR0aD0iMSIgaGVpZ2h0PSIxIiB4bWxucz0iaHR0cDovL3d3dy53My5vcmcvMjAwMC9zdmciPjwvc3ZnPg==\" style=\"--smush-placeholder-width: 78px; --smush-placeholder-aspect-ratio: 78\/100;\" \/>\t\t\t\t\t\t\n\t\t\t\t\t<\/div>\n\t\t\t\t\t\t\t\t\n<style>\n#image_872510502 {\n  width: 100%;\n}\n<\/style>\n\t<\/div>\n\t\n\n\n\t\t<\/div>\n\t\t\t\t\t<\/div>\n\n\t\n\n\t<div id=\"col-1491186392\" class=\"col medium-4 small-12 large-4\"  >\n\t\t\t\t<div class=\"col-inner\"  >\n\t\t\t\n\t\t\t\n\n\n\t\t<\/div>\n\t\t\t\t\t<\/div>\n\n\t\n\n<\/div>\n\n\t\t<\/div>\n\t\t\t\t\t<\/div>\n\n\t\n\n\n<style>\n#row-1757248444 > .col > .col-inner {\n  padding: 60px 0px 0px 0px;\n}\n<\/style>\n<\/div>\n\n  \n    <div class=\"row large-columns-3 medium-columns-1 small-columns-1\" >\n  <div class=\"col post-item\" >\n\t\t\t<div class=\"col-inner\">\n\t\t\t\t<div class=\"box box-normal box-text-bottom box-blog-post has-hover\">\n            \t\t\t\t\t<div class=\"box-image\" >\n  \t\t\t\t\t\t<div class=\"image-cover\" style=\"padding-top:56.25%;\">\n\t\t\t\t\t\t\t<a href=\"https:\/\/www.fitnessbrasil.com.br\/es\/newsfitbr\/avant-premiere-fitness-brasil-expo-2026-reune-liderancas-do-setor-e-lanca-5a-edicao-do-panorama-setorial\/\" class=\"plain\" aria-label=\"Avant Premi\u00e8re Fitness Brasil Expo 2026 re\u00fane lideran\u00e7as do setor e lan\u00e7a 5\u00aa edi\u00e7\u00e3o do Panorama Setorial\">\n\t\t\t\t\t\t\t\t<img decoding=\"async\" width=\"600\" height=\"400\" data-src=\"https:\/\/www.fitnessbrasil.com.br\/wp-content\/uploads\/2026\/08\/Avant-Premiere-Fitness-Brasil-Expo-20263-600x400.jpeg\" class=\"attachment-medium size-medium wp-post-image lazyload\" alt=\"\" data-srcset=\"https:\/\/www.fitnessbrasil.com.br\/wp-content\/uploads\/2026\/08\/Avant-Premiere-Fitness-Brasil-Expo-20263-600x400.jpeg 600w, https:\/\/www.fitnessbrasil.com.br\/wp-content\/uploads\/2026\/08\/Avant-Premiere-Fitness-Brasil-Expo-20263-1200x800.jpeg 1200w, https:\/\/www.fitnessbrasil.com.br\/wp-content\/uploads\/2026\/08\/Avant-Premiere-Fitness-Brasil-Expo-20263-768x512.jpeg 768w, https:\/\/www.fitnessbrasil.com.br\/wp-content\/uploads\/2026\/08\/Avant-Premiere-Fitness-Brasil-Expo-20263-1536x1024.jpeg 1536w, https:\/\/www.fitnessbrasil.com.br\/wp-content\/uploads\/2026\/08\/Avant-Premiere-Fitness-Brasil-Expo-20263-2048x1365.jpeg 2048w, https:\/\/www.fitnessbrasil.com.br\/wp-content\/uploads\/2026\/08\/Avant-Premiere-Fitness-Brasil-Expo-20263-18x12.jpeg 18w, https:\/\/www.fitnessbrasil.com.br\/wp-content\/uploads\/2026\/08\/Avant-Premiere-Fitness-Brasil-Expo-20263-510x340.jpeg 510w\" data-sizes=\"(max-width: 600px) 100vw, 600px\" src=\"data:image\/svg+xml;base64,PHN2ZyB3aWR0aD0iMSIgaGVpZ2h0PSIxIiB4bWxucz0iaHR0cDovL3d3dy53My5vcmcvMjAwMC9zdmciPjwvc3ZnPg==\" style=\"--smush-placeholder-width: 600px; --smush-placeholder-aspect-ratio: 600\/400;\" \/>\t\t\t\t\t\t\t<\/a>\n  \t\t\t\t\t\t\t  \t\t\t\t\t\t\t  \t\t\t\t\t\t<\/div>\n  \t\t\t\t\t\t  \t\t\t\t\t<\/div>\n          \t\t\t\t\t<div class=\"box-text text-left\" >\n\t\t\t\t\t<div class=\"box-text-inner blog-post-inner\">\n\n\t\t\t\t\t\n\t\t\t\t\t\t\t\t\t\t\t<p class=\"cat-label  is-xxsmall op-7 uppercase\">\n\t\t\t\t\tNoticias destacadas de gesti\u00f3n y negocios \t\t\t\t\t<\/p>\n\t\t\t\t\t\t\t\t\t\t<h5 class=\"post-title is-large\">\n\t\t\t\t\t\t<a href=\"https:\/\/www.fitnessbrasil.com.br\/es\/newsfitbr\/avant-premiere-fitness-brasil-expo-2026-reune-liderancas-do-setor-e-lanca-5a-edicao-do-panorama-setorial\/\" class=\"plain\">Avant Premi\u00e8re Fitness Brasil Expo 2026 re\u00fane lideran\u00e7as do setor e lan\u00e7a 5\u00aa edi\u00e7\u00e3o do Panorama Setorial<\/a>\n\t\t\t\t\t<\/h5>\n\t\t\t\t\t\t\t\t\t\t<div class=\"is-divider\"><\/div>\n\t\t\t\t\t\t\t\t\t\t<p class=\"from_the_blog_excerpt\">\n\t\t\t\t\t\tEncontro exclusivo, realizado no Transam\u00e9rica Expo Center, apresentou os principais...\t\t\t\t\t<\/p>\n\t\t\t\t\t                    \n\t\t\t\t\t\t\t\t\t\t\t<a href=\"https:\/\/www.fitnessbrasil.com.br\/es\/newsfitbr\/avant-premiere-fitness-brasil-expo-2026-reune-liderancas-do-setor-e-lanca-5a-edicao-do-panorama-setorial\/\" class=\"button  is-gloss is-small mb-0\">\n\t\t\t\t\t\t\tLEIA MAIS\t\t\t\t\t\t<\/a>\n\t\t\t\t\t\n\t\t\t\t\t\n\t\t\t\t\t<\/div>\n\t\t\t\t\t<\/div>\n\t\t\t\t\t\t\t\t\t<\/div>\n\t\t\t<\/div>\n\t\t<\/div><div class=\"col post-item\" >\n\t\t\t<div class=\"col-inner\">\n\t\t\t\t<div class=\"box box-normal box-text-bottom box-blog-post has-hover\">\n            \t\t\t\t\t<div class=\"box-image\" >\n  \t\t\t\t\t\t<div class=\"image-cover\" style=\"padding-top:56.25%;\">\n\t\t\t\t\t\t\t<a href=\"https:\/\/www.fitnessbrasil.com.br\/es\/newsfitbr\/wellhub-leva-dr-paulo-muzy-e-dudu-netto-a-fitness-brasil-expo-2026-para-debater-proximo-ciclo-de-crescimento-do-mercado-fitness\/\" class=\"plain\" aria-label=\"Wellhub leva Dr. Paulo Muzy e Dudu Netto \u00e0 Fitness Brasil Expo 2026 para debater pr\u00f3ximo ciclo de crescimento do mercado fitness\">\n\t\t\t\t\t\t\t\t<img decoding=\"async\" width=\"650\" height=\"400\" data-src=\"https:\/\/www.fitnessbrasil.com.br\/wp-content\/uploads\/2026\/08\/Wellhub-Fitness-Brasil-Expo-2026-650x400.png\" class=\"attachment-medium size-medium wp-post-image lazyload\" alt=\"\" data-srcset=\"https:\/\/www.fitnessbrasil.com.br\/wp-content\/uploads\/2026\/08\/Wellhub-Fitness-Brasil-Expo-2026-650x400.png 650w, https:\/\/www.fitnessbrasil.com.br\/wp-content\/uploads\/2026\/08\/Wellhub-Fitness-Brasil-Expo-2026-768x473.png 768w, https:\/\/www.fitnessbrasil.com.br\/wp-content\/uploads\/2026\/08\/Wellhub-Fitness-Brasil-Expo-2026-18x12.png 18w, https:\/\/www.fitnessbrasil.com.br\/wp-content\/uploads\/2026\/08\/Wellhub-Fitness-Brasil-Expo-2026-510x314.png 510w, https:\/\/www.fitnessbrasil.com.br\/wp-content\/uploads\/2026\/08\/Wellhub-Fitness-Brasil-Expo-2026.png 1166w\" data-sizes=\"(max-width: 650px) 100vw, 650px\" src=\"data:image\/svg+xml;base64,PHN2ZyB3aWR0aD0iMSIgaGVpZ2h0PSIxIiB4bWxucz0iaHR0cDovL3d3dy53My5vcmcvMjAwMC9zdmciPjwvc3ZnPg==\" style=\"--smush-placeholder-width: 650px; --smush-placeholder-aspect-ratio: 650\/400;\" \/>\t\t\t\t\t\t\t<\/a>\n  \t\t\t\t\t\t\t  \t\t\t\t\t\t\t  \t\t\t\t\t\t<\/div>\n  \t\t\t\t\t\t  \t\t\t\t\t<\/div>\n          \t\t\t\t\t<div class=\"box-text text-left\" >\n\t\t\t\t\t<div class=\"box-text-inner blog-post-inner\">\n\n\t\t\t\t\t\n\t\t\t\t\t\t\t\t\t\t\t<p class=\"cat-label  is-xxsmall op-7 uppercase\">\n\t\t\t\t\tNoticias destacadas de gesti\u00f3n y negocios \t\t\t\t\t<\/p>\n\t\t\t\t\t\t\t\t\t\t<h5 class=\"post-title is-large\">\n\t\t\t\t\t\t<a href=\"https:\/\/www.fitnessbrasil.com.br\/es\/newsfitbr\/wellhub-leva-dr-paulo-muzy-e-dudu-netto-a-fitness-brasil-expo-2026-para-debater-proximo-ciclo-de-crescimento-do-mercado-fitness\/\" class=\"plain\">Wellhub leva Dr. Paulo Muzy e Dudu Netto \u00e0 Fitness Brasil Expo 2026 para debater pr\u00f3ximo ciclo de crescimento do mercado fitness<\/a>\n\t\t\t\t\t<\/h5>\n\t\t\t\t\t\t\t\t\t\t<div class=\"is-divider\"><\/div>\n\t\t\t\t\t\t\t\t\t\t<p class=\"from_the_blog_excerpt\">\n\t\t\t\t\t\tEm painel mediado pelo seu CMO, Leandro Caldeira, o Wellhub...\t\t\t\t\t<\/p>\n\t\t\t\t\t                    \n\t\t\t\t\t\t\t\t\t\t\t<a href=\"https:\/\/www.fitnessbrasil.com.br\/es\/newsfitbr\/wellhub-leva-dr-paulo-muzy-e-dudu-netto-a-fitness-brasil-expo-2026-para-debater-proximo-ciclo-de-crescimento-do-mercado-fitness\/\" class=\"button  is-gloss is-small mb-0\">\n\t\t\t\t\t\t\tLEIA MAIS\t\t\t\t\t\t<\/a>\n\t\t\t\t\t\n\t\t\t\t\t\n\t\t\t\t\t<\/div>\n\t\t\t\t\t<\/div>\n\t\t\t\t\t\t\t\t\t<\/div>\n\t\t\t<\/div>\n\t\t<\/div><div class=\"col post-item\" >\n\t\t\t<div class=\"col-inner\">\n\t\t\t\t<div class=\"box box-normal box-text-bottom box-blog-post has-hover\">\n            \t\t\t\t\t<div class=\"box-image\" >\n  \t\t\t\t\t\t<div class=\"image-cover\" style=\"padding-top:56.25%;\">\n\t\t\t\t\t\t\t<a href=\"https:\/\/www.fitnessbrasil.com.br\/es\/newsfitbr\/academias-que-usam-dados-podem-aumentar-a-retencao-de-alunos-em-ate-30\/\" class=\"plain\" aria-label=\"Academias que usam dados podem aumentar a reten\u00e7\u00e3o de alunos em at\u00e9 30%\">\n\t\t\t\t\t\t\t\t<img decoding=\"async\" width=\"600\" height=\"400\" data-src=\"https:\/\/www.fitnessbrasil.com.br\/wp-content\/uploads\/2026\/08\/ABC-Evo-retencao-academias-600x400.jpg\" class=\"attachment-medium size-medium wp-post-image lazyload\" alt=\"\" data-srcset=\"https:\/\/www.fitnessbrasil.com.br\/wp-content\/uploads\/2026\/08\/ABC-Evo-retencao-academias-600x400.jpg 600w, https:\/\/www.fitnessbrasil.com.br\/wp-content\/uploads\/2026\/08\/ABC-Evo-retencao-academias-1199x800.jpg 1199w, https:\/\/www.fitnessbrasil.com.br\/wp-content\/uploads\/2026\/08\/ABC-Evo-retencao-academias-768x512.jpg 768w, https:\/\/www.fitnessbrasil.com.br\/wp-content\/uploads\/2026\/08\/ABC-Evo-retencao-academias-1536x1025.jpg 1536w, https:\/\/www.fitnessbrasil.com.br\/wp-content\/uploads\/2026\/08\/ABC-Evo-retencao-academias-18x12.jpg 18w, https:\/\/www.fitnessbrasil.com.br\/wp-content\/uploads\/2026\/08\/ABC-Evo-retencao-academias-510x340.jpg 510w, https:\/\/www.fitnessbrasil.com.br\/wp-content\/uploads\/2026\/08\/ABC-Evo-retencao-academias.jpg 2048w\" data-sizes=\"(max-width: 600px) 100vw, 600px\" src=\"data:image\/svg+xml;base64,PHN2ZyB3aWR0aD0iMSIgaGVpZ2h0PSIxIiB4bWxucz0iaHR0cDovL3d3dy53My5vcmcvMjAwMC9zdmciPjwvc3ZnPg==\" style=\"--smush-placeholder-width: 600px; --smush-placeholder-aspect-ratio: 600\/400;\" \/>\t\t\t\t\t\t\t<\/a>\n  \t\t\t\t\t\t\t  \t\t\t\t\t\t\t  \t\t\t\t\t\t<\/div>\n  \t\t\t\t\t\t  \t\t\t\t\t<\/div>\n          \t\t\t\t\t<div class=\"box-text text-left\" >\n\t\t\t\t\t<div class=\"box-text-inner blog-post-inner\">\n\n\t\t\t\t\t\n\t\t\t\t\t\t\t\t\t\t\t<p class=\"cat-label  is-xxsmall op-7 uppercase\">\n\t\t\t\t\tNoticias destacadas de gesti\u00f3n y negocios \t\t\t\t\t<\/p>\n\t\t\t\t\t\t\t\t\t\t<h5 class=\"post-title is-large\">\n\t\t\t\t\t\t<a href=\"https:\/\/www.fitnessbrasil.com.br\/es\/newsfitbr\/academias-que-usam-dados-podem-aumentar-a-retencao-de-alunos-em-ate-30\/\" class=\"plain\">Academias que usam dados podem aumentar a reten\u00e7\u00e3o de alunos em at\u00e9 30%<\/a>\n\t\t\t\t\t<\/h5>\n\t\t\t\t\t\t\t\t\t\t<div class=\"is-divider\"><\/div>\n\t\t\t\t\t\t\t\t\t\t<p class=\"from_the_blog_excerpt\">\n\t\t\t\t\t\tEm um setor onde at\u00e9 50% dos pequenos neg\u00f3cios n\u00e3o...\t\t\t\t\t<\/p>\n\t\t\t\t\t                    \n\t\t\t\t\t\t\t\t\t\t\t<a href=\"https:\/\/www.fitnessbrasil.com.br\/es\/newsfitbr\/academias-que-usam-dados-podem-aumentar-a-retencao-de-alunos-em-ate-30\/\" class=\"button  is-gloss is-small mb-0\">\n\t\t\t\t\t\t\tLEIA MAIS\t\t\t\t\t\t<\/a>\n\t\t\t\t\t\n\t\t\t\t\t\n\t\t\t\t\t<\/div>\n\t\t\t\t\t<\/div>\n\t\t\t\t\t\t\t\t\t<\/div>\n\t\t\t<\/div>\n\t\t<\/div><\/div>\n\n\t\t<div class=\"hidden\">\n\t\t\t\t\n\n<style>\n\/*Newsletter*\/\n.section.newsletter .wpcf7-email{\n    background: #fff;\n    border: 1px solid var(--fs-color-primary);\n}\n\n.section.newsletter .wpcf7-submit{\n    width: 100%;\n}\n\n.section.newsletter .wpcf7-spinner{\n    position: absolute !important;\n    top: 7px;\n    right: -10px;\n}\n<\/style>\n\t\t<\/div>\n\t\n\n\t<section class=\"section newsletter\" id=\"section_1483068203\">\n\t\t<div class=\"section-bg fill\" >\n\t\t\t\t\t\t\t\t\t\n\t\t\t\n\n\t\t<\/div>\n\n\t\t\n\n\t\t<div class=\"section-content relative\">\n\t\t\t\n\n<div class=\"row\"  id=\"row-244262173\">\n\n\n\t<div id=\"col-1445345704\" class=\"col medium-3 small-12 large-3\"  >\n\t\t\t\t<div class=\"col-inner text-center\"  >\n\t\t\t\n\t\t\t\n\n\t<div class=\"img has-hover x md-x lg-x y md-y lg-y\" id=\"image_1134366299\">\n\t\t\t\t\t\t\t\t<div class=\"img-inner dark\" >\n\t\t\t<img decoding=\"async\" width=\"1020\" height=\"226\" data-src=\"https:\/\/www.fitnessbrasil.com.br\/wp-content\/uploads\/2024\/03\/fitbrnews_fitletter_logo.png\" class=\"attachment-large size-large lazyload\" alt=\"\" data-srcset=\"https:\/\/www.fitnessbrasil.com.br\/wp-content\/uploads\/2024\/03\/fitbrnews_fitletter_logo.png 1244w, https:\/\/www.fitnessbrasil.com.br\/wp-content\/uploads\/2024\/03\/fitbrnews_fitletter_logo-800x177.png 800w, https:\/\/www.fitnessbrasil.com.br\/wp-content\/uploads\/2024\/03\/fitbrnews_fitletter_logo-768x170.png 768w, https:\/\/www.fitnessbrasil.com.br\/wp-content\/uploads\/2024\/03\/fitbrnews_fitletter_logo-18x4.png 18w, https:\/\/www.fitnessbrasil.com.br\/wp-content\/uploads\/2024\/03\/fitbrnews_fitletter_logo-510x113.png 510w\" data-sizes=\"(max-width: 1020px) 100vw, 1020px\" src=\"data:image\/svg+xml;base64,PHN2ZyB3aWR0aD0iMSIgaGVpZ2h0PSIxIiB4bWxucz0iaHR0cDovL3d3dy53My5vcmcvMjAwMC9zdmciPjwvc3ZnPg==\" style=\"--smush-placeholder-width: 1020px; --smush-placeholder-aspect-ratio: 1020\/226;\" \/>\t\t\t\t\t\t\n\t\t\t\t\t<\/div>\n\t\t\t\t\t\t\t\t\n<style>\n#image_1134366299 {\n  width: 62%;\n}\n@media (min-width:550px) {\n  #image_1134366299 {\n    width: 100%;\n  }\n}\n<\/style>\n\t<\/div>\n\t\n\n\n\t\t<\/div>\n\t\t\t\t\t<\/div>\n\n\t\n\n\t<div id=\"col-1072394018\" class=\"col medium-9 small-12 large-9\"  >\n\t\t\t\t<div class=\"col-inner\"  >\n\t\t\t\n\t\t\t\n\n\t<div id=\"text-3814816162\" class=\"text\">\n\t\t\n\n<p>Cada semana, recibe en tu bandeja de entrada los principales contenidos de FitBR News de forma gratuita. Gesti\u00f3n, negocios, salud, bienestar, fitness y un equipo de columnistas con la curadur\u00eda premium de Fitness Brasil. \u00a1Suscr\u00edbete y recibe las mejores noticias!<\/p>\n\t\t\n<style>\n#text-3814816162 {\n  text-align: center;\n  color: rgb(0, 0, 0);\n}\n#text-3814816162 > * {\n  color: rgb(0, 0, 0);\n}\n<\/style>\n\t<\/div>\n\t\n\n\t\t<\/div>\n\t\t\t\t\t<\/div>\n\n\t\n\n<\/div>\n<div class=\"row\"  id=\"row-1426913489\">\n\n\n\t<div id=\"col-2064514246\" class=\"col small-12 large-12\"  >\n\t\t\t\t<div class=\"col-inner\"  >\n\t\t\t\n\t\t\t\n\n\n<div class=\"wpcf7 no-js\" id=\"wpcf7-f4183-o1\" lang=\"en-US\" dir=\"ltr\" data-wpcf7-id=\"4183\">\n<div class=\"screen-reader-response\"><p role=\"status\" aria-live=\"polite\" aria-atomic=\"true\"><\/p> <ul><\/ul><\/div>\n<form action=\"\/es\/wp-json\/wp\/v2\/pages\/4233#wpcf7-f4183-o1\" method=\"post\" class=\"wpcf7-form init\" aria-label=\"Contact form\" novalidate=\"novalidate\" data-status=\"init\" data-trp-original-action=\"\/es\/wp-json\/wp\/v2\/pages\/4233#wpcf7-f4183-o1\">\n<fieldset class=\"hidden-fields-container\"><input type=\"hidden\" name=\"_wpcf7\" value=\"4183\" \/><input type=\"hidden\" name=\"_wpcf7_version\" value=\"6.1.5\" \/><input type=\"hidden\" name=\"_wpcf7_locale\" value=\"en_US\" \/><input type=\"hidden\" name=\"_wpcf7_unit_tag\" value=\"wpcf7-f4183-o1\" \/><input type=\"hidden\" name=\"_wpcf7_container_post\" value=\"0\" \/><input type=\"hidden\" name=\"_wpcf7_posted_data_hash\" value=\"\" \/><input type=\"hidden\" name=\"_wpcf7_recaptcha_response\" value=\"\" \/>\n<\/fieldset>\n<div class=\"flex-row form-flat medium-flex-wrap\">\n\t<div class=\"flex-col flex-grow\">\n\t\t<p><span class=\"wpcf7-form-control-wrap\" data-name=\"your-email\"><input size=\"40\" maxlength=\"400\" class=\"wpcf7-form-control wpcf7-email wpcf7-validates-as-required wpcf7-text wpcf7-validates-as-email\" aria-required=\"true\" aria-invalid=\"false\" placeholder=\"Tu correo electr\u00f3nico\" value=\"\" type=\"email\" name=\"your-email\" \/><\/span>\n\t\t<\/p>\n\t<\/div>\n\t<div class=\"flex-col ml-half\">\n\t\t<p><input class=\"wpcf7-form-control wpcf7-submit has-spinner button\" type=\"submit\" value=\"\u00a1Suscr\u00edbete!\" \/>\n\t\t<\/p>\n\t<\/div>\n<\/div><div class=\"wpcf7-response-output\" aria-hidden=\"true\"><\/div>\n<input type=\"hidden\" name=\"trp-form-language\" value=\"es\"\/><\/form>\n<\/div>\n\n\n\n\t\t<\/div>\n\t\t\t\t\n<style>\n#col-2064514246 > .col-inner {\n  padding: 1px 1px 1px 1px;\n  margin: 0px 0px 0px 0px;\n}\n<\/style>\n\t<\/div>\n\n\t\n\n<\/div>\n\n\t\t<\/div>\n\n\t\t\n<style>\n#section_1483068203 {\n  padding-top: 30px;\n  padding-bottom: 30px;\n  background-color: rgb(227, 245, 243);\n}\n<\/style>\n\t<\/section>\n\t\n\n<div class=\"row\"  id=\"row-2125559614\">\n\n\n\t<div id=\"col-1681709998\" class=\"col small-12 large-12\"  >\n\t\t\t\t<div class=\"col-inner\"  >\n\t\t\t\n\t\t\t\n\n\t\t<div id=\"ux-relay-1707599053\" class=\"ux-relay ux-relay--pagination\" data-flatsome-relay=\"{&quot;postType&quot;:&quot;post&quot;,&quot;tag&quot;:&quot;blog_posts&quot;,&quot;atts&quot;:{&quot;style&quot;:&quot;normal&quot;,&quot;type&quot;:&quot;row&quot;,&quot;columns&quot;:&quot;3&quot;,&quot;columns__md&quot;:&quot;1&quot;,&quot;relay&quot;:&quot;pagination&quot;,&quot;cat&quot;:&quot;1&quot;,&quot;posts&quot;:&quot;6&quot;,&quot;offset&quot;:&quot;4&quot;,&quot;readmore&quot;:&quot;LEIA MAIS&quot;,&quot;readmore_style&quot;:&quot;gloss&quot;,&quot;show_date&quot;:&quot;false&quot;,&quot;excerpt_length&quot;:&quot;10&quot;,&quot;show_category&quot;:&quot;text&quot;,&quot;image_height&quot;:&quot;56.25%&quot;,&quot;text_align&quot;:&quot;left&quot;},&quot;currentPage&quot;:&quot;1&quot;,&quot;totalPages&quot;:71,&quot;totalPosts&quot;:423,&quot;postCount&quot;:6}\" >\n\t\t\n  \n    <div class=\"row large-columns-3 medium-columns-1 small-columns-1\" >\n  <div class=\"col post-item\" >\n\t\t\t<div class=\"col-inner\">\n\t\t\t\t<div class=\"box box-normal box-text-bottom box-blog-post has-hover\">\n            \t\t\t\t\t<div class=\"box-image\" >\n  \t\t\t\t\t\t<div class=\"image-cover\" style=\"padding-top:56.25%;\">\n\t\t\t\t\t\t\t<a href=\"https:\/\/www.fitnessbrasil.com.br\/es\/newsfitbr\/abc-evo-prepara-sua-maior-participacao-na-fitness-brasil-expo-com-tecnologia-ia-e-hospitalidade\/\" class=\"plain\" aria-label=\"ABC EVO prepara sua maior participa\u00e7\u00e3o na Fitness Brasil Expo com tecnologia, IA e hospitalidade\">\n\t\t\t\t\t\t\t\t<img decoding=\"async\" width=\"711\" height=\"400\" data-src=\"https:\/\/www.fitnessbrasil.com.br\/wp-content\/uploads\/2026\/08\/ABC-EVO-Fitness-Brasil-Expo-20261-711x400.jpeg\" class=\"attachment-medium size-medium wp-post-image lazyload\" alt=\"\" data-srcset=\"https:\/\/www.fitnessbrasil.com.br\/wp-content\/uploads\/2026\/08\/ABC-EVO-Fitness-Brasil-Expo-20261-711x400.jpeg 711w, https:\/\/www.fitnessbrasil.com.br\/wp-content\/uploads\/2026\/08\/ABC-EVO-Fitness-Brasil-Expo-20261-768x432.jpeg 768w, https:\/\/www.fitnessbrasil.com.br\/wp-content\/uploads\/2026\/08\/ABC-EVO-Fitness-Brasil-Expo-20261-18x10.jpeg 18w, https:\/\/www.fitnessbrasil.com.br\/wp-content\/uploads\/2026\/08\/ABC-EVO-Fitness-Brasil-Expo-20261-510x287.jpeg 510w, https:\/\/www.fitnessbrasil.com.br\/wp-content\/uploads\/2026\/08\/ABC-EVO-Fitness-Brasil-Expo-20261.jpeg 1280w\" data-sizes=\"(max-width: 711px) 100vw, 711px\" src=\"data:image\/svg+xml;base64,PHN2ZyB3aWR0aD0iMSIgaGVpZ2h0PSIxIiB4bWxucz0iaHR0cDovL3d3dy53My5vcmcvMjAwMC9zdmciPjwvc3ZnPg==\" style=\"--smush-placeholder-width: 711px; --smush-placeholder-aspect-ratio: 711\/400;\" \/>\t\t\t\t\t\t\t<\/a>\n  \t\t\t\t\t\t\t  \t\t\t\t\t\t\t  \t\t\t\t\t\t<\/div>\n  \t\t\t\t\t\t  \t\t\t\t\t<\/div>\n          \t\t\t\t\t<div class=\"box-text text-left\" >\n\t\t\t\t\t<div class=\"box-text-inner blog-post-inner\">\n\n\t\t\t\t\t\n\t\t\t\t\t\t\t\t\t\t\t<p class=\"cat-label  is-xxsmall op-7 uppercase\">\n\t\t\t\t\tNoticias destacadas de gesti\u00f3n y negocios \t\t\t\t\t<\/p>\n\t\t\t\t\t\t\t\t\t\t<h5 class=\"post-title is-large\">\n\t\t\t\t\t\t<a href=\"https:\/\/www.fitnessbrasil.com.br\/es\/newsfitbr\/abc-evo-prepara-sua-maior-participacao-na-fitness-brasil-expo-com-tecnologia-ia-e-hospitalidade\/\" class=\"plain\">ABC EVO prepara sua maior participa\u00e7\u00e3o na Fitness Brasil Expo com tecnologia, IA e hospitalidade<\/a>\n\t\t\t\t\t<\/h5>\n\t\t\t\t\t\t\t\t\t\t<div class=\"is-divider\"><\/div>\n\t\t\t\t\t\t\t\t\t\t<p class=\"from_the_blog_excerpt\">\n\t\t\t\t\t\tCom estande de 600 m\u00b2, o maior da hist\u00f3ria da...\t\t\t\t\t<\/p>\n\t\t\t\t\t                    \n\t\t\t\t\t\t\t\t\t\t\t<a href=\"https:\/\/www.fitnessbrasil.com.br\/es\/newsfitbr\/abc-evo-prepara-sua-maior-participacao-na-fitness-brasil-expo-com-tecnologia-ia-e-hospitalidade\/\" class=\"button  is-gloss is-small mb-0\">\n\t\t\t\t\t\t\tLEIA MAIS\t\t\t\t\t\t<\/a>\n\t\t\t\t\t\n\t\t\t\t\t\n\t\t\t\t\t<\/div>\n\t\t\t\t\t<\/div>\n\t\t\t\t\t\t\t\t\t<\/div>\n\t\t\t<\/div>\n\t\t<\/div><div class=\"col post-item\" >\n\t\t\t<div class=\"col-inner\">\n\t\t\t\t<div class=\"box box-normal box-text-bottom box-blog-post has-hover\">\n            \t\t\t\t\t<div class=\"box-image\" >\n  \t\t\t\t\t\t<div class=\"image-cover\" style=\"padding-top:56.25%;\">\n\t\t\t\t\t\t\t<a href=\"https:\/\/www.fitnessbrasil.com.br\/es\/newsfitbr\/wellhub-amplia-portfolio-de-solucoes-financeiras-para-parceiros-com-lancamento-de-seguros-e-repasse-semanal\/\" class=\"plain\" aria-label=\"Wellhub amplia portf\u00f3lio de Solu\u00e7\u00f5es Financeiras para parceiros com lan\u00e7amento de Seguros e Repasse Semanal\">\n\t\t\t\t\t\t\t\t<img decoding=\"async\" width=\"647\" height=\"400\" data-src=\"https:\/\/www.fitnessbrasil.com.br\/wp-content\/uploads\/2026\/08\/Wellhub-Solucoes-Financeiras-647x400.png\" class=\"attachment-medium size-medium wp-post-image lazyload\" alt=\"\" data-srcset=\"https:\/\/www.fitnessbrasil.com.br\/wp-content\/uploads\/2026\/08\/Wellhub-Solucoes-Financeiras-647x400.png 647w, https:\/\/www.fitnessbrasil.com.br\/wp-content\/uploads\/2026\/08\/Wellhub-Solucoes-Financeiras-768x475.png 768w, https:\/\/www.fitnessbrasil.com.br\/wp-content\/uploads\/2026\/08\/Wellhub-Solucoes-Financeiras-18x12.png 18w, https:\/\/www.fitnessbrasil.com.br\/wp-content\/uploads\/2026\/08\/Wellhub-Solucoes-Financeiras-510x315.png 510w, https:\/\/www.fitnessbrasil.com.br\/wp-content\/uploads\/2026\/08\/Wellhub-Solucoes-Financeiras.png 1262w\" data-sizes=\"(max-width: 647px) 100vw, 647px\" src=\"data:image\/svg+xml;base64,PHN2ZyB3aWR0aD0iMSIgaGVpZ2h0PSIxIiB4bWxucz0iaHR0cDovL3d3dy53My5vcmcvMjAwMC9zdmciPjwvc3ZnPg==\" style=\"--smush-placeholder-width: 647px; --smush-placeholder-aspect-ratio: 647\/400;\" \/>\t\t\t\t\t\t\t<\/a>\n  \t\t\t\t\t\t\t  \t\t\t\t\t\t\t  \t\t\t\t\t\t<\/div>\n  \t\t\t\t\t\t  \t\t\t\t\t<\/div>\n          \t\t\t\t\t<div class=\"box-text text-left\" >\n\t\t\t\t\t<div class=\"box-text-inner blog-post-inner\">\n\n\t\t\t\t\t\n\t\t\t\t\t\t\t\t\t\t\t<p class=\"cat-label  is-xxsmall op-7 uppercase\">\n\t\t\t\t\tNoticias destacadas de gesti\u00f3n y negocios \t\t\t\t\t<\/p>\n\t\t\t\t\t\t\t\t\t\t<h5 class=\"post-title is-large\">\n\t\t\t\t\t\t<a href=\"https:\/\/www.fitnessbrasil.com.br\/es\/newsfitbr\/wellhub-amplia-portfolio-de-solucoes-financeiras-para-parceiros-com-lancamento-de-seguros-e-repasse-semanal\/\" class=\"plain\">Wellhub amplia portf\u00f3lio de Solu\u00e7\u00f5es Financeiras para parceiros com lan\u00e7amento de Seguros e Repasse Semanal<\/a>\n\t\t\t\t\t<\/h5>\n\t\t\t\t\t\t\t\t\t\t<div class=\"is-divider\"><\/div>\n\t\t\t\t\t\t\t\t\t\t<p class=\"from_the_blog_excerpt\">\n\t\t\t\t\t\tUm ano ap\u00f3s criar sua vertical de Solu\u00e7\u00f5es Financeiras com...\t\t\t\t\t<\/p>\n\t\t\t\t\t                    \n\t\t\t\t\t\t\t\t\t\t\t<a href=\"https:\/\/www.fitnessbrasil.com.br\/es\/newsfitbr\/wellhub-amplia-portfolio-de-solucoes-financeiras-para-parceiros-com-lancamento-de-seguros-e-repasse-semanal\/\" class=\"button  is-gloss is-small mb-0\">\n\t\t\t\t\t\t\tLEIA MAIS\t\t\t\t\t\t<\/a>\n\t\t\t\t\t\n\t\t\t\t\t\n\t\t\t\t\t<\/div>\n\t\t\t\t\t<\/div>\n\t\t\t\t\t\t\t\t\t<\/div>\n\t\t\t<\/div>\n\t\t<\/div><div class=\"col post-item\" >\n\t\t\t<div class=\"col-inner\">\n\t\t\t\t<div class=\"box box-normal box-text-bottom box-blog-post has-hover\">\n            \t\t\t\t\t<div class=\"box-image\" >\n  \t\t\t\t\t\t<div class=\"image-cover\" style=\"padding-top:56.25%;\">\n\t\t\t\t\t\t\t<a href=\"https:\/\/www.fitnessbrasil.com.br\/es\/newsfitbr\/palestras-livre-na-fitness-brasil-expo-2026-conteudo-disponivel-em-todas-as-credenciais-do-evento\/\" class=\"plain\" aria-label=\"Palestras Livre na Fitness Brasil Expo 2026: conte\u00fado dispon\u00edvel em todas as credenciais do evento\">\n\t\t\t\t\t\t\t\t<img decoding=\"async\" width=\"595\" height=\"400\" data-src=\"https:\/\/www.fitnessbrasil.com.br\/wp-content\/uploads\/2026\/08\/Palestras-Livre-Fitness-Brasil-Expo-2026-595x400.png\" class=\"attachment-medium size-medium wp-post-image lazyload\" alt=\"\" data-srcset=\"https:\/\/www.fitnessbrasil.com.br\/wp-content\/uploads\/2026\/08\/Palestras-Livre-Fitness-Brasil-Expo-2026-595x400.png 595w, https:\/\/www.fitnessbrasil.com.br\/wp-content\/uploads\/2026\/08\/Palestras-Livre-Fitness-Brasil-Expo-2026-768x516.png 768w, https:\/\/www.fitnessbrasil.com.br\/wp-content\/uploads\/2026\/08\/Palestras-Livre-Fitness-Brasil-Expo-2026-18x12.png 18w, https:\/\/www.fitnessbrasil.com.br\/wp-content\/uploads\/2026\/08\/Palestras-Livre-Fitness-Brasil-Expo-2026-510x343.png 510w, https:\/\/www.fitnessbrasil.com.br\/wp-content\/uploads\/2026\/08\/Palestras-Livre-Fitness-Brasil-Expo-2026.png 860w\" data-sizes=\"(max-width: 595px) 100vw, 595px\" src=\"data:image\/svg+xml;base64,PHN2ZyB3aWR0aD0iMSIgaGVpZ2h0PSIxIiB4bWxucz0iaHR0cDovL3d3dy53My5vcmcvMjAwMC9zdmciPjwvc3ZnPg==\" style=\"--smush-placeholder-width: 595px; --smush-placeholder-aspect-ratio: 595\/400;\" \/>\t\t\t\t\t\t\t<\/a>\n  \t\t\t\t\t\t\t  \t\t\t\t\t\t\t  \t\t\t\t\t\t<\/div>\n  \t\t\t\t\t\t  \t\t\t\t\t<\/div>\n          \t\t\t\t\t<div class=\"box-text text-left\" >\n\t\t\t\t\t<div class=\"box-text-inner blog-post-inner\">\n\n\t\t\t\t\t\n\t\t\t\t\t\t\t\t\t\t\t<p class=\"cat-label  is-xxsmall op-7 uppercase\">\n\t\t\t\t\tDestaques Fitness Brasil Expo Gest\u00e3o e neg\u00f3cios Not\u00edcias \t\t\t\t\t<\/p>\n\t\t\t\t\t\t\t\t\t\t<h5 class=\"post-title is-large\">\n\t\t\t\t\t\t<a href=\"https:\/\/www.fitnessbrasil.com.br\/es\/newsfitbr\/palestras-livre-na-fitness-brasil-expo-2026-conteudo-disponivel-em-todas-as-credenciais-do-evento\/\" class=\"plain\">Palestras Livre na Fitness Brasil Expo 2026: conte\u00fado dispon\u00edvel em todas as credenciais do evento<\/a>\n\t\t\t\t\t<\/h5>\n\t\t\t\t\t\t\t\t\t\t<div class=\"is-divider\"><\/div>\n\t\t\t\t\t\t\t\t\t\t<p class=\"from_the_blog_excerpt\">\n\t\t\t\t\t\tCom sess\u00f5es distribu\u00eddas na quinta, na sexta e no s\u00e1bado,...\t\t\t\t\t<\/p>\n\t\t\t\t\t                    \n\t\t\t\t\t\t\t\t\t\t\t<a href=\"https:\/\/www.fitnessbrasil.com.br\/es\/newsfitbr\/palestras-livre-na-fitness-brasil-expo-2026-conteudo-disponivel-em-todas-as-credenciais-do-evento\/\" class=\"button  is-gloss is-small mb-0\">\n\t\t\t\t\t\t\tLEIA MAIS\t\t\t\t\t\t<\/a>\n\t\t\t\t\t\n\t\t\t\t\t\n\t\t\t\t\t<\/div>\n\t\t\t\t\t<\/div>\n\t\t\t\t\t\t\t\t\t<\/div>\n\t\t\t<\/div>\n\t\t<\/div><div class=\"col post-item\" >\n\t\t\t<div class=\"col-inner\">\n\t\t\t\t<div class=\"box box-normal box-text-bottom box-blog-post has-hover\">\n            \t\t\t\t\t<div class=\"box-image\" >\n  \t\t\t\t\t\t<div class=\"image-cover\" style=\"padding-top:56.25%;\">\n\t\t\t\t\t\t\t<a href=\"https:\/\/www.fitnessbrasil.com.br\/es\/newsfitbr\/academia-gavioes-24h-leva-novo-modelo-de-negocio-a-fitness-brasil-expo-e-reforca-plano-de-expansao\/\" class=\"plain\" aria-label=\"Academia Gavi\u00f5es 24h leva novo modelo de neg\u00f3cio \u00e0 Fitness Brasil Expo e refor\u00e7a plano de expans\u00e3o\">\n\t\t\t\t\t\t\t\t<img decoding=\"async\" width=\"613\" height=\"400\" data-src=\"https:\/\/www.fitnessbrasil.com.br\/wp-content\/uploads\/2026\/08\/Academia-Gavioes-24h-Fitness-Brasil-Expo-2026-613x400.png\" class=\"attachment-medium size-medium wp-post-image lazyload\" alt=\"\" data-srcset=\"https:\/\/www.fitnessbrasil.com.br\/wp-content\/uploads\/2026\/08\/Academia-Gavioes-24h-Fitness-Brasil-Expo-2026-613x400.png 613w, https:\/\/www.fitnessbrasil.com.br\/wp-content\/uploads\/2026\/08\/Academia-Gavioes-24h-Fitness-Brasil-Expo-2026-768x502.png 768w, https:\/\/www.fitnessbrasil.com.br\/wp-content\/uploads\/2026\/08\/Academia-Gavioes-24h-Fitness-Brasil-Expo-2026-18x12.png 18w, https:\/\/www.fitnessbrasil.com.br\/wp-content\/uploads\/2026\/08\/Academia-Gavioes-24h-Fitness-Brasil-Expo-2026-510x333.png 510w, https:\/\/www.fitnessbrasil.com.br\/wp-content\/uploads\/2026\/08\/Academia-Gavioes-24h-Fitness-Brasil-Expo-2026.png 1026w\" data-sizes=\"(max-width: 613px) 100vw, 613px\" src=\"data:image\/svg+xml;base64,PHN2ZyB3aWR0aD0iMSIgaGVpZ2h0PSIxIiB4bWxucz0iaHR0cDovL3d3dy53My5vcmcvMjAwMC9zdmciPjwvc3ZnPg==\" style=\"--smush-placeholder-width: 613px; --smush-placeholder-aspect-ratio: 613\/400;\" \/>\t\t\t\t\t\t\t<\/a>\n  \t\t\t\t\t\t\t  \t\t\t\t\t\t\t  \t\t\t\t\t\t<\/div>\n  \t\t\t\t\t\t  \t\t\t\t\t<\/div>\n          \t\t\t\t\t<div class=\"box-text text-left\" >\n\t\t\t\t\t<div class=\"box-text-inner blog-post-inner\">\n\n\t\t\t\t\t\n\t\t\t\t\t\t\t\t\t\t\t<p class=\"cat-label  is-xxsmall op-7 uppercase\">\n\t\t\t\t\tAcademias Destaques Mercado fitness Not\u00edcias \t\t\t\t\t<\/p>\n\t\t\t\t\t\t\t\t\t\t<h5 class=\"post-title is-large\">\n\t\t\t\t\t\t<a href=\"https:\/\/www.fitnessbrasil.com.br\/es\/newsfitbr\/academia-gavioes-24h-leva-novo-modelo-de-negocio-a-fitness-brasil-expo-e-reforca-plano-de-expansao\/\" class=\"plain\">Academia Gavi\u00f5es 24h leva novo modelo de neg\u00f3cio \u00e0 Fitness Brasil Expo e refor\u00e7a plano de expans\u00e3o<\/a>\n\t\t\t\t\t<\/h5>\n\t\t\t\t\t\t\t\t\t\t<div class=\"is-divider\"><\/div>\n\t\t\t\t\t\t\t\t\t\t<p class=\"from_the_blog_excerpt\">\n\t\t\t\t\t\tFast Treino, novo modelo de neg\u00f3cio do Grupo Gavi\u00f5es, ser\u00e1...\t\t\t\t\t<\/p>\n\t\t\t\t\t                    \n\t\t\t\t\t\t\t\t\t\t\t<a href=\"https:\/\/www.fitnessbrasil.com.br\/es\/newsfitbr\/academia-gavioes-24h-leva-novo-modelo-de-negocio-a-fitness-brasil-expo-e-reforca-plano-de-expansao\/\" class=\"button  is-gloss is-small mb-0\">\n\t\t\t\t\t\t\tLEIA MAIS\t\t\t\t\t\t<\/a>\n\t\t\t\t\t\n\t\t\t\t\t\n\t\t\t\t\t<\/div>\n\t\t\t\t\t<\/div>\n\t\t\t\t\t\t\t\t\t<\/div>\n\t\t\t<\/div>\n\t\t<\/div><div class=\"col post-item\" >\n\t\t\t<div class=\"col-inner\">\n\t\t\t\t<div class=\"box box-normal box-text-bottom box-blog-post has-hover\">\n            \t\t\t\t\t<div class=\"box-image\" >\n  \t\t\t\t\t\t<div class=\"image-cover\" style=\"padding-top:56.25%;\">\n\t\t\t\t\t\t\t<a href=\"https:\/\/www.fitnessbrasil.com.br\/es\/newsfitbr\/de-sistema-a-ecossistema-next-fit-amplia-sua-atuacao-para-desenvolver-gestores-fitness\/\" class=\"plain\" aria-label=\"De sistema a ecossistema: Next Fit amplia sua atua\u00e7\u00e3o para desenvolver gestores fitness\">\n\t\t\t\t\t\t\t\t<img decoding=\"async\" width=\"711\" height=\"400\" data-src=\"https:\/\/www.fitnessbrasil.com.br\/wp-content\/uploads\/2026\/08\/WhatsApp-Image-2026-08-10-at-15.20.48-711x400.jpeg\" class=\"attachment-medium size-medium wp-post-image lazyload\" alt=\"\" data-srcset=\"https:\/\/www.fitnessbrasil.com.br\/wp-content\/uploads\/2026\/08\/WhatsApp-Image-2026-08-10-at-15.20.48-711x400.jpeg 711w, https:\/\/www.fitnessbrasil.com.br\/wp-content\/uploads\/2026\/08\/WhatsApp-Image-2026-08-10-at-15.20.48-1400x788.jpeg 1400w, https:\/\/www.fitnessbrasil.com.br\/wp-content\/uploads\/2026\/08\/WhatsApp-Image-2026-08-10-at-15.20.48-768x432.jpeg 768w, https:\/\/www.fitnessbrasil.com.br\/wp-content\/uploads\/2026\/08\/WhatsApp-Image-2026-08-10-at-15.20.48-1536x864.jpeg 1536w, https:\/\/www.fitnessbrasil.com.br\/wp-content\/uploads\/2026\/08\/WhatsApp-Image-2026-08-10-at-15.20.48-18x10.jpeg 18w, https:\/\/www.fitnessbrasil.com.br\/wp-content\/uploads\/2026\/08\/WhatsApp-Image-2026-08-10-at-15.20.48-510x287.jpeg 510w, https:\/\/www.fitnessbrasil.com.br\/wp-content\/uploads\/2026\/08\/WhatsApp-Image-2026-08-10-at-15.20.48.jpeg 1600w\" data-sizes=\"(max-width: 711px) 100vw, 711px\" src=\"data:image\/svg+xml;base64,PHN2ZyB3aWR0aD0iMSIgaGVpZ2h0PSIxIiB4bWxucz0iaHR0cDovL3d3dy53My5vcmcvMjAwMC9zdmciPjwvc3ZnPg==\" style=\"--smush-placeholder-width: 711px; --smush-placeholder-aspect-ratio: 711\/400;\" \/>\t\t\t\t\t\t\t<\/a>\n  \t\t\t\t\t\t\t  \t\t\t\t\t\t\t  \t\t\t\t\t\t<\/div>\n  \t\t\t\t\t\t  \t\t\t\t\t<\/div>\n          \t\t\t\t\t<div class=\"box-text text-left\" >\n\t\t\t\t\t<div class=\"box-text-inner blog-post-inner\">\n\n\t\t\t\t\t\n\t\t\t\t\t\t\t\t\t\t\t<p class=\"cat-label  is-xxsmall op-7 uppercase\">\n\t\t\t\t\tNoticias destacadas de gesti\u00f3n y negocios \t\t\t\t\t<\/p>\n\t\t\t\t\t\t\t\t\t\t<h5 class=\"post-title is-large\">\n\t\t\t\t\t\t<a href=\"https:\/\/www.fitnessbrasil.com.br\/es\/newsfitbr\/de-sistema-a-ecossistema-next-fit-amplia-sua-atuacao-para-desenvolver-gestores-fitness\/\" class=\"plain\">De sistema a ecossistema: Next Fit amplia sua atua\u00e7\u00e3o para desenvolver gestores fitness<\/a>\n\t\t\t\t\t<\/h5>\n\t\t\t\t\t\t\t\t\t\t<div class=\"is-divider\"><\/div>\n\t\t\t\t\t\t\t\t\t\t<p class=\"from_the_blog_excerpt\">\n\t\t\t\t\t\tNa Next Fit,tecnologia, conte\u00fado, educa\u00e7\u00e3o, comunidade e experi\u00eancias se unem...\t\t\t\t\t<\/p>\n\t\t\t\t\t                    \n\t\t\t\t\t\t\t\t\t\t\t<a href=\"https:\/\/www.fitnessbrasil.com.br\/es\/newsfitbr\/de-sistema-a-ecossistema-next-fit-amplia-sua-atuacao-para-desenvolver-gestores-fitness\/\" class=\"button  is-gloss is-small mb-0\">\n\t\t\t\t\t\t\tLEIA MAIS\t\t\t\t\t\t<\/a>\n\t\t\t\t\t\n\t\t\t\t\t\n\t\t\t\t\t<\/div>\n\t\t\t\t\t<\/div>\n\t\t\t\t\t\t\t\t\t<\/div>\n\t\t\t<\/div>\n\t\t<\/div><div class=\"col post-item\" >\n\t\t\t<div class=\"col-inner\">\n\t\t\t\t<div class=\"box box-normal box-text-bottom box-blog-post has-hover\">\n            \t\t\t\t\t<div class=\"box-image\" >\n  \t\t\t\t\t\t<div class=\"image-cover\" style=\"padding-top:56.25%;\">\n\t\t\t\t\t\t\t<a href=\"https:\/\/www.fitnessbrasil.com.br\/es\/newsfitbr\/grupo-newfitness-lanca-projeto-360-na-fitness-brasil-expo-2026-para-apoiar-o-crescimento-de-empreendedores-do-setor\/\" class=\"plain\" aria-label=\"Grupo NewFitness lan\u00e7a Projeto 360 na Fitness Brasil Expo 2026 para apoiar o crescimento de empreendedores do setor\">\n\t\t\t\t\t\t\t\t<img decoding=\"async\" width=\"533\" height=\"400\" data-src=\"https:\/\/www.fitnessbrasil.com.br\/wp-content\/uploads\/2026\/08\/Projeto-360-NewFitness3-533x400.jpg\" class=\"attachment-medium size-medium wp-post-image lazyload\" alt=\"\" data-srcset=\"https:\/\/www.fitnessbrasil.com.br\/wp-content\/uploads\/2026\/08\/Projeto-360-NewFitness3-533x400.jpg 533w, https:\/\/www.fitnessbrasil.com.br\/wp-content\/uploads\/2026\/08\/Projeto-360-NewFitness3-1067x800.jpg 1067w, https:\/\/www.fitnessbrasil.com.br\/wp-content\/uploads\/2026\/08\/Projeto-360-NewFitness3-768x576.jpg 768w, https:\/\/www.fitnessbrasil.com.br\/wp-content\/uploads\/2026\/08\/Projeto-360-NewFitness3-1536x1152.jpg 1536w, https:\/\/www.fitnessbrasil.com.br\/wp-content\/uploads\/2026\/08\/Projeto-360-NewFitness3-2048x1536.jpg 2048w, https:\/\/www.fitnessbrasil.com.br\/wp-content\/uploads\/2026\/08\/Projeto-360-NewFitness3-16x12.jpg 16w, https:\/\/www.fitnessbrasil.com.br\/wp-content\/uploads\/2026\/08\/Projeto-360-NewFitness3-510x383.jpg 510w\" data-sizes=\"(max-width: 533px) 100vw, 533px\" src=\"data:image\/svg+xml;base64,PHN2ZyB3aWR0aD0iMSIgaGVpZ2h0PSIxIiB4bWxucz0iaHR0cDovL3d3dy53My5vcmcvMjAwMC9zdmciPjwvc3ZnPg==\" style=\"--smush-placeholder-width: 533px; --smush-placeholder-aspect-ratio: 533\/400;\" \/>\t\t\t\t\t\t\t<\/a>\n  \t\t\t\t\t\t\t  \t\t\t\t\t\t\t  \t\t\t\t\t\t<\/div>\n  \t\t\t\t\t\t  \t\t\t\t\t<\/div>\n          \t\t\t\t\t<div class=\"box-text text-left\" >\n\t\t\t\t\t<div class=\"box-text-inner blog-post-inner\">\n\n\t\t\t\t\t\n\t\t\t\t\t\t\t\t\t\t\t<p class=\"cat-label  is-xxsmall op-7 uppercase\">\n\t\t\t\t\tNoticias destacadas de gesti\u00f3n y negocios \t\t\t\t\t<\/p>\n\t\t\t\t\t\t\t\t\t\t<h5 class=\"post-title is-large\">\n\t\t\t\t\t\t<a href=\"https:\/\/www.fitnessbrasil.com.br\/es\/newsfitbr\/grupo-newfitness-lanca-projeto-360-na-fitness-brasil-expo-2026-para-apoiar-o-crescimento-de-empreendedores-do-setor\/\" class=\"plain\">Grupo NewFitness lan\u00e7a Projeto 360 na Fitness Brasil Expo 2026 para apoiar o crescimento de empreendedores do setor<\/a>\n\t\t\t\t\t<\/h5>\n\t\t\t\t\t\t\t\t\t\t<div class=\"is-divider\"><\/div>\n\t\t\t\t\t\t\t\t\t\t<p class=\"from_the_blog_excerpt\">\n\t\t\t\t\t\tIniciativa oferece assessoria estrat\u00e9gica personalizada em marketing, gest\u00e3o, capta\u00e7\u00e3o e...\t\t\t\t\t<\/p>\n\t\t\t\t\t                    \n\t\t\t\t\t\t\t\t\t\t\t<a href=\"https:\/\/www.fitnessbrasil.com.br\/es\/newsfitbr\/grupo-newfitness-lanca-projeto-360-na-fitness-brasil-expo-2026-para-apoiar-o-crescimento-de-empreendedores-do-setor\/\" class=\"button  is-gloss is-small mb-0\">\n\t\t\t\t\t\t\tLEIA MAIS\t\t\t\t\t\t<\/a>\n\t\t\t\t\t\n\t\t\t\t\t\n\t\t\t\t\t<\/div>\n\t\t\t\t\t<\/div>\n\t\t\t\t\t\t\t\t\t<\/div>\n\t\t\t<\/div>\n\t\t<\/div><\/div>\t\t<div class=\"ux-relay__control ux-relay__control--bottom container pb-half text-center\">\n\t\t\t<ul class=\"ux-relay__pagination page-numbers nav-pagination links\"><li><span aria-current=\"page\" class=\"page-number current\">1<\/span><\/li><li><a class=\"page-number\" href=\"#\/page\/2\">2<\/a><\/li><li><a class=\"page-number\" href=\"#\/page\/3\">3<\/a><\/li><li><a class=\"page-number\" href=\"#\/page\/4\">4<\/a><\/li><li><span class=\"page-number dots\">&hellip;<\/span><\/li><li><a class=\"page-number\" href=\"#\/page\/71\">71<\/a><\/li><li><a aria-label=\"Pr\u00f3ximo\" class=\"next page-number\" href=\"#\/page\/2\"><i class=\"icon-angle-right\" ><\/i><\/a><\/li><\/ul>\t\t<\/div>\n\t\t\t\t<\/div>\n\t\t\n\n\n\t\t<\/div>\n\t\t\t\t\t<\/div>\n\n\t\n\n\n<style>\n#row-2125559614 > .col > .col-inner {\n  padding: 60px 0px 0px 0px;\n}\n<\/style>\n<\/div>","protected":false},"excerpt":{"rendered":"","protected":false},"author":45,"featured_media":0,"parent":4175,"menu_order":0,"comment_status":"closed","ping_status":"closed","template":"page-blank.php","meta":{"_acf_changed":false,"footnotes":""},"folder":[233],"class_list":["post-4233","page","type-page","status-publish","hentry"],"acf":[],"yoast_head":"<!-- This site is optimized with the Yoast SEO plugin v27.4 - https:\/\/yoast.com\/product\/yoast-seo-wordpress\/ -->\n<title>Gest\u00e3o e Neg\u00f3cios - Fitness Brasil<\/title>\n<meta name=\"robots\" content=\"index, follow, max-snippet:-1, max-image-preview:large, max-video-preview:-1\" \/>\n<link rel=\"canonical\" href=\"https:\/\/www.fitnessbrasil.com.br\/es\/fb-news\/gestao-e-negocios\/\" \/>\n<meta property=\"og:locale\" content=\"es_ES\" \/>\n<meta property=\"og:type\" content=\"article\" \/>\n<meta property=\"og:title\" content=\"Gest\u00e3o e Neg\u00f3cios - Fitness Brasil\" \/>\n<meta property=\"og:url\" content=\"https:\/\/www.fitnessbrasil.com.br\/es\/fb-news\/gestao-e-negocios\/\" \/>\n<meta property=\"og:site_name\" content=\"Fitness Brasil\" \/>\n<meta property=\"article:modified_time\" content=\"2024-04-03T21:47:00+00:00\" \/>\n<meta name=\"twitter:card\" content=\"summary_large_image\" \/>\n<meta name=\"twitter:label1\" content=\"Tiempo de lectura\" \/>\n\t<meta name=\"twitter:data1\" content=\"1 minuto\" \/>\n<script type=\"application\/ld+json\" class=\"yoast-schema-graph\">{\"@context\":\"https:\\\/\\\/schema.org\",\"@graph\":[{\"@type\":\"WebPage\",\"@id\":\"https:\\\/\\\/www.fitnessbrasil.com.br\\\/fb-news\\\/gestao-e-negocios\\\/\",\"url\":\"https:\\\/\\\/www.fitnessbrasil.com.br\\\/fb-news\\\/gestao-e-negocios\\\/\",\"name\":\"Gest\u00e3o e Neg\u00f3cios - Fitness Brasil\",\"isPartOf\":{\"@id\":\"https:\\\/\\\/www.fitnessbrasil.com.br\\\/#website\"},\"datePublished\":\"2022-04-03T14:00:24+00:00\",\"dateModified\":\"2024-04-03T21:47:00+00:00\",\"breadcrumb\":{\"@id\":\"https:\\\/\\\/www.fitnessbrasil.com.br\\\/fb-news\\\/gestao-e-negocios\\\/#breadcrumb\"},\"inLanguage\":\"es\",\"potentialAction\":[{\"@type\":\"ReadAction\",\"target\":[\"https:\\\/\\\/www.fitnessbrasil.com.br\\\/fb-news\\\/gestao-e-negocios\\\/\"]}]},{\"@type\":\"BreadcrumbList\",\"@id\":\"https:\\\/\\\/www.fitnessbrasil.com.br\\\/fb-news\\\/gestao-e-negocios\\\/#breadcrumb\",\"itemListElement\":[{\"@type\":\"ListItem\",\"position\":1,\"name\":\"In\u00edcio\",\"item\":\"https:\\\/\\\/www.fitnessbrasil.com.br\\\/\"},{\"@type\":\"ListItem\",\"position\":2,\"name\":\"FB News\",\"item\":\"https:\\\/\\\/www.fitnessbrasil.com.br\\\/fb-news\\\/\"},{\"@type\":\"ListItem\",\"position\":3,\"name\":\"Gest\u00e3o e Neg\u00f3cios\"}]},{\"@type\":\"WebSite\",\"@id\":\"https:\\\/\\\/www.fitnessbrasil.com.br\\\/#website\",\"url\":\"https:\\\/\\\/www.fitnessbrasil.com.br\\\/\",\"name\":\"Fitness Brasil\",\"description\":\"\",\"publisher\":{\"@id\":\"https:\\\/\\\/www.fitnessbrasil.com.br\\\/#organization\"},\"potentialAction\":[{\"@type\":\"SearchAction\",\"target\":{\"@type\":\"EntryPoint\",\"urlTemplate\":\"https:\\\/\\\/www.fitnessbrasil.com.br\\\/?s={search_term_string}\"},\"query-input\":{\"@type\":\"PropertyValueSpecification\",\"valueRequired\":true,\"valueName\":\"search_term_string\"}}],\"inLanguage\":\"es\"},{\"@type\":\"Organization\",\"@id\":\"https:\\\/\\\/www.fitnessbrasil.com.br\\\/#organization\",\"name\":\"Fitness Brasil\",\"url\":\"https:\\\/\\\/www.fitnessbrasil.com.br\\\/\",\"logo\":{\"@type\":\"ImageObject\",\"inLanguage\":\"es\",\"@id\":\"https:\\\/\\\/www.fitnessbrasil.com.br\\\/#\\\/schema\\\/logo\\\/image\\\/\",\"url\":\"https:\\\/\\\/www.fitnessbrasil.com.br\\\/wp-content\\\/uploads\\\/2022\\\/01\\\/Logo-Fitness-Brasil_preto-e-cor.png\",\"contentUrl\":\"https:\\\/\\\/www.fitnessbrasil.com.br\\\/wp-content\\\/uploads\\\/2022\\\/01\\\/Logo-Fitness-Brasil_preto-e-cor.png\",\"width\":593,\"height\":316,\"caption\":\"Fitness Brasil\"},\"image\":{\"@id\":\"https:\\\/\\\/www.fitnessbrasil.com.br\\\/#\\\/schema\\\/logo\\\/image\\\/\"}}]}<\/script>\n<!-- \/ Yoast SEO plugin. -->","yoast_head_json":{"title":"Gest\u00e3o e Neg\u00f3cios - Fitness Brasil","robots":{"index":"index","follow":"follow","max-snippet":"max-snippet:-1","max-image-preview":"max-image-preview:large","max-video-preview":"max-video-preview:-1"},"canonical":"https:\/\/www.fitnessbrasil.com.br\/es\/fb-news\/gestao-e-negocios\/","og_locale":"es_ES","og_type":"article","og_title":"Gest\u00e3o e Neg\u00f3cios - Fitness Brasil","og_url":"https:\/\/www.fitnessbrasil.com.br\/es\/fb-news\/gestao-e-negocios\/","og_site_name":"Fitness Brasil","article_modified_time":"2024-04-03T21:47:00+00:00","twitter_card":"summary_large_image","twitter_misc":{"Tiempo de lectura":"1 minuto"},"schema":{"@context":"https:\/\/schema.org","@graph":[{"@type":"WebPage","@id":"https:\/\/www.fitnessbrasil.com.br\/fb-news\/gestao-e-negocios\/","url":"https:\/\/www.fitnessbrasil.com.br\/fb-news\/gestao-e-negocios\/","name":"Gest\u00e3o e Neg\u00f3cios - Fitness Brasil","isPartOf":{"@id":"https:\/\/www.fitnessbrasil.com.br\/#website"},"datePublished":"2022-04-03T14:00:24+00:00","dateModified":"2024-04-03T21:47:00+00:00","breadcrumb":{"@id":"https:\/\/www.fitnessbrasil.com.br\/fb-news\/gestao-e-negocios\/#breadcrumb"},"inLanguage":"es","potentialAction":[{"@type":"ReadAction","target":["https:\/\/www.fitnessbrasil.com.br\/fb-news\/gestao-e-negocios\/"]}]},{"@type":"BreadcrumbList","@id":"https:\/\/www.fitnessbrasil.com.br\/fb-news\/gestao-e-negocios\/#breadcrumb","itemListElement":[{"@type":"ListItem","position":1,"name":"In\u00edcio","item":"https:\/\/www.fitnessbrasil.com.br\/"},{"@type":"ListItem","position":2,"name":"FB News","item":"https:\/\/www.fitnessbrasil.com.br\/fb-news\/"},{"@type":"ListItem","position":3,"name":"Gest\u00e3o e Neg\u00f3cios"}]},{"@type":"WebSite","@id":"https:\/\/www.fitnessbrasil.com.br\/#website","url":"https:\/\/www.fitnessbrasil.com.br\/","name":"Fitness Brasil","description":"","publisher":{"@id":"https:\/\/www.fitnessbrasil.com.br\/#organization"},"potentialAction":[{"@type":"SearchAction","target":{"@type":"EntryPoint","urlTemplate":"https:\/\/www.fitnessbrasil.com.br\/?s={search_term_string}"},"query-input":{"@type":"PropertyValueSpecification","valueRequired":true,"valueName":"search_term_string"}}],"inLanguage":"es"},{"@type":"Organization","@id":"https:\/\/www.fitnessbrasil.com.br\/#organization","name":"Fitness Brasil","url":"https:\/\/www.fitnessbrasil.com.br\/","logo":{"@type":"ImageObject","inLanguage":"es","@id":"https:\/\/www.fitnessbrasil.com.br\/#\/schema\/logo\/image\/","url":"https:\/\/www.fitnessbrasil.com.br\/wp-content\/uploads\/2022\/01\/Logo-Fitness-Brasil_preto-e-cor.png","contentUrl":"https:\/\/www.fitnessbrasil.com.br\/wp-content\/uploads\/2022\/01\/Logo-Fitness-Brasil_preto-e-cor.png","width":593,"height":316,"caption":"Fitness Brasil"},"image":{"@id":"https:\/\/www.fitnessbrasil.com.br\/#\/schema\/logo\/image\/"}}]}},"_links":{"self":[{"href":"https:\/\/www.fitnessbrasil.com.br\/es\/wp-json\/wp\/v2\/pages\/4233","targetHints":{"allow":["GET"]}}],"collection":[{"href":"https:\/\/www.fitnessbrasil.com.br\/es\/wp-json\/wp\/v2\/pages"}],"about":[{"href":"https:\/\/www.fitnessbrasil.com.br\/es\/wp-json\/wp\/v2\/types\/page"}],"author":[{"embeddable":true,"href":"https:\/\/www.fitnessbrasil.com.br\/es\/wp-json\/wp\/v2\/users\/45"}],"replies":[{"embeddable":true,"href":"https:\/\/www.fitnessbrasil.com.br\/es\/wp-json\/wp\/v2\/comments?post=4233"}],"version-history":[{"count":9,"href":"https:\/\/www.fitnessbrasil.com.br\/es\/wp-json\/wp\/v2\/pages\/4233\/revisions"}],"predecessor-version":[{"id":5673,"href":"https:\/\/www.fitnessbrasil.com.br\/es\/wp-json\/wp\/v2\/pages\/4233\/revisions\/5673"}],"up":[{"embeddable":true,"href":"https:\/\/www.fitnessbrasil.com.br\/es\/wp-json\/wp\/v2\/pages\/4175"}],"wp:attachment":[{"href":"https:\/\/www.fitnessbrasil.com.br\/es\/wp-json\/wp\/v2\/media?parent=4233"}],"wp:term":[{"taxonomy":"folder","embeddable":true,"href":"https:\/\/www.fitnessbrasil.com.br\/es\/wp-json\/wp\/v2\/folder?post=4233"}],"curies":[{"name":"wp","href":"https:\/\/api.w.org\/{rel}","templated":true}]}}