{"id":6275,"date":"2022-04-11T15:16:21","date_gmt":"2022-04-11T18:16:21","guid":{"rendered":"https:\/\/www.fitnessbrasil.com.br\/?page_id=6275"},"modified":"2022-04-11T15:51:00","modified_gmt":"2022-04-11T18:51:00","slug":"alessandro-mendes","status":"publish","type":"page","link":"https:\/\/www.fitnessbrasil.com.br\/es\/alessandro-mendes\/","title":{"rendered":"ALESSANDRO MENDES"},"content":{"rendered":"<div class=\"img has-hover hidden x md-x lg-x y md-y lg-y\" id=\"image_1756837128\">\n\t\t\t\t\t\t\t\t<div class=\"img-inner dark\" >\n\t\t\t<img decoding=\"async\" width=\"1020\" height=\"90\" data-src=\"https:\/\/www.fitnessbrasil.com.br\/wp-content\/uploads\/2021\/07\/BannerMovement.jpg\" class=\"attachment-large size-large lazyload\" alt=\"\" data-srcset=\"https:\/\/www.fitnessbrasil.com.br\/wp-content\/uploads\/2021\/07\/BannerMovement.jpg 1024w, https:\/\/www.fitnessbrasil.com.br\/wp-content\/uploads\/2021\/07\/BannerMovement-800x70.jpg 800w, https:\/\/www.fitnessbrasil.com.br\/wp-content\/uploads\/2021\/07\/BannerMovement-768x68.jpg 768w, https:\/\/www.fitnessbrasil.com.br\/wp-content\/uploads\/2021\/07\/BannerMovement-510x45.jpg 510w\" data-sizes=\"(max-width: 1020px) 100vw, 1020px\" src=\"data:image\/svg+xml;base64,PHN2ZyB3aWR0aD0iMSIgaGVpZ2h0PSIxIiB4bWxucz0iaHR0cDovL3d3dy53My5vcmcvMjAwMC9zdmciPjwvc3ZnPg==\" style=\"--smush-placeholder-width: 1020px; --smush-placeholder-aspect-ratio: 1020\/90;\" \/>\t\t\t\t\t\t\n\t\t\t\t\t<\/div>\n\t\t\t\t\t\t\t\t\n<style>\n#image_1756837128 {\n  width: 100%;\n}\n<\/style>\n\t<\/div>\n\t\n\n\n\t<section class=\"section\" id=\"section_1143011083\">\n\t\t<div class=\"section-bg fill\" >\n\t\t\t\t\t\t\t\t\t\n\t\t\t\n\n\t\t<\/div>\n\n\t\t\n\n\t\t<div class=\"section-content relative\">\n\t\t\t\n\n\t\t<div class=\"hidden\">\n\t\t\t\t\n\n<style>\n.menu-news-novo a{\n    color: #fff !important;\n}\n\n<\/style>\n\t\t<\/div>\n\t\n<div class=\"row row-collapse row-full-width align-middle align-center\"  id=\"row-1617614846\">\n\n\n\t<div id=\"col-1575185023\" class=\"col small-12 large-12\"  >\n\t\t\t\t<div class=\"col-inner text-center\"  >\n\t\t\t\n\t\t\t\n\n\t<div class=\"img has-hover logo-fitbr-news x md-x lg-x y md-y lg-y\" id=\"image_1302661815\">\n\t\t\t\t\t\t\t\t<div class=\"img-inner dark\" >\n\t\t\t<img decoding=\"async\" width=\"768\" height=\"121\" data-src=\"https:\/\/www.fitnessbrasil.com.br\/wp-content\/uploads\/2024\/03\/fitbrnews_logo_cabecalho-768x121.png\" class=\"attachment-medium_large size-medium_large lazyload\" alt=\"\" data-srcset=\"https:\/\/www.fitnessbrasil.com.br\/wp-content\/uploads\/2024\/03\/fitbrnews_logo_cabecalho-768x121.png 768w, https:\/\/www.fitnessbrasil.com.br\/wp-content\/uploads\/2024\/03\/fitbrnews_logo_cabecalho-800x126.png 800w, https:\/\/www.fitnessbrasil.com.br\/wp-content\/uploads\/2024\/03\/fitbrnews_logo_cabecalho-18x3.png 18w, https:\/\/www.fitnessbrasil.com.br\/wp-content\/uploads\/2024\/03\/fitbrnews_logo_cabecalho-510x80.png 510w, https:\/\/www.fitnessbrasil.com.br\/wp-content\/uploads\/2024\/03\/fitbrnews_logo_cabecalho.png 1375w\" data-sizes=\"(max-width: 768px) 100vw, 768px\" src=\"data:image\/svg+xml;base64,PHN2ZyB3aWR0aD0iMSIgaGVpZ2h0PSIxIiB4bWxucz0iaHR0cDovL3d3dy53My5vcmcvMjAwMC9zdmciPjwvc3ZnPg==\" style=\"--smush-placeholder-width: 768px; --smush-placeholder-aspect-ratio: 768\/121;\" \/>\t\t\t\t\t\t\n\t\t\t\t\t<\/div>\n\t\t\t\t\t\t\t\t\n<style>\n#image_1302661815 {\n  width: 60%;\n}\n@media (min-width:550px) {\n  #image_1302661815 {\n    width: 38%;\n  }\n}\n@media (min-width:850px) {\n  #image_1302661815 {\n    width: 21%;\n  }\n}\n<\/style>\n\t<\/div>\n\t\n\n\t<div id=\"text-2456679003\" class=\"text\">\n\t\t\n\n<p>Not\u00edcias, entrevistas e artigos de grandes colunistas do mercado sa\u00fade, business, fitness e bem-estar<\/p>\n\t\t\n<style>\n#text-2456679003 {\n  font-size: 0.95rem;\n  color: rgb(77, 178, 162);\n}\n#text-2456679003 > * {\n  color: rgb(77, 178, 162);\n}\n@media (min-width:550px) {\n  #text-2456679003 {\n    font-size: 1.5rem;\n  }\n}\n<\/style>\n\t<\/div>\n\t\n<div class=\"row row-collapse align-middle align-center\"  id=\"row-1033863594\">\n\n\n\t<div id=\"col-643736230\" class=\"col medium-3 small-12 large-3\"  >\n\t\t\t\t<div class=\"col-inner\"  >\n\t\t\t\n\t\t\t\n\n\n\t\t<\/div>\n\t\t\t\t\t<\/div>\n\n\t\n\n\t<div id=\"col-1839604483\" class=\"col medium-6 small-12 large-6\"  >\n\t\t\t\t<div class=\"col-inner\"  >\n\t\t\t\n\t\t\t\n\n\n\n<style>\n.searchbox {\n    text-align: right;\n    display: flex;\n    align-content: center;\n    justify-content: flex-end;\n    align-items: center;\n    flex-direction: row;\n    flex-wrap: nowrap;\n}\n\n.searchbox #search-field {\n    background-color: #ebf5f4;\n    border: 2px solid #2db7a2;\n    border-radius: 99px;\n    box-shadow: none;\n    color: currentColor !important;\n}\n\n.searchbox .searchform .button.icon i{\n    color: #2db7a2;\n}\n\n.searchbox .searchform {\n    width: 100%;\n}\n<\/style>\n<div class=\"searchform-wrapper ux-search-box relative searchbox form-flat is-normal\">\n\n<form role=\"search\" method=\"get\" class=\"searchform\" action=\"https:\/\/www.fitnessbrasil.com.br\/es\/\" data-trp-original-action=\"https:\/\/www.fitnessbrasil.com.br\/\">\n\t<div class=\"flex-row relative\">\n\t\t\t\t\t\t<div class=\"flex-col flex-grow\">\n\t\t\t<label class=\"screen-reader-text\" for=\"search-field\">Pesquisar por:<\/label>\n\t\t\t<input type=\"search\" id=\"search-field\" class=\"search-field mb-0\" placeholder=\"Pesquisar\u2026\" value=\"\" name=\"s\" autocomplete=\"off\">\n\t\t\t\t\t<\/div>\n\t\t<div class=\"flex-col\">\n\t\t\t<button type=\"submit\" value=\"Pesquisar\" class=\"ux-search-submit submit-button secondary button  icon mb-0\" aria-label=\"Enviar\">\n\t\t\t\t<i class=\"icon-search\"><\/i>\t\t\t<\/button>\n\t\t<\/div>\n\t<\/div>\n<input type=\"hidden\" name=\"trp-form-language\" value=\"es\"\/><\/form>\n\n<\/div>\n\n\n\t\t<\/div>\n\t\t\t\t\t<\/div>\n\n\t\n\n\t<div id=\"col-649467904\" class=\"col medium-3 small-12 large-3\"  >\n\t\t\t\t<div class=\"col-inner\"  >\n\t\t\t\n\t\t\t\n\n\n\t\t<\/div>\n\t\t\t\t\t<\/div>\n\n\t\n\n<\/div>\n\n\t\t<\/div>\n\t\t\t\t\n<style>\n#col-1575185023 > .col-inner {\n  padding: 0px 30px 0px 30px;\n  margin: 0px 0px 0px 0px;\n  max-width: 100%;\n}\n@media (min-width:550px) {\n  #col-1575185023 > .col-inner {\n    padding: 0px 30px 0px 30px;\n  }\n}\n@media (min-width:850px) {\n  #col-1575185023 > .col-inner {\n    padding: 0px 0px 0px 0px;\n  }\n}\n<\/style>\n\t<\/div>\n\n\t\n\n\n<style>\n#row-1617614846 > .col > .col-inner {\n  padding: 60px 30px 60px 30px;\n  background-color: rgb(21, 21, 21);\n}\n@media (min-width:850px) {\n  #row-1617614846 > .col > .col-inner {\n    padding: 60px 0px 60px 0px;\n  }\n}\n<\/style>\n<\/div>\n<div class=\"row row-collapse row-full-width align-middle\"  id=\"row-1692294673\">\n\n\n\t<div id=\"col-1111925083\" class=\"col small-12 large-12\"  >\n\t\t\t\t<div class=\"col-inner\"  >\n\t\t\t\n\t\t\t\n\n<div class=\"nav-wrapper\"><ul class=\"nav menu-news-novo nav-uppercase nav-horizontal nav-simple text-center nav-center\"><li class=\"\"><a href=\"https:\/\/www.fitnessbrasil.com.br\/es\/fb-news\/nasm\/\">Ofrecido por NASM<\/a><\/li><li class=\"\"><a href=\"https:\/\/www.fitnessbrasil.com.br\/es\/fb-news\/quem-e-quem\/\">Qui\u00e9n es qui\u00e9n<\/a><\/li><li class=\"\"><a href=\"https:\/\/www.fitnessbrasil.com.br\/es\/fb-news\/saude-e-bem-estar\/\">Salud y Bienestar<\/a><\/li><li class=\"\"><a href=\"https:\/\/www.fitnessbrasil.com.br\/es\/fb-news\/gestao-e-negocios\/\">Gesti\u00f3n y Negocios<\/a><\/li><li class=\"\"><a href=\"https:\/\/www.fitnessbrasil.com.br\/es\/fb-news\/fitness\/\">Fitness<\/a><\/li><li class=\"\"><a href=\"https:\/\/www.fitnessbrasil.com.br\/es\/fb-news\/esporte\/\">Deporte<\/a><\/li><li class=\"\"><a href=\"https:\/\/www.fitnessbrasil.com.br\/es\/fb-news\/academias\/\">Gimnasios<\/a><\/li><li class=\"\"><a href=\"https:\/\/www.fitnessbrasil.com.br\/es\/fb-news\/noticias\/\">Noticias<\/a><\/li><li class=\"\"><a href=\"https:\/\/www.fitnessbrasil.com.br\/es\/fb-news\/colunistas\/\">Columnistas<\/a><\/li><li class=\"\"><a href=\"https:\/\/www.fitnessbrasil.com.br\/es\/fb-news\/fitbr-cast-podcast\/\">FitBR Cast - Podcast<\/a><\/li><\/ul><\/div>\n\n\n\t\t<\/div>\n\t\t\t\t\t<\/div>\n\n\t\n\n\n<style>\n#row-1692294673 > .col > .col-inner {\n  padding: 5px 0px 5px 0px;\n  background-color: #17c3b2;\n}\n<\/style>\n<\/div>\n\n\n\t\t<\/div>\n\n\t\t\n<style>\n#section_1143011083 {\n  padding-top: 0px;\n  padding-bottom: 0px;\n}\n<\/style>\n\t<\/section>\n\t\n\n<div class=\"row align-middle\"  id=\"row-1935538392\">\n\n\n\t<div id=\"col-1560748222\" class=\"col small-12 large-12\"  >\n\t\t\t\t<div class=\"col-inner text-center\"  >\n\t\t\t\n\t\t\t\n\n<div class=\"text-center\"><div class=\"is-divider divider clearfix\" style=\"max-width:100%;height:2px;\"><\/div><\/div>\n\n    <div class=\"box has-hover header-colunista has-hover box-vertical box-text-middle\" >\n\n                  <div class=\"box-image\" style=\"width:13%;\">\n           <div class=\"box-image-inner image-cover\" style=\"border-radius:100%;padding-top:100%;\">\n              <img decoding=\"async\" width=\"225\" height=\"225\" data-src=\"https:\/\/www.fitnessbrasil.com.br\/wp-content\/uploads\/2022\/04\/Alessandro-mendes.jpeg\" class=\"attachment- size- lazyload\" alt=\"\" data-srcset=\"https:\/\/www.fitnessbrasil.com.br\/wp-content\/uploads\/2022\/04\/Alessandro-mendes.jpeg 225w, https:\/\/www.fitnessbrasil.com.br\/wp-content\/uploads\/2022\/04\/Alessandro-mendes-12x12.jpeg 12w, https:\/\/www.fitnessbrasil.com.br\/wp-content\/uploads\/2022\/04\/Alessandro-mendes-150x150.jpeg 150w, https:\/\/www.fitnessbrasil.com.br\/wp-content\/uploads\/2022\/04\/Alessandro-mendes-100x100.jpeg 100w\" data-sizes=\"(max-width: 225px) 100vw, 225px\" src=\"data:image\/svg+xml;base64,PHN2ZyB3aWR0aD0iMSIgaGVpZ2h0PSIxIiB4bWxucz0iaHR0cDovL3d3dy53My5vcmcvMjAwMC9zdmciPjwvc3ZnPg==\" style=\"--smush-placeholder-width: 225px; --smush-placeholder-aspect-ratio: 225\/225;\" \/>                         <\/div>\n          <\/div>\n         \n          <div class=\"box-text text-center is-xlarge\" >\n                <div class=\"box-text-inner\">\n                  <h4 class=\"uppercase\">\n                    <span class=\"person-name\">Alessandro Mendes<\/span><br\/>\n                    <span class=\"person-title is-small thin-font op-7\">\n                                          <\/span>\n                  <\/h4>\n\t\t\t\t\t\n\n\t<div id=\"text-2530322672\" class=\"text\">\n\t\t\n\n<p>Professor na Universidade Estadual de Londrina<\/p>\n\t\t\n<style>\n#text-2530322672 {\n  font-size: 0.8rem;\n}\n<\/style>\n\t<\/div>\n\t\n\n                <\/div>\n          <\/div>\n    <\/div>\n\n\t\n    \n<div class=\"text-center\"><div class=\"is-divider divider clearfix\" style=\"max-width:100%;height:2px;\"><\/div><\/div>\n\n\n\t\t<\/div>\n\t\t\t\t\t<\/div>\n\n\t\n\n<\/div>\n<div class=\"row news-opening-row\"  id=\"row-872339685\">\n\n\n\t<div id=\"col-1267473606\" class=\"col medium-7 small-12 large-7\"  >\n\t\t\t\t<div class=\"col-inner\"  >\n\t\t\t\n\t\t\t\n\n\n  \n    <div class=\"row large-columns-1 medium-columns-1 small-columns-1\" >\n  <\/div>\n\n\n\t\t<\/div>\n\t\t\t\t\t<\/div>\n\n\t\n\n\t<div id=\"col-715597808\" class=\"col medium-5 small-12 large-5\"  >\n\t\t\t\t<div class=\"col-inner\"  >\n\t\t\t\n\t\t\t\n\n\n  \n    <div class=\"row large-columns-1 medium-columns-1 small-columns-1\" >\n  <\/div>\n\n\n\t\t<\/div>\n\t\t\t\t\t<\/div>\n\n\t\n\n<\/div>\n<div class=\"row\"  id=\"row-1321578598\">\n\n\n\t<div id=\"col-1057714651\" class=\"col small-12 large-12\"  >\n\t\t\t\t<div class=\"col-inner\"  >\n\t\t\t\n\t\t\t\n\n\t<div class=\"img has-hover x md-x lg-x y md-y lg-y\" id=\"image_2146772188\">\n\t\t<a class=\"\" href=\"https:\/\/marketing.fitnessbrasil.com.br\/ihrsa-fb-2022-kit-comercial\" target=\"_blank\" rel=\"noopener\" >\t\t\t\t\t\t<div class=\"img-inner dark\" >\n\t\t\t<img decoding=\"async\" width=\"900\" height=\"167\" data-src=\"https:\/\/www.fitnessbrasil.com.br\/wp-content\/uploads\/2022\/02\/Banners-para-site_2022-19.jpg\" class=\"attachment-large size-large lazyload\" alt=\"\" data-srcset=\"https:\/\/www.fitnessbrasil.com.br\/wp-content\/uploads\/2022\/02\/Banners-para-site_2022-19.jpg 900w, https:\/\/www.fitnessbrasil.com.br\/wp-content\/uploads\/2022\/02\/Banners-para-site_2022-19-800x148.jpg 800w, https:\/\/www.fitnessbrasil.com.br\/wp-content\/uploads\/2022\/02\/Banners-para-site_2022-19-768x143.jpg 768w\" data-sizes=\"(max-width: 900px) 100vw, 900px\" src=\"data:image\/svg+xml;base64,PHN2ZyB3aWR0aD0iMSIgaGVpZ2h0PSIxIiB4bWxucz0iaHR0cDovL3d3dy53My5vcmcvMjAwMC9zdmciPjwvc3ZnPg==\" style=\"--smush-placeholder-width: 900px; --smush-placeholder-aspect-ratio: 900\/167;\" \/>\t\t\t\t\t\t\n\t\t\t\t\t<\/div>\n\t\t\t\t\t\t<\/a>\t\t\n<style>\n#image_2146772188 {\n  width: 100%;\n}\n<\/style>\n\t<\/div>\n\t\n\n\n\t\t<\/div>\n\t\t\t\t\t<\/div>\n\n\t\n\n<\/div>\n\n\t<section class=\"section\" id=\"section_1486212509\">\n\t\t<div class=\"section-bg fill\" >\n\t\t\t\t\t\t\t\t\t\n\t\t\t\n\n\t\t<\/div>\n\n\t\t\n\n\t\t<div class=\"section-content relative\">\n\t\t\t\n\n<div class=\"row\"  id=\"row-1956121825\">\n\n\n\t<div id=\"col-1992346401\" class=\"col small-12 large-12\"  >\n\t\t\t\t<div class=\"col-inner\"  >\n\t\t\t\n\t\t\t\n\n\t<div id=\"text-3824590043\" class=\"text\">\n\t\t\n\n<h2 class=\"alt-font\">Receba nossa newsletter:<\/h2>\n\t\t\n<style>\n#text-3824590043 {\n  text-align: center;\n  color: #17c3b2;\n}\n#text-3824590043 > * {\n  color: #17c3b2;\n}\n<\/style>\n\t<\/div>\n\t\n\n<div class=\"wpcf7 no-js\" id=\"wpcf7-f4183-o1\" lang=\"en-US\" dir=\"ltr\" data-wpcf7-id=\"4183\">\n<div class=\"screen-reader-response\"><p role=\"status\" aria-live=\"polite\" aria-atomic=\"true\"><\/p> <ul><\/ul><\/div>\n<form action=\"\/es\/wp-json\/wp\/v2\/pages\/6275#wpcf7-f4183-o1\" method=\"post\" class=\"wpcf7-form init\" aria-label=\"Contact form\" novalidate=\"novalidate\" data-status=\"init\" data-trp-original-action=\"\/es\/wp-json\/wp\/v2\/pages\/6275#wpcf7-f4183-o1\">\n<fieldset class=\"hidden-fields-container\"><input type=\"hidden\" name=\"_wpcf7\" value=\"4183\" \/><input type=\"hidden\" name=\"_wpcf7_version\" value=\"6.1.5\" \/><input type=\"hidden\" name=\"_wpcf7_locale\" value=\"en_US\" \/><input type=\"hidden\" name=\"_wpcf7_unit_tag\" value=\"wpcf7-f4183-o1\" \/><input type=\"hidden\" name=\"_wpcf7_container_post\" value=\"0\" \/><input type=\"hidden\" name=\"_wpcf7_posted_data_hash\" value=\"\" \/><input type=\"hidden\" name=\"_wpcf7_recaptcha_response\" value=\"\" \/>\n<\/fieldset>\n<div class=\"flex-row form-flat medium-flex-wrap\">\n\t<div class=\"flex-col flex-grow\">\n\t\t<p><span class=\"wpcf7-form-control-wrap\" data-name=\"your-email\"><input size=\"40\" maxlength=\"400\" class=\"wpcf7-form-control wpcf7-email wpcf7-validates-as-required wpcf7-text wpcf7-validates-as-email\" aria-required=\"true\" aria-invalid=\"false\" placeholder=\"Tu correo electr\u00f3nico\" value=\"\" type=\"email\" name=\"your-email\" \/><\/span>\n\t\t<\/p>\n\t<\/div>\n\t<div class=\"flex-col ml-half\">\n\t\t<p><input class=\"wpcf7-form-control wpcf7-submit has-spinner button\" type=\"submit\" value=\"\u00a1Suscr\u00edbete!\" \/>\n\t\t<\/p>\n\t<\/div>\n<\/div><div class=\"wpcf7-response-output\" aria-hidden=\"true\"><\/div>\n<input type=\"hidden\" name=\"trp-form-language\" value=\"es\"\/><\/form>\n<\/div>\n\n\n\n\t\t<\/div>\n\t\t\t\t\t<\/div>\n\n\t\n\n<\/div>\n\n\t\t<\/div>\n\n\t\t\n<style>\n#section_1486212509 {\n  padding-top: 30px;\n  padding-bottom: 30px;\n  background-color: rgb(238, 238, 238);\n}\n<\/style>\n\t<\/section>\n\t\n<div class=\"row\"  id=\"row-1006532692\">\n\n\n\t<div id=\"col-435849521\" class=\"col small-12 large-12\"  >\n\t\t\t\t<div class=\"col-inner\"  >\n\t\t\t\n\t\t\t\n\n\n  \n    <div class=\"row large-columns-5 medium-columns-1 small-columns-1\" >\n  <\/div>\n\n\n\t\t<\/div>\n\t\t\t\t\t<\/div>\n\n\t\n\n<\/div>\n\n\t<section class=\"section\" id=\"section_1169345005\">\n\t\t<div class=\"section-bg fill\" >\n\t\t\t\t\t\t\t\t\t\n\t\t\t\n\n\t\t<\/div>\n\n\t\t\n\n\t\t<div class=\"section-content relative\">\n\t\t\t\n\n<div class=\"row\"  id=\"row-465126271\">\n\n\n\t<div id=\"col-523090192\" class=\"col small-12 large-12\"  >\n\t\t\t\t<div class=\"col-inner\"  >\n\t\t\t\n\t\t\t\n\n<div class=\"text-center\"><div class=\"is-divider divider clearfix\" style=\"max-width:100%;height:1px;background-color:rgb(23, 195, 178);\"><\/div><\/div>\n\n\t<div id=\"text-1067619953\" class=\"text\">\n\t\t\n\n<h2 class=\"alt-font\">MAIS LIDAS DA SEMANA<\/h2>\n\t\t\n<style>\n#text-1067619953 {\n  font-size: 1.5rem;\n  text-align: center;\n  color: #17c3b2;\n}\n#text-1067619953 > * {\n  color: #17c3b2;\n}\n<\/style>\n\t<\/div>\n\t\n\n\t\t<\/div>\n\t\t\t\t\t<\/div>\n\n\t\n\n<\/div>\n<div class=\"row\"  id=\"row-1855303413\">\n\n\n\t<div id=\"col-904160840\" class=\"col medium-3 small-12 large-3\"  >\n\t\t\t\t<div class=\"col-inner\"  >\n\t\t\t\n\t\t\t\n\n\t<div id=\"text-1597074327\" class=\"text\">\n\t\t\n\n<h6>COLUNISTAS<\/h6>\n\t\t\n<style>\n#text-1597074327 {\n  color: rgb(157, 48, 81);\n}\n#text-1597074327 > * {\n  color: rgb(157, 48, 81);\n}\n<\/style>\n\t<\/div>\n\t\n\n  \n    <div class=\"row large-columns-1 medium-columns-1 small-columns-1 row-xsmall\" >\n  <div class=\"col post-item\" >\n\t\t\t<div class=\"col-inner\">\n\t\t\t\t<div class=\"box box-default box-text-bottom box-blog-post has-hover\">\n            \t\t\t\t\t<div class=\"box-image\" >\n  \t\t\t\t\t\t<div class=\"image-cover\" style=\"padding-top:0%;\">\n\t\t\t\t\t\t\t<a href=\"https:\/\/www.fitnessbrasil.com.br\/es\/newsfitbr\/marketing-que-vende-ou-marketing-da-vaidade\/\" class=\"plain\" aria-label=\"Marketing que vende ou marketing da vaidade?\">\n\t\t\t\t\t\t\t\t<img decoding=\"async\" width=\"600\" height=\"400\" data-src=\"https:\/\/www.fitnessbrasil.com.br\/wp-content\/uploads\/2026\/04\/Marketing-Que-Vende-Marketing-Vaidade-AdobeStock_268404157-600x400.jpeg\" class=\"attachment-medium size-medium wp-post-image lazyload\" alt=\"\" data-srcset=\"https:\/\/www.fitnessbrasil.com.br\/wp-content\/uploads\/2026\/04\/Marketing-Que-Vende-Marketing-Vaidade-AdobeStock_268404157-600x400.jpeg 600w, https:\/\/www.fitnessbrasil.com.br\/wp-content\/uploads\/2026\/04\/Marketing-Que-Vende-Marketing-Vaidade-AdobeStock_268404157-1200x800.jpeg 1200w, https:\/\/www.fitnessbrasil.com.br\/wp-content\/uploads\/2026\/04\/Marketing-Que-Vende-Marketing-Vaidade-AdobeStock_268404157-768x512.jpeg 768w, https:\/\/www.fitnessbrasil.com.br\/wp-content\/uploads\/2026\/04\/Marketing-Que-Vende-Marketing-Vaidade-AdobeStock_268404157-18x12.jpeg 18w, https:\/\/www.fitnessbrasil.com.br\/wp-content\/uploads\/2026\/04\/Marketing-Que-Vende-Marketing-Vaidade-AdobeStock_268404157-510x340.jpeg 510w, https:\/\/www.fitnessbrasil.com.br\/wp-content\/uploads\/2026\/04\/Marketing-Que-Vende-Marketing-Vaidade-AdobeStock_268404157.jpeg 1280w\" data-sizes=\"(max-width: 600px) 100vw, 600px\" src=\"data:image\/svg+xml;base64,PHN2ZyB3aWR0aD0iMSIgaGVpZ2h0PSIxIiB4bWxucz0iaHR0cDovL3d3dy53My5vcmcvMjAwMC9zdmciPjwvc3ZnPg==\" style=\"--smush-placeholder-width: 600px; --smush-placeholder-aspect-ratio: 600\/400;\" \/>\t\t\t\t\t\t\t<\/a>\n  \t\t\t\t\t\t\t  \t\t\t\t\t\t\t  \t\t\t\t\t\t<\/div>\n  \t\t\t\t\t\t  \t\t\t\t\t<\/div>\n          \t\t\t\t\t<div class=\"box-text text-left\" >\n\t\t\t\t\t<div class=\"box-text-inner blog-post-inner\">\n\n\t\t\t\t\t\n\t\t\t\t\t\t\t\t\t\t<h5 class=\"post-title is-large\">\n\t\t\t\t\t\t<a href=\"https:\/\/www.fitnessbrasil.com.br\/es\/newsfitbr\/marketing-que-vende-ou-marketing-da-vaidade\/\" class=\"plain\">Marketing que vende ou marketing da vaidade?<\/a>\n\t\t\t\t\t<\/h5>\n\t\t\t\t\t\t\t\t\t\t<div class=\"is-divider\"><\/div>\n\t\t\t\t\t                    \n\t\t\t\t\t\n\t\t\t\t\t\n\t\t\t\t\t<\/div>\n\t\t\t\t\t<\/div>\n\t\t\t\t\t\t\t\t\t<\/div>\n\t\t\t<\/div>\n\t\t<\/div><div class=\"col post-item\" >\n\t\t\t<div class=\"col-inner\">\n\t\t\t\t<div class=\"box box-default box-text-bottom box-blog-post has-hover\">\n            \t\t\t\t\t<div class=\"box-image\" >\n  \t\t\t\t\t\t<div class=\"image-cover\" style=\"padding-top:0%;\">\n\t\t\t\t\t\t\t<a href=\"https:\/\/www.fitnessbrasil.com.br\/es\/newsfitbr\/como-lidar-com-sazonalidade-e-ferias-nas-aulas-de-natacao\/\" class=\"plain\" aria-label=\"Como lidar com sazonalidade e f\u00e9rias nas aulas de nata\u00e7\u00e3o\">\n\t\t\t\t\t\t\t\t<img decoding=\"async\" width=\"600\" height=\"400\" data-src=\"https:\/\/www.fitnessbrasil.com.br\/wp-content\/uploads\/2026\/04\/Sazonalidade-Natacao-AdobeStock_74761022-600x400.jpeg\" class=\"attachment-medium size-medium wp-post-image lazyload\" alt=\"\" data-srcset=\"https:\/\/www.fitnessbrasil.com.br\/wp-content\/uploads\/2026\/04\/Sazonalidade-Natacao-AdobeStock_74761022-600x400.jpeg 600w, https:\/\/www.fitnessbrasil.com.br\/wp-content\/uploads\/2026\/04\/Sazonalidade-Natacao-AdobeStock_74761022-1199x800.jpeg 1199w, https:\/\/www.fitnessbrasil.com.br\/wp-content\/uploads\/2026\/04\/Sazonalidade-Natacao-AdobeStock_74761022-768x512.jpeg 768w, https:\/\/www.fitnessbrasil.com.br\/wp-content\/uploads\/2026\/04\/Sazonalidade-Natacao-AdobeStock_74761022-18x12.jpeg 18w, https:\/\/www.fitnessbrasil.com.br\/wp-content\/uploads\/2026\/04\/Sazonalidade-Natacao-AdobeStock_74761022-510x340.jpeg 510w, https:\/\/www.fitnessbrasil.com.br\/wp-content\/uploads\/2026\/04\/Sazonalidade-Natacao-AdobeStock_74761022.jpeg 1280w\" data-sizes=\"(max-width: 600px) 100vw, 600px\" src=\"data:image\/svg+xml;base64,PHN2ZyB3aWR0aD0iMSIgaGVpZ2h0PSIxIiB4bWxucz0iaHR0cDovL3d3dy53My5vcmcvMjAwMC9zdmciPjwvc3ZnPg==\" style=\"--smush-placeholder-width: 600px; --smush-placeholder-aspect-ratio: 600\/400;\" \/>\t\t\t\t\t\t\t<\/a>\n  \t\t\t\t\t\t\t  \t\t\t\t\t\t\t  \t\t\t\t\t\t<\/div>\n  \t\t\t\t\t\t  \t\t\t\t\t<\/div>\n          \t\t\t\t\t<div class=\"box-text text-left\" >\n\t\t\t\t\t<div class=\"box-text-inner blog-post-inner\">\n\n\t\t\t\t\t\n\t\t\t\t\t\t\t\t\t\t<h5 class=\"post-title is-large\">\n\t\t\t\t\t\t<a href=\"https:\/\/www.fitnessbrasil.com.br\/es\/newsfitbr\/como-lidar-com-sazonalidade-e-ferias-nas-aulas-de-natacao\/\" class=\"plain\">Como lidar com sazonalidade e f\u00e9rias nas aulas de nata\u00e7\u00e3o<\/a>\n\t\t\t\t\t<\/h5>\n\t\t\t\t\t\t\t\t\t\t<div class=\"is-divider\"><\/div>\n\t\t\t\t\t                    \n\t\t\t\t\t\n\t\t\t\t\t\n\t\t\t\t\t<\/div>\n\t\t\t\t\t<\/div>\n\t\t\t\t\t\t\t\t\t<\/div>\n\t\t\t<\/div>\n\t\t<\/div><div class=\"col post-item\" >\n\t\t\t<div class=\"col-inner\">\n\t\t\t\t<div class=\"box box-default box-text-bottom box-blog-post has-hover\">\n            \t\t\t\t\t<div class=\"box-image\" >\n  \t\t\t\t\t\t<div class=\"image-cover\" style=\"padding-top:0%;\">\n\t\t\t\t\t\t\t<a href=\"https:\/\/www.fitnessbrasil.com.br\/es\/newsfitbr\/se-a-ia-pode-te-substituir-o-problema-nao-e-a-ia\/\" class=\"plain\" aria-label=\"Se a IA pode te substituir, o problema n\u00e3o \u00e9 a IA\">\n\t\t\t\t\t\t\t\t<img decoding=\"async\" width=\"580\" height=\"400\" data-src=\"https:\/\/www.fitnessbrasil.com.br\/wp-content\/uploads\/2026\/04\/Inteligencia-Artificial-Vai-Me-Substituir-580x400.jpeg\" class=\"attachment-medium size-medium wp-post-image lazyload\" alt=\"\" data-srcset=\"https:\/\/www.fitnessbrasil.com.br\/wp-content\/uploads\/2026\/04\/Inteligencia-Artificial-Vai-Me-Substituir-580x400.jpeg 580w, https:\/\/www.fitnessbrasil.com.br\/wp-content\/uploads\/2026\/04\/Inteligencia-Artificial-Vai-Me-Substituir-1159x800.jpeg 1159w, https:\/\/www.fitnessbrasil.com.br\/wp-content\/uploads\/2026\/04\/Inteligencia-Artificial-Vai-Me-Substituir-768x530.jpeg 768w, https:\/\/www.fitnessbrasil.com.br\/wp-content\/uploads\/2026\/04\/Inteligencia-Artificial-Vai-Me-Substituir-1536x1060.jpeg 1536w, https:\/\/www.fitnessbrasil.com.br\/wp-content\/uploads\/2026\/04\/Inteligencia-Artificial-Vai-Me-Substituir-2048x1413.jpeg 2048w, https:\/\/www.fitnessbrasil.com.br\/wp-content\/uploads\/2026\/04\/Inteligencia-Artificial-Vai-Me-Substituir-18x12.jpeg 18w, https:\/\/www.fitnessbrasil.com.br\/wp-content\/uploads\/2026\/04\/Inteligencia-Artificial-Vai-Me-Substituir-510x352.jpeg 510w\" data-sizes=\"(max-width: 580px) 100vw, 580px\" src=\"data:image\/svg+xml;base64,PHN2ZyB3aWR0aD0iMSIgaGVpZ2h0PSIxIiB4bWxucz0iaHR0cDovL3d3dy53My5vcmcvMjAwMC9zdmciPjwvc3ZnPg==\" style=\"--smush-placeholder-width: 580px; --smush-placeholder-aspect-ratio: 580\/400;\" \/>\t\t\t\t\t\t\t<\/a>\n  \t\t\t\t\t\t\t  \t\t\t\t\t\t\t  \t\t\t\t\t\t<\/div>\n  \t\t\t\t\t\t  \t\t\t\t\t<\/div>\n          \t\t\t\t\t<div class=\"box-text text-left\" >\n\t\t\t\t\t<div class=\"box-text-inner blog-post-inner\">\n\n\t\t\t\t\t\n\t\t\t\t\t\t\t\t\t\t<h5 class=\"post-title is-large\">\n\t\t\t\t\t\t<a href=\"https:\/\/www.fitnessbrasil.com.br\/es\/newsfitbr\/se-a-ia-pode-te-substituir-o-problema-nao-e-a-ia\/\" class=\"plain\">Se a IA pode te substituir, o problema n\u00e3o \u00e9 a IA<\/a>\n\t\t\t\t\t<\/h5>\n\t\t\t\t\t\t\t\t\t\t<div class=\"is-divider\"><\/div>\n\t\t\t\t\t                    \n\t\t\t\t\t\n\t\t\t\t\t\n\t\t\t\t\t<\/div>\n\t\t\t\t\t<\/div>\n\t\t\t\t\t\t\t\t\t<\/div>\n\t\t\t<\/div>\n\t\t<\/div><div class=\"col post-item\" >\n\t\t\t<div class=\"col-inner\">\n\t\t\t\t<div class=\"box box-default box-text-bottom box-blog-post has-hover\">\n            \t\t\t\t\t<div class=\"box-image\" >\n  \t\t\t\t\t\t<div class=\"image-cover\" style=\"padding-top:0%;\">\n\t\t\t\t\t\t\t<a href=\"https:\/\/www.fitnessbrasil.com.br\/es\/newsfitbr\/treino-de-forca-nao-e-opcao-e-pilula-da-longevidade-feminina\/\" class=\"plain\" aria-label=\"Treino de for\u00e7a n\u00e3o \u00e9 op\u00e7\u00e3o, \u00e9 p\u00edlula da longevidade feminina\">\n\t\t\t\t\t\t\t\t<img decoding=\"async\" width=\"600\" height=\"400\" data-src=\"https:\/\/www.fitnessbrasil.com.br\/wp-content\/uploads\/2026\/03\/Treino-de-Forca-Feminina-AdobeStock_340603816-Grande-600x400.jpeg\" class=\"attachment-medium size-medium wp-post-image lazyload\" alt=\"\" data-srcset=\"https:\/\/www.fitnessbrasil.com.br\/wp-content\/uploads\/2026\/03\/Treino-de-Forca-Feminina-AdobeStock_340603816-Grande-600x400.jpeg 600w, https:\/\/www.fitnessbrasil.com.br\/wp-content\/uploads\/2026\/03\/Treino-de-Forca-Feminina-AdobeStock_340603816-Grande-1200x800.jpeg 1200w, https:\/\/www.fitnessbrasil.com.br\/wp-content\/uploads\/2026\/03\/Treino-de-Forca-Feminina-AdobeStock_340603816-Grande-768x512.jpeg 768w, https:\/\/www.fitnessbrasil.com.br\/wp-content\/uploads\/2026\/03\/Treino-de-Forca-Feminina-AdobeStock_340603816-Grande-18x12.jpeg 18w, https:\/\/www.fitnessbrasil.com.br\/wp-content\/uploads\/2026\/03\/Treino-de-Forca-Feminina-AdobeStock_340603816-Grande-510x340.jpeg 510w, https:\/\/www.fitnessbrasil.com.br\/wp-content\/uploads\/2026\/03\/Treino-de-Forca-Feminina-AdobeStock_340603816-Grande.jpeg 1280w\" data-sizes=\"(max-width: 600px) 100vw, 600px\" src=\"data:image\/svg+xml;base64,PHN2ZyB3aWR0aD0iMSIgaGVpZ2h0PSIxIiB4bWxucz0iaHR0cDovL3d3dy53My5vcmcvMjAwMC9zdmciPjwvc3ZnPg==\" style=\"--smush-placeholder-width: 600px; --smush-placeholder-aspect-ratio: 600\/400;\" \/>\t\t\t\t\t\t\t<\/a>\n  \t\t\t\t\t\t\t  \t\t\t\t\t\t\t  \t\t\t\t\t\t<\/div>\n  \t\t\t\t\t\t  \t\t\t\t\t<\/div>\n          \t\t\t\t\t<div class=\"box-text text-left\" >\n\t\t\t\t\t<div class=\"box-text-inner blog-post-inner\">\n\n\t\t\t\t\t\n\t\t\t\t\t\t\t\t\t\t<h5 class=\"post-title is-large\">\n\t\t\t\t\t\t<a href=\"https:\/\/www.fitnessbrasil.com.br\/es\/newsfitbr\/treino-de-forca-nao-e-opcao-e-pilula-da-longevidade-feminina\/\" class=\"plain\">Treino de for\u00e7a n\u00e3o \u00e9 op\u00e7\u00e3o, \u00e9 p\u00edlula da longevidade feminina<\/a>\n\t\t\t\t\t<\/h5>\n\t\t\t\t\t\t\t\t\t\t<div class=\"is-divider\"><\/div>\n\t\t\t\t\t                    \n\t\t\t\t\t\n\t\t\t\t\t\n\t\t\t\t\t<\/div>\n\t\t\t\t\t<\/div>\n\t\t\t\t\t\t\t\t\t<\/div>\n\t\t\t<\/div>\n\t\t<\/div><div class=\"col post-item\" >\n\t\t\t<div class=\"col-inner\">\n\t\t\t\t<div class=\"box box-default box-text-bottom box-blog-post has-hover\">\n            \t\t\t\t\t<div class=\"box-image\" >\n  \t\t\t\t\t\t<div class=\"image-cover\" style=\"padding-top:0%;\">\n\t\t\t\t\t\t\t<a href=\"https:\/\/www.fitnessbrasil.com.br\/es\/newsfitbr\/quando-o-tour-pela-academia-atrapalha-a-venda\/\" class=\"plain\" aria-label=\"Quando o tour pela academia atrapalha a venda\">\n\t\t\t\t\t\t\t\t<img decoding=\"async\" width=\"660\" height=\"400\" data-src=\"https:\/\/www.fitnessbrasil.com.br\/wp-content\/uploads\/2026\/03\/Quando-o-tour-pela-academia-atrapalha-a-venda-AdobeStock_236073305-660x400.jpeg\" class=\"attachment-medium size-medium wp-post-image lazyload\" alt=\"\" data-srcset=\"https:\/\/www.fitnessbrasil.com.br\/wp-content\/uploads\/2026\/03\/Quando-o-tour-pela-academia-atrapalha-a-venda-AdobeStock_236073305-660x400.jpeg 660w, https:\/\/www.fitnessbrasil.com.br\/wp-content\/uploads\/2026\/03\/Quando-o-tour-pela-academia-atrapalha-a-venda-AdobeStock_236073305-768x466.jpeg 768w, https:\/\/www.fitnessbrasil.com.br\/wp-content\/uploads\/2026\/03\/Quando-o-tour-pela-academia-atrapalha-a-venda-AdobeStock_236073305-18x12.jpeg 18w, https:\/\/www.fitnessbrasil.com.br\/wp-content\/uploads\/2026\/03\/Quando-o-tour-pela-academia-atrapalha-a-venda-AdobeStock_236073305-510x309.jpeg 510w, https:\/\/www.fitnessbrasil.com.br\/wp-content\/uploads\/2026\/03\/Quando-o-tour-pela-academia-atrapalha-a-venda-AdobeStock_236073305.jpeg 1280w\" data-sizes=\"(max-width: 660px) 100vw, 660px\" src=\"data:image\/svg+xml;base64,PHN2ZyB3aWR0aD0iMSIgaGVpZ2h0PSIxIiB4bWxucz0iaHR0cDovL3d3dy53My5vcmcvMjAwMC9zdmciPjwvc3ZnPg==\" style=\"--smush-placeholder-width: 660px; --smush-placeholder-aspect-ratio: 660\/400;\" \/>\t\t\t\t\t\t\t<\/a>\n  \t\t\t\t\t\t\t  \t\t\t\t\t\t\t  \t\t\t\t\t\t<\/div>\n  \t\t\t\t\t\t  \t\t\t\t\t<\/div>\n          \t\t\t\t\t<div class=\"box-text text-left\" >\n\t\t\t\t\t<div class=\"box-text-inner blog-post-inner\">\n\n\t\t\t\t\t\n\t\t\t\t\t\t\t\t\t\t<h5 class=\"post-title is-large\">\n\t\t\t\t\t\t<a href=\"https:\/\/www.fitnessbrasil.com.br\/es\/newsfitbr\/quando-o-tour-pela-academia-atrapalha-a-venda\/\" class=\"plain\">Quando o tour pela academia atrapalha a venda<\/a>\n\t\t\t\t\t<\/h5>\n\t\t\t\t\t\t\t\t\t\t<div class=\"is-divider\"><\/div>\n\t\t\t\t\t                    \n\t\t\t\t\t\n\t\t\t\t\t\n\t\t\t\t\t<\/div>\n\t\t\t\t\t<\/div>\n\t\t\t\t\t\t\t\t\t<\/div>\n\t\t\t<\/div>\n\t\t<\/div><\/div>\n\n\n\t\t<\/div>\n\t\t\t\t\t<\/div>\n\n\t\n\n\t<div id=\"col-475339150\" class=\"col medium-3 small-12 large-3\"  >\n\t\t\t\t<div class=\"col-inner\"  >\n\t\t\t\n\t\t\t\n\n\t<div id=\"text-2383019455\" class=\"text\">\n\t\t\n\n<h6>NOT\u00cdCIAS<\/h6>\n\t\t\n<style>\n#text-2383019455 {\n  color: rgb(20, 0, 255);\n}\n#text-2383019455 > * {\n  color: rgb(20, 0, 255);\n}\n<\/style>\n\t<\/div>\n\t\n\n  \n    <div class=\"row large-columns-1 medium-columns-1 small-columns-1 row-xsmall\" >\n  <div class=\"col post-item\" >\n\t\t\t<div class=\"col-inner\">\n\t\t\t\t<div class=\"box box-default box-text-bottom box-blog-post has-hover\">\n            \t\t\t\t\t<div class=\"box-image\" >\n  \t\t\t\t\t\t<div class=\"image-cover\" style=\"padding-top:0px;\">\n\t\t\t\t\t\t\t<a href=\"https:\/\/www.fitnessbrasil.com.br\/es\/newsfitbr\/empresas-brasileiras-na-fibo-2026-como-o-brasil-se-posicionou-no-maior-evento-fitness-do-mundo\/\" class=\"plain\" aria-label=\"Empresas brasileiras na FIBO 2026: como o Brasil se posicionou no maior evento fitness do mundo\">\n\t\t\t\t\t\t\t\t<img decoding=\"async\" width=\"600\" height=\"400\" data-src=\"https:\/\/www.fitnessbrasil.com.br\/wp-content\/uploads\/2026\/04\/55214624448_3d78c1eacb_c-600x400.jpg\" class=\"attachment-medium size-medium wp-post-image lazyload\" alt=\"\" data-srcset=\"https:\/\/www.fitnessbrasil.com.br\/wp-content\/uploads\/2026\/04\/55214624448_3d78c1eacb_c-600x400.jpg 600w, https:\/\/www.fitnessbrasil.com.br\/wp-content\/uploads\/2026\/04\/55214624448_3d78c1eacb_c-768x512.jpg 768w, https:\/\/www.fitnessbrasil.com.br\/wp-content\/uploads\/2026\/04\/55214624448_3d78c1eacb_c-18x12.jpg 18w, https:\/\/www.fitnessbrasil.com.br\/wp-content\/uploads\/2026\/04\/55214624448_3d78c1eacb_c-510x340.jpg 510w, https:\/\/www.fitnessbrasil.com.br\/wp-content\/uploads\/2026\/04\/55214624448_3d78c1eacb_c.jpg 799w\" data-sizes=\"(max-width: 600px) 100vw, 600px\" src=\"data:image\/svg+xml;base64,PHN2ZyB3aWR0aD0iMSIgaGVpZ2h0PSIxIiB4bWxucz0iaHR0cDovL3d3dy53My5vcmcvMjAwMC9zdmciPjwvc3ZnPg==\" style=\"--smush-placeholder-width: 600px; --smush-placeholder-aspect-ratio: 600\/400;\" \/>\t\t\t\t\t\t\t<\/a>\n  \t\t\t\t\t\t\t  \t\t\t\t\t\t\t  \t\t\t\t\t\t<\/div>\n  \t\t\t\t\t\t  \t\t\t\t\t<\/div>\n          \t\t\t\t\t<div class=\"box-text text-left\" >\n\t\t\t\t\t<div class=\"box-text-inner blog-post-inner\">\n\n\t\t\t\t\t\n\t\t\t\t\t\t\t\t\t\t<h5 class=\"post-title is-large\">\n\t\t\t\t\t\t<a href=\"https:\/\/www.fitnessbrasil.com.br\/es\/newsfitbr\/empresas-brasileiras-na-fibo-2026-como-o-brasil-se-posicionou-no-maior-evento-fitness-do-mundo\/\" class=\"plain\">Empresas brasileiras na FIBO 2026: como o Brasil se posicionou no maior evento fitness do mundo<\/a>\n\t\t\t\t\t<\/h5>\n\t\t\t\t\t\t\t\t\t\t<div class=\"is-divider\"><\/div>\n\t\t\t\t\t                    \n\t\t\t\t\t\n\t\t\t\t\t\n\t\t\t\t\t<\/div>\n\t\t\t\t\t<\/div>\n\t\t\t\t\t\t\t\t\t<\/div>\n\t\t\t<\/div>\n\t\t<\/div><div class=\"col post-item\" >\n\t\t\t<div class=\"col-inner\">\n\t\t\t\t<div class=\"box box-default box-text-bottom box-blog-post has-hover\">\n            \t\t\t\t\t<div class=\"box-image\" >\n  \t\t\t\t\t\t<div class=\"image-cover\" style=\"padding-top:0px;\">\n\t\t\t\t\t\t\t<a href=\"https:\/\/www.fitnessbrasil.com.br\/es\/newsfitbr\/o-que-explica-os-casos-em-que-as-canetas-emagrecedoras-nao-funcionam\/\" class=\"plain\" aria-label=\"O que explica os casos em que as canetas \u201cemagrecedoras\u201d n\u00e3o funcionam\">\n\t\t\t\t\t\t\t\t<img decoding=\"async\" width=\"711\" height=\"400\" data-src=\"https:\/\/www.fitnessbrasil.com.br\/wp-content\/uploads\/2026\/04\/Caneta-Emagrecedora-711x400.jpeg\" class=\"attachment-medium size-medium wp-post-image lazyload\" alt=\"\" data-srcset=\"https:\/\/www.fitnessbrasil.com.br\/wp-content\/uploads\/2026\/04\/Caneta-Emagrecedora-711x400.jpeg 711w, https:\/\/www.fitnessbrasil.com.br\/wp-content\/uploads\/2026\/04\/Caneta-Emagrecedora-768x432.jpeg 768w, https:\/\/www.fitnessbrasil.com.br\/wp-content\/uploads\/2026\/04\/Caneta-Emagrecedora-18x10.jpeg 18w, https:\/\/www.fitnessbrasil.com.br\/wp-content\/uploads\/2026\/04\/Caneta-Emagrecedora-510x287.jpeg 510w, https:\/\/www.fitnessbrasil.com.br\/wp-content\/uploads\/2026\/04\/Caneta-Emagrecedora.jpeg 1280w\" data-sizes=\"(max-width: 711px) 100vw, 711px\" src=\"data:image\/svg+xml;base64,PHN2ZyB3aWR0aD0iMSIgaGVpZ2h0PSIxIiB4bWxucz0iaHR0cDovL3d3dy53My5vcmcvMjAwMC9zdmciPjwvc3ZnPg==\" style=\"--smush-placeholder-width: 711px; --smush-placeholder-aspect-ratio: 711\/400;\" \/>\t\t\t\t\t\t\t<\/a>\n  \t\t\t\t\t\t\t  \t\t\t\t\t\t\t  \t\t\t\t\t\t<\/div>\n  \t\t\t\t\t\t  \t\t\t\t\t<\/div>\n          \t\t\t\t\t<div class=\"box-text text-left\" >\n\t\t\t\t\t<div class=\"box-text-inner blog-post-inner\">\n\n\t\t\t\t\t\n\t\t\t\t\t\t\t\t\t\t<h5 class=\"post-title is-large\">\n\t\t\t\t\t\t<a href=\"https:\/\/www.fitnessbrasil.com.br\/es\/newsfitbr\/o-que-explica-os-casos-em-que-as-canetas-emagrecedoras-nao-funcionam\/\" class=\"plain\">O que explica os casos em que as canetas \u201cemagrecedoras\u201d n\u00e3o funcionam<\/a>\n\t\t\t\t\t<\/h5>\n\t\t\t\t\t\t\t\t\t\t<div class=\"is-divider\"><\/div>\n\t\t\t\t\t                    \n\t\t\t\t\t\n\t\t\t\t\t\n\t\t\t\t\t<\/div>\n\t\t\t\t\t<\/div>\n\t\t\t\t\t\t\t\t\t<\/div>\n\t\t\t<\/div>\n\t\t<\/div><div class=\"col post-item\" >\n\t\t\t<div class=\"col-inner\">\n\t\t\t\t<div class=\"box box-default box-text-bottom box-blog-post has-hover\">\n            \t\t\t\t\t<div class=\"box-image\" >\n  \t\t\t\t\t\t<div class=\"image-cover\" style=\"padding-top:0px;\">\n\t\t\t\t\t\t\t<a href=\"https:\/\/www.fitnessbrasil.com.br\/es\/newsfitbr\/virginia-fonseca-entra-no-mercado-fitness-e-lanca-academia-com-ciclo-de-mensalidade-de-37-dias-para-mulheres\/\" class=\"plain\" aria-label=\"Virg\u00ednia Fonseca entra no mercado fitness e lan\u00e7a academia com ciclo de mensalidade de 37 dias para mulheres\">\n\t\t\t\t\t\t\t\t<img decoding=\"async\" width=\"639\" height=\"400\" data-src=\"https:\/\/www.fitnessbrasil.com.br\/wp-content\/uploads\/2026\/04\/Virginia-Fonseca-WeGym-639x400.jpeg\" class=\"attachment-medium size-medium wp-post-image lazyload\" alt=\"\" data-srcset=\"https:\/\/www.fitnessbrasil.com.br\/wp-content\/uploads\/2026\/04\/Virginia-Fonseca-WeGym-639x400.jpeg 639w, https:\/\/www.fitnessbrasil.com.br\/wp-content\/uploads\/2026\/04\/Virginia-Fonseca-WeGym-768x481.jpeg 768w, https:\/\/www.fitnessbrasil.com.br\/wp-content\/uploads\/2026\/04\/Virginia-Fonseca-WeGym-18x12.jpeg 18w, https:\/\/www.fitnessbrasil.com.br\/wp-content\/uploads\/2026\/04\/Virginia-Fonseca-WeGym-510x319.jpeg 510w, https:\/\/www.fitnessbrasil.com.br\/wp-content\/uploads\/2026\/04\/Virginia-Fonseca-WeGym.jpeg 984w\" data-sizes=\"(max-width: 639px) 100vw, 639px\" src=\"data:image\/svg+xml;base64,PHN2ZyB3aWR0aD0iMSIgaGVpZ2h0PSIxIiB4bWxucz0iaHR0cDovL3d3dy53My5vcmcvMjAwMC9zdmciPjwvc3ZnPg==\" style=\"--smush-placeholder-width: 639px; --smush-placeholder-aspect-ratio: 639\/400;\" \/>\t\t\t\t\t\t\t<\/a>\n  \t\t\t\t\t\t\t  \t\t\t\t\t\t\t  \t\t\t\t\t\t<\/div>\n  \t\t\t\t\t\t  \t\t\t\t\t<\/div>\n          \t\t\t\t\t<div class=\"box-text text-left\" >\n\t\t\t\t\t<div class=\"box-text-inner blog-post-inner\">\n\n\t\t\t\t\t\n\t\t\t\t\t\t\t\t\t\t<h5 class=\"post-title is-large\">\n\t\t\t\t\t\t<a href=\"https:\/\/www.fitnessbrasil.com.br\/es\/newsfitbr\/virginia-fonseca-entra-no-mercado-fitness-e-lanca-academia-com-ciclo-de-mensalidade-de-37-dias-para-mulheres\/\" class=\"plain\">Virg\u00ednia Fonseca entra no mercado fitness e lan\u00e7a academia com ciclo de mensalidade de 37 dias para mulheres<\/a>\n\t\t\t\t\t<\/h5>\n\t\t\t\t\t\t\t\t\t\t<div class=\"is-divider\"><\/div>\n\t\t\t\t\t                    \n\t\t\t\t\t\n\t\t\t\t\t\n\t\t\t\t\t<\/div>\n\t\t\t\t\t<\/div>\n\t\t\t\t\t\t\t\t\t<\/div>\n\t\t\t<\/div>\n\t\t<\/div><div class=\"col post-item\" >\n\t\t\t<div class=\"col-inner\">\n\t\t\t\t<div class=\"box box-default box-text-bottom box-blog-post has-hover\">\n            \t\t\t\t\t<div class=\"box-image\" >\n  \t\t\t\t\t\t<div class=\"image-cover\" style=\"padding-top:0px;\">\n\t\t\t\t\t\t\t<a href=\"https:\/\/www.fitnessbrasil.com.br\/es\/newsfitbr\/trio-de-especialistas-apresenta-workshop-sobre-os-desafios-da-gestao-de-academias-durante-a-copa-do-mundo\/\" class=\"plain\" aria-label=\"Trio de especialistas apresenta workshop sobre os desafios da gest\u00e3o de academias durante a Copa do Mundo\">\n\t\t\t\t\t\t\t\t<img decoding=\"async\" width=\"600\" height=\"400\" data-src=\"https:\/\/www.fitnessbrasil.com.br\/wp-content\/uploads\/2026\/04\/Copa-Do-Mundo-Workshop-Academias-600x400.jpeg\" class=\"attachment-medium size-medium wp-post-image lazyload\" alt=\"\" data-srcset=\"https:\/\/www.fitnessbrasil.com.br\/wp-content\/uploads\/2026\/04\/Copa-Do-Mundo-Workshop-Academias-600x400.jpeg 600w, https:\/\/www.fitnessbrasil.com.br\/wp-content\/uploads\/2026\/04\/Copa-Do-Mundo-Workshop-Academias-1200x800.jpeg 1200w, https:\/\/www.fitnessbrasil.com.br\/wp-content\/uploads\/2026\/04\/Copa-Do-Mundo-Workshop-Academias-768x512.jpeg 768w, https:\/\/www.fitnessbrasil.com.br\/wp-content\/uploads\/2026\/04\/Copa-Do-Mundo-Workshop-Academias-18x12.jpeg 18w, https:\/\/www.fitnessbrasil.com.br\/wp-content\/uploads\/2026\/04\/Copa-Do-Mundo-Workshop-Academias-510x340.jpeg 510w, https:\/\/www.fitnessbrasil.com.br\/wp-content\/uploads\/2026\/04\/Copa-Do-Mundo-Workshop-Academias.jpeg 1280w\" data-sizes=\"(max-width: 600px) 100vw, 600px\" src=\"data:image\/svg+xml;base64,PHN2ZyB3aWR0aD0iMSIgaGVpZ2h0PSIxIiB4bWxucz0iaHR0cDovL3d3dy53My5vcmcvMjAwMC9zdmciPjwvc3ZnPg==\" style=\"--smush-placeholder-width: 600px; --smush-placeholder-aspect-ratio: 600\/400;\" \/>\t\t\t\t\t\t\t<\/a>\n  \t\t\t\t\t\t\t  \t\t\t\t\t\t\t  \t\t\t\t\t\t<\/div>\n  \t\t\t\t\t\t  \t\t\t\t\t<\/div>\n          \t\t\t\t\t<div class=\"box-text text-left\" >\n\t\t\t\t\t<div class=\"box-text-inner blog-post-inner\">\n\n\t\t\t\t\t\n\t\t\t\t\t\t\t\t\t\t<h5 class=\"post-title is-large\">\n\t\t\t\t\t\t<a href=\"https:\/\/www.fitnessbrasil.com.br\/es\/newsfitbr\/trio-de-especialistas-apresenta-workshop-sobre-os-desafios-da-gestao-de-academias-durante-a-copa-do-mundo\/\" class=\"plain\">Trio de especialistas apresenta workshop sobre os desafios da gest\u00e3o de academias durante a Copa do Mundo<\/a>\n\t\t\t\t\t<\/h5>\n\t\t\t\t\t\t\t\t\t\t<div class=\"is-divider\"><\/div>\n\t\t\t\t\t                    \n\t\t\t\t\t\n\t\t\t\t\t\n\t\t\t\t\t<\/div>\n\t\t\t\t\t<\/div>\n\t\t\t\t\t\t\t\t\t<\/div>\n\t\t\t<\/div>\n\t\t<\/div><div class=\"col post-item\" >\n\t\t\t<div class=\"col-inner\">\n\t\t\t\t<div class=\"box box-default box-text-bottom box-blog-post has-hover\">\n            \t\t\t\t\t<div class=\"box-image\" >\n  \t\t\t\t\t\t<div class=\"image-cover\" style=\"padding-top:0px;\">\n\t\t\t\t\t\t\t<a href=\"https:\/\/www.fitnessbrasil.com.br\/es\/newsfitbr\/fibo-2026-encerra-com-recorde-de-visitantes-e-consolida-saude-como-nova-fronteira-do-setor\/\" class=\"plain\" aria-label=\"FIBO 2026 encerra com recorde de visitantes e consolida sa\u00fade como nova fronteira do setor\">\n\t\t\t\t\t\t\t\t<img decoding=\"async\" width=\"600\" height=\"400\" data-src=\"https:\/\/www.fitnessbrasil.com.br\/wp-content\/uploads\/2026\/04\/55214959528_9a81a1dcb6_c-600x400.jpg\" class=\"attachment-medium size-medium wp-post-image lazyload\" alt=\"\" data-srcset=\"https:\/\/www.fitnessbrasil.com.br\/wp-content\/uploads\/2026\/04\/55214959528_9a81a1dcb6_c-600x400.jpg 600w, https:\/\/www.fitnessbrasil.com.br\/wp-content\/uploads\/2026\/04\/55214959528_9a81a1dcb6_c-768x512.jpg 768w, https:\/\/www.fitnessbrasil.com.br\/wp-content\/uploads\/2026\/04\/55214959528_9a81a1dcb6_c-18x12.jpg 18w, https:\/\/www.fitnessbrasil.com.br\/wp-content\/uploads\/2026\/04\/55214959528_9a81a1dcb6_c-510x340.jpg 510w, https:\/\/www.fitnessbrasil.com.br\/wp-content\/uploads\/2026\/04\/55214959528_9a81a1dcb6_c.jpg 800w\" data-sizes=\"(max-width: 600px) 100vw, 600px\" src=\"data:image\/svg+xml;base64,PHN2ZyB3aWR0aD0iMSIgaGVpZ2h0PSIxIiB4bWxucz0iaHR0cDovL3d3dy53My5vcmcvMjAwMC9zdmciPjwvc3ZnPg==\" style=\"--smush-placeholder-width: 600px; --smush-placeholder-aspect-ratio: 600\/400;\" \/>\t\t\t\t\t\t\t<\/a>\n  \t\t\t\t\t\t\t  \t\t\t\t\t\t\t  \t\t\t\t\t\t<\/div>\n  \t\t\t\t\t\t  \t\t\t\t\t<\/div>\n          \t\t\t\t\t<div class=\"box-text text-left\" >\n\t\t\t\t\t<div class=\"box-text-inner blog-post-inner\">\n\n\t\t\t\t\t\n\t\t\t\t\t\t\t\t\t\t<h5 class=\"post-title is-large\">\n\t\t\t\t\t\t<a href=\"https:\/\/www.fitnessbrasil.com.br\/es\/newsfitbr\/fibo-2026-encerra-com-recorde-de-visitantes-e-consolida-saude-como-nova-fronteira-do-setor\/\" class=\"plain\">FIBO 2026 encerra com recorde de visitantes e consolida sa\u00fade como nova fronteira do setor<\/a>\n\t\t\t\t\t<\/h5>\n\t\t\t\t\t\t\t\t\t\t<div class=\"is-divider\"><\/div>\n\t\t\t\t\t                    \n\t\t\t\t\t\n\t\t\t\t\t\n\t\t\t\t\t<\/div>\n\t\t\t\t\t<\/div>\n\t\t\t\t\t\t\t\t\t<\/div>\n\t\t\t<\/div>\n\t\t<\/div><\/div>\n\n\n\t\t<\/div>\n\t\t\t\t\t<\/div>\n\n\t\n\n\t<div id=\"col-286488504\" class=\"col medium-3 small-12 large-3\"  >\n\t\t\t\t<div class=\"col-inner\"  >\n\t\t\t\n\t\t\t\n\n\t<div id=\"text-3432280962\" class=\"text\">\n\t\t\n\n<h6>GEST\u00c3O E NEG\u00d3CIOS<\/h6>\n\t\t\n<style>\n#text-3432280962 {\n  color: #227c9d;\n}\n#text-3432280962 > * {\n  color: #227c9d;\n}\n<\/style>\n\t<\/div>\n\t\n\n  \n    <div class=\"row large-columns-1 medium-columns-1 small-columns-1 row-xsmall\" >\n  <div class=\"col post-item\" >\n\t\t\t<div class=\"col-inner\">\n\t\t\t\t<div class=\"box box-default box-text-bottom box-blog-post has-hover\">\n            \t\t\t\t\t<div class=\"box-image\" >\n  \t\t\t\t\t\t<div class=\"image-cover\" style=\"padding-top:0px;\">\n\t\t\t\t\t\t\t<a href=\"https:\/\/www.fitnessbrasil.com.br\/es\/newsfitbr\/empresas-brasileiras-na-fibo-2026-como-o-brasil-se-posicionou-no-maior-evento-fitness-do-mundo\/\" class=\"plain\" aria-label=\"Empresas brasileiras na FIBO 2026: como o Brasil se posicionou no maior evento fitness do mundo\">\n\t\t\t\t\t\t\t\t<img decoding=\"async\" width=\"600\" height=\"400\" data-src=\"https:\/\/www.fitnessbrasil.com.br\/wp-content\/uploads\/2026\/04\/55214624448_3d78c1eacb_c-600x400.jpg\" class=\"attachment-medium size-medium wp-post-image lazyload\" alt=\"\" data-srcset=\"https:\/\/www.fitnessbrasil.com.br\/wp-content\/uploads\/2026\/04\/55214624448_3d78c1eacb_c-600x400.jpg 600w, https:\/\/www.fitnessbrasil.com.br\/wp-content\/uploads\/2026\/04\/55214624448_3d78c1eacb_c-768x512.jpg 768w, https:\/\/www.fitnessbrasil.com.br\/wp-content\/uploads\/2026\/04\/55214624448_3d78c1eacb_c-18x12.jpg 18w, https:\/\/www.fitnessbrasil.com.br\/wp-content\/uploads\/2026\/04\/55214624448_3d78c1eacb_c-510x340.jpg 510w, https:\/\/www.fitnessbrasil.com.br\/wp-content\/uploads\/2026\/04\/55214624448_3d78c1eacb_c.jpg 799w\" data-sizes=\"(max-width: 600px) 100vw, 600px\" src=\"data:image\/svg+xml;base64,PHN2ZyB3aWR0aD0iMSIgaGVpZ2h0PSIxIiB4bWxucz0iaHR0cDovL3d3dy53My5vcmcvMjAwMC9zdmciPjwvc3ZnPg==\" style=\"--smush-placeholder-width: 600px; --smush-placeholder-aspect-ratio: 600\/400;\" \/>\t\t\t\t\t\t\t<\/a>\n  \t\t\t\t\t\t\t  \t\t\t\t\t\t\t  \t\t\t\t\t\t<\/div>\n  \t\t\t\t\t\t  \t\t\t\t\t<\/div>\n          \t\t\t\t\t<div class=\"box-text text-left\" >\n\t\t\t\t\t<div class=\"box-text-inner blog-post-inner\">\n\n\t\t\t\t\t\n\t\t\t\t\t\t\t\t\t\t<h5 class=\"post-title is-large\">\n\t\t\t\t\t\t<a href=\"https:\/\/www.fitnessbrasil.com.br\/es\/newsfitbr\/empresas-brasileiras-na-fibo-2026-como-o-brasil-se-posicionou-no-maior-evento-fitness-do-mundo\/\" class=\"plain\">Empresas brasileiras na FIBO 2026: como o Brasil se posicionou no maior evento fitness do mundo<\/a>\n\t\t\t\t\t<\/h5>\n\t\t\t\t\t\t\t\t\t\t<div class=\"is-divider\"><\/div>\n\t\t\t\t\t                    \n\t\t\t\t\t\n\t\t\t\t\t\n\t\t\t\t\t<\/div>\n\t\t\t\t\t<\/div>\n\t\t\t\t\t\t\t\t\t<\/div>\n\t\t\t<\/div>\n\t\t<\/div><div class=\"col post-item\" >\n\t\t\t<div class=\"col-inner\">\n\t\t\t\t<div class=\"box box-default box-text-bottom box-blog-post has-hover\">\n            \t\t\t\t\t<div class=\"box-image\" >\n  \t\t\t\t\t\t<div class=\"image-cover\" style=\"padding-top:0px;\">\n\t\t\t\t\t\t\t<a href=\"https:\/\/www.fitnessbrasil.com.br\/es\/newsfitbr\/virginia-fonseca-entra-no-mercado-fitness-e-lanca-academia-com-ciclo-de-mensalidade-de-37-dias-para-mulheres\/\" class=\"plain\" aria-label=\"Virg\u00ednia Fonseca entra no mercado fitness e lan\u00e7a academia com ciclo de mensalidade de 37 dias para mulheres\">\n\t\t\t\t\t\t\t\t<img decoding=\"async\" width=\"639\" height=\"400\" data-src=\"https:\/\/www.fitnessbrasil.com.br\/wp-content\/uploads\/2026\/04\/Virginia-Fonseca-WeGym-639x400.jpeg\" class=\"attachment-medium size-medium wp-post-image lazyload\" alt=\"\" data-srcset=\"https:\/\/www.fitnessbrasil.com.br\/wp-content\/uploads\/2026\/04\/Virginia-Fonseca-WeGym-639x400.jpeg 639w, https:\/\/www.fitnessbrasil.com.br\/wp-content\/uploads\/2026\/04\/Virginia-Fonseca-WeGym-768x481.jpeg 768w, https:\/\/www.fitnessbrasil.com.br\/wp-content\/uploads\/2026\/04\/Virginia-Fonseca-WeGym-18x12.jpeg 18w, https:\/\/www.fitnessbrasil.com.br\/wp-content\/uploads\/2026\/04\/Virginia-Fonseca-WeGym-510x319.jpeg 510w, https:\/\/www.fitnessbrasil.com.br\/wp-content\/uploads\/2026\/04\/Virginia-Fonseca-WeGym.jpeg 984w\" data-sizes=\"(max-width: 639px) 100vw, 639px\" src=\"data:image\/svg+xml;base64,PHN2ZyB3aWR0aD0iMSIgaGVpZ2h0PSIxIiB4bWxucz0iaHR0cDovL3d3dy53My5vcmcvMjAwMC9zdmciPjwvc3ZnPg==\" style=\"--smush-placeholder-width: 639px; --smush-placeholder-aspect-ratio: 639\/400;\" \/>\t\t\t\t\t\t\t<\/a>\n  \t\t\t\t\t\t\t  \t\t\t\t\t\t\t  \t\t\t\t\t\t<\/div>\n  \t\t\t\t\t\t  \t\t\t\t\t<\/div>\n          \t\t\t\t\t<div class=\"box-text text-left\" >\n\t\t\t\t\t<div class=\"box-text-inner blog-post-inner\">\n\n\t\t\t\t\t\n\t\t\t\t\t\t\t\t\t\t<h5 class=\"post-title is-large\">\n\t\t\t\t\t\t<a href=\"https:\/\/www.fitnessbrasil.com.br\/es\/newsfitbr\/virginia-fonseca-entra-no-mercado-fitness-e-lanca-academia-com-ciclo-de-mensalidade-de-37-dias-para-mulheres\/\" class=\"plain\">Virg\u00ednia Fonseca entra no mercado fitness e lan\u00e7a academia com ciclo de mensalidade de 37 dias para mulheres<\/a>\n\t\t\t\t\t<\/h5>\n\t\t\t\t\t\t\t\t\t\t<div class=\"is-divider\"><\/div>\n\t\t\t\t\t                    \n\t\t\t\t\t\n\t\t\t\t\t\n\t\t\t\t\t<\/div>\n\t\t\t\t\t<\/div>\n\t\t\t\t\t\t\t\t\t<\/div>\n\t\t\t<\/div>\n\t\t<\/div><div class=\"col post-item\" >\n\t\t\t<div class=\"col-inner\">\n\t\t\t\t<div class=\"box box-default box-text-bottom box-blog-post has-hover\">\n            \t\t\t\t\t<div class=\"box-image\" >\n  \t\t\t\t\t\t<div class=\"image-cover\" style=\"padding-top:0px;\">\n\t\t\t\t\t\t\t<a href=\"https:\/\/www.fitnessbrasil.com.br\/es\/newsfitbr\/trio-de-especialistas-apresenta-workshop-sobre-os-desafios-da-gestao-de-academias-durante-a-copa-do-mundo\/\" class=\"plain\" aria-label=\"Trio de especialistas apresenta workshop sobre os desafios da gest\u00e3o de academias durante a Copa do Mundo\">\n\t\t\t\t\t\t\t\t<img decoding=\"async\" width=\"600\" height=\"400\" data-src=\"https:\/\/www.fitnessbrasil.com.br\/wp-content\/uploads\/2026\/04\/Copa-Do-Mundo-Workshop-Academias-600x400.jpeg\" class=\"attachment-medium size-medium wp-post-image lazyload\" alt=\"\" data-srcset=\"https:\/\/www.fitnessbrasil.com.br\/wp-content\/uploads\/2026\/04\/Copa-Do-Mundo-Workshop-Academias-600x400.jpeg 600w, https:\/\/www.fitnessbrasil.com.br\/wp-content\/uploads\/2026\/04\/Copa-Do-Mundo-Workshop-Academias-1200x800.jpeg 1200w, https:\/\/www.fitnessbrasil.com.br\/wp-content\/uploads\/2026\/04\/Copa-Do-Mundo-Workshop-Academias-768x512.jpeg 768w, https:\/\/www.fitnessbrasil.com.br\/wp-content\/uploads\/2026\/04\/Copa-Do-Mundo-Workshop-Academias-18x12.jpeg 18w, https:\/\/www.fitnessbrasil.com.br\/wp-content\/uploads\/2026\/04\/Copa-Do-Mundo-Workshop-Academias-510x340.jpeg 510w, https:\/\/www.fitnessbrasil.com.br\/wp-content\/uploads\/2026\/04\/Copa-Do-Mundo-Workshop-Academias.jpeg 1280w\" data-sizes=\"(max-width: 600px) 100vw, 600px\" src=\"data:image\/svg+xml;base64,PHN2ZyB3aWR0aD0iMSIgaGVpZ2h0PSIxIiB4bWxucz0iaHR0cDovL3d3dy53My5vcmcvMjAwMC9zdmciPjwvc3ZnPg==\" style=\"--smush-placeholder-width: 600px; --smush-placeholder-aspect-ratio: 600\/400;\" \/>\t\t\t\t\t\t\t<\/a>\n  \t\t\t\t\t\t\t  \t\t\t\t\t\t\t  \t\t\t\t\t\t<\/div>\n  \t\t\t\t\t\t  \t\t\t\t\t<\/div>\n          \t\t\t\t\t<div class=\"box-text text-left\" >\n\t\t\t\t\t<div class=\"box-text-inner blog-post-inner\">\n\n\t\t\t\t\t\n\t\t\t\t\t\t\t\t\t\t<h5 class=\"post-title is-large\">\n\t\t\t\t\t\t<a href=\"https:\/\/www.fitnessbrasil.com.br\/es\/newsfitbr\/trio-de-especialistas-apresenta-workshop-sobre-os-desafios-da-gestao-de-academias-durante-a-copa-do-mundo\/\" class=\"plain\">Trio de especialistas apresenta workshop sobre os desafios da gest\u00e3o de academias durante a Copa do Mundo<\/a>\n\t\t\t\t\t<\/h5>\n\t\t\t\t\t\t\t\t\t\t<div class=\"is-divider\"><\/div>\n\t\t\t\t\t                    \n\t\t\t\t\t\n\t\t\t\t\t\n\t\t\t\t\t<\/div>\n\t\t\t\t\t<\/div>\n\t\t\t\t\t\t\t\t\t<\/div>\n\t\t\t<\/div>\n\t\t<\/div><div class=\"col post-item\" >\n\t\t\t<div class=\"col-inner\">\n\t\t\t\t<div class=\"box box-default box-text-bottom box-blog-post has-hover\">\n            \t\t\t\t\t<div class=\"box-image\" >\n  \t\t\t\t\t\t<div class=\"image-cover\" style=\"padding-top:0px;\">\n\t\t\t\t\t\t\t<a href=\"https:\/\/www.fitnessbrasil.com.br\/es\/newsfitbr\/fibo-2026-encerra-com-recorde-de-visitantes-e-consolida-saude-como-nova-fronteira-do-setor\/\" class=\"plain\" aria-label=\"FIBO 2026 encerra com recorde de visitantes e consolida sa\u00fade como nova fronteira do setor\">\n\t\t\t\t\t\t\t\t<img decoding=\"async\" width=\"600\" height=\"400\" data-src=\"https:\/\/www.fitnessbrasil.com.br\/wp-content\/uploads\/2026\/04\/55214959528_9a81a1dcb6_c-600x400.jpg\" class=\"attachment-medium size-medium wp-post-image lazyload\" alt=\"\" data-srcset=\"https:\/\/www.fitnessbrasil.com.br\/wp-content\/uploads\/2026\/04\/55214959528_9a81a1dcb6_c-600x400.jpg 600w, https:\/\/www.fitnessbrasil.com.br\/wp-content\/uploads\/2026\/04\/55214959528_9a81a1dcb6_c-768x512.jpg 768w, https:\/\/www.fitnessbrasil.com.br\/wp-content\/uploads\/2026\/04\/55214959528_9a81a1dcb6_c-18x12.jpg 18w, https:\/\/www.fitnessbrasil.com.br\/wp-content\/uploads\/2026\/04\/55214959528_9a81a1dcb6_c-510x340.jpg 510w, https:\/\/www.fitnessbrasil.com.br\/wp-content\/uploads\/2026\/04\/55214959528_9a81a1dcb6_c.jpg 800w\" data-sizes=\"(max-width: 600px) 100vw, 600px\" src=\"data:image\/svg+xml;base64,PHN2ZyB3aWR0aD0iMSIgaGVpZ2h0PSIxIiB4bWxucz0iaHR0cDovL3d3dy53My5vcmcvMjAwMC9zdmciPjwvc3ZnPg==\" style=\"--smush-placeholder-width: 600px; --smush-placeholder-aspect-ratio: 600\/400;\" \/>\t\t\t\t\t\t\t<\/a>\n  \t\t\t\t\t\t\t  \t\t\t\t\t\t\t  \t\t\t\t\t\t<\/div>\n  \t\t\t\t\t\t  \t\t\t\t\t<\/div>\n          \t\t\t\t\t<div class=\"box-text text-left\" >\n\t\t\t\t\t<div class=\"box-text-inner blog-post-inner\">\n\n\t\t\t\t\t\n\t\t\t\t\t\t\t\t\t\t<h5 class=\"post-title is-large\">\n\t\t\t\t\t\t<a href=\"https:\/\/www.fitnessbrasil.com.br\/es\/newsfitbr\/fibo-2026-encerra-com-recorde-de-visitantes-e-consolida-saude-como-nova-fronteira-do-setor\/\" class=\"plain\">FIBO 2026 encerra com recorde de visitantes e consolida sa\u00fade como nova fronteira do setor<\/a>\n\t\t\t\t\t<\/h5>\n\t\t\t\t\t\t\t\t\t\t<div class=\"is-divider\"><\/div>\n\t\t\t\t\t                    \n\t\t\t\t\t\n\t\t\t\t\t\n\t\t\t\t\t<\/div>\n\t\t\t\t\t<\/div>\n\t\t\t\t\t\t\t\t\t<\/div>\n\t\t\t<\/div>\n\t\t<\/div><div class=\"col post-item\" >\n\t\t\t<div class=\"col-inner\">\n\t\t\t\t<div class=\"box box-default box-text-bottom box-blog-post has-hover\">\n            \t\t\t\t\t<div class=\"box-image\" >\n  \t\t\t\t\t\t<div class=\"image-cover\" style=\"padding-top:0px;\">\n\t\t\t\t\t\t\t<a href=\"https:\/\/www.fitnessbrasil.com.br\/es\/newsfitbr\/academias-da-nike-fecham-nos-eua-o-que-isso-nos-ensina-sobre-gestao-no-mercado-fitness\/\" class=\"plain\" aria-label=\"Academias da Nike fecham nos EUA: o que isso nos ensina sobre gest\u00e3o no mercado fitness\">\n\t\t\t\t\t\t\t\t<img decoding=\"async\" width=\"600\" height=\"400\" data-src=\"https:\/\/www.fitnessbrasil.com.br\/wp-content\/uploads\/2026\/04\/Academias-Da-Nike-1-600x400.jpg\" class=\"attachment-medium size-medium wp-post-image lazyload\" alt=\"\" data-srcset=\"https:\/\/www.fitnessbrasil.com.br\/wp-content\/uploads\/2026\/04\/Academias-Da-Nike-1-600x400.jpg 600w, https:\/\/www.fitnessbrasil.com.br\/wp-content\/uploads\/2026\/04\/Academias-Da-Nike-1-768x512.jpg 768w, https:\/\/www.fitnessbrasil.com.br\/wp-content\/uploads\/2026\/04\/Academias-Da-Nike-1-18x12.jpg 18w, https:\/\/www.fitnessbrasil.com.br\/wp-content\/uploads\/2026\/04\/Academias-Da-Nike-1-510x340.jpg 510w, https:\/\/www.fitnessbrasil.com.br\/wp-content\/uploads\/2026\/04\/Academias-Da-Nike-1.jpg 1200w\" data-sizes=\"(max-width: 600px) 100vw, 600px\" src=\"data:image\/svg+xml;base64,PHN2ZyB3aWR0aD0iMSIgaGVpZ2h0PSIxIiB4bWxucz0iaHR0cDovL3d3dy53My5vcmcvMjAwMC9zdmciPjwvc3ZnPg==\" style=\"--smush-placeholder-width: 600px; --smush-placeholder-aspect-ratio: 600\/400;\" \/>\t\t\t\t\t\t\t<\/a>\n  \t\t\t\t\t\t\t  \t\t\t\t\t\t\t  \t\t\t\t\t\t<\/div>\n  \t\t\t\t\t\t  \t\t\t\t\t<\/div>\n          \t\t\t\t\t<div class=\"box-text text-left\" >\n\t\t\t\t\t<div class=\"box-text-inner blog-post-inner\">\n\n\t\t\t\t\t\n\t\t\t\t\t\t\t\t\t\t<h5 class=\"post-title is-large\">\n\t\t\t\t\t\t<a href=\"https:\/\/www.fitnessbrasil.com.br\/es\/newsfitbr\/academias-da-nike-fecham-nos-eua-o-que-isso-nos-ensina-sobre-gestao-no-mercado-fitness\/\" class=\"plain\">Academias da Nike fecham nos EUA: o que isso nos ensina sobre gest\u00e3o no mercado fitness<\/a>\n\t\t\t\t\t<\/h5>\n\t\t\t\t\t\t\t\t\t\t<div class=\"is-divider\"><\/div>\n\t\t\t\t\t                    \n\t\t\t\t\t\n\t\t\t\t\t\n\t\t\t\t\t<\/div>\n\t\t\t\t\t<\/div>\n\t\t\t\t\t\t\t\t\t<\/div>\n\t\t\t<\/div>\n\t\t<\/div><\/div>\n\n\n\t\t<\/div>\n\t\t\t\t\t<\/div>\n\n\t\n\n\t<div id=\"col-1659199792\" class=\"col medium-3 small-12 large-3\"  >\n\t\t\t\t<div class=\"col-inner\"  >\n\t\t\t\n\t\t\t\n\n\t<div id=\"text-4135386396\" class=\"text\">\n\t\t\n\n<h6>SA\u00daDE E BEM-ESTAR<\/h6>\n\t\t\n<style>\n#text-4135386396 {\n  color: #17c3b2;\n}\n#text-4135386396 > * {\n  color: #17c3b2;\n}\n<\/style>\n\t<\/div>\n\t\n\n  \n    <div class=\"row large-columns-1 medium-columns-1 small-columns-1 row-xsmall\" >\n  <div class=\"col post-item\" >\n\t\t\t<div class=\"col-inner\">\n\t\t\t\t<div class=\"box box-default box-text-bottom box-blog-post has-hover\">\n            \t\t\t\t\t<div class=\"box-image\" >\n  \t\t\t\t\t\t<div class=\"image-cover\" style=\"padding-top:0px;\">\n\t\t\t\t\t\t\t<a href=\"https:\/\/www.fitnessbrasil.com.br\/es\/newsfitbr\/o-que-explica-os-casos-em-que-as-canetas-emagrecedoras-nao-funcionam\/\" class=\"plain\" aria-label=\"O que explica os casos em que as canetas \u201cemagrecedoras\u201d n\u00e3o funcionam\">\n\t\t\t\t\t\t\t\t<img decoding=\"async\" width=\"711\" height=\"400\" data-src=\"https:\/\/www.fitnessbrasil.com.br\/wp-content\/uploads\/2026\/04\/Caneta-Emagrecedora-711x400.jpeg\" class=\"attachment-medium size-medium wp-post-image lazyload\" alt=\"\" data-srcset=\"https:\/\/www.fitnessbrasil.com.br\/wp-content\/uploads\/2026\/04\/Caneta-Emagrecedora-711x400.jpeg 711w, https:\/\/www.fitnessbrasil.com.br\/wp-content\/uploads\/2026\/04\/Caneta-Emagrecedora-768x432.jpeg 768w, https:\/\/www.fitnessbrasil.com.br\/wp-content\/uploads\/2026\/04\/Caneta-Emagrecedora-18x10.jpeg 18w, https:\/\/www.fitnessbrasil.com.br\/wp-content\/uploads\/2026\/04\/Caneta-Emagrecedora-510x287.jpeg 510w, https:\/\/www.fitnessbrasil.com.br\/wp-content\/uploads\/2026\/04\/Caneta-Emagrecedora.jpeg 1280w\" data-sizes=\"(max-width: 711px) 100vw, 711px\" src=\"data:image\/svg+xml;base64,PHN2ZyB3aWR0aD0iMSIgaGVpZ2h0PSIxIiB4bWxucz0iaHR0cDovL3d3dy53My5vcmcvMjAwMC9zdmciPjwvc3ZnPg==\" style=\"--smush-placeholder-width: 711px; --smush-placeholder-aspect-ratio: 711\/400;\" \/>\t\t\t\t\t\t\t<\/a>\n  \t\t\t\t\t\t\t  \t\t\t\t\t\t\t  \t\t\t\t\t\t<\/div>\n  \t\t\t\t\t\t  \t\t\t\t\t<\/div>\n          \t\t\t\t\t<div class=\"box-text text-left\" >\n\t\t\t\t\t<div class=\"box-text-inner blog-post-inner\">\n\n\t\t\t\t\t\n\t\t\t\t\t\t\t\t\t\t<h5 class=\"post-title is-large\">\n\t\t\t\t\t\t<a href=\"https:\/\/www.fitnessbrasil.com.br\/es\/newsfitbr\/o-que-explica-os-casos-em-que-as-canetas-emagrecedoras-nao-funcionam\/\" class=\"plain\">O que explica os casos em que as canetas \u201cemagrecedoras\u201d n\u00e3o funcionam<\/a>\n\t\t\t\t\t<\/h5>\n\t\t\t\t\t\t\t\t\t\t<div class=\"is-divider\"><\/div>\n\t\t\t\t\t                    \n\t\t\t\t\t\n\t\t\t\t\t\n\t\t\t\t\t<\/div>\n\t\t\t\t\t<\/div>\n\t\t\t\t\t\t\t\t\t<\/div>\n\t\t\t<\/div>\n\t\t<\/div><div class=\"col post-item\" >\n\t\t\t<div class=\"col-inner\">\n\t\t\t\t<div class=\"box box-default box-text-bottom box-blog-post has-hover\">\n            \t\t\t\t\t<div class=\"box-image\" >\n  \t\t\t\t\t\t<div class=\"image-cover\" style=\"padding-top:0px;\">\n\t\t\t\t\t\t\t<a href=\"https:\/\/www.fitnessbrasil.com.br\/es\/newsfitbr\/excesso-e-escassez-de-carboidrato-podem-prejudicar-a-saude-cardiovascular\/\" class=\"plain\" aria-label=\"Excesso e escassez de carboidrato podem prejudicar a sa\u00fade cardiovascular\">\n\t\t\t\t\t\t\t\t<img decoding=\"async\" width=\"600\" height=\"400\" data-src=\"https:\/\/www.fitnessbrasil.com.br\/wp-content\/uploads\/2026\/04\/Excesso-E-Escassez-Carboidrato-Podem-Prejudicar-Saude-Cardiovascular-AdobeStock_459879835-600x400.jpeg\" class=\"attachment-medium size-medium wp-post-image lazyload\" alt=\"\" data-srcset=\"https:\/\/www.fitnessbrasil.com.br\/wp-content\/uploads\/2026\/04\/Excesso-E-Escassez-Carboidrato-Podem-Prejudicar-Saude-Cardiovascular-AdobeStock_459879835-600x400.jpeg 600w, https:\/\/www.fitnessbrasil.com.br\/wp-content\/uploads\/2026\/04\/Excesso-E-Escassez-Carboidrato-Podem-Prejudicar-Saude-Cardiovascular-AdobeStock_459879835-1200x800.jpeg 1200w, https:\/\/www.fitnessbrasil.com.br\/wp-content\/uploads\/2026\/04\/Excesso-E-Escassez-Carboidrato-Podem-Prejudicar-Saude-Cardiovascular-AdobeStock_459879835-768x512.jpeg 768w, https:\/\/www.fitnessbrasil.com.br\/wp-content\/uploads\/2026\/04\/Excesso-E-Escassez-Carboidrato-Podem-Prejudicar-Saude-Cardiovascular-AdobeStock_459879835-18x12.jpeg 18w, https:\/\/www.fitnessbrasil.com.br\/wp-content\/uploads\/2026\/04\/Excesso-E-Escassez-Carboidrato-Podem-Prejudicar-Saude-Cardiovascular-AdobeStock_459879835-510x340.jpeg 510w, https:\/\/www.fitnessbrasil.com.br\/wp-content\/uploads\/2026\/04\/Excesso-E-Escassez-Carboidrato-Podem-Prejudicar-Saude-Cardiovascular-AdobeStock_459879835.jpeg 1280w\" data-sizes=\"(max-width: 600px) 100vw, 600px\" src=\"data:image\/svg+xml;base64,PHN2ZyB3aWR0aD0iMSIgaGVpZ2h0PSIxIiB4bWxucz0iaHR0cDovL3d3dy53My5vcmcvMjAwMC9zdmciPjwvc3ZnPg==\" style=\"--smush-placeholder-width: 600px; --smush-placeholder-aspect-ratio: 600\/400;\" \/>\t\t\t\t\t\t\t<\/a>\n  \t\t\t\t\t\t\t  \t\t\t\t\t\t\t  \t\t\t\t\t\t<\/div>\n  \t\t\t\t\t\t  \t\t\t\t\t<\/div>\n          \t\t\t\t\t<div class=\"box-text text-left\" >\n\t\t\t\t\t<div class=\"box-text-inner blog-post-inner\">\n\n\t\t\t\t\t\n\t\t\t\t\t\t\t\t\t\t<h5 class=\"post-title is-large\">\n\t\t\t\t\t\t<a href=\"https:\/\/www.fitnessbrasil.com.br\/es\/newsfitbr\/excesso-e-escassez-de-carboidrato-podem-prejudicar-a-saude-cardiovascular\/\" class=\"plain\">Excesso e escassez de carboidrato podem prejudicar a sa\u00fade cardiovascular<\/a>\n\t\t\t\t\t<\/h5>\n\t\t\t\t\t\t\t\t\t\t<div class=\"is-divider\"><\/div>\n\t\t\t\t\t                    \n\t\t\t\t\t\n\t\t\t\t\t\n\t\t\t\t\t<\/div>\n\t\t\t\t\t<\/div>\n\t\t\t\t\t\t\t\t\t<\/div>\n\t\t\t<\/div>\n\t\t<\/div><div class=\"col post-item\" >\n\t\t\t<div class=\"col-inner\">\n\t\t\t\t<div class=\"box box-default box-text-bottom box-blog-post has-hover\">\n            \t\t\t\t\t<div class=\"box-image\" >\n  \t\t\t\t\t\t<div class=\"image-cover\" style=\"padding-top:0px;\">\n\t\t\t\t\t\t\t<a href=\"https:\/\/www.fitnessbrasil.com.br\/es\/newsfitbr\/aveia-e-aliada-contra-o-colesterol-alto-reforca-pesquisa\/\" class=\"plain\" aria-label=\"Aveia \u00e9 aliada contra o colesterol alto, refor\u00e7a pesquisa\">\n\t\t\t\t\t\t\t\t<img decoding=\"async\" width=\"600\" height=\"400\" data-src=\"https:\/\/www.fitnessbrasil.com.br\/wp-content\/uploads\/2026\/03\/Aveia-aliada-colesterol-alto-600x400.jpeg\" class=\"attachment-medium size-medium wp-post-image lazyload\" alt=\"\" data-srcset=\"https:\/\/www.fitnessbrasil.com.br\/wp-content\/uploads\/2026\/03\/Aveia-aliada-colesterol-alto-600x400.jpeg 600w, https:\/\/www.fitnessbrasil.com.br\/wp-content\/uploads\/2026\/03\/Aveia-aliada-colesterol-alto-1200x800.jpeg 1200w, https:\/\/www.fitnessbrasil.com.br\/wp-content\/uploads\/2026\/03\/Aveia-aliada-colesterol-alto-768x512.jpeg 768w, https:\/\/www.fitnessbrasil.com.br\/wp-content\/uploads\/2026\/03\/Aveia-aliada-colesterol-alto-18x12.jpeg 18w, https:\/\/www.fitnessbrasil.com.br\/wp-content\/uploads\/2026\/03\/Aveia-aliada-colesterol-alto-510x340.jpeg 510w, https:\/\/www.fitnessbrasil.com.br\/wp-content\/uploads\/2026\/03\/Aveia-aliada-colesterol-alto.jpeg 1280w\" data-sizes=\"(max-width: 600px) 100vw, 600px\" src=\"data:image\/svg+xml;base64,PHN2ZyB3aWR0aD0iMSIgaGVpZ2h0PSIxIiB4bWxucz0iaHR0cDovL3d3dy53My5vcmcvMjAwMC9zdmciPjwvc3ZnPg==\" style=\"--smush-placeholder-width: 600px; --smush-placeholder-aspect-ratio: 600\/400;\" \/>\t\t\t\t\t\t\t<\/a>\n  \t\t\t\t\t\t\t  \t\t\t\t\t\t\t  \t\t\t\t\t\t<\/div>\n  \t\t\t\t\t\t  \t\t\t\t\t<\/div>\n          \t\t\t\t\t<div class=\"box-text text-left\" >\n\t\t\t\t\t<div class=\"box-text-inner blog-post-inner\">\n\n\t\t\t\t\t\n\t\t\t\t\t\t\t\t\t\t<h5 class=\"post-title is-large\">\n\t\t\t\t\t\t<a href=\"https:\/\/www.fitnessbrasil.com.br\/es\/newsfitbr\/aveia-e-aliada-contra-o-colesterol-alto-reforca-pesquisa\/\" class=\"plain\">Aveia \u00e9 aliada contra o colesterol alto, refor\u00e7a pesquisa<\/a>\n\t\t\t\t\t<\/h5>\n\t\t\t\t\t\t\t\t\t\t<div class=\"is-divider\"><\/div>\n\t\t\t\t\t                    \n\t\t\t\t\t\n\t\t\t\t\t\n\t\t\t\t\t<\/div>\n\t\t\t\t\t<\/div>\n\t\t\t\t\t\t\t\t\t<\/div>\n\t\t\t<\/div>\n\t\t<\/div><div class=\"col post-item\" >\n\t\t\t<div class=\"col-inner\">\n\t\t\t\t<div class=\"box box-default box-text-bottom box-blog-post has-hover\">\n            \t\t\t\t\t<div class=\"box-image\" >\n  \t\t\t\t\t\t<div class=\"image-cover\" style=\"padding-top:0px;\">\n\t\t\t\t\t\t\t<a href=\"https:\/\/www.fitnessbrasil.com.br\/es\/newsfitbr\/correr-maratona-nao-prejudica-o-coracao-a-longo-prazo-aponta-estudo\/\" class=\"plain\" aria-label=\"Correr maratona n\u00e3o prejudica o cora\u00e7\u00e3o a longo prazo, aponta estudo\">\n\t\t\t\t\t\t\t\t<img decoding=\"async\" width=\"600\" height=\"400\" data-src=\"https:\/\/www.fitnessbrasil.com.br\/wp-content\/uploads\/2026\/03\/Correr-Maratona-Nao-Prejudica-O-Coracao-A-Longo-Prazo-AdobeStock_299434031-600x400.jpeg\" class=\"attachment-medium size-medium wp-post-image lazyload\" alt=\"\" data-srcset=\"https:\/\/www.fitnessbrasil.com.br\/wp-content\/uploads\/2026\/03\/Correr-Maratona-Nao-Prejudica-O-Coracao-A-Longo-Prazo-AdobeStock_299434031-600x400.jpeg 600w, https:\/\/www.fitnessbrasil.com.br\/wp-content\/uploads\/2026\/03\/Correr-Maratona-Nao-Prejudica-O-Coracao-A-Longo-Prazo-AdobeStock_299434031-1199x800.jpeg 1199w, https:\/\/www.fitnessbrasil.com.br\/wp-content\/uploads\/2026\/03\/Correr-Maratona-Nao-Prejudica-O-Coracao-A-Longo-Prazo-AdobeStock_299434031-768x512.jpeg 768w, https:\/\/www.fitnessbrasil.com.br\/wp-content\/uploads\/2026\/03\/Correr-Maratona-Nao-Prejudica-O-Coracao-A-Longo-Prazo-AdobeStock_299434031-18x12.jpeg 18w, https:\/\/www.fitnessbrasil.com.br\/wp-content\/uploads\/2026\/03\/Correr-Maratona-Nao-Prejudica-O-Coracao-A-Longo-Prazo-AdobeStock_299434031-510x340.jpeg 510w, https:\/\/www.fitnessbrasil.com.br\/wp-content\/uploads\/2026\/03\/Correr-Maratona-Nao-Prejudica-O-Coracao-A-Longo-Prazo-AdobeStock_299434031.jpeg 1280w\" data-sizes=\"(max-width: 600px) 100vw, 600px\" src=\"data:image\/svg+xml;base64,PHN2ZyB3aWR0aD0iMSIgaGVpZ2h0PSIxIiB4bWxucz0iaHR0cDovL3d3dy53My5vcmcvMjAwMC9zdmciPjwvc3ZnPg==\" style=\"--smush-placeholder-width: 600px; --smush-placeholder-aspect-ratio: 600\/400;\" \/>\t\t\t\t\t\t\t<\/a>\n  \t\t\t\t\t\t\t  \t\t\t\t\t\t\t  \t\t\t\t\t\t<\/div>\n  \t\t\t\t\t\t  \t\t\t\t\t<\/div>\n          \t\t\t\t\t<div class=\"box-text text-left\" >\n\t\t\t\t\t<div class=\"box-text-inner blog-post-inner\">\n\n\t\t\t\t\t\n\t\t\t\t\t\t\t\t\t\t<h5 class=\"post-title is-large\">\n\t\t\t\t\t\t<a href=\"https:\/\/www.fitnessbrasil.com.br\/es\/newsfitbr\/correr-maratona-nao-prejudica-o-coracao-a-longo-prazo-aponta-estudo\/\" class=\"plain\">Correr maratona n\u00e3o prejudica o cora\u00e7\u00e3o a longo prazo, aponta estudo<\/a>\n\t\t\t\t\t<\/h5>\n\t\t\t\t\t\t\t\t\t\t<div class=\"is-divider\"><\/div>\n\t\t\t\t\t                    \n\t\t\t\t\t\n\t\t\t\t\t\n\t\t\t\t\t<\/div>\n\t\t\t\t\t<\/div>\n\t\t\t\t\t\t\t\t\t<\/div>\n\t\t\t<\/div>\n\t\t<\/div><div class=\"col post-item\" >\n\t\t\t<div class=\"col-inner\">\n\t\t\t\t<div class=\"box box-default box-text-bottom box-blog-post has-hover\">\n            \t\t\t\t\t<div class=\"box-image\" >\n  \t\t\t\t\t\t<div class=\"image-cover\" style=\"padding-top:0px;\">\n\t\t\t\t\t\t\t<a href=\"https:\/\/www.fitnessbrasil.com.br\/es\/newsfitbr\/peso-na-balanca-e-pressao-estetica-obsessao-com-o-corpo-afeta-saude-mental-de-jovens-aponta-pesquisa\/\" class=\"plain\" aria-label=\"Peso na balan\u00e7a e press\u00e3o est\u00e9tica: obsess\u00e3o com o corpo afeta sa\u00fade mental de jovens, aponta pesquisa\">\n\t\t\t\t\t\t\t\t<img decoding=\"async\" width=\"600\" height=\"400\" data-src=\"https:\/\/www.fitnessbrasil.com.br\/wp-content\/uploads\/2026\/03\/Balanca-Estudo-AdobeStock_355349948-600x400.jpg\" class=\"attachment-medium size-medium wp-post-image lazyload\" alt=\"\" data-srcset=\"https:\/\/www.fitnessbrasil.com.br\/wp-content\/uploads\/2026\/03\/Balanca-Estudo-AdobeStock_355349948-600x400.jpg 600w, https:\/\/www.fitnessbrasil.com.br\/wp-content\/uploads\/2026\/03\/Balanca-Estudo-AdobeStock_355349948-1200x800.jpg 1200w, https:\/\/www.fitnessbrasil.com.br\/wp-content\/uploads\/2026\/03\/Balanca-Estudo-AdobeStock_355349948-768x512.jpg 768w, https:\/\/www.fitnessbrasil.com.br\/wp-content\/uploads\/2026\/03\/Balanca-Estudo-AdobeStock_355349948-1536x1024.jpg 1536w, https:\/\/www.fitnessbrasil.com.br\/wp-content\/uploads\/2026\/03\/Balanca-Estudo-AdobeStock_355349948-18x12.jpg 18w, https:\/\/www.fitnessbrasil.com.br\/wp-content\/uploads\/2026\/03\/Balanca-Estudo-AdobeStock_355349948-510x340.jpg 510w, https:\/\/www.fitnessbrasil.com.br\/wp-content\/uploads\/2026\/03\/Balanca-Estudo-AdobeStock_355349948.jpg 1600w\" data-sizes=\"(max-width: 600px) 100vw, 600px\" src=\"data:image\/svg+xml;base64,PHN2ZyB3aWR0aD0iMSIgaGVpZ2h0PSIxIiB4bWxucz0iaHR0cDovL3d3dy53My5vcmcvMjAwMC9zdmciPjwvc3ZnPg==\" style=\"--smush-placeholder-width: 600px; --smush-placeholder-aspect-ratio: 600\/400;\" \/>\t\t\t\t\t\t\t<\/a>\n  \t\t\t\t\t\t\t  \t\t\t\t\t\t\t  \t\t\t\t\t\t<\/div>\n  \t\t\t\t\t\t  \t\t\t\t\t<\/div>\n          \t\t\t\t\t<div class=\"box-text text-left\" >\n\t\t\t\t\t<div class=\"box-text-inner blog-post-inner\">\n\n\t\t\t\t\t\n\t\t\t\t\t\t\t\t\t\t<h5 class=\"post-title is-large\">\n\t\t\t\t\t\t<a href=\"https:\/\/www.fitnessbrasil.com.br\/es\/newsfitbr\/peso-na-balanca-e-pressao-estetica-obsessao-com-o-corpo-afeta-saude-mental-de-jovens-aponta-pesquisa\/\" class=\"plain\">Peso na balan\u00e7a e press\u00e3o est\u00e9tica: obsess\u00e3o com o corpo afeta sa\u00fade mental de jovens, aponta pesquisa<\/a>\n\t\t\t\t\t<\/h5>\n\t\t\t\t\t\t\t\t\t\t<div class=\"is-divider\"><\/div>\n\t\t\t\t\t                    \n\t\t\t\t\t\n\t\t\t\t\t\n\t\t\t\t\t<\/div>\n\t\t\t\t\t<\/div>\n\t\t\t\t\t\t\t\t\t<\/div>\n\t\t\t<\/div>\n\t\t<\/div><\/div>\n\n\n\t\t<\/div>\n\t\t\t\t\t<\/div>\n\n\t\n\n<\/div>\n\n\t\t<\/div>\n\n\t\t\n<style>\n#section_1169345005 {\n  padding-top: 0px;\n  padding-bottom: 0px;\n}\n<\/style>\n\t<\/section>","protected":false},"excerpt":{"rendered":"","protected":false},"author":2,"featured_media":0,"parent":0,"menu_order":0,"comment_status":"closed","ping_status":"closed","template":"page-blank.php","meta":{"_acf_changed":false,"footnotes":""},"folder":[],"class_list":["post-6275","page","type-page","status-publish","hentry"],"acf":[],"yoast_head":"<!-- This site is optimized with the Yoast SEO plugin v27.4 - https:\/\/yoast.com\/product\/yoast-seo-wordpress\/ -->\n<title>ALESSANDRO MENDES - Fitness Brasil<\/title>\n<meta name=\"robots\" content=\"index, follow, max-snippet:-1, max-image-preview:large, max-video-preview:-1\" \/>\n<link rel=\"canonical\" href=\"https:\/\/www.fitnessbrasil.com.br\/es\/alessandro-mendes\/\" \/>\n<meta property=\"og:locale\" content=\"es_ES\" \/>\n<meta property=\"og:type\" content=\"article\" \/>\n<meta property=\"og:title\" content=\"ALESSANDRO MENDES - Fitness Brasil\" \/>\n<meta property=\"og:url\" content=\"https:\/\/www.fitnessbrasil.com.br\/es\/alessandro-mendes\/\" \/>\n<meta property=\"og:site_name\" content=\"Fitness Brasil\" \/>\n<meta property=\"article:modified_time\" content=\"2022-04-11T18:51:00+00:00\" \/>\n<meta name=\"twitter:card\" content=\"summary_large_image\" \/>\n<meta name=\"twitter:label1\" content=\"Tiempo de lectura\" \/>\n\t<meta name=\"twitter:data1\" content=\"1 minuto\" \/>\n<script type=\"application\/ld+json\" class=\"yoast-schema-graph\">{\"@context\":\"https:\\\/\\\/schema.org\",\"@graph\":[{\"@type\":\"WebPage\",\"@id\":\"https:\\\/\\\/www.fitnessbrasil.com.br\\\/alessandro-mendes\\\/\",\"url\":\"https:\\\/\\\/www.fitnessbrasil.com.br\\\/alessandro-mendes\\\/\",\"name\":\"ALESSANDRO MENDES - Fitness Brasil\",\"isPartOf\":{\"@id\":\"https:\\\/\\\/www.fitnessbrasil.com.br\\\/#website\"},\"datePublished\":\"2022-04-11T18:16:21+00:00\",\"dateModified\":\"2022-04-11T18:51:00+00:00\",\"breadcrumb\":{\"@id\":\"https:\\\/\\\/www.fitnessbrasil.com.br\\\/alessandro-mendes\\\/#breadcrumb\"},\"inLanguage\":\"es\",\"potentialAction\":[{\"@type\":\"ReadAction\",\"target\":[\"https:\\\/\\\/www.fitnessbrasil.com.br\\\/alessandro-mendes\\\/\"]}]},{\"@type\":\"BreadcrumbList\",\"@id\":\"https:\\\/\\\/www.fitnessbrasil.com.br\\\/alessandro-mendes\\\/#breadcrumb\",\"itemListElement\":[{\"@type\":\"ListItem\",\"position\":1,\"name\":\"In\u00edcio\",\"item\":\"https:\\\/\\\/www.fitnessbrasil.com.br\\\/\"},{\"@type\":\"ListItem\",\"position\":2,\"name\":\"ALESSANDRO MENDES\"}]},{\"@type\":\"WebSite\",\"@id\":\"https:\\\/\\\/www.fitnessbrasil.com.br\\\/#website\",\"url\":\"https:\\\/\\\/www.fitnessbrasil.com.br\\\/\",\"name\":\"Fitness Brasil\",\"description\":\"\",\"publisher\":{\"@id\":\"https:\\\/\\\/www.fitnessbrasil.com.br\\\/#organization\"},\"potentialAction\":[{\"@type\":\"SearchAction\",\"target\":{\"@type\":\"EntryPoint\",\"urlTemplate\":\"https:\\\/\\\/www.fitnessbrasil.com.br\\\/?s={search_term_string}\"},\"query-input\":{\"@type\":\"PropertyValueSpecification\",\"valueRequired\":true,\"valueName\":\"search_term_string\"}}],\"inLanguage\":\"es\"},{\"@type\":\"Organization\",\"@id\":\"https:\\\/\\\/www.fitnessbrasil.com.br\\\/#organization\",\"name\":\"Fitness Brasil\",\"url\":\"https:\\\/\\\/www.fitnessbrasil.com.br\\\/\",\"logo\":{\"@type\":\"ImageObject\",\"inLanguage\":\"es\",\"@id\":\"https:\\\/\\\/www.fitnessbrasil.com.br\\\/#\\\/schema\\\/logo\\\/image\\\/\",\"url\":\"https:\\\/\\\/www.fitnessbrasil.com.br\\\/wp-content\\\/uploads\\\/2022\\\/01\\\/Logo-Fitness-Brasil_preto-e-cor.png\",\"contentUrl\":\"https:\\\/\\\/www.fitnessbrasil.com.br\\\/wp-content\\\/uploads\\\/2022\\\/01\\\/Logo-Fitness-Brasil_preto-e-cor.png\",\"width\":593,\"height\":316,\"caption\":\"Fitness Brasil\"},\"image\":{\"@id\":\"https:\\\/\\\/www.fitnessbrasil.com.br\\\/#\\\/schema\\\/logo\\\/image\\\/\"}}]}<\/script>\n<!-- \/ Yoast SEO plugin. -->","yoast_head_json":{"title":"ALESSANDRO MENDES - Fitness Brasil","robots":{"index":"index","follow":"follow","max-snippet":"max-snippet:-1","max-image-preview":"max-image-preview:large","max-video-preview":"max-video-preview:-1"},"canonical":"https:\/\/www.fitnessbrasil.com.br\/es\/alessandro-mendes\/","og_locale":"es_ES","og_type":"article","og_title":"ALESSANDRO MENDES - Fitness Brasil","og_url":"https:\/\/www.fitnessbrasil.com.br\/es\/alessandro-mendes\/","og_site_name":"Fitness Brasil","article_modified_time":"2022-04-11T18:51:00+00:00","twitter_card":"summary_large_image","twitter_misc":{"Tiempo de lectura":"1 minuto"},"schema":{"@context":"https:\/\/schema.org","@graph":[{"@type":"WebPage","@id":"https:\/\/www.fitnessbrasil.com.br\/alessandro-mendes\/","url":"https:\/\/www.fitnessbrasil.com.br\/alessandro-mendes\/","name":"ALESSANDRO MENDES - Fitness Brasil","isPartOf":{"@id":"https:\/\/www.fitnessbrasil.com.br\/#website"},"datePublished":"2022-04-11T18:16:21+00:00","dateModified":"2022-04-11T18:51:00+00:00","breadcrumb":{"@id":"https:\/\/www.fitnessbrasil.com.br\/alessandro-mendes\/#breadcrumb"},"inLanguage":"es","potentialAction":[{"@type":"ReadAction","target":["https:\/\/www.fitnessbrasil.com.br\/alessandro-mendes\/"]}]},{"@type":"BreadcrumbList","@id":"https:\/\/www.fitnessbrasil.com.br\/alessandro-mendes\/#breadcrumb","itemListElement":[{"@type":"ListItem","position":1,"name":"In\u00edcio","item":"https:\/\/www.fitnessbrasil.com.br\/"},{"@type":"ListItem","position":2,"name":"ALESSANDRO MENDES"}]},{"@type":"WebSite","@id":"https:\/\/www.fitnessbrasil.com.br\/#website","url":"https:\/\/www.fitnessbrasil.com.br\/","name":"Fitness Brasil","description":"","publisher":{"@id":"https:\/\/www.fitnessbrasil.com.br\/#organization"},"potentialAction":[{"@type":"SearchAction","target":{"@type":"EntryPoint","urlTemplate":"https:\/\/www.fitnessbrasil.com.br\/?s={search_term_string}"},"query-input":{"@type":"PropertyValueSpecification","valueRequired":true,"valueName":"search_term_string"}}],"inLanguage":"es"},{"@type":"Organization","@id":"https:\/\/www.fitnessbrasil.com.br\/#organization","name":"Fitness Brasil","url":"https:\/\/www.fitnessbrasil.com.br\/","logo":{"@type":"ImageObject","inLanguage":"es","@id":"https:\/\/www.fitnessbrasil.com.br\/#\/schema\/logo\/image\/","url":"https:\/\/www.fitnessbrasil.com.br\/wp-content\/uploads\/2022\/01\/Logo-Fitness-Brasil_preto-e-cor.png","contentUrl":"https:\/\/www.fitnessbrasil.com.br\/wp-content\/uploads\/2022\/01\/Logo-Fitness-Brasil_preto-e-cor.png","width":593,"height":316,"caption":"Fitness Brasil"},"image":{"@id":"https:\/\/www.fitnessbrasil.com.br\/#\/schema\/logo\/image\/"}}]}},"_links":{"self":[{"href":"https:\/\/www.fitnessbrasil.com.br\/es\/wp-json\/wp\/v2\/pages\/6275","targetHints":{"allow":["GET"]}}],"collection":[{"href":"https:\/\/www.fitnessbrasil.com.br\/es\/wp-json\/wp\/v2\/pages"}],"about":[{"href":"https:\/\/www.fitnessbrasil.com.br\/es\/wp-json\/wp\/v2\/types\/page"}],"author":[{"embeddable":true,"href":"https:\/\/www.fitnessbrasil.com.br\/es\/wp-json\/wp\/v2\/users\/2"}],"replies":[{"embeddable":true,"href":"https:\/\/www.fitnessbrasil.com.br\/es\/wp-json\/wp\/v2\/comments?post=6275"}],"version-history":[{"count":0,"href":"https:\/\/www.fitnessbrasil.com.br\/es\/wp-json\/wp\/v2\/pages\/6275\/revisions"}],"wp:attachment":[{"href":"https:\/\/www.fitnessbrasil.com.br\/es\/wp-json\/wp\/v2\/media?parent=6275"}],"wp:term":[{"taxonomy":"folder","embeddable":true,"href":"https:\/\/www.fitnessbrasil.com.br\/es\/wp-json\/wp\/v2\/folder?post=6275"}],"curies":[{"name":"wp","href":"https:\/\/api.w.org\/{rel}","templated":true}]}}