{"id":95192,"date":"2024-07-18T19:32:41","date_gmt":"2024-07-18T22:32:41","guid":{"rendered":"https:\/\/www.fitnessbrasil.com.br\/?page_id=95192"},"modified":"2024-09-26T17:35:47","modified_gmt":"2024-09-26T20:35:47","slug":"gestao-executiva","status":"publish","type":"page","link":"https:\/\/www.fitnessbrasil.com.br\/es\/gestao-executiva\/","title":{"rendered":"Gestao Executiva"},"content":{"rendered":"\n\t\t<div class=\"hidden\">\n\t\t\t\t\n\n<link rel=\"preconnect\" href=\"https:\/\/fonts.googleapis.com\">\n<link rel=\"preconnect\" href=\"https:\/\/fonts.gstatic.com\" crossorigin>\n<link href=\"https:\/\/fonts.googleapis.com\/css2?family=Montserrat:ital,wght@0,100..900;1,100..900&#038;display=swap\" rel=\"stylesheet\">\n\n<style>\n\nbody{\nfont-family: \"Montserrat\", sans-serif;}\n\nh1,\nh2,\nh3,\nh4{\nfont-weight: 900;\nfont-family: \"Montserrat\", sans-serif;\n}\n\nh1{\nfont-family: \"Montserrat\", sans-serif;}\n\n    h2{\n        text-align: center !important;    \n        font-size: 30px;\n        margin: 0px;\n\n    }\n    h3{\n        text-align: center !important;\n        font-size: 30px;\n        margin: 0px;\n\n    }\n\n    \n    .section-title-container {\n        margin-bottom: 0px;\n    }\n    \n    .section-title-normal span {\n        border-bottom: none;\n        margin-bottom: 0px;\n        margin-right: 0px;\n        padding-bottom: 0px;\n    }\n    \n    .section-title {\n        display: block;\n    }\n    \n    .section-title-normal {\n        border-bottom: none;\n    }\n    \n    .col{\n    padding: 0px;\n    }\n    \n    .col.cta{\n        margin-top: 30px;\n    }\n    \n    .col.cta a {\n        background: rgb(188,55,107);\n    background: linear-gradient(-42deg, rgba(188,55,107,1) 0%, rgba(155,44,87,1) 50%, rgba(188,55,107,1) 100%);\n        border-radius: 0px !important;\n        width: 100%;\nfont-weight: 900;\n    }\n    \n    .col.cta p{\n        text-transform:uppercase;\n        font-weight: 700;\n        color: #d5dabb;\n    }\n    \n<\/style>\n\t\t<\/div>\n\t\n\t\t<div class=\"show-for-small\">\n\t\t\t\t\n\n<style>@media (max-width: 768px) {\n    .section.header{}\n    .section.banner{}\n    .section.professores{}\n    .section.boxes{}\n    .section.programa{}\n    .section.porque{}\n    .section.calendario{}\n    .section.perguntas{}\n\n\/*.section.header{\n    padding:20px !important;\n}\n.section.banner,\n.section.professores,\n.section.boxes,\n.section.programa,\n.section.porque,\n.section.calendario,\n.section.perguntas{\n    padding: 60px 20px 60px 20px !important;\n}*\/\n\n    .cta{\n        padding:20px !important;\n        font-size: 95%;\n    }\n\n    .cta a{\n    }\n\n    \n\n\n}\n    \n<\/style>\n\t\t<\/div>\n\t\n\n\t<section class=\"section header\" id=\"section_1764470259\">\n\t\t<div class=\"section-bg fill\" >\n\t\t\t\t\t\t\t\t\t\n\t\t\t\n\n\t\t<\/div>\n\n\t\t\n\n\t\t<div class=\"section-content relative\">\n\t\t\t\n\n<div class=\"row align-middle\"  id=\"row-1150178025\">\n\n\n\t<div id=\"col-1126166761\" class=\"col secao-logo medium-4 small-12 large-4\"  >\n\t\t\t\t<div class=\"col-inner\"  >\n\t\t\t\n\t\t\t\n\n\t<div class=\"img has-hover x md-x lg-x y md-y lg-y\" id=\"image_35327096\">\n\t\t\t\t\t\t\t\t<div class=\"img-inner dark\" >\n\t\t\t<img decoding=\"async\" width=\"462\" height=\"58\" data-src=\"https:\/\/www.fitnessbrasil.com.br\/wp-content\/uploads\/2024\/07\/Logo-FitnessBrasil.png\" class=\"attachment-large size-large lazyload\" alt=\"\" data-srcset=\"https:\/\/www.fitnessbrasil.com.br\/wp-content\/uploads\/2024\/07\/Logo-FitnessBrasil.png 462w, https:\/\/www.fitnessbrasil.com.br\/wp-content\/uploads\/2024\/07\/Logo-FitnessBrasil-18x2.png 18w\" data-sizes=\"(max-width: 462px) 100vw, 462px\" src=\"data:image\/svg+xml;base64,PHN2ZyB3aWR0aD0iMSIgaGVpZ2h0PSIxIiB4bWxucz0iaHR0cDovL3d3dy53My5vcmcvMjAwMC9zdmciPjwvc3ZnPg==\" style=\"--smush-placeholder-width: 462px; --smush-placeholder-aspect-ratio: 462\/58;\" \/>\t\t\t\t\t\t\n\t\t\t\t\t<\/div>\n\t\t\t\t\t\t\t\t\n<style>\n#image_35327096 {\n  width: 100%;\n}\n<\/style>\n\t<\/div>\n\t\n\n\n\t\t<\/div>\n\t\t\t\t\n<style>\n#col-1126166761 > .col-inner {\n  padding: 0px 0px 0px 0px;\n  margin: 0px 0px 0px 0px;\n}\n<\/style>\n\t<\/div>\n\n\t\n\n\t<div id=\"col-1922922159\" class=\"col imagens medium-8 small-12 large-8\"  >\n\t\t\t\t<div class=\"col-inner\"  >\n\t\t\t\n\t\t\t\n\n\t<div id=\"gap-755683077\" class=\"gap-element clearfix\" style=\"display:block; height:auto;\">\n\t\t\n<style>\n#gap-755683077 {\n  padding-top: 10px;\n}\n<\/style>\n\t<\/div>\n\t\n\n\n\t\t<\/div>\n\t\t\t\t\t<\/div>\n\n\t\n\n\n<style>\n#row-1150178025 > .col > .col-inner {\n  padding: 0px 0px 0px 0px;\n}\n<\/style>\n<\/div>\n\n\n<style>\n\n@media (max-width: 768px) {\n\n    .section.header{\n        padding: 20px;\n    }\n\n}\n\n<\/style>\n\n\n\t\t<\/div>\n\n\t\t\n<style>\n#section_1764470259 {\n  padding-top: 30px;\n  padding-bottom: 30px;\n}\n<\/style>\n\t<\/section>\n\t\n\n\t<section class=\"section banner dark\" id=\"section_534607537\">\n\t\t<div class=\"section-bg fill\" >\n\t\t\t<img decoding=\"async\" width=\"1920\" height=\"1138\" data-src=\"https:\/\/www.fitnessbrasil.com.br\/wp-content\/uploads\/2024\/07\/FundoBanner.jpg\" class=\"bg lazyload\" alt=\"\" data-srcset=\"https:\/\/www.fitnessbrasil.com.br\/wp-content\/uploads\/2024\/07\/FundoBanner.jpg 1920w, https:\/\/www.fitnessbrasil.com.br\/wp-content\/uploads\/2024\/07\/FundoBanner-675x400.jpg 675w, https:\/\/www.fitnessbrasil.com.br\/wp-content\/uploads\/2024\/07\/FundoBanner-1350x800.jpg 1350w, https:\/\/www.fitnessbrasil.com.br\/wp-content\/uploads\/2024\/07\/FundoBanner-768x455.jpg 768w, https:\/\/www.fitnessbrasil.com.br\/wp-content\/uploads\/2024\/07\/FundoBanner-1536x910.jpg 1536w, https:\/\/www.fitnessbrasil.com.br\/wp-content\/uploads\/2024\/07\/FundoBanner-18x12.jpg 18w, https:\/\/www.fitnessbrasil.com.br\/wp-content\/uploads\/2024\/07\/FundoBanner-510x302.jpg 510w\" data-sizes=\"(max-width: 1920px) 100vw, 1920px\" src=\"data:image\/svg+xml;base64,PHN2ZyB3aWR0aD0iMSIgaGVpZ2h0PSIxIiB4bWxucz0iaHR0cDovL3d3dy53My5vcmcvMjAwMC9zdmciPjwvc3ZnPg==\" style=\"--smush-placeholder-width: 1920px; --smush-placeholder-aspect-ratio: 1920\/1138;\" \/>\t\t\t\t\t\t\n\t\t\t\n\n\t\t<\/div>\n\n\t\t\n\n\t\t<div class=\"section-content relative\">\n\t\t\t\n\n\n\n<style>\n\n    \n    section.header {\n        z-index: 9999;\n    }\n    \n    .section.banner{\n        min-height: 500px\n    }\n    \n    .grafismo-maior{\n        position: absolute !important;\n        left: -550px;\n        top: -200px;\n        width: 900px !important;\n        z-index: 1;\n    }\n    \n    .casal{\n        position: absolute !important;\n        z-index: 2;\n    }\n    \n    .grafismo-menor{\n        position: absolute !important;\n        right: -150px;\n        top: 300px;\n        width: 300px !important;\n        z-index: 3;\n    }\n    \n    .selo{\n        position: absolute !important;\n        z-index: 4;\n        width: 250px !important;\n        right: 35px;\n        top: 350px;\n    }\n    \n    \/*col textos*\/\n    div#col-1353483311 {\n        z-index: 10\n    }\n    \/*col imagens*\/\n    div#col-1465832576 {}\n    \n    .section.banner .col.textos{\n        z-index: 99 !important;\n    }\n    \n    .section.banner .col.textos h1{\n        font-size: 28px !important;\n        line-height: 1.2 !important;;\n        font-weight: 900 !important;\n        \n    }\n    \n    .section.banner .col.textos ul {\n        list-style: none;\n        padding: 0 !important;\n    }\n    \n    .section.banner .col.textos ul li {\n        position: relative;\n        padding-left: 35px; \/* Ajusta o espa\u00e7amento \u00e0 esquerda conforme necess\u00e1rio *\/\n        margin-bottom: 10px; \/* Ajusta o espa\u00e7amento entre os itens conforme necess\u00e1rio *\/\n        margin-left: 0;\n        font-size: 15px !important;\n    }\n    \n    .section.banner .col.textos ul li:before {\n        content: \"\";\n        position: absolute;\n        left: 0;\n        top: 50%;\n        transform: translateY(-50%);\n        width: 25px; \/* Ajusta o tamanho do \u00edcone conforme necess\u00e1rio *\/\n        height: 25px; \/* Ajusta o tamanho do \u00edcone conforme necess\u00e1rio *\/\n        background-image: url('https:\/\/www.fitnessbrasil.com.br\/wp-content\/uploads\/2024\/07\/CHECK-rosa.png');\n        background-size: contain;\n        background-repeat: no-repeat;\n    }\n    \n    \n    \n    .section.banner .col.imagens{\n        z-index: 10 !important;\n    }\n\n.section.banner h1{\n    padding: 20px 0;\n    border-top: 1px solid #ffffff1a;\n    border-bottom: 1px solid #ffffff1a;\n    margin: 20px 0;\n}\n\n.section.banner li{\n    border-bottom: 1px solid #ffffff1a;\n}\n\n.section.banner .casal{\n    right: -30px;\n    width: 600px !important;\n}\n    \n\n@media (max-width: 768px) {\n\n    .section.banner {\n        padding: 20px;\n    }\n\n.section.banner .casal{\n    width: 100% !important;\n    right: 0px;\n    position: relative;\n}\n.section.banner .grafismo-maior{}\n.section.banner .grafismo-menor{}\n\n    .selo,\n    .section.banner .selo{\n    width: 120px important;\n    top: 150px;\n    right: -190px;\n    position: relative !important;\n    margin-bottom: 100px;\n}\n\n    .section.banner .selo .img-inner{\n        max-width: 150px !important;\n    }\n\n    .cta{\n        z-index: 999;\n    }\n\n}\n    \n    \n    <\/style>\n\n<div class=\"row\"  id=\"row-2024773660\">\n\n\n\t<div id=\"col-1361004679\" class=\"col textos medium-6 small-12 large-6\"  >\n\t\t\t\t<div class=\"col-inner\"  >\n\t\t\t\n\t\t\t\n\n\t<div class=\"img has-hover x md-x lg-x y md-y lg-y\" id=\"image_840453804\">\n\t\t\t\t\t\t\t\t<div class=\"img-inner dark\" >\n\t\t\t<img decoding=\"async\" width=\"1020\" height=\"270\" data-src=\"https:\/\/www.fitnessbrasil.com.br\/wp-content\/uploads\/2024\/07\/GESTAOEXEC_LOGO.png\" class=\"attachment-large size-large lazyload\" alt=\"\" data-srcset=\"https:\/\/www.fitnessbrasil.com.br\/wp-content\/uploads\/2024\/07\/GESTAOEXEC_LOGO.png 1191w, https:\/\/www.fitnessbrasil.com.br\/wp-content\/uploads\/2024\/07\/GESTAOEXEC_LOGO-800x212.png 800w, https:\/\/www.fitnessbrasil.com.br\/wp-content\/uploads\/2024\/07\/GESTAOEXEC_LOGO-768x203.png 768w, https:\/\/www.fitnessbrasil.com.br\/wp-content\/uploads\/2024\/07\/GESTAOEXEC_LOGO-18x5.png 18w, https:\/\/www.fitnessbrasil.com.br\/wp-content\/uploads\/2024\/07\/GESTAOEXEC_LOGO-510x135.png 510w\" data-sizes=\"(max-width: 1020px) 100vw, 1020px\" src=\"data:image\/svg+xml;base64,PHN2ZyB3aWR0aD0iMSIgaGVpZ2h0PSIxIiB4bWxucz0iaHR0cDovL3d3dy53My5vcmcvMjAwMC9zdmciPjwvc3ZnPg==\" style=\"--smush-placeholder-width: 1020px; --smush-placeholder-aspect-ratio: 1020\/270;\" \/>\t\t\t\t\t\t\n\t\t\t\t\t<\/div>\n\t\t\t\t\t\t\t\t\n<style>\n#image_840453804 {\n  width: 100%;\n}\n<\/style>\n\t<\/div>\n\t\n\n<div class=\"container section-title-container\" style=\"margin-bottom:-25px;\"><h1 class=\"section-title section-title-normal\"><b><\/b><span class=\"section-title-main\" style=\"color:rgb(233, 66, 130);\">O MELHOR PROGRAMA EDUCACIONAL DE ALTA PERFORMANCE EM GEST\u00c3O PARA POTENCIALIZAR SEU NEG\u00d3CIO.<\/span><b><\/b><\/h1><\/div>\n\n\t<div id=\"text-3458534635\" class=\"text\">\n\t\t\n\n<p style=\"text-align: center;\"><strong>ACADEMIAS + EST\u00daDIOS + ASSESSORIAS + CLUBES<\/strong><\/p>\n\t\t\n<style>\n#text-3458534635 {\n  line-height: 1.6;\n  text-align: center;\n}\n<\/style>\n\t<\/div>\n\t\n<p><strong>Voc\u00ea ir\u00e1 aprender\u2026<\/strong><\/p>\n<ul>\n<li>Como <strong>aumentar o lucro<\/strong> do seu neg\u00f3cio;<\/li>\n<li>Como <strong>se posicionar de forma inteligente e estrat\u00e9gica<\/strong> em um mercado altamente competitivo;<\/li>\n<li>Como <strong>dominar as melhores pr\u00e1ticas de gest\u00e3o<\/strong> para sua empresa;<\/li>\n<li>Como <strong>construir uma cultura com valor forte<\/strong> e inabal\u00e1vel;<\/li>\n<li>Como <strong>ser um estrategista e n\u00e3o ser um funcion\u00e1rio<\/strong> do seu pr\u00f3prio neg\u00f3cio;<\/li>\n<li>Como <strong>ser um l\u00edder reconhecido<\/strong> pelo seu time e pelo mercado<\/li>\n<\/ul>\n\n\t\t<\/div>\n\t\t\t\t\t<\/div>\n\n\t\n\n\t<div id=\"col-1721517094\" class=\"col imagens medium-6 small-12 large-6\"  >\n\t\t\t\t<div class=\"col-inner\"  >\n\t\t\t\n\t\t\t\n\n\t<div class=\"img has-hover casal x md-x lg-x y md-y lg-y\" id=\"image_1112270846\">\n\t\t\t\t\t\t\t\t<div class=\"img-inner dark\" >\n\t\t\t<img decoding=\"async\" width=\"1101\" height=\"1030\" data-src=\"https:\/\/www.fitnessbrasil.com.br\/wp-content\/uploads\/2024\/07\/casal_v2-1.png\" class=\"attachment-original size-original lazyload\" alt=\"\" data-srcset=\"https:\/\/www.fitnessbrasil.com.br\/wp-content\/uploads\/2024\/07\/casal_v2-1.png 1101w, https:\/\/www.fitnessbrasil.com.br\/wp-content\/uploads\/2024\/07\/casal_v2-1-428x400.png 428w, https:\/\/www.fitnessbrasil.com.br\/wp-content\/uploads\/2024\/07\/casal_v2-1-855x800.png 855w, https:\/\/www.fitnessbrasil.com.br\/wp-content\/uploads\/2024\/07\/casal_v2-1-768x718.png 768w, https:\/\/www.fitnessbrasil.com.br\/wp-content\/uploads\/2024\/07\/casal_v2-1-13x12.png 13w, https:\/\/www.fitnessbrasil.com.br\/wp-content\/uploads\/2024\/07\/casal_v2-1-510x477.png 510w\" data-sizes=\"(max-width: 1101px) 100vw, 1101px\" src=\"data:image\/svg+xml;base64,PHN2ZyB3aWR0aD0iMSIgaGVpZ2h0PSIxIiB4bWxucz0iaHR0cDovL3d3dy53My5vcmcvMjAwMC9zdmciPjwvc3ZnPg==\" style=\"--smush-placeholder-width: 1101px; --smush-placeholder-aspect-ratio: 1101\/1030;\" \/>\t\t\t\t\t\t\n\t\t\t\t\t<\/div>\n\t\t\t\t\t\t\t\t\n<style>\n#image_1112270846 {\n  width: 100%;\n}\n<\/style>\n\t<\/div>\n\t\n\n\t<div class=\"img has-hover grafismo-maior x md-x lg-x y md-y lg-y\" id=\"image_1411676630\">\n\t\t\t\t\t\t\t\t<div class=\"img-inner dark\" >\n\t\t\t<img decoding=\"async\" width=\"1689\" height=\"1376\" data-src=\"https:\/\/www.fitnessbrasil.com.br\/wp-content\/uploads\/2024\/07\/GRafismoMaior.png\" class=\"attachment-original size-original lazyload\" alt=\"\" data-srcset=\"https:\/\/www.fitnessbrasil.com.br\/wp-content\/uploads\/2024\/07\/GRafismoMaior.png 1689w, https:\/\/www.fitnessbrasil.com.br\/wp-content\/uploads\/2024\/07\/GRafismoMaior-491x400.png 491w, https:\/\/www.fitnessbrasil.com.br\/wp-content\/uploads\/2024\/07\/GRafismoMaior-982x800.png 982w, https:\/\/www.fitnessbrasil.com.br\/wp-content\/uploads\/2024\/07\/GRafismoMaior-768x626.png 768w, https:\/\/www.fitnessbrasil.com.br\/wp-content\/uploads\/2024\/07\/GRafismoMaior-1536x1251.png 1536w, https:\/\/www.fitnessbrasil.com.br\/wp-content\/uploads\/2024\/07\/GRafismoMaior-15x12.png 15w, https:\/\/www.fitnessbrasil.com.br\/wp-content\/uploads\/2024\/07\/GRafismoMaior-510x415.png 510w\" data-sizes=\"(max-width: 1689px) 100vw, 1689px\" src=\"data:image\/svg+xml;base64,PHN2ZyB3aWR0aD0iMSIgaGVpZ2h0PSIxIiB4bWxucz0iaHR0cDovL3d3dy53My5vcmcvMjAwMC9zdmciPjwvc3ZnPg==\" style=\"--smush-placeholder-width: 1689px; --smush-placeholder-aspect-ratio: 1689\/1376;\" \/>\t\t\t\t\t\t\n\t\t\t\t\t<\/div>\n\t\t\t\t\t\t\t\t\n<style>\n#image_1411676630 {\n  width: 100%;\n}\n<\/style>\n\t<\/div>\n\t\n\n\t<div class=\"img has-hover grafismo-menor x md-x lg-x y md-y lg-y\" id=\"image_512130213\">\n\t\t\t\t\t\t\t\t<div class=\"img-inner dark\" >\n\t\t\t<img decoding=\"async\" width=\"598\" height=\"511\" data-src=\"https:\/\/www.fitnessbrasil.com.br\/wp-content\/uploads\/2024\/07\/GrafismoMenor.png\" class=\"attachment-original size-original lazyload\" alt=\"\" data-srcset=\"https:\/\/www.fitnessbrasil.com.br\/wp-content\/uploads\/2024\/07\/GrafismoMenor.png 598w, https:\/\/www.fitnessbrasil.com.br\/wp-content\/uploads\/2024\/07\/GrafismoMenor-468x400.png 468w, https:\/\/www.fitnessbrasil.com.br\/wp-content\/uploads\/2024\/07\/GrafismoMenor-14x12.png 14w, https:\/\/www.fitnessbrasil.com.br\/wp-content\/uploads\/2024\/07\/GrafismoMenor-510x436.png 510w\" data-sizes=\"(max-width: 598px) 100vw, 598px\" src=\"data:image\/svg+xml;base64,PHN2ZyB3aWR0aD0iMSIgaGVpZ2h0PSIxIiB4bWxucz0iaHR0cDovL3d3dy53My5vcmcvMjAwMC9zdmciPjwvc3ZnPg==\" style=\"--smush-placeholder-width: 598px; --smush-placeholder-aspect-ratio: 598\/511;\" \/>\t\t\t\t\t\t\n\t\t\t\t\t<\/div>\n\t\t\t\t\t\t\t\t\n<style>\n#image_512130213 {\n  width: 100%;\n}\n<\/style>\n\t<\/div>\n\t\n\n\t<div class=\"img has-hover selo x md-x lg-x y md-y lg-y\" id=\"image_852105348\">\n\t\t\t\t\t\t\t\t<div class=\"img-inner dark\" >\n\t\t\t<img decoding=\"async\" width=\"427\" height=\"427\" data-src=\"https:\/\/www.fitnessbrasil.com.br\/wp-content\/uploads\/2024\/07\/SELO.png\" class=\"attachment-original size-original lazyload\" alt=\"\" data-srcset=\"https:\/\/www.fitnessbrasil.com.br\/wp-content\/uploads\/2024\/07\/SELO.png 427w, https:\/\/www.fitnessbrasil.com.br\/wp-content\/uploads\/2024\/07\/SELO-400x400.png 400w, https:\/\/www.fitnessbrasil.com.br\/wp-content\/uploads\/2024\/07\/SELO-280x280.png 280w, https:\/\/www.fitnessbrasil.com.br\/wp-content\/uploads\/2024\/07\/SELO-12x12.png 12w, https:\/\/www.fitnessbrasil.com.br\/wp-content\/uploads\/2024\/07\/SELO-100x100.png 100w\" data-sizes=\"(max-width: 427px) 100vw, 427px\" src=\"data:image\/svg+xml;base64,PHN2ZyB3aWR0aD0iMSIgaGVpZ2h0PSIxIiB4bWxucz0iaHR0cDovL3d3dy53My5vcmcvMjAwMC9zdmciPjwvc3ZnPg==\" style=\"--smush-placeholder-width: 427px; --smush-placeholder-aspect-ratio: 427\/427;\" \/>\t\t\t\t\t\t\n\t\t\t\t\t<\/div>\n\t\t\t\t\t\t\t\t\n<style>\n#image_852105348 {\n  width: 100%;\n}\n<\/style>\n\t<\/div>\n\t\n\n\n\t\t<\/div>\n\t\t\t\t\t<\/div>\n\n\t\n\n<\/div>\n<div class=\"row\"  id=\"row-1771593801\">\n\n\n\t<div id=\"col-1020379875\" class=\"col hide-for-medium medium-4 small-12 large-4\"  >\n\t\t\t\t<div class=\"col-inner\"  >\n\t\t\t\n\t\t\t\n\n\n\t\t<\/div>\n\t\t\t\t\t<\/div>\n\n\t\n\n\t<div id=\"col-2101301963\" class=\"col preco medium-4 small-12 large-4\"  >\n\t\t\t\t<div class=\"col-inner\"  >\n\t\t\t\n\t\t\t\n\n<div class=\"container section-title-container\" ><h2 class=\"section-title section-title-normal\"><b><\/b><span class=\"section-title-main\" style=\"font-size:80%;\">Investimento<\/span><b><\/b><\/h2><\/div>\n\n<div class=\"container section-title-container\" ><h2 class=\"section-title section-title-normal\"><b><\/b><span class=\"section-title-main\" style=\"font-size:61%;\">DE R$ 14.900  POR R$ 9.900<\/span><b><\/b><\/h2><\/div>\n\n<div class=\"container section-title-container\" style=\"margin-bottom:0px;\"><h3 class=\"section-title section-title-normal\"><b><\/b><span class=\"section-title-main\" style=\"font-size:98%;color:rgb(12, 188, 174);\">10 X DE R$ 990,00 SEM JUROS<\/span><b><\/b><\/h3><\/div>\n\n<div class=\"container section-title-container\" style=\"margin-bottom:-25px;\"><h3 class=\"section-title section-title-normal\"><b><\/b><span class=\"section-title-main\" style=\"font-size:47%;color:rgb(12, 188, 174);\">*Valor sujeito a virada de lote<\/span><b><\/b><\/h3><\/div>\n\n\n\t\t<\/div>\n\t\t\t\t\t<\/div>\n\n\t\n\n\t<div id=\"col-518065444\" class=\"col hide-for-medium medium-4 small-12 large-4\"  >\n\t\t\t\t<div class=\"col-inner\"  >\n\t\t\t\n\t\t\t\n\n\n\t\t<\/div>\n\t\t\t\t\t<\/div>\n\n\t\n\n<\/div>\n<div class=\"row\"  id=\"row-813850125\">\n\n\n\t<div id=\"col-1782821382\" class=\"col medium-4 small-12 large-4\"  >\n\t\t\t\t<div class=\"col-inner\"  >\n\t\t\t\n\t\t\t\n\n\n\t\t<\/div>\n\t\t\t\t\t<\/div>\n\n\t\n\n\t<div id=\"col-162051479\" class=\"col cta medium-4 small-12 large-4\"  >\n\t\t\t\t<div class=\"col-inner text-center\"  >\n\t\t\t\n\t\t\t\n\n<a href=\"https:\/\/www.fitnessbrasil.com.br\/produto\/gestao-executiva-de-academias\/\" target=\"_blank\" class=\"button primary is-large\" rel=\"noopener\"  >\n\t\t<span>Quero Me Inscrever<\/span>\n\t<\/a>\n\n\n<p>As vagas s\u00e3o realmente limitadas para garantir a qualidade da turma e das mentorias inclu\u00eddas no programa<\/p>\n\n\t\t<\/div>\n\t\t\t\t\t<\/div>\n\n\t\n\n\t<div id=\"col-89839871\" class=\"col medium-4 small-12 large-4\"  >\n\t\t\t\t<div class=\"col-inner\"  >\n\t\t\t\n\t\t\t\n\n\n\t\t<\/div>\n\t\t\t\t\t<\/div>\n\n\t\n\n<\/div>\n\n\t\t<\/div>\n\n\t\t\n<style>\n#section_534607537 {\n  padding-top: 30px;\n  padding-bottom: 30px;\n  background-color: rgb(29, 29, 29);\n}\n#section_534607537 .section-bg img {\n  object-position: top center;\n}\n<\/style>\n\t<\/section>\n\t\n\n\t<section class=\"section professores dark\" id=\"section_529735329\">\n\t\t<div class=\"section-bg fill\" >\n\t\t\t\t\t\t\t\t\t\n\t\t\t\n\n\t\t<\/div>\n\n\t\t\n\n\t\t<div class=\"section-content relative\">\n\t\t\t\n\n\n\n<style>\n\nsection.professores {\n    border-bottom: 1px solid #ffffff1a;\n}\n\nsection.professores h2.section-title {\n    color: #000000;\n    font-size: 20px;\n    letter-spacing: 1px;\n}\n\nsection.professores h3 {\n    margin-bottom: 50px;\n}\n\ndiv#palestrantes {\n    overflow: hidden;\n}\n\ndiv#palestrantes .slick-list {\n    justify-content: center;\n}\n\ndiv#palestrantes .slick-next, \ndiv#palestrantes .slick-prev {\n    background: #bc376b;\n    border-radius: 50%;\n    color: #1d1d1d;\n    width: 40px;\n    height: 40px;\n    border: 1px solid #1d1d1d;\n}\n\ndiv#palestrantes .slick-next:before, \ndiv#palestrantes .slick-prev:before {\n    font-size: 20px;\n    font-weight: 900;\n    color: #1d1d1d;\n}\n\ndiv#palestrantes .slick-next {\n    right: -50px;\n}\n\ndiv#palestrantes .slick-prev {\n    left: -50px;\n}\n\ndiv#palestrantes .slick-slide {\n    border: 1px solid #1d1d1d;\n    background: #7c1d43;\n    text-align: left;\n}\n\ndiv#palestrantes .slick-slide p {\n    padding: 20px;\n    font-size: 14px;\n}\n\ndiv#palestrantes .slick-slide h2 {\n    color: #adb290;\n    font-size: 20px;\n    text-align: left !important;\n    padding: 20px 20px 0 20px;\n}\n\ndiv#palestrantes .slick-slide img {\n    border-bottom: 1px solid #1d1d1d;\n}\n\ndiv#palestrantes .slick-dots {\n    bottom: -50px !important;\n    display: none !important;\n}\n\n@media (max-width: 768px) {\n    .section.professores {\n        padding: 20px;\n    }\n\n    div#palestrantes {\n        width: 100% !important;\n        margin: auto;\n    }\n\n    div#palestrantes .slick-slide img {\n        width: 100% !important;\n    }\n\n    div#palestrantes .slick-prev {\n        left: -15px;\n        margin-top: 30px;\n    }\n\n    div#palestrantes .slick-next {\n        right: -15px;\n        margin-top: 30px;\n    }\n}\n\n.palestrante.slick-slide.slick-current.slick-active {}\n\n.palestrante.slick-slide{\n     border: 1px solid #1d1d1d;\n    background: #7c1d43;\n    text-align: left;\n    margin: 10px;    \n}\n\n\n.palestrante.slick-slide h2 {\n    color: #adb290;\n    font-size: 20px;\n    text-align: left !important;\npadding: 20px 20px 0 20px;\n}\n\n.palestrante.slick-slide p{\n    padding: 20px;\n    font-size: 14px;\n}\n\n.palestrante.slick-slide img{\n    border-bottom: 1px solid #1d1d1d;\n}\n\n.slick-prev, .slick-next{\n  background: #bc376b;\n    border-radius: 50%;\n    color: #1d1d1d;\n    width: 40px;\n    height: 40px;\n    border: 1px solid #1d1d1d; \n    z-index: 999;\n}\n\n.slick-prev:before,\n.slick-next:before\n{\n    font-family: 'slick';\n    font-size: 40px;\n    line-height: 1.1;\n\n    opacity: .75;\n    color: #1d1d1d;\n\n    -webkit-font-smoothing: antialiased;\n    -moz-osx-font-smoothing: grayscale;\n}\n\n\n<\/style>\n\n<div class=\"row\"  id=\"row-497889951\">\n\n\n\t<div id=\"col-1574232412\" class=\"col small-12 large-12\"  >\n\t\t\t\t<div class=\"col-inner\"  >\n\t\t\t\n\t\t\t\n\n<div class=\"container section-title-container\" ><h2 class=\"section-title section-title-normal\"><b><\/b><span class=\"section-title-main\" >Professores<\/span><b><\/b><\/h2><\/div>\n\n<div class=\"container section-title-container\" ><h3 class=\"section-title section-title-normal\"><b><\/b><span class=\"section-title-main\" >Um time de grandes experts em suas \u00e1reas de atua\u00e7\u00e3o<\/span><b><\/b><\/h3><\/div>\n\n\n\n<div class=\"slick-slider\" id=\"slick-69f21e70c2126\"><div class=\"palestrante\"><img decoding=\"async\" data-src=\"https:\/\/www.fitnessbrasil.com.br\/wp-content\/uploads\/2024\/01\/WhatsApp-Image-2025-11-18-at-13.07.49-1-1-e1771611179327-280x280.png\" alt=\"Alessandro Mendes\" src=\"data:image\/svg+xml;base64,PHN2ZyB3aWR0aD0iMSIgaGVpZ2h0PSIxIiB4bWxucz0iaHR0cDovL3d3dy53My5vcmcvMjAwMC9zdmciPjwvc3ZnPg==\" class=\"lazyload\" style=\"--smush-placeholder-width: 280px; --smush-placeholder-aspect-ratio: 280\/280;\"><h2>Alessandro Mendes<\/h2><p>L\u00edder dos Arqueiros; Criador do Projeto Social Roda de Brinquedo; Facilitador Master do Empretec Sebrae \/ ONU.<\/p><\/div><div class=\"palestrante\"><img decoding=\"async\" data-src=\"https:\/\/www.fitnessbrasil.com.br\/wp-content\/uploads\/2024\/04\/Almir_Marchetti-removebg-preview-1-280x280.png\" alt=\"Almir Marchetti\" src=\"data:image\/svg+xml;base64,PHN2ZyB3aWR0aD0iMSIgaGVpZ2h0PSIxIiB4bWxucz0iaHR0cDovL3d3dy53My5vcmcvMjAwMC9zdmciPjwvc3ZnPg==\" class=\"lazyload\" style=\"--smush-placeholder-width: 280px; --smush-placeholder-aspect-ratio: 280\/280;\"><h2>Almir Marchetti<\/h2><p>Coordenador pedag\u00f3gico da Metodologia Gustavo Borges, S\u00f3cio e gestor da escola de nata\u00e7\u00e3o EEGB.<\/p><\/div><div class=\"palestrante\"><img decoding=\"async\" data-src=\"https:\/\/www.fitnessbrasil.com.br\/wp-content\/uploads\/2025\/01\/artur-280x280.png\" alt=\"Artur Monteiro\" src=\"data:image\/svg+xml;base64,PHN2ZyB3aWR0aD0iMSIgaGVpZ2h0PSIxIiB4bWxucz0iaHR0cDovL3d3dy53My5vcmcvMjAwMC9zdmciPjwvc3ZnPg==\" class=\"lazyload\" style=\"--smush-placeholder-width: 280px; --smush-placeholder-aspect-ratio: 280\/280;\"><h2>Artur Monteiro<\/h2><p>Idealizador e Mentor do Business Club Black - um master mind de empres\u00e1rios multo-milion\u00e1rios<\/p><\/div><div class=\"palestrante\"><img decoding=\"async\" data-src=\"https:\/\/www.fitnessbrasil.com.br\/wp-content\/uploads\/2024\/04\/CrisSantos-280x280.png\" alt=\"Cris Santos\" src=\"data:image\/svg+xml;base64,PHN2ZyB3aWR0aD0iMSIgaGVpZ2h0PSIxIiB4bWxucz0iaHR0cDovL3d3dy53My5vcmcvMjAwMC9zdmciPjwvc3ZnPg==\" class=\"lazyload\" style=\"--smush-placeholder-width: 280px; --smush-placeholder-aspect-ratio: 280\/280;\"><h2>Cris Santos<\/h2><p>\u00c9 fundadora e CEO da BrainFit, consultoria de gente e gest\u00e3o, com forte atua\u00e7\u00e3o no mercado fitness, \u00e9 especialista em lideran\u00e7a, recrutamento estrat\u00e9gico, cultura organizacional e desenvolvimento de equipes. Escritora e autora de dois livros, leva ao mercado uma abordagem pr\u00e1tica, estrat\u00e9gica e provocadora sobre o papel das pessoas nas empresas.<\/p><\/div><div class=\"palestrante\"><img decoding=\"async\" data-src=\"https:\/\/www.fitnessbrasil.com.br\/wp-content\/uploads\/2024\/04\/WhatsApp-Image-2024-03-27-at-12.06.18-1-e1712068963725-280x280.jpeg\" alt=\"Eduardo Netto\" src=\"data:image\/svg+xml;base64,PHN2ZyB3aWR0aD0iMSIgaGVpZ2h0PSIxIiB4bWxucz0iaHR0cDovL3d3dy53My5vcmcvMjAwMC9zdmciPjwvc3ZnPg==\" class=\"lazyload\" style=\"--smush-placeholder-width: 280px; --smush-placeholder-aspect-ratio: 280\/280;\"><h2>Eduardo Netto<\/h2><p>Socio-Diretor Tecnico da Rede da BodyTech Company<\/p><\/div><div class=\"palestrante\"><img decoding=\"async\" data-src=\"https:\/\/www.fitnessbrasil.com.br\/wp-content\/uploads\/2024\/07\/Fabio-Saba-2-280x280.png\" alt=\"Fabio Saba\" src=\"data:image\/svg+xml;base64,PHN2ZyB3aWR0aD0iMSIgaGVpZ2h0PSIxIiB4bWxucz0iaHR0cDovL3d3dy53My5vcmcvMjAwMC9zdmciPjwvc3ZnPg==\" class=\"lazyload\" style=\"--smush-placeholder-width: 280px; --smush-placeholder-aspect-ratio: 280\/280;\"><h2>Fabio Saba<\/h2><p>Diretor da Saba Wellness Consultoria, Mestre em Educa\u00e7\u00e3o F\u00edsica pela USP, autor de v\u00e1rios livros; Diretor de Educa\u00e7\u00e3o na Fitness Brasil.<\/p><\/div><div class=\"palestrante\"><img decoding=\"async\" data-src=\"https:\/\/www.fitnessbrasil.com.br\/wp-content\/uploads\/2024\/07\/enrico-scaled-e1720450728311-280x280.jpg\" alt=\"ENRICO FERRARI\" src=\"data:image\/svg+xml;base64,PHN2ZyB3aWR0aD0iMSIgaGVpZ2h0PSIxIiB4bWxucz0iaHR0cDovL3d3dy53My5vcmcvMjAwMC9zdmciPjwvc3ZnPg==\" class=\"lazyload\" style=\"--smush-placeholder-width: 280px; --smush-placeholder-aspect-ratio: 280\/280;\"><h2>ENRICO FERRARI<\/h2><p>Fundador da Mormaii Fitness e CEO da Mormaii Franquias<\/p><\/div><div class=\"palestrante\"><img decoding=\"async\" data-src=\"https:\/\/www.fitnessbrasil.com.br\/wp-content\/uploads\/2024\/01\/WhatsApp-Image-2025-11-24-at-17.05.08-2-e1771611665321-280x280.png\" alt=\"Felipe Bianchessi\" src=\"data:image\/svg+xml;base64,PHN2ZyB3aWR0aD0iMSIgaGVpZ2h0PSIxIiB4bWxucz0iaHR0cDovL3d3dy53My5vcmcvMjAwMC9zdmciPjwvc3ZnPg==\" class=\"lazyload\" style=\"--smush-placeholder-width: 280px; --smush-placeholder-aspect-ratio: 280\/280;\"><h2>Felipe Bianchessi<\/h2><p>Atual Diretor Jur\u00eddico do Sindicato das Academias do Rio de Janeiro<\/p><\/div><div class=\"palestrante\"><img decoding=\"async\" data-src=\"https:\/\/www.fitnessbrasil.com.br\/wp-content\/uploads\/2024\/07\/Giancarlo-280x280.jpg\" alt=\"GIANCARLO OLIVEIRA\" src=\"data:image\/svg+xml;base64,PHN2ZyB3aWR0aD0iMSIgaGVpZ2h0PSIxIiB4bWxucz0iaHR0cDovL3d3dy53My5vcmcvMjAwMC9zdmciPjwvc3ZnPg==\" class=\"lazyload\" style=\"--smush-placeholder-width: 280px; --smush-placeholder-aspect-ratio: 280\/280;\"><h2>GIANCARLO OLIVEIRA<\/h2><p>S\u00f3cio Diretor da Somax vendas.<\/p><\/div><div class=\"palestrante\"><img decoding=\"async\" data-src=\"https:\/\/www.fitnessbrasil.com.br\/wp-content\/uploads\/2024\/07\/Gustavo-Almeida-280x280.jpg\" alt=\"Gustavo Almeida\" src=\"data:image\/svg+xml;base64,PHN2ZyB3aWR0aD0iMSIgaGVpZ2h0PSIxIiB4bWxucz0iaHR0cDovL3d3dy53My5vcmcvMjAwMC9zdmciPjwvc3ZnPg==\" class=\"lazyload\" style=\"--smush-placeholder-width: 280px; --smush-placeholder-aspect-ratio: 280\/280;\"><h2>Gustavo Almeida<\/h2><p>Diretor Executivo da Fitness Brasil.<\/p><\/div><div class=\"palestrante\"><img decoding=\"async\" data-src=\"https:\/\/www.fitnessbrasil.com.br\/wp-content\/uploads\/2024\/05\/Flavio-Lima-e1720208220583-280x280.jpg\" alt=\"FLAVIO LIMA\" src=\"data:image\/svg+xml;base64,PHN2ZyB3aWR0aD0iMSIgaGVpZ2h0PSIxIiB4bWxucz0iaHR0cDovL3d3dy53My5vcmcvMjAwMC9zdmciPjwvc3ZnPg==\" class=\"lazyload\" style=\"--smush-placeholder-width: 280px; --smush-placeholder-aspect-ratio: 280\/280;\"><h2>FLAVIO LIMA<\/h2><p>S\u00f3cio fundador da Academia de Nata\u00e7\u00e3o - AquaFan<\/p><\/div><div class=\"palestrante\"><img decoding=\"async\" data-src=\"https:\/\/www.fitnessbrasil.com.br\/wp-content\/uploads\/2024\/07\/JoaoRiva-280x280.png\" alt=\"Jo\u00e3o Riva\" src=\"data:image\/svg+xml;base64,PHN2ZyB3aWR0aD0iMSIgaGVpZ2h0PSIxIiB4bWxucz0iaHR0cDovL3d3dy53My5vcmcvMjAwMC9zdmciPjwvc3ZnPg==\" class=\"lazyload\" style=\"--smush-placeholder-width: 280px; --smush-placeholder-aspect-ratio: 280\/280;\"><h2>Jo\u00e3o Riva<\/h2><p> CEO da Duovozz, Publicit\u00e1rio, Empreendedor, Palestrante e Professor. <\/p><\/div><div class=\"palestrante\"><img decoding=\"async\" data-src=\"https:\/\/www.fitnessbrasil.com.br\/wp-content\/uploads\/2024\/07\/IMG-Karina-e1727282609308-280x280.png\" alt=\"Karina Bernini\" src=\"data:image\/svg+xml;base64,PHN2ZyB3aWR0aD0iMSIgaGVpZ2h0PSIxIiB4bWxucz0iaHR0cDovL3d3dy53My5vcmcvMjAwMC9zdmciPjwvc3ZnPg==\" class=\"lazyload\" style=\"--smush-placeholder-width: 280px; --smush-placeholder-aspect-ratio: 280\/280;\"><h2>Karina Bernini<\/h2><p>Treinadora de equipes de atendimento, comercial e lideran\u00e7a.<\/p><\/div><div class=\"palestrante\"><img decoding=\"async\" data-src=\"https:\/\/www.fitnessbrasil.com.br\/wp-content\/uploads\/2024\/01\/Ivete-Gama-e1706275603685-280x280.jpeg\" alt=\"IVETE GAMA\" src=\"data:image\/svg+xml;base64,PHN2ZyB3aWR0aD0iMSIgaGVpZ2h0PSIxIiB4bWxucz0iaHR0cDovL3d3dy53My5vcmcvMjAwMC9zdmciPjwvc3ZnPg==\" class=\"lazyload\" style=\"--smush-placeholder-width: 280px; --smush-placeholder-aspect-ratio: 280\/280;\"><h2>IVETE GAMA<\/h2><p>CEO e co-founder da ag\u00eancia HSTK, uma estrategista e planner premiada<\/p><\/div><div class=\"palestrante\"><img decoding=\"async\" data-src=\"https:\/\/www.fitnessbrasil.com.br\/wp-content\/uploads\/2024\/04\/WhatsApp-Image-2024-04-03-at-10.56.13-e1712858383414-280x280.jpeg\" alt=\"Leonardo Castiglio\" src=\"data:image\/svg+xml;base64,PHN2ZyB3aWR0aD0iMSIgaGVpZ2h0PSIxIiB4bWxucz0iaHR0cDovL3d3dy53My5vcmcvMjAwMC9zdmciPjwvc3ZnPg==\" class=\"lazyload\" style=\"--smush-placeholder-width: 280px; --smush-placeholder-aspect-ratio: 280\/280;\"><h2>Leonardo Castiglio<\/h2><p>Gestor de Tr\u00e1fego (An\u00fancios Online)<\/p><\/div><div class=\"palestrante\"><img decoding=\"async\" data-src=\"https:\/\/www.fitnessbrasil.com.br\/wp-content\/uploads\/2024\/07\/Mario-Sergio-Andrade-Silva-280x280.png\" alt=\"Mario S\u00e9rgio Andrade\" src=\"data:image\/svg+xml;base64,PHN2ZyB3aWR0aD0iMSIgaGVpZ2h0PSIxIiB4bWxucz0iaHR0cDovL3d3dy53My5vcmcvMjAwMC9zdmciPjwvc3ZnPg==\" class=\"lazyload\" style=\"--smush-placeholder-width: 280px; --smush-placeholder-aspect-ratio: 280\/280;\"><h2>Mario S\u00e9rgio Andrade<\/h2><p>Campe\u00e3o brasileiro de nata\u00e7\u00e3o; Treinador penta campe\u00e3o da maratona da Disney; Fundador da RunFun Assessoria esportiva; Autor do livro Corra!; Fundador da AES Projeto Impulso.<\/p><\/div><div class=\"palestrante\"><img decoding=\"async\" data-src=\"https:\/\/www.fitnessbrasil.com.br\/wp-content\/uploads\/2024\/05\/Marcel-Gandra-2-e1720208420702-280x280.jpg\" alt=\"MARCEL GANDRA\" src=\"data:image\/svg+xml;base64,PHN2ZyB3aWR0aD0iMSIgaGVpZ2h0PSIxIiB4bWxucz0iaHR0cDovL3d3dy53My5vcmcvMjAwMC9zdmciPjwvc3ZnPg==\" class=\"lazyload\" style=\"--smush-placeholder-width: 280px; --smush-placeholder-aspect-ratio: 280\/280;\"><h2>MARCEL GANDRA<\/h2><p>S\u00f3cio e Diretor Comercial do GRUPO ULTRA<\/p><\/div><div class=\"palestrante\"><img decoding=\"async\" data-src=\"https:\/\/www.fitnessbrasil.com.br\/wp-content\/uploads\/2024\/04\/15_BETTER-YOU_6351-e1720473716556-280x280.jpg\" alt=\"Patricia Lobato\" src=\"data:image\/svg+xml;base64,PHN2ZyB3aWR0aD0iMSIgaGVpZ2h0PSIxIiB4bWxucz0iaHR0cDovL3d3dy53My5vcmcvMjAwMC9zdmciPjwvc3ZnPg==\" class=\"lazyload\" style=\"--smush-placeholder-width: 280px; --smush-placeholder-aspect-ratio: 280\/280;\"><h2>Patricia Lobato<\/h2><p>Consultora da Fitness Solutions \u2013 Gest\u00e3o de Alta Performance para Academias<\/p><\/div><div class=\"palestrante\"><img decoding=\"async\" data-src=\"https:\/\/www.fitnessbrasil.com.br\/wp-content\/uploads\/2024\/04\/0001_Fotos-Arquitetura-de-Resultados-Patricia-Totaro-Renatto-Nomura-Fotografia-3-scaled-e1743439580316-280x280.jpg\" alt=\"Patricia Totaro\" src=\"data:image\/svg+xml;base64,PHN2ZyB3aWR0aD0iMSIgaGVpZ2h0PSIxIiB4bWxucz0iaHR0cDovL3d3dy53My5vcmcvMjAwMC9zdmciPjwvc3ZnPg==\" class=\"lazyload\" style=\"--smush-placeholder-width: 280px; --smush-placeholder-aspect-ratio: 280\/280;\"><h2>Patricia Totaro<\/h2><p>Fundou e dirige dois escrit\u00f3rios especializados em projetos para academias de gin\u00e1stica, atuando com todos os perfis de academias  em n\u00edvel mundial.<\/p><\/div><div class=\"palestrante\"><img decoding=\"async\" data-src=\"https:\/\/www.fitnessbrasil.com.br\/wp-content\/uploads\/2024\/04\/Paulo-Jaouiche-2-e1720206686892-280x280.jpg\" alt=\"Paulo Jaouiche\" src=\"data:image\/svg+xml;base64,PHN2ZyB3aWR0aD0iMSIgaGVpZ2h0PSIxIiB4bWxucz0iaHR0cDovL3d3dy53My5vcmcvMjAwMC9zdmciPjwvc3ZnPg==\" class=\"lazyload\" style=\"--smush-placeholder-width: 280px; --smush-placeholder-aspect-ratio: 280\/280;\"><h2>Paulo Jaouiche<\/h2><p>Profissional de Educa\u00e7\u00e3o F\u00edsica e Advogado.<\/p><\/div><div class=\"palestrante\"><img decoding=\"async\" data-src=\"https:\/\/www.fitnessbrasil.com.br\/wp-content\/uploads\/2024\/07\/Rogerio-Soares-2-e1732890783820-280x280.jpg\" alt=\"Rog\u00e9rio Soares\" src=\"data:image\/svg+xml;base64,PHN2ZyB3aWR0aD0iMSIgaGVpZ2h0PSIxIiB4bWxucz0iaHR0cDovL3d3dy53My5vcmcvMjAwMC9zdmciPjwvc3ZnPg==\" class=\"lazyload\" style=\"--smush-placeholder-width: 280px; --smush-placeholder-aspect-ratio: 280\/280;\"><h2>Rog\u00e9rio Soares<\/h2><p>Especialista Marketing pela Madia Marketing School com  experi\u00eancia de 40 anos no mercado.<\/p><\/div><\/div><script>\r\n        jQuery(document).ready(function($) {\r\n            $(\"#slick-69f21e70c2126\").slick({\r\n                slidesToShow: 4,\r\n                slidesToScroll: 1,\r\n                autoplay: true,\r\n                autoplaySpeed: 4000,\r\n                infinite: true,\r\n                dots: false,\r\n                arrows: true,\r\n                prevArrow: \"<button type='button' class='slick-prev slick-arrow'>&lt;<\/button>\",\r\n                nextArrow: \"<button type='button' class='slick-next slick-arrow'>&gt;<\/button>\",\r\n                responsive: [\r\n                    {\r\n                        breakpoint: 1024,\r\n                        settings: {\r\n                            slidesToShow: 3,\r\n                            slidesToScroll: 1,\r\n                        }\r\n                    },\r\n                    {\r\n                        breakpoint: 640,\r\n                        settings: {\r\n                            slidesToShow: 2,\r\n                            slidesToScroll: 1,\r\n                        }\r\n                    },\r\n                    {\r\n                        breakpoint: 480,\r\n                        settings: {\r\n                            slidesToShow: 1,\r\n                            slidesToScroll: 1,\r\n                        }\r\n                    }\r\n                ]\r\n            });\r\n        });\r\n    <\/script>\n\n\n\t\t<\/div>\n\t\t\t\t\t<\/div>\n\n\t\n\n<\/div>\n\n\t\t<\/div>\n\n\t\t\n<style>\n#section_529735329 {\n  padding-top: 30px;\n  padding-bottom: 30px;\n  background-color: rgb(195, 59, 112);\n}\n<\/style>\n\t<\/section>\n\t\n\n\t<section class=\"section boxes dark\" id=\"section_1232260544\">\n\t\t<div class=\"section-bg fill\" >\n\t\t\t\t\t\t\t\t\t\n\t\t\t\n\n\t\t<\/div>\n\n\t\t\n\n\t\t<div class=\"section-content relative\">\n\t\t\t\n\n\n\n<style>\n\n\n\n.section.boxes {}\n\n.section.boxes {\n    border-bottom: 1px solid #ffffff1a\n}\n\n.section.boxes h2.section-title{\n    color:#000000;\n    font-size: 16px;\n    letter-spacing: 5px;\n    margin-bottom: 20px;\n}\n\n.section.boxes h3{\n    margin-bottom: 30px;\n}\n\n.section.boxes p{\n    margin-bottom: 50px;\n}\n\n\n.section.boxes .row.image-box .col{\n    padding: 10px;\n}\n\n.section.boxes .col.box1 .col-inner{\n    background: url(https:\/\/www.fitnessbrasil.com.br\/wp-content\/uploads\/2024\/07\/BG-BOX-1.png);\n    background-repeat: no-repeat;\n    background-size: cover;\n    padding: 40px;\n}\n\n.section.boxes .col.box2 .col-inner {\n    background: url(https:\/\/www.fitnessbrasil.com.br\/wp-content\/uploads\/2024\/07\/BG-BOX-2.png);\n    background-repeat: no-repeat;\n    background-size: cover;\n    padding: 40px;\n}\n\n.section.boxes .col.box3 .col-inner {\n    background: url(https:\/\/www.fitnessbrasil.com.br\/wp-content\/uploads\/2024\/07\/BG-BOX-3.png);\n    background-repeat: no-repeat;\n    background-size: cover;\n    padding: 40px;\n}\n\n.section.boxes .box {}\n\n.section.boxes .box-image {\n    width: 100px\n}\n\n.section.boxes .box .box-text {}\n\n.section.boxes .box .box-text p{\n    margin: 0px;\n}\n\n.section.boxes .box .box-text h4{\n    font-size: 25px;\n    font-weight: 900;\n    text-transform: uppercase;\n}\n\n.section.boxes .cta a.button{\n    background: #1d1d1d;\n}\n\n.section.boxes .cta p{\n    color: #fff;\n}\n\n@media (max-width: 768px) {\n\n    .section.boxes{\n        padding: 20px;\n    }\n\n}\n\n@media (max-width: 768px) {\n\n    .section.programa{\n        padding: 20px;\n    }\n\n    .section.programa h2{\n        font-size: 20px !important;\n    }\n\n    .section.programa h3{\n        font-size: 25px !important;\n        line-height: 1.2\n    }\n\n}\n\n@media (max-width: 768px) {\n\n    .section.boxes{\n        padding: 20px;\n    }\n\n    .section.boxes h2{\n        font-size: 20px !important;\n        margin-bottom: 10px;\n    }\n\n    .section.boxes h3{\n        font-size: 25px !important;\n        line-height: 1.2;\n        margin-bottom: 70px\n    }\n\n    .section.boxes .cta{\n        padding: 0px !important\n    }\n\n}\n\n<\/style>\n\n<div class=\"row\"  id=\"row-630277867\">\n\n\n\t<div id=\"col-1780933200\" class=\"col small-12 large-12\"  >\n\t\t\t\t<div class=\"col-inner\"  >\n\t\t\t\n\t\t\t\n\n<div class=\"container section-title-container\" ><h2 class=\"section-title section-title-normal\"><b><\/b><span class=\"section-title-main\" >sobre o programa<\/span><b><\/b><\/h2><\/div>\n\n<div class=\"container section-title-container\" ><h3 class=\"section-title section-title-normal\"><b><\/b><span class=\"section-title-main\" >um programa de educa\u00e7\u00e3o \u00fanico e completo, pensado para l\u00edderes e gestores do mercado fitness<\/span><b><\/b><\/h3><\/div>\n\n\n\t\t<\/div>\n\t\t\t\t\t<\/div>\n\n\t\n\n<\/div>\n<div class=\"row align-equal image-box\"  id=\"row-201675779\">\n\n\n\t<div id=\"col-626140234\" class=\"col box1 medium-4 small-12 large-4\"  >\n\t\t\t\t<div class=\"col-inner\"  >\n\t\t\t\n\t\t\t\n\n\t<div class=\"box has-hover   has-hover box-text-bottom\" >\n\n\t\t<div class=\"box-image\" >\n\t\t\t\t\t\t<div class=\"\" >\n\t\t\t\t<img decoding=\"async\" width=\"146\" height=\"137\" data-src=\"https:\/\/www.fitnessbrasil.com.br\/wp-content\/uploads\/2024\/07\/ICONE-BOX-1.png\" class=\"attachment-original size-original lazyload\" alt=\"\" data-srcset=\"https:\/\/www.fitnessbrasil.com.br\/wp-content\/uploads\/2024\/07\/ICONE-BOX-1.png 146w, https:\/\/www.fitnessbrasil.com.br\/wp-content\/uploads\/2024\/07\/ICONE-BOX-1-13x12.png 13w\" data-sizes=\"(max-width: 146px) 100vw, 146px\" src=\"data:image\/svg+xml;base64,PHN2ZyB3aWR0aD0iMSIgaGVpZ2h0PSIxIiB4bWxucz0iaHR0cDovL3d3dy53My5vcmcvMjAwMC9zdmciPjwvc3ZnPg==\" style=\"--smush-placeholder-width: 146px; --smush-placeholder-aspect-ratio: 146\/137;\" \/>\t\t\t\t\t\t\t\t\t\t\t<\/div>\n\t\t\t\t\t<\/div>\n\n\t\t<div class=\"box-text text-center\" >\n\t\t\t<div class=\"box-text-inner\">\n\t\t\t\t\n\n<h4>imers\u00f5es presenciais<\/h4>\n<p>S\u00e3o 8<strong>0h de conte\u00fado in\u00e9dito de alt\u00edssimo n\u00edvel<\/strong> oferecido de forma eficaz com intera\u00e7\u00e3o e m\u00e1xima sinergia entre alunos e professores.<\/p>\n\n\t\t\t<\/div>\n\t\t<\/div>\n\t<\/div>\n\t\n\n\t\t<\/div>\n\t\t\t\t\t<\/div>\n\n\t\n\n\t<div id=\"col-1953793157\" class=\"col box2 medium-4 small-12 large-4\"  >\n\t\t\t\t<div class=\"col-inner\"  >\n\t\t\t\n\t\t\t\n\n\t<div class=\"box has-hover   has-hover box-text-bottom\" >\n\n\t\t<div class=\"box-image\" >\n\t\t\t\t\t\t<div class=\"\" >\n\t\t\t\t<img decoding=\"async\" width=\"181\" height=\"171\" data-src=\"https:\/\/www.fitnessbrasil.com.br\/wp-content\/uploads\/2024\/07\/ICONE-BOX-2.png\" class=\"attachment-original size-original lazyload\" alt=\"\" data-srcset=\"https:\/\/www.fitnessbrasil.com.br\/wp-content\/uploads\/2024\/07\/ICONE-BOX-2.png 181w, https:\/\/www.fitnessbrasil.com.br\/wp-content\/uploads\/2024\/07\/ICONE-BOX-2-13x12.png 13w\" data-sizes=\"(max-width: 181px) 100vw, 181px\" src=\"data:image\/svg+xml;base64,PHN2ZyB3aWR0aD0iMSIgaGVpZ2h0PSIxIiB4bWxucz0iaHR0cDovL3d3dy53My5vcmcvMjAwMC9zdmciPjwvc3ZnPg==\" style=\"--smush-placeholder-width: 181px; --smush-placeholder-aspect-ratio: 181\/171;\" \/>\t\t\t\t\t\t\t\t\t\t\t<\/div>\n\t\t\t\t\t<\/div>\n\n\t\t<div class=\"box-text text-center\" >\n\t\t\t<div class=\"box-text-inner\">\n\t\t\t\t\n\n<h4>mentorias com especialistas reconhecidos<\/h4>\n<p><strong>26h de mentoria online e ao vivo,<\/strong> focadas e espec\u00edficas em conte\u00fados e t\u00f3picos avan\u00e7ados. <strong>Voc\u00ea aprende a aplicar o conte\u00fado nos problemas reais e por nicho de neg\u00f3cio.<\/strong><\/p>\n\n\t\t\t<\/div>\n\t\t<\/div>\n\t<\/div>\n\t\n\n\t\t<\/div>\n\t\t\t\t\t<\/div>\n\n\t\n\n\t<div id=\"col-264944747\" class=\"col box3 medium-4 small-12 large-4\"  >\n\t\t\t\t<div class=\"col-inner\"  >\n\t\t\t\n\t\t\t\n\n\t<div class=\"box has-hover   has-hover box-text-bottom\" >\n\n\t\t<div class=\"box-image\" >\n\t\t\t\t\t\t<div class=\"\" >\n\t\t\t\t<img decoding=\"async\" width=\"512\" height=\"512\" data-src=\"https:\/\/www.fitnessbrasil.com.br\/wp-content\/uploads\/2024\/07\/streaming-de-video.png\" class=\"attachment-original size-original lazyload\" alt=\"\" data-srcset=\"https:\/\/www.fitnessbrasil.com.br\/wp-content\/uploads\/2024\/07\/streaming-de-video.png 512w, https:\/\/www.fitnessbrasil.com.br\/wp-content\/uploads\/2024\/07\/streaming-de-video-400x400.png 400w, https:\/\/www.fitnessbrasil.com.br\/wp-content\/uploads\/2024\/07\/streaming-de-video-280x280.png 280w, https:\/\/www.fitnessbrasil.com.br\/wp-content\/uploads\/2024\/07\/streaming-de-video-12x12.png 12w, https:\/\/www.fitnessbrasil.com.br\/wp-content\/uploads\/2024\/07\/streaming-de-video-510x510.png 510w, https:\/\/www.fitnessbrasil.com.br\/wp-content\/uploads\/2024\/07\/streaming-de-video-100x100.png 100w\" data-sizes=\"(max-width: 512px) 100vw, 512px\" src=\"data:image\/svg+xml;base64,PHN2ZyB3aWR0aD0iMSIgaGVpZ2h0PSIxIiB4bWxucz0iaHR0cDovL3d3dy53My5vcmcvMjAwMC9zdmciPjwvc3ZnPg==\" style=\"--smush-placeholder-width: 512px; --smush-placeholder-aspect-ratio: 512\/512;\" \/>\t\t\t\t\t\t\t\t\t\t\t<\/div>\n\t\t\t\t\t<\/div>\n\n\t\t<div class=\"box-text text-center\" >\n\t\t\t<div class=\"box-text-inner\">\n\t\t\t\t\n\n<h4>webinar de fechamento<\/h4>\n<p>4h online para revis\u00e3o e consolida\u00e7\u00e3o de todo conte\u00fados, com discuss\u00f5es colaborativas.<\/p>\n\n\t\t\t<\/div>\n\t\t<\/div>\n\t<\/div>\n\t\n\n\t\t<\/div>\n\t\t\t\t\t<\/div>\n\n\t\n\n<\/div>\n<div class=\"row\"  id=\"row-1888598093\">\n\n\n\t<div id=\"col-893159250\" class=\"col hide-for-medium medium-4 small-12 large-4\"  >\n\t\t\t\t<div class=\"col-inner\"  >\n\t\t\t\n\t\t\t\n\n\n\t\t<\/div>\n\t\t\t\t\t<\/div>\n\n\t\n\n\t<div id=\"col-801029059\" class=\"col cta medium-4 small-12 large-4\"  >\n\t\t\t\t<div class=\"col-inner\"  >\n\t\t\t\n\t\t\t\n\n<a href=\"https:\/\/www.fitnessbrasil.com.br\/produto\/gestao-executiva-de-academias\/\" target=\"_blank\" class=\"button primary is-large\" rel=\"noopener\"  >\n\t\t<span>Quero me inscrever<\/span>\n\t<\/a>\n\n\n\t<div id=\"text-551014454\" class=\"text\">\n\t\t\n\n<p>as vagas s\u00e3o <u>realmente limitadas<\/u> para garantir a qualidade da turma e das mentorias inclu\u00eddas no programa<\/p>\n\t\t\n<style>\n#text-551014454 {\n  text-align: center;\n}\n<\/style>\n\t<\/div>\n\t\n\n\t\t<\/div>\n\t\t\t\t\t<\/div>\n\n\t\n\n\t<div id=\"col-1935806386\" class=\"col hide-for-medium medium-4 small-12 large-4\"  >\n\t\t\t\t<div class=\"col-inner\"  >\n\t\t\t\n\t\t\t\n\n\n\t\t<\/div>\n\t\t\t\t\t<\/div>\n\n\t\n\n<\/div>\n\n\t\t<\/div>\n\n\t\t\n<style>\n#section_1232260544 {\n  padding-top: 30px;\n  padding-bottom: 30px;\n  background-color: rgb(195, 59, 112);\n}\n<\/style>\n\t<\/section>\n\t\n\n\t<section class=\"section programa dark\" id=\"section_1128127137\">\n\t\t<div class=\"section-bg fill\" >\n\t\t\t\t\t\t\t\t\t\n\t\t\t\n\n\t\t<\/div>\n\n\t\t\n\n\t\t<div class=\"section-content relative\">\n\t\t\t\n\n\n\n<style>\n\n\n\n.section.programa {\n    border-bottom: 1px solid #ffffff1a\n}\n\n.section.programa h2.section-title{\n    font-size: 16px;\n    letter-spacing: 5px;\n    margin-bottom: 20px;\n}\n\n.section.programa h3{\n    margin-bottom: 30px;\n}\n\n.section.programa p{\n    margin-bottom: 50px;\n}\n\n.section.programa i.icon-angle-down {\n    color: #fff !important;\n    background: #e94282;\n    border-radius: 50px;\n    width: 25px;\n    height: 25px;\n    padding: 0px !important;\n    line-height: 25px;\n    \n}\n\n.section.programa .accordion-title span{\n    margin-left: 5px;\n}\n\n@media (max-width: 768px) {\n\n    .section.programa{\n        padding: 20px;\n    }\n\n    .section.programa h2{\n        font-size: 20px !important;\n        margin-bottom: 10px;\n    }\n\n    .section.programa h3{\n        font-size: 25px !important;\n        line-height: 1.2;\n        margin-bottom: 70px\n    }\n\n    .section.programa .cta{\n        padding: 0px !important\n    }\n\n}\n\n<\/style>\n\n<div class=\"row\"  id=\"row-267867902\">\n\n\n\t<div id=\"col-259840480\" class=\"col small-12 large-12\"  >\n\t\t\t\t<div class=\"col-inner\"  >\n\t\t\t\n\t\t\t\n\n<div class=\"container section-title-container\" ><h2 class=\"section-title section-title-normal\"><b><\/b><span class=\"section-title-main\" >N\u00facleos de Imers\u00f5es e Mentorias<\/span><b><\/b><\/h2><\/div>\n\n<div class=\"container section-title-container\" ><h3 class=\"section-title section-title-normal\"><b><\/b><span class=\"section-title-main\" style=\"color:rgb(233, 66, 130);\">conte\u00fado in\u00e9dito  desenhado para elevar a capacidade dos l\u00edderes do segmento fitness<\/span><b><\/b><\/h3><\/div>\n\n<div class=\"container section-title-container\" ><h4 class=\"section-title section-title-bold\"><b><\/b><span class=\"section-title-main\" style=\"font-size:89%;color:rgb(255, 255, 255);\"><i class=\"icon-checkmark\" ><\/i>Panorama do Mercado - Fus\u00f5es e Aquisi\u00e7\u00f5es - Empreendedorismo<\/span><b><\/b><\/h4><\/div>\n\n<div class=\"container section-title-container\" ><h4 class=\"section-title section-title-bold\"><b><\/b><span class=\"section-title-main\" style=\"font-size:89%;color:rgb(255, 255, 255);\"><i class=\"icon-checkmark\" ><\/i>RH: Cultura Organizacional - Recrutamento - Gest\u00e3o e Lideran\u00e7a de Alta Performance - \u00c9tica e Governan\u00e7a<\/span><b><\/b><\/h4><\/div>\n\n<div class=\"container section-title-container\" ><h4 class=\"section-title section-title-bold\"><b><\/b><span class=\"section-title-main\" style=\"font-size:89%;color:rgb(255, 255, 255);\"><i class=\"icon-checkmark\" ><\/i>Marketing: Digital - Estrat\u00e9gico - Experi\u00eancia - Gest\u00e3o de Produto - Gest\u00e3o de indicadores<\/span><b><\/b><\/h4><\/div>\n\n<div class=\"container section-title-container\" ><h4 class=\"section-title section-title-bold\"><b><\/b><span class=\"section-title-main\" style=\"font-size:89%;color:rgb(255, 255, 255);\"><i class=\"icon-checkmark\" ><\/i>Vendas: Gest\u00e3o Comercial - Vendas e Negocia\u00e7\u00e3o - Gest\u00e3o da Experi\u00eancia e Reten\u00e7\u00e3o de Clientes<\/span><b><\/b><\/h4><\/div>\n\n<div class=\"container section-title-container\" ><h4 class=\"section-title section-title-bold\"><b><\/b><span class=\"section-title-main\" style=\"font-size:89%;color:rgb(255, 255, 255);\"><i class=\"icon-checkmark\" ><\/i>Gest\u00e3o de Finan\u00e7as<\/span><b><\/b><\/h4><\/div>\n\n<div class=\"container section-title-container\" ><h4 class=\"section-title section-title-bold\"><b><\/b><span class=\"section-title-main\" style=\"font-size:89%;color:rgb(255, 255, 255);\"><i class=\"icon-checkmark\" ><\/i>Gest\u00e3o t\u00e9cnica - Gest\u00e3o Operacional com Seguran\u00e7a Jur\u00eddica<\/span><b><\/b><\/h4><\/div>\n\n<div class=\"container section-title-container\" ><h4 class=\"section-title section-title-bold\"><b><\/b><span class=\"section-title-main\" style=\"font-size:89%;color:rgb(255, 255, 255);\"><i class=\"icon-checkmark\" ><\/i>Gest\u00e3o espec\u00edfica por modelo de neg\u00f3cios: Est\u00fadios, Aqu\u00e1tica, Cross Fit, Est\u00fadio de Pilates, Academia de lutas,  Assessorias Esportivas de Corrida, Clubes Esportivos, Box de CrossFit e Personal Trainer<\/span><b><\/b><\/h4><\/div>\n\n<div class=\"container section-title-container\" ><h4 class=\"section-title section-title-bold\"><b><\/b><span class=\"section-title-main\" style=\"font-size:89%;color:rgb(255, 255, 255);\"><i class=\"icon-checkmark\" ><\/i>Casos de Sucesso - CEOs<\/span><b><\/b><\/h4><\/div>\n\n<div class=\"container section-title-container\" ><h4 class=\"section-title section-title-bold\"><b><\/b><span class=\"section-title-main\" style=\"font-size:89%;color:rgb(255, 255, 255);\"><i class=\"icon-checkmark\" ><\/i>Arquitetura<\/span><b><\/b><\/h4><\/div>\n\n\n\t\t<\/div>\n\t\t\t\t\t<\/div>\n\n\t\n\n<\/div>\n<div class=\"row\"  id=\"row-582943227\">\n\n\n\t<div id=\"col-2045992460\" class=\"col hide-for-medium medium-4 small-12 large-4\"  >\n\t\t\t\t<div class=\"col-inner\"  >\n\t\t\t\n\t\t\t\n\n\n\t\t<\/div>\n\t\t\t\t\t<\/div>\n\n\t\n\n\t<div id=\"col-2053033360\" class=\"col cta medium-4 small-12 large-4\"  >\n\t\t\t\t<div class=\"col-inner\"  >\n\t\t\t\n\t\t\t\n\n<a href=\"https:\/\/www.fitnessbrasil.com.br\/produto\/gestao-executiva-de-academias\/\" target=\"_blank\" class=\"button primary is-large\" rel=\"noopener\"  >\n\t\t<span>Quero me inscrever<\/span>\n\t<\/a>\n\n\n\t<div id=\"text-1369245721\" class=\"text\">\n\t\t\n\n<p>as vagas s\u00e3o <u>realmente limitadas<\/u> para garantir a qualidade da turma e das mentorias inclu\u00eddas no programa<\/p>\n\t\t\n<style>\n#text-1369245721 {\n  text-align: center;\n}\n<\/style>\n\t<\/div>\n\t\n\n\t\t<\/div>\n\t\t\t\t\t<\/div>\n\n\t\n\n\t<div id=\"col-1094290652\" class=\"col hide-for-medium medium-4 small-12 large-4\"  >\n\t\t\t\t<div class=\"col-inner\"  >\n\t\t\t\n\t\t\t\n\n\n\t\t<\/div>\n\t\t\t\t\t<\/div>\n\n\t\n\n<\/div>\n\n\t\t<\/div>\n\n\t\t\n<style>\n#section_1128127137 {\n  padding-top: 30px;\n  padding-bottom: 30px;\n  background-color: rgb(29, 29, 29);\n}\n<\/style>\n\t<\/section>\n\t\n\n\t<section class=\"section porque dark\" id=\"section_1833387467\">\n\t\t<div class=\"section-bg fill\" >\n\t\t\t\t\t\t\t\t\t\n\t\t\t\n\n\t\t<\/div>\n\n\t\t\n\n\t\t<div class=\"section-content relative\">\n\t\t\t\n\n\n\n<style>\n\nsection.porque h2,\nsection.porque h3,\nsection.porque h4{\nfont-weight: 900;\n}\n\nsection.porque{\n    padding: 80px 0 !important;\n    border-bottom: 1px solid #ffffff1a\n} \n\nsection.porque .icone{\n    width : 80px !important;\n    margin: 30px auto !important;\n}\n\nsection.porque .icon-boxes {}\n\nsection.porque .icon-boxes .icon-box h3{\n    font-size: 16px;\n    margin-top: 20px;\n    text-transform: uppercase;\n    font-weight: 900;\n}\n\nsection.porque .icon-boxes .col-inner {\n    display: flex;\n    flex-wrap: wrap;\n    justify-content: center; \/* ou space-around ou flex-start conforme desejado *\/\n}\n\nsection.porque .icon-boxes .icon-box.border-right{\n    border-right: 3px solid rgb(0 0 0 \/ 10%);\n}\n\nsection.porque .icon-boxes .icon-box {\n    flex: 1 1 33%;\n    max-width: 33%;\n    box-sizing: border-box;\n    text-align: center !important;\n    padding: 0 20px;\n    margin-bottom: 30px !important;\n}\n\nsection.porque .icon-boxes .icon-box .icon-box-img{\n    position:static !important;\n    margin: auto;\n}\n\n\/* Opcional: Ajuste o layout para telas menores *\/\n@media (max-width: 1024px) {\n    section.porque .icon-boxes .icon-box {\n        flex: 1 1 95%; \/* 2 itens por linha em telas m\u00e9dias *\/\n        max-width: 95%;\nborder: 0px !important;\n    }\n}\n\n@media (max-width: 768px) {\n\n    .section.porque{\n        padding: 20px;\n    }\n\n    .section.porque h2{\n        font-size: 30px !important;\n    }\n\n    .section.porque h3{\n        font-size: 25px !important;\n        line-height: 1.2\n    }\n\n    section.porque .icon-boxes .icon-box{\n        border-bottom: 3px solid hsl(0deg 0% 0% \/ 10%) !important;\n    }\n\n}\n\n\n\n<\/style>\n\n<div class=\"row align-center\"  id=\"row-1368478158\">\n\n\n\t<div id=\"col-1932654499\" class=\"col small-12 large-12\"  >\n\t\t\t\t<div class=\"col-inner text-center\"  >\n\t\t\t\n\t\t\t\n\n\n\n\n\n<div class=\"container section-title-container\" ><h2 class=\"section-title section-title-normal\"><b><\/b><span class=\"section-title-main\" style=\"color:rgb(0, 0, 0);\">POR QUE FAZER O PROGRAMA<\/span><b><\/b><\/h2><\/div>\n\n<div class=\"container section-title-container\" ><h2 class=\"section-title section-title-normal\"><b><\/b><span class=\"section-title-main\" >FitBR Gest\u00e3o Executiva de Academias:<\/span><b><\/b><\/h2><\/div>\n\n<div class=\"container section-title-container\" style=\"margin-bottom:30px;\"><h2 class=\"section-title section-title-normal\"><b><\/b><span class=\"section-title-main\" >da Estrat\u00e9gia \u00e0 Opera\u00e7\u00e3o?<\/span><b><\/b><\/h2><\/div>\n\n\t<div class=\"img has-hover icone x md-x lg-x y md-y lg-y\" id=\"image_194324420\">\n\t\t\t\t\t\t\t\t<div class=\"img-inner dark\" >\n\t\t\t<img decoding=\"async\" width=\"109\" height=\"95\" data-src=\"https:\/\/www.fitnessbrasil.com.br\/wp-content\/uploads\/2024\/07\/fb_gestaoexec_simbol-preto.png\" class=\"attachment-original size-original lazyload\" alt=\"\" data-srcset=\"https:\/\/www.fitnessbrasil.com.br\/wp-content\/uploads\/2024\/07\/fb_gestaoexec_simbol-preto.png 109w, https:\/\/www.fitnessbrasil.com.br\/wp-content\/uploads\/2024\/07\/fb_gestaoexec_simbol-preto-14x12.png 14w\" data-sizes=\"(max-width: 109px) 100vw, 109px\" src=\"data:image\/svg+xml;base64,PHN2ZyB3aWR0aD0iMSIgaGVpZ2h0PSIxIiB4bWxucz0iaHR0cDovL3d3dy53My5vcmcvMjAwMC9zdmciPjwvc3ZnPg==\" style=\"--smush-placeholder-width: 109px; --smush-placeholder-aspect-ratio: 109\/95;\" \/>\t\t\t\t\t\t\n\t\t\t\t\t<\/div>\n\t\t\t\t\t\t\t\t\n<style>\n#image_194324420 {\n  width: 19%;\n}\n<\/style>\n\t<\/div>\n\t\n\n<div class=\"container section-title-container\" ><h3 class=\"section-title section-title-normal\"><b><\/b><span class=\"section-title-main\" style=\"color:rgb(0, 0, 0);\">O FitBR Gest\u00e3o Executiva de Academia e Est\u00fadios:<\/span><b><\/b><\/h3><\/div>\n\n<div class=\"container section-title-container\" ><h3 class=\"section-title section-title-normal\"><b><\/b><span class=\"section-title-main\" style=\"color:rgb(0, 0, 0);\">Da Estrat\u00e9gia \u00e0 Opera\u00e7\u00e3o FOI DESENVOLVIDO E PENSADO PARA:<\/span><b><\/b><\/h3><\/div>\n\n\t<div id=\"text-3093640755\" class=\"text\">\n\t\t\n\n<p>Diretores, gerentes, coordenadores, empres\u00e1rios e s\u00f3cios-fundadores de academias, est\u00fadios e neg\u00f3cios fitness. Destinado para quem deseja crescer, aumentar o faturamento, encontrar novas oportunidades de crescimento e estar atualizado sobre as melhores estrat\u00e9gias e pr\u00e1ticas de gest\u00e3o no mercado fitness.<\/p>\n\t\t\n<style>\n#text-3093640755 {\n  color: rgb(0, 0, 0);\n}\n#text-3093640755 > * {\n  color: rgb(0, 0, 0);\n}\n<\/style>\n\t<\/div>\n\t\n\n\t\t<\/div>\n\t\t\t\t\t<\/div>\n\n\t\n\n<\/div>\n<div class=\"row\"  id=\"row-460269758\">\n\n\n\t<div id=\"col-8170733\" class=\"col icon-boxes small-12 large-12\"  >\n\t\t\t\t<div class=\"col-inner\"  >\n\t\t\t\n\t\t\t\n\n\n\t\t<div class=\"icon-box featured-box icon-box border-right icon-box-top text-left\"  >\n\t\t\t\t\t<div class=\"icon-box-img\" style=\"width: 60px\">\n\t\t\t\t<div class=\"icon\">\n\t\t\t\t\t<div class=\"icon-inner\" >\n\t\t\t\t\t\t<img decoding=\"async\" width=\"109\" height=\"95\" data-src=\"https:\/\/www.fitnessbrasil.com.br\/wp-content\/uploads\/2024\/07\/fb_gestaoexec_simbol-preto.png\" class=\"attachment-medium size-medium lazyload\" alt=\"\" data-srcset=\"https:\/\/www.fitnessbrasil.com.br\/wp-content\/uploads\/2024\/07\/fb_gestaoexec_simbol-preto.png 109w, https:\/\/www.fitnessbrasil.com.br\/wp-content\/uploads\/2024\/07\/fb_gestaoexec_simbol-preto-14x12.png 14w\" data-sizes=\"(max-width: 109px) 100vw, 109px\" src=\"data:image\/svg+xml;base64,PHN2ZyB3aWR0aD0iMSIgaGVpZ2h0PSIxIiB4bWxucz0iaHR0cDovL3d3dy53My5vcmcvMjAwMC9zdmciPjwvc3ZnPg==\" style=\"--smush-placeholder-width: 109px; --smush-placeholder-aspect-ratio: 109\/95;\" \/>\t\t\t\t\t<\/div>\n\t\t\t\t<\/div>\n\t\t\t<\/div>\n\t\t\t\t<div class=\"icon-box-text last-reset\">\n\t\t\t\t\t\t\t\t\t\n\n\t<div id=\"text-2999279078\" class=\"text\">\n\t\t\n\n<h3>Aprimore suas habilidades de lideran\u00e7a<\/h3>\n<p>adquirindo t\u00e9cnicas avan\u00e7adas para liderar e inspirar sua equipe com efic\u00e1cia.<\/p>\n\t\t\n<style>\n#text-2999279078 {\n  color: rgb(0, 0, 0);\n}\n#text-2999279078 > * {\n  color: rgb(0, 0, 0);\n}\n<\/style>\n\t<\/div>\n\t\n\n\t\t<\/div>\n\t<\/div>\n\t\n\t\n\n\t\t<div class=\"icon-box featured-box icon-box border-right icon-box-top text-left\"  >\n\t\t\t\t\t<div class=\"icon-box-img\" style=\"width: 60px\">\n\t\t\t\t<div class=\"icon\">\n\t\t\t\t\t<div class=\"icon-inner\" >\n\t\t\t\t\t\t<img decoding=\"async\" width=\"109\" height=\"95\" data-src=\"https:\/\/www.fitnessbrasil.com.br\/wp-content\/uploads\/2024\/07\/fb_gestaoexec_simbol-preto.png\" class=\"attachment-medium size-medium lazyload\" alt=\"\" data-srcset=\"https:\/\/www.fitnessbrasil.com.br\/wp-content\/uploads\/2024\/07\/fb_gestaoexec_simbol-preto.png 109w, https:\/\/www.fitnessbrasil.com.br\/wp-content\/uploads\/2024\/07\/fb_gestaoexec_simbol-preto-14x12.png 14w\" data-sizes=\"(max-width: 109px) 100vw, 109px\" src=\"data:image\/svg+xml;base64,PHN2ZyB3aWR0aD0iMSIgaGVpZ2h0PSIxIiB4bWxucz0iaHR0cDovL3d3dy53My5vcmcvMjAwMC9zdmciPjwvc3ZnPg==\" style=\"--smush-placeholder-width: 109px; --smush-placeholder-aspect-ratio: 109\/95;\" \/>\t\t\t\t\t<\/div>\n\t\t\t\t<\/div>\n\t\t\t<\/div>\n\t\t\t\t<div class=\"icon-box-text last-reset\">\n\t\t\t\t\t\t\t\t\t\n\n\t<div id=\"text-2819571645\" class=\"text\">\n\t\t\n\n<h3>Desenvolva outras habilidades fundamentais<\/h3>\n<p>\nde gerenciamento de neg\u00f3cios, incluindo planejamento estrat\u00e9gico e supervis\u00e3o financeira.<\/p>\n\t\t\n<style>\n#text-2819571645 {\n  color: rgb(0, 0, 0);\n}\n#text-2819571645 > * {\n  color: rgb(0, 0, 0);\n}\n<\/style>\n\t<\/div>\n\t\n\n\t\t<\/div>\n\t<\/div>\n\t\n\t\n\n\t\t<div class=\"icon-box featured-box icon-box icon-box-top text-left\"  >\n\t\t\t\t\t<div class=\"icon-box-img\" style=\"width: 60px\">\n\t\t\t\t<div class=\"icon\">\n\t\t\t\t\t<div class=\"icon-inner\" >\n\t\t\t\t\t\t<img decoding=\"async\" width=\"109\" height=\"95\" data-src=\"https:\/\/www.fitnessbrasil.com.br\/wp-content\/uploads\/2024\/07\/fb_gestaoexec_simbol-preto.png\" class=\"attachment-medium size-medium lazyload\" alt=\"\" data-srcset=\"https:\/\/www.fitnessbrasil.com.br\/wp-content\/uploads\/2024\/07\/fb_gestaoexec_simbol-preto.png 109w, https:\/\/www.fitnessbrasil.com.br\/wp-content\/uploads\/2024\/07\/fb_gestaoexec_simbol-preto-14x12.png 14w\" data-sizes=\"(max-width: 109px) 100vw, 109px\" src=\"data:image\/svg+xml;base64,PHN2ZyB3aWR0aD0iMSIgaGVpZ2h0PSIxIiB4bWxucz0iaHR0cDovL3d3dy53My5vcmcvMjAwMC9zdmciPjwvc3ZnPg==\" style=\"--smush-placeholder-width: 109px; --smush-placeholder-aspect-ratio: 109\/95;\" \/>\t\t\t\t\t<\/div>\n\t\t\t\t<\/div>\n\t\t\t<\/div>\n\t\t\t\t<div class=\"icon-box-text last-reset\">\n\t\t\t\t\t\t\t\t\t\n\n\t<div id=\"text-2122435263\" class=\"text\">\n\t\t\n\n<h3>Conhecimento espec\u00edficos do setor fitness<\/h3>\n<p>\nadquirindo insights atualizados sobre as mais modernas tend\u00eancias e pr\u00e1ticas do setor de fitness.<\/p>\n\t\t\n<style>\n#text-2122435263 {\n  color: rgb(0, 0, 0);\n}\n#text-2122435263 > * {\n  color: rgb(0, 0, 0);\n}\n<\/style>\n\t<\/div>\n\t\n\n\t\t<\/div>\n\t<\/div>\n\t\n\t\n\n\t\t<div class=\"icon-box featured-box icon-box border-right icon-box-top text-left\"  >\n\t\t\t\t\t<div class=\"icon-box-img\" style=\"width: 60px\">\n\t\t\t\t<div class=\"icon\">\n\t\t\t\t\t<div class=\"icon-inner\" >\n\t\t\t\t\t\t<img decoding=\"async\" width=\"109\" height=\"95\" data-src=\"https:\/\/www.fitnessbrasil.com.br\/wp-content\/uploads\/2024\/07\/fb_gestaoexec_simbol-preto.png\" class=\"attachment-medium size-medium lazyload\" alt=\"\" data-srcset=\"https:\/\/www.fitnessbrasil.com.br\/wp-content\/uploads\/2024\/07\/fb_gestaoexec_simbol-preto.png 109w, https:\/\/www.fitnessbrasil.com.br\/wp-content\/uploads\/2024\/07\/fb_gestaoexec_simbol-preto-14x12.png 14w\" data-sizes=\"(max-width: 109px) 100vw, 109px\" src=\"data:image\/svg+xml;base64,PHN2ZyB3aWR0aD0iMSIgaGVpZ2h0PSIxIiB4bWxucz0iaHR0cDovL3d3dy53My5vcmcvMjAwMC9zdmciPjwvc3ZnPg==\" style=\"--smush-placeholder-width: 109px; --smush-placeholder-aspect-ratio: 109\/95;\" \/>\t\t\t\t\t<\/div>\n\t\t\t\t<\/div>\n\t\t\t<\/div>\n\t\t\t\t<div class=\"icon-box-text last-reset\">\n\t\t\t\t\t\t\t\t\t\n\n\t<div id=\"text-272730445\" class=\"text\">\n\t\t\n\n<h3>Evolua seu neg\u00f3cio com m\u00e9todos pr\u00e1ticos<\/h3>\n<p>e mentorias que v\u00e3o auxiliar diretamente nos problemas pr\u00e1ticos de gest\u00e3o e lideran\u00e7a..<\/p>\n\t\t\n<style>\n#text-272730445 {\n  color: rgb(0, 0, 0);\n}\n#text-272730445 > * {\n  color: rgb(0, 0, 0);\n}\n<\/style>\n\t<\/div>\n\t\n\n\t\t<\/div>\n\t<\/div>\n\t\n\t\n\n\t\t<div class=\"icon-box featured-box icon-box border-right icon-box-top text-left\"  >\n\t\t\t\t\t<div class=\"icon-box-img\" style=\"width: 60px\">\n\t\t\t\t<div class=\"icon\">\n\t\t\t\t\t<div class=\"icon-inner\" >\n\t\t\t\t\t\t<img decoding=\"async\" width=\"109\" height=\"95\" data-src=\"https:\/\/www.fitnessbrasil.com.br\/wp-content\/uploads\/2024\/07\/fb_gestaoexec_simbol-preto.png\" class=\"attachment-medium size-medium lazyload\" alt=\"\" data-srcset=\"https:\/\/www.fitnessbrasil.com.br\/wp-content\/uploads\/2024\/07\/fb_gestaoexec_simbol-preto.png 109w, https:\/\/www.fitnessbrasil.com.br\/wp-content\/uploads\/2024\/07\/fb_gestaoexec_simbol-preto-14x12.png 14w\" data-sizes=\"(max-width: 109px) 100vw, 109px\" src=\"data:image\/svg+xml;base64,PHN2ZyB3aWR0aD0iMSIgaGVpZ2h0PSIxIiB4bWxucz0iaHR0cDovL3d3dy53My5vcmcvMjAwMC9zdmciPjwvc3ZnPg==\" style=\"--smush-placeholder-width: 109px; --smush-placeholder-aspect-ratio: 109\/95;\" \/>\t\t\t\t\t<\/div>\n\t\t\t\t<\/div>\n\t\t\t<\/div>\n\t\t\t\t<div class=\"icon-box-text last-reset\">\n\t\t\t\t\t\t\t\t\t\n\n\t<div id=\"text-817560937\" class=\"text\">\n\t\t\n\n<h3>Programa desenvolvido por l\u00edderes do segmento fitness<\/h3>\n<p>\nque entendem do mercado e acumulam experi\u00eancia pr\u00e1tica e entendimento do segmento.<\/p>\n\t\t\n<style>\n#text-817560937 {\n  color: rgb(0, 0, 0);\n}\n#text-817560937 > * {\n  color: rgb(0, 0, 0);\n}\n<\/style>\n\t<\/div>\n\t\n\n\t\t<\/div>\n\t<\/div>\n\t\n\t\n\n\t\t<div class=\"icon-box featured-box icon-box icon-box-top text-left\"  >\n\t\t\t\t\t<div class=\"icon-box-img\" style=\"width: 60px\">\n\t\t\t\t<div class=\"icon\">\n\t\t\t\t\t<div class=\"icon-inner\" >\n\t\t\t\t\t\t<img decoding=\"async\" width=\"109\" height=\"95\" data-src=\"https:\/\/www.fitnessbrasil.com.br\/wp-content\/uploads\/2024\/07\/fb_gestaoexec_simbol-preto.png\" class=\"attachment-medium size-medium lazyload\" alt=\"\" data-srcset=\"https:\/\/www.fitnessbrasil.com.br\/wp-content\/uploads\/2024\/07\/fb_gestaoexec_simbol-preto.png 109w, https:\/\/www.fitnessbrasil.com.br\/wp-content\/uploads\/2024\/07\/fb_gestaoexec_simbol-preto-14x12.png 14w\" data-sizes=\"(max-width: 109px) 100vw, 109px\" src=\"data:image\/svg+xml;base64,PHN2ZyB3aWR0aD0iMSIgaGVpZ2h0PSIxIiB4bWxucz0iaHR0cDovL3d3dy53My5vcmcvMjAwMC9zdmciPjwvc3ZnPg==\" style=\"--smush-placeholder-width: 109px; --smush-placeholder-aspect-ratio: 109\/95;\" \/>\t\t\t\t\t<\/div>\n\t\t\t\t<\/div>\n\t\t\t<\/div>\n\t\t\t\t<div class=\"icon-box-text last-reset\">\n\t\t\t\t\t\t\t\t\t\n\n\t<div id=\"text-172045835\" class=\"text\">\n\t\t\n\n<h3>Networking de alt\u00edssimo n\u00edvel<\/h3>\n<p>Conecte-se com outros profissionais e l\u00edderes de fitness para expandir sua rede profissional.<\/p>\n\t\t\n<style>\n#text-172045835 {\n  color: rgb(0, 0, 0);\n}\n#text-172045835 > * {\n  color: rgb(0, 0, 0);\n}\n<\/style>\n\t<\/div>\n\t\n\n\t\t<\/div>\n\t<\/div>\n\t\n\t\n\n\t\t<div class=\"icon-box featured-box icon-box border-right icon-box-top text-left\"  >\n\t\t\t\t\t<div class=\"icon-box-img\" style=\"width: 60px\">\n\t\t\t\t<div class=\"icon\">\n\t\t\t\t\t<div class=\"icon-inner\" >\n\t\t\t\t\t\t<img decoding=\"async\" width=\"109\" height=\"95\" data-src=\"https:\/\/www.fitnessbrasil.com.br\/wp-content\/uploads\/2024\/07\/fb_gestaoexec_simbol-preto.png\" class=\"attachment-medium size-medium lazyload\" alt=\"\" data-srcset=\"https:\/\/www.fitnessbrasil.com.br\/wp-content\/uploads\/2024\/07\/fb_gestaoexec_simbol-preto.png 109w, https:\/\/www.fitnessbrasil.com.br\/wp-content\/uploads\/2024\/07\/fb_gestaoexec_simbol-preto-14x12.png 14w\" data-sizes=\"(max-width: 109px) 100vw, 109px\" src=\"data:image\/svg+xml;base64,PHN2ZyB3aWR0aD0iMSIgaGVpZ2h0PSIxIiB4bWxucz0iaHR0cDovL3d3dy53My5vcmcvMjAwMC9zdmciPjwvc3ZnPg==\" style=\"--smush-placeholder-width: 109px; --smush-placeholder-aspect-ratio: 109\/95;\" \/>\t\t\t\t\t<\/div>\n\t\t\t\t<\/div>\n\t\t\t<\/div>\n\t\t\t\t<div class=\"icon-box-text last-reset\">\n\t\t\t\t\t\t\t\t\t\n\n\t<div id=\"text-2441216139\" class=\"text\">\n\t\t\n\n<h3>Conhecimento de ponta<\/h3>\n<p>\nMantenha-se atualizado com as \u00faltimas tend\u00eancias e avan\u00e7os tecnol\u00f3gicos do mercado fitness.<\/p>\n\t\t\n<style>\n#text-2441216139 {\n  color: rgb(0, 0, 0);\n}\n#text-2441216139 > * {\n  color: rgb(0, 0, 0);\n}\n<\/style>\n\t<\/div>\n\t\n\n\t\t<\/div>\n\t<\/div>\n\t\n\t\n\n\t\t<div class=\"icon-box featured-box icon-box icon-box-top text-left\"  >\n\t\t\t\t\t<div class=\"icon-box-img\" style=\"width: 60px\">\n\t\t\t\t<div class=\"icon\">\n\t\t\t\t\t<div class=\"icon-inner\" >\n\t\t\t\t\t\t<img decoding=\"async\" width=\"109\" height=\"95\" data-src=\"https:\/\/www.fitnessbrasil.com.br\/wp-content\/uploads\/2024\/07\/fb_gestaoexec_simbol-preto.png\" class=\"attachment-medium size-medium lazyload\" alt=\"\" data-srcset=\"https:\/\/www.fitnessbrasil.com.br\/wp-content\/uploads\/2024\/07\/fb_gestaoexec_simbol-preto.png 109w, https:\/\/www.fitnessbrasil.com.br\/wp-content\/uploads\/2024\/07\/fb_gestaoexec_simbol-preto-14x12.png 14w\" data-sizes=\"(max-width: 109px) 100vw, 109px\" src=\"data:image\/svg+xml;base64,PHN2ZyB3aWR0aD0iMSIgaGVpZ2h0PSIxIiB4bWxucz0iaHR0cDovL3d3dy53My5vcmcvMjAwMC9zdmciPjwvc3ZnPg==\" style=\"--smush-placeholder-width: 109px; --smush-placeholder-aspect-ratio: 109\/95;\" \/>\t\t\t\t\t<\/div>\n\t\t\t\t<\/div>\n\t\t\t<\/div>\n\t\t\t\t<div class=\"icon-box-text last-reset\">\n\t\t\t\t\t\t\t\t\t\n\n\t<div id=\"text-2758021052\" class=\"text\">\n\t\t\n\n<h3>Desenvolva habilidades de gest\u00e3o de pessoas<\/h3>\n<p>\ndominando t\u00e9cnicas de lideran\u00e7a, treinamento e reten\u00e7\u00e3o de pessoal de alto n\u00edvel.<\/p>\n\t\t\n<style>\n#text-2758021052 {\n  color: rgb(0, 0, 0);\n}\n#text-2758021052 > * {\n  color: rgb(0, 0, 0);\n}\n<\/style>\n\t<\/div>\n\t\n\n\t\t<\/div>\n\t<\/div>\n\t\n\t\n\n\t\t<\/div>\n\t\t\t\t\n<style>\n#col-8170733 > .col-inner {\n  margin: 30px 0px 0px 0px;\n}\n<\/style>\n\t<\/div>\n\n\t\n\n<\/div>\n\n\t\t<\/div>\n\n\t\t\n<style>\n#section_1833387467 {\n  padding-top: 30px;\n  padding-bottom: 30px;\n  background-color: rgb(195, 59, 112);\n}\n<\/style>\n\t<\/section>\n\t\n\n\t<section class=\"section depoimentos dark\" id=\"section_314164156\">\n\t\t<div class=\"section-bg fill\" >\n\t\t\t\t\t\t\t\t\t\n\t\t\t\n\n\t\t<\/div>\n\n\t\t\n\n\t\t<div class=\"section-content relative\">\n\t\t\t\n\n\n\n<style>\n\nsection.depoimentos{\n    text-align: center !important;\n    border-top: 1px solid #ffffff12;\n}\n\nsection.depoimentos h2{\n    text-align: center !important;    \n    font-size: 30px;\n    margin: 0px;\nfont-weight: 900;\n}\nsection.depoimentos h3{\n    text-align: center !important;\n    font-size: 30px;\n    margin-bottom: 50px;\nfont-weight: 900;\n}\n\nsection.depoimentos .cta a.button{\n    background: #1d1d1d;\n}\n\nsection.depoimentos .cta p{\n    color: #fff;\n}\n\n\n    div#alunos {\n        overflow: hidden;\n    }\n    \n    div#alunos .swiper-button-next, \n    div#alunos .swiper-button-prev{\n        background: #1d1d1d;\n        border-radius: 50%;\n        color: #bc376b;\n        width: 40px;\n        height: 40px;\n        border: 1px solid #1d1d1d;\n    }\n    \n    div#alunos .swiper-button-next:after, \n    div#alunos .swiper-button-prev:after{\n        font-size: 20px;\n        font-weight: 900;\n    }\n    \n    div#alunos .swiper-button-next{\n        right: -50px;\n    }\n    div#alunos .swiper-button-prev{\n        left: -50px;\n    }\n    \n    div#alunos .swiper-slide{\n         border: none;\n        background: transparent;\n        text-align: center;\n    }\n    \n    div#alunos .swiper-slide p{\n        padding: 0 20px 20px 20px;\n        font-style:italic;\n        font-size: 14px;\n    }\n\n    div#alunos .swiper-slide h2{\n        padding: 20px 20px 0 20px;\n        color: #fff;\n        text-transform: uppercase;\n        font-size: 20px;\nfont-weight: 900;\n    }\n\n    div#alunos .swiper-slide h3{\n        padding: 0px 20px 0 20px;\n        color: #1d1d1d;\n        font-size: 18px;\n    }\n    \n    div#alunos .swiper-slide img{\n        border: 1px solid #1d1d1d;\n        width: 75%;\n        margin: auto !important;\n    }\n    \n    div#alunos .swiper-pagination {\n        bottom: -50px !important;\n        \n        display: none !important;\n    }\n    \n    div#alunos span.swiper-pagination-bullet.swiper-pagination-bullet-active {\n        background: #1d1d1d;\n    }\n\n@media (max-width: 768px) {\n\n    .section.depoimentos{\n        padding: 20px;\n    }\n\n    .section.depoimentos h2{\n        font-size: 20px !important;\n        margin-bottom: 10px;\n    }\n\n    .section.depoimentos h3{\n        font-size: 20px !important;\n        line-height: 1.2;\n        margin-bottom: 70px\n    }\n\n\n}\n\n@media (max-width: 768px) {\n\n\n    div#alunos{\n        width: 100% !important;\n        margin: auto;\n    }\n#alunos .swiper-slide img{\n    width: 100% !important;\n}\n\n    div#alunos .swiper-button-prev{\n        left: -15px;\n        margin-top: -80px;\n    }\n\n    div#alunos .swiper-button-next{\n        right: -15px;\n        margin-top: -80px;\n    }\n\n}\n    \n    <\/style>\n\n<div class=\"row\"  id=\"row-1154975665\">\n\n\n\t<div id=\"col-1179871972\" class=\"col small-12 large-12\"  >\n\t\t\t\t<div class=\"col-inner\"  >\n\t\t\t\n\t\t\t\n\n<div class=\"container section-title-container\" ><h2 class=\"section-title section-title-normal\"><b><\/b><span class=\"section-title-main\" >o que nossos alunos falam sobre o programa<\/span><b><\/b><\/h2><\/div>\n\n<div class=\"container section-title-container\" ><h3 class=\"section-title section-title-normal\"><b><\/b><span class=\"section-title-main\" style=\"color:rgb(0, 0, 0);\">FitBR Gest\u00e3o Executiva de Academias:<\/span><b><\/b><\/h3><\/div>\n\n<div class=\"container section-title-container\" style=\"margin-top:-60px;\"><h3 class=\"section-title section-title-normal\"><b><\/b><span class=\"section-title-main\" style=\"color:rgb(0, 0, 0);\">da Estrat\u00e9gia \u00e0 Opera\u00e7\u00e3o<\/span><b><\/b><\/h3><\/div>\n\n\n\t\t<\/div>\n\t\t\t\t\t<\/div>\n\n\t\n\n<\/div>\n<div class=\"row\"  id=\"row-433806998\">\n\n\n\t<div id=\"col-990775336\" class=\"col hide-for-medium small-12 large-12\"  >\n\t\t\t\t<div class=\"col-inner\"  >\n\t\t\t\n\t\t\t\n\n<div class=\"row row-dashed\"  id=\"row-636201437\">\n\n\n\t<div id=\"col-1088676719\" class=\"col medium-6 small-12 large-6\"  >\n\t\t\t\t<div class=\"col-inner\"  >\n\t\t\t\n\t\t\t\n\n<div class=\"video video-fit mb\" style=\"padding-top:56.25%;\"><div class=\"geodir-embed-container\"><iframe title=\"Gest\u00e3o Executiva para Academias - Depoimento Dayan Lazzaretti - Diretor - Zest Fitness Equipment\" width=\"1020\" height=\"574\" data-src=\"https:\/\/www.youtube.com\/embed\/54TPFeW8gHc?feature=oembed\" frameborder=\"0\" allow=\"accelerometer; autoplay; clipboard-write; encrypted-media; gyroscope; picture-in-picture; web-share\" referrerpolicy=\"strict-origin-when-cross-origin\" allowfullscreen src=\"data:image\/svg+xml;base64,PHN2ZyB3aWR0aD0iMSIgaGVpZ2h0PSIxIiB4bWxucz0iaHR0cDovL3d3dy53My5vcmcvMjAwMC9zdmciPjwvc3ZnPg==\" class=\"lazyload\" data-load-mode=\"1\"><\/iframe><\/div><\/div>\n\n\n\t\t<\/div>\n\t\t\t\t\t<\/div>\n\n\t\n\n\t<div id=\"col-684359314\" class=\"col medium-6 small-12 large-6\"  >\n\t\t\t\t<div class=\"col-inner\"  >\n\t\t\t\n\t\t\t\n\n<div class=\"video video-fit mb\" style=\"padding-top:56.25%;\"><div class=\"geodir-embed-container\"><iframe title=\"Gest\u00e3o Executiva para Academias - Depoimento Ulisses Silva\" width=\"1020\" height=\"574\" data-src=\"https:\/\/www.youtube.com\/embed\/uBVVsTT0UMk?feature=oembed\" frameborder=\"0\" allow=\"accelerometer; autoplay; clipboard-write; encrypted-media; gyroscope; picture-in-picture; web-share\" referrerpolicy=\"strict-origin-when-cross-origin\" allowfullscreen src=\"data:image\/svg+xml;base64,PHN2ZyB3aWR0aD0iMSIgaGVpZ2h0PSIxIiB4bWxucz0iaHR0cDovL3d3dy53My5vcmcvMjAwMC9zdmciPjwvc3ZnPg==\" class=\"lazyload\" data-load-mode=\"1\"><\/iframe><\/div>\n<\/div>\n\n\n\t\t<\/div>\n\t\t\t\t\t<\/div>\n\n\t\n\n<\/div>\n\n\t\t<\/div>\n\t\t\t\t\t<\/div>\n\n\t\n\n<\/div>\n<div class=\"row\"  id=\"row-1331336228\">\n\n\n\t<div id=\"col-383385696\" class=\"col hide-for-medium small-12 large-12\"  >\n\t\t\t\t<div class=\"col-inner\"  >\n\t\t\t\n\t\t\t\n\n\t<div id=\"gap-496972665\" class=\"gap-element clearfix\" style=\"display:block; height:auto;\">\n\t\t\n<style>\n#gap-496972665 {\n  padding-top: 30px;\n}\n<\/style>\n\t<\/div>\n\t\n\n\t<div id=\"gap-1097440482\" class=\"gap-element clearfix\" style=\"display:block; height:auto;\">\n\t\t\n<style>\n#gap-1097440482 {\n  padding-top: 30px;\n}\n<\/style>\n\t<\/div>\n\t\n\n\n\t\t<\/div>\n\t\t\t\t\t<\/div>\n\n\t\n\n<\/div>\n<div class=\"row\"  id=\"row-897092081\">\n\n\n\t<div id=\"col-1884842196\" class=\"col hide-for-medium medium-4 small-12 large-4\"  >\n\t\t\t\t<div class=\"col-inner\"  >\n\t\t\t\n\t\t\t\n\n\n\t\t<\/div>\n\t\t\t\t\t<\/div>\n\n\t\n\n\t<div id=\"col-177019728\" class=\"col cta medium-4 small-12 large-4\"  >\n\t\t\t\t<div class=\"col-inner\"  >\n\t\t\t\n\t\t\t\n\n<a href=\"https:\/\/www.fitnessbrasil.com.br\/produto\/gestao-executiva-de-academias\/\" target=\"_blank\" class=\"button primary is-large\" rel=\"noopener\"  >\n\t\t<span>Quero me inscrever<\/span>\n\t<\/a>\n\n\n\t<div id=\"text-4011521275\" class=\"text\">\n\t\t\n\n<p>as vagas s\u00e3o <u>realmente limitadas<\/u> para garantir a qualidade da turma e das mentorias inclu\u00eddas no programa<\/p>\n\t\t\n<style>\n#text-4011521275 {\n  text-align: center;\n}\n<\/style>\n\t<\/div>\n\t\n\n\t\t<\/div>\n\t\t\t\t\t<\/div>\n\n\t\n\n\t<div id=\"col-955913041\" class=\"col hide-for-medium medium-4 small-12 large-4\"  >\n\t\t\t\t<div class=\"col-inner\"  >\n\t\t\t\n\t\t\t\n\n\n\t\t<\/div>\n\t\t\t\t\t<\/div>\n\n\t\n\n<\/div>\n\n\t\t<\/div>\n\n\t\t\n<style>\n#section_314164156 {\n  padding-top: 30px;\n  padding-bottom: 30px;\n  background-color: rgb(195, 59, 112);\n}\n<\/style>\n\t<\/section>\n\t\n\n\t<section class=\"section calendario dark\" id=\"section_942264532\">\n\t\t<div class=\"section-bg fill\" >\n\t\t\t\t\t\t\t\t\t\n\t\t\t\n\n\t\t<\/div>\n\n\t\t\n\n\t\t<div class=\"section-content relative\">\n\t\t\t\n\n\n\n<style>\n\n.section.calendario {\n}\n\n.section.calendario h2{\n    margin-bottom: 30px;\nfont-weight: 900;\n}\n\n.section.calendario .box,\n.section.calendario .mes{\n    background: rgb(5 186 173 \/ 40%);\n    margin-bottom: 30px;\n}\n\n.section.calendario .row.local {\n    text-align: center !important;\n    border-top: 2px solid #2a2a2a;\n    border-bottom: 2px solid #2a2a2a;\n    margin: 60px 0;\n}\n\n.section.calendario .row.local .marcador {\n    width: 60px !important;\n    display: block;\n    margin: 20px auto;\n    margin-top: 0px;\n}\n\n.section.calendario .row.local h3{\n    margin-top: -30px;\n    line-height: 1.2;\nfont-weight: 900;\n}\n\n.section.calendario h3{\n    line-height: 1.2;\nfont-weight: 900;\n}\n\n.section.calendario .icon-boxes{\n    margin: 40px auto;\n}\n\n.section.calendario .box{\n    padding: 30px;    \n}\n\n.section.calendario .box .box-image {\n    width: 60px;\n    display: inline-block;\n}\n\n.section.calendario .box .box-text {\n    padding: 0px !important;\n}\n\n.section.calendario .box .box-text h4{\n    color: #2dffee;\n    font-size: 25px;\n    \n}\n\n.section.calendario .box .box-text h4 {\n    color: #2dffee;\n    font-size: 25px;\n    font-weight: 700 !important;\n}\n\n.section.calendario .box .box-text {\n    font-size: 18px !important;\n}\n\n.section.calendario .col.preco {\n    margin: 30px 0;\n}\n\n.section.calendario .col.preco h2{\n    font-weight: 900 !important;\n    margin: 0px;\n}\n.section.calendario .col.preco h3{\n    font-weight: 900 !important;\n    font-size: 25px;\n    margin-top: 20px\n}\n\n.section.calendario .box .box-image {\n    width: 60px;\n    display: inline-block;\n    margin-top: 10px;\n}\n\n@media (max-width: 768px) {\n\n    .section.calendario{\n        padding: 20px;\n    }\n\n    .section.calendario h2{\n        font-size: 30px !important;\n    }\n\n    .section.calendario h3{\n        font-size: 20px !important;\n        line-height: 1.2;\n    }\n\n    .section.calendario .mes h3{\n        font-size: 25px !important;\n        line-height: 1.2;\n        padding: 5px !important;\n    }\n\n    .section.calendario .row.local h3{\n        font-size: 20px !important;\n        line-height: 1.2;\n    }\n\n    .section.calendario .box{\n        text-align: center;\n    }\n    \n    .section.calendario .box .box-image{\n        max-width: 60px;\n        margin: auto;\n    }\n\n\n}\n\n<\/style>\n\n<div class=\"row\"  id=\"row-1637485682\">\n\n\n\t<div id=\"col-441227264\" class=\"col small-12 large-12\"  >\n\t\t\t\t<div class=\"col-inner\"  >\n\t\t\t\n\t\t\t\n\n<div class=\"container section-title-container\" ><h2 class=\"section-title section-title-normal\"><b><\/b><span class=\"section-title-main\" style=\"color:rgb(5, 186, 173);\">Calend\u00e1rio de Aulas - 2025<\/span><b><\/b><\/h2><\/div>\n\n\n\t\t<\/div>\n\t\t\t\t\t<\/div>\n\n\t\n\n<\/div>\n<div class=\"row calendarios\"  id=\"row-1698876435\">\n\n\n\t<div id=\"col-1130640509\" class=\"col medium-4 small-12 large-4\"  >\n\t\t\t\t<div class=\"col-inner\"  >\n\t\t\t\n\t\t\t\n\n<div class=\"container section-title-container mes\" ><h3 class=\"section-title section-title-normal\"><b><\/b><span class=\"section-title-main\" >ABRIL<\/span><b><\/b><\/h3><\/div>\n\n<ul>\n<li>04 e 05 &#8211; Sexta-feira e S\u00e1bado<\/li>\n<li>25 e 26 &#8211; Sexta-feira e S\u00e1bado\u00a0<\/li>\n<\/ul>\n\n\t\t<\/div>\n\t\t\t\t\n<style>\n#col-1130640509 > .col-inner {\n  padding: 20px 20px 20px 20px;\n}\n<\/style>\n\t<\/div>\n\n\t\n\n\t<div id=\"col-521227957\" class=\"col medium-4 small-12 large-4\"  >\n\t\t\t\t<div class=\"col-inner\"  >\n\t\t\t\n\t\t\t\n\n<div class=\"container section-title-container mes\" ><h3 class=\"section-title section-title-normal\"><b><\/b><span class=\"section-title-main\" >MAIO<\/span><b><\/b><\/h3><\/div>\n\n<ul>\n<li>16 e 17 &#8211; Sexta-feira e S\u00e1bado<\/li>\n<\/ul>\n\n\t\t<\/div>\n\t\t\t\t\n<style>\n#col-521227957 > .col-inner {\n  padding: 20px 20px 20px 20px;\n}\n<\/style>\n\t<\/div>\n\n\t\n\n\t<div id=\"col-1029085539\" class=\"col medium-4 small-12 large-4\"  >\n\t\t\t\t<div class=\"col-inner\"  >\n\t\t\t\n\t\t\t\n\n<div class=\"container section-title-container mes\" ><h3 class=\"section-title section-title-normal\"><b><\/b><span class=\"section-title-main\" >JUNHO<\/span><b><\/b><\/h3><\/div>\n\n<ul>\n<li>06 e 07 &#8211; Sexta-feira e S\u00e1bado<\/li>\n<li>27 e 28 &#8211; Sexta-feira e S\u00e1bado\u00a0<\/li>\n<\/ul>\n\n\t\t<\/div>\n\t\t\t\t\n<style>\n#col-1029085539 > .col-inner {\n  padding: 20px 20px 20px 20px;\n}\n<\/style>\n\t<\/div>\n\n\t\n\n<\/div>\n<div class=\"row\"  id=\"row-1267298715\">\n\n\n\t<div id=\"col-494975172\" class=\"col small-12 large-12\"  >\n\t\t\t\t<div class=\"col-inner\"  >\n\t\t\t\n\t\t\t\n\n<div class=\"container section-title-container\" ><h2 class=\"section-title section-title-normal\"><b><\/b><span class=\"section-title-main\" style=\"font-size:49%;\">*SUJEITO A FORMA\u00c7\u00c3O DE TURMA - M\u00cdNIMO DE 25 ALUNOS<\/span><b><\/b><\/h2><\/div>\n\n<div class=\"row local\"  id=\"row-772171003\">\n\n\n\t<div id=\"col-1081136639\" class=\"col small-12 large-12\"  >\n\t\t\t\t<div class=\"col-inner\"  >\n\t\t\t\n\t\t\t\n\n\t<div class=\"img has-hover marcador x md-x lg-x y md-y lg-y\" id=\"image_1676103468\">\n\t\t\t\t\t\t\t\t<div class=\"img-inner dark\" >\n\t\t\t<img decoding=\"async\" width=\"147\" height=\"175\" data-src=\"https:\/\/www.fitnessbrasil.com.br\/wp-content\/uploads\/2024\/07\/Shape-7.png\" class=\"attachment-original size-original lazyload\" alt=\"\" data-srcset=\"https:\/\/www.fitnessbrasil.com.br\/wp-content\/uploads\/2024\/07\/Shape-7.png 147w, https:\/\/www.fitnessbrasil.com.br\/wp-content\/uploads\/2024\/07\/Shape-7-10x12.png 10w\" data-sizes=\"(max-width: 147px) 100vw, 147px\" src=\"data:image\/svg+xml;base64,PHN2ZyB3aWR0aD0iMSIgaGVpZ2h0PSIxIiB4bWxucz0iaHR0cDovL3d3dy53My5vcmcvMjAwMC9zdmciPjwvc3ZnPg==\" style=\"--smush-placeholder-width: 147px; --smush-placeholder-aspect-ratio: 147\/175;\" \/>\t\t\t\t\t\t\n\t\t\t\t\t<\/div>\n\t\t\t\t\t\t\t\t\n<style>\n#image_1676103468 {\n  width: 100%;\n}\n<\/style>\n\t<\/div>\n\t\n\n<div class=\"container section-title-container\" ><h2 class=\"section-title section-title-normal\"><b><\/b><span class=\"section-title-main\" >todas as aulas presenciais acima v\u00e3o acontecer no<\/span><b><\/b><\/h2><\/div>\n\n<div class=\"container section-title-container\" ><h3 class=\"section-title section-title-normal\"><b><\/b><span class=\"section-title-main\" style=\"color:rgb(12, 188, 174);\">Hotel Wyndham S\u00e3o Paulo Paulista Alameda Campinas, 540 - Jardim Paulista<\/span><b><\/b><\/h3><\/div>\n\n\n\t\t<\/div>\n\t\t\t\t\t<\/div>\n\n\t\n\n\n<style>\n#row-772171003 > .col > .col-inner {\n  padding: 40px 0px 40px 0px;\n}\n<\/style>\n<\/div>\n\n\t\t<\/div>\n\t\t\t\t\t<\/div>\n\n\t\n\n<\/div>\n<div class=\"row\"  id=\"row-1750012291\">\n\n\n\t<div id=\"col-592022049\" class=\"col small-12 large-12\"  >\n\t\t\t\t<div class=\"col-inner\"  >\n\t\t\t\n\t\t\t\n\n<div class=\"container section-title-container\" ><h3 class=\"section-title section-title-normal\"><b><\/b><span class=\"section-title-main\" style=\"color:rgb(12, 188, 174);\">CONFIRA TUDO QUE est\u00e1 inclu\u00eddo no programa<\/span><b><\/b><\/h3><\/div>\n\n<div class=\"container section-title-container\" ><h3 class=\"section-title section-title-normal\"><b><\/b><span class=\"section-title-main\" >FitBR Gest\u00e3o Executiva de Academia:<\/span><b><\/b><\/h3><\/div>\n\n<div class=\"container section-title-container\" ><h3 class=\"section-title section-title-normal\"><b><\/b><span class=\"section-title-main\" >da Estrat\u00e9gia \u00e0 Opera\u00e7\u00e3o<\/span><b><\/b><\/h3><\/div>\n\n\n\t\t<\/div>\n\t\t\t\t\t<\/div>\n\n\t\n\n<\/div>\n<div class=\"row icon-boxes\"  id=\"row-118129055\">\n\n\n\t<div id=\"col-1957230883\" class=\"col small-12 large-12\"  >\n\t\t\t\t<div class=\"col-inner\"  >\n\t\t\t\n\t\t\t\n\n\t<div class=\"box has-hover image-box  has-hover box-vertical box-text-bottom\" >\n\n\t\t<div class=\"box-image\" >\n\t\t\t\t\t\t<div class=\"\" >\n\t\t\t\t<img decoding=\"async\" width=\"149\" height=\"115\" data-src=\"https:\/\/www.fitnessbrasil.com.br\/wp-content\/uploads\/2024\/07\/Shape-6.png\" class=\"attachment-original size-original lazyload\" alt=\"\" data-srcset=\"https:\/\/www.fitnessbrasil.com.br\/wp-content\/uploads\/2024\/07\/Shape-6.png 149w, https:\/\/www.fitnessbrasil.com.br\/wp-content\/uploads\/2024\/07\/Shape-6-16x12.png 16w\" data-sizes=\"(max-width: 149px) 100vw, 149px\" src=\"data:image\/svg+xml;base64,PHN2ZyB3aWR0aD0iMSIgaGVpZ2h0PSIxIiB4bWxucz0iaHR0cDovL3d3dy53My5vcmcvMjAwMC9zdmciPjwvc3ZnPg==\" style=\"--smush-placeholder-width: 149px; --smush-placeholder-aspect-ratio: 149\/115;\" \/>\t\t\t\t\t\t\t\t\t\t\t<\/div>\n\t\t\t\t\t<\/div>\n\n\t\t<div class=\"box-text text-center\" >\n\t\t\t<div class=\"box-text-inner\">\n\t\t\t\t\n\n<h4>80h\/10 dias de Aulas Presenciais<\/h4>\n<p>Com alguns dos maiores especialistas em suas \u00e1reas de atua\u00e7\u00e3o<\/p>\n\n\t\t\t<\/div>\n\t\t<\/div>\n\t<\/div>\n\t\n\t<div class=\"box has-hover image-box  has-hover box-vertical box-text-bottom\" >\n\n\t\t<div class=\"box-image\" >\n\t\t\t\t\t\t<div class=\"\" >\n\t\t\t\t<img decoding=\"async\" width=\"149\" height=\"115\" data-src=\"https:\/\/www.fitnessbrasil.com.br\/wp-content\/uploads\/2024\/07\/Shape-6.png\" class=\"attachment-original size-original lazyload\" alt=\"\" data-srcset=\"https:\/\/www.fitnessbrasil.com.br\/wp-content\/uploads\/2024\/07\/Shape-6.png 149w, https:\/\/www.fitnessbrasil.com.br\/wp-content\/uploads\/2024\/07\/Shape-6-16x12.png 16w\" data-sizes=\"(max-width: 149px) 100vw, 149px\" src=\"data:image\/svg+xml;base64,PHN2ZyB3aWR0aD0iMSIgaGVpZ2h0PSIxIiB4bWxucz0iaHR0cDovL3d3dy53My5vcmcvMjAwMC9zdmciPjwvc3ZnPg==\" style=\"--smush-placeholder-width: 149px; --smush-placeholder-aspect-ratio: 149\/115;\" \/>\t\t\t\t\t\t\t\t\t\t\t<\/div>\n\t\t\t\t\t<\/div>\n\n\t\t<div class=\"box-text text-center\" >\n\t\t\t<div class=\"box-text-inner\">\n\t\t\t\t\n\n<h4>Webinar de Fechamento<\/h4>\n<p>4h online para concluir e alinhar todos os conte\u00fados<\/p>\n\n\t\t\t<\/div>\n\t\t<\/div>\n\t<\/div>\n\t\n\t<div class=\"box has-hover image-box  has-hover box-vertical box-text-bottom\" >\n\n\t\t<div class=\"box-image\" >\n\t\t\t\t\t\t<div class=\"\" >\n\t\t\t\t<img decoding=\"async\" width=\"149\" height=\"115\" data-src=\"https:\/\/www.fitnessbrasil.com.br\/wp-content\/uploads\/2024\/07\/Shape-6.png\" class=\"attachment-original size-original lazyload\" alt=\"\" data-srcset=\"https:\/\/www.fitnessbrasil.com.br\/wp-content\/uploads\/2024\/07\/Shape-6.png 149w, https:\/\/www.fitnessbrasil.com.br\/wp-content\/uploads\/2024\/07\/Shape-6-16x12.png 16w\" data-sizes=\"(max-width: 149px) 100vw, 149px\" src=\"data:image\/svg+xml;base64,PHN2ZyB3aWR0aD0iMSIgaGVpZ2h0PSIxIiB4bWxucz0iaHR0cDovL3d3dy53My5vcmcvMjAwMC9zdmciPjwvc3ZnPg==\" style=\"--smush-placeholder-width: 149px; --smush-placeholder-aspect-ratio: 149\/115;\" \/>\t\t\t\t\t\t\t\t\t\t\t<\/div>\n\t\t\t\t\t<\/div>\n\n\t\t<div class=\"box-text text-center\" >\n\t\t\t<div class=\"box-text-inner\">\n\t\t\t\t\n\n<h4>26h de Mentorias Online<\/h4>\n<p>Com foco em dar suporte para direcionar e aplicar na pr\u00e1tica o conte\u00fado no seu neg\u00f3cio<\/p>\n\n\t\t\t<\/div>\n\t\t<\/div>\n\t<\/div>\n\t\n\n\t\t<\/div>\n\t\t\t\t\t<\/div>\n\n\t\n\n<\/div>\n<div class=\"row\"  id=\"row-869703731\">\n\n\n\t<div id=\"col-50675438\" class=\"col hide-for-medium medium-4 small-12 large-4\"  >\n\t\t\t\t<div class=\"col-inner\"  >\n\t\t\t\n\t\t\t\n\n\n\t\t<\/div>\n\t\t\t\t\t<\/div>\n\n\t\n\n\t<div id=\"col-1389693846\" class=\"col preco medium-4 small-12 large-4\"  >\n\t\t\t\t<div class=\"col-inner\"  >\n\t\t\t\n\t\t\t\n\n<div class=\"container section-title-container\" ><h2 class=\"section-title section-title-normal\"><b><\/b><span class=\"section-title-main\" >Investimento<\/span><b><\/b><\/h2><\/div>\n\n<div class=\"container section-title-container\" ><h2 class=\"section-title section-title-normal\"><b><\/b><span class=\"section-title-main\" >DE R$ 14.900  POR R$ 9.900<\/span><b><\/b><\/h2><\/div>\n\n<div class=\"container section-title-container\" ><h3 class=\"section-title section-title-normal\"><b><\/b><span class=\"section-title-main\" style=\"color:rgb(12, 188, 174);\">10 X DE R$ 990,00 SEM JUROS<\/span><b><\/b><\/h3><\/div>\n\n<div class=\"container section-title-container\" ><h3 class=\"section-title section-title-normal\"><b><\/b><span class=\"section-title-main\" style=\"font-size:66%;color:rgb(12, 188, 174);\">*VALOR SUJEITO A VIRADA DE LOTE<\/span><b><\/b><\/h3><\/div>\n\n\n\t\t<\/div>\n\t\t\t\t\t<\/div>\n\n\t\n\n\t<div id=\"col-1997635811\" class=\"col hide-for-medium medium-4 small-12 large-4\"  >\n\t\t\t\t<div class=\"col-inner\"  >\n\t\t\t\n\t\t\t\n\n\n\t\t<\/div>\n\t\t\t\t\t<\/div>\n\n\t\n\n<\/div>\n<div class=\"row\"  id=\"row-1893035783\">\n\n\n\t<div id=\"col-375111327\" class=\"col hide-for-medium medium-4 small-12 large-4\"  >\n\t\t\t\t<div class=\"col-inner\"  >\n\t\t\t\n\t\t\t\n\n\n\t\t<\/div>\n\t\t\t\t\t<\/div>\n\n\t\n\n\t<div id=\"col-1991873414\" class=\"col cta medium-4 small-12 large-4\"  >\n\t\t\t\t<div class=\"col-inner\"  >\n\t\t\t\n\t\t\t\n\n<a href=\"https:\/\/www.fitnessbrasil.com.br\/produto\/gestao-executiva-de-academias\/\" target=\"_blank\" class=\"button primary is-large\" rel=\"noopener\"  >\n\t\t<span>Quero me inscrever<\/span>\n\t<\/a>\n\n\n\t<div id=\"text-3808706519\" class=\"text\">\n\t\t\n\n<p>as vagas s\u00e3o <u>realmente limitadas<\/u> para garantir a qualidade da turma e das mentorias inclu\u00eddas no programa<\/p>\n\t\t\n<style>\n#text-3808706519 {\n  text-align: center;\n  color: rgb(255,255,255);\n}\n#text-3808706519 > * {\n  color: rgb(255,255,255);\n}\n<\/style>\n\t<\/div>\n\t\n\n\t\t<\/div>\n\t\t\t\t\t<\/div>\n\n\t\n\n\t<div id=\"col-2046300191\" class=\"col medium-4 small-12 large-4\"  >\n\t\t\t\t<div class=\"col-inner\"  >\n\t\t\t\n\t\t\t\n\n\n\t\t<\/div>\n\t\t\t\t\t<\/div>\n\n\t\n\n<\/div>\n\n\t\t<\/div>\n\n\t\t\n<style>\n#section_942264532 {\n  padding-top: 30px;\n  padding-bottom: 30px;\n  background-color: rgb(29, 29, 29);\n}\n<\/style>\n\t<\/section>\n\t\n\n\t<section class=\"section perguntas\" id=\"section_1095664851\">\n\t\t<div class=\"section-bg fill\" >\n\t\t\t\t\t\t\t\t\t\n\t\t\t\n\n\t\t<\/div>\n\n\t\t\n\n\t\t<div class=\"section-content relative\">\n\t\t\t\n\n\n\n<style>\n\n.section.perguntas {\n    border-bottom: 1px solid #ffffff1a\n}\n\n.section.perguntas h2.section-title{\n    margin-bottom: 30px !important;    \n    font-weight: 900;\n}\n\n.section.perguntas i.icon-angle-down {\n    color: #fff !important;\n    background: #e94282;\n    border-radius: 50px;\n    width: 25px;\n    height: 25px;\n    padding: 0px !important;\n    line-height: 25px;\n    \n}\n\n.section.perguntas .accordion-title span{\n    margin-left: 5px;\n}\n\n.section.perguntas .accordion-inner {\n    text-align: left !important;\n}\n\n.section.perguntas a.accordion-title.plain {\n    color: #c33b70;\n    font-weight: 700;\n    text-align: left;\n}\n\n@media (max-width: 768px) {\n\n    .section.perguntas{\n        padding: 20px;\n    }\n\n}\n\n<\/style>\n\n<div class=\"row\"  id=\"row-633876935\">\n\n\n\t<div id=\"col-653334892\" class=\"col small-12 large-12\"  >\n\t\t\t\t<div class=\"col-inner text-left\"  >\n\t\t\t\n\t\t\t\n\n<div class=\"container section-title-container\" ><h2 class=\"section-title section-title-normal\"><b><\/b><span class=\"section-title-main\" >Perguntas Frequentes<\/span><b><\/b><\/h2><\/div>\n\n\n\t\t<div class=\"tabbed-content\">\n\t\t\t\n\t\t\t<ul class=\"nav nav-tabs nav-uppercase nav-size-normal nav-left\" role=\"tablist\"><li id=\"tab-informa\u00c7\u00d5es-sobre-o-gest\u00c3o-executiva\" class=\"tab active has-icon\" role=\"presentation\"><a href=\"#tab_informa\u00c7\u00d5es-sobre-o-gest\u00c3o-executiva\" role=\"tab\" aria-selected=\"true\" aria-controls=\"tab_informa\u00c7\u00d5es-sobre-o-gest\u00c3o-executiva\"><span>INFORMA\u00c7\u00d5ES SOBRE O GEST\u00c3O EXECUTIVA<\/span><\/a><\/li>\n<li id=\"tab-compras\" class=\"tab has-icon\" role=\"presentation\"><a href=\"#tab_compras\" tabindex=\"-1\" role=\"tab\" aria-selected=\"false\" aria-controls=\"tab_compras\"><span>Compras<\/span><\/a><\/li><\/ul><div class=\"tab-panels\"><div id=\"tab_informa\u00c7\u00d5es-sobre-o-gest\u00c3o-executiva\" class=\"panel active entry-content\" role=\"tabpanel\" aria-labelledby=\"tab-informa\u00c7\u00d5es-sobre-o-gest\u00c3o-executiva\">\n\n<div class=\"accordion faq\">\n\n\t<div id=\"accordion-2184305502\" class=\"accordion-item\">\n\t\t<a id=\"accordion-2184305502-label\" class=\"accordion-title plain\" href=\"#accordion-item-quando-acontecer\u00e1-o-programa-gest\u00e3o-executiva?\" aria-expanded=\"false\" aria-controls=\"accordion-2184305502-content\" >\n\t\t\t<button class=\"toggle\" aria-label=\"Toggle\"><i class=\"icon-angle-down\"><\/i><\/button>\n\t\t\t<span>Quando acontecer\u00e1 o programa Gest\u00e3o Executiva?<\/span>\n\t\t<\/a>\n\t\t<div id=\"accordion-2184305502-content\" class=\"accordion-inner\" aria-labelledby=\"accordion-2184305502-label\" >\n\t\t\t\n\n<p>O curso ser\u00e1 realizado as <strong>sextas e s\u00e1bados, das 9h \u00e0s 18h;<\/strong> nas seguintes datas abaixo:<\/p>\n<p><strong>Datas dos Encontros Presenciais:<\/strong><\/p>\n<ul>\n<li>04\/04\/25 e 05\/04\/25<\/li>\n<li>25\/04\/25 e 26\/04\/25<\/li>\n<li>16\/05\/25 e 17\/05\/25<\/li>\n<li>06\/06\/25 e 07\/06\/25<\/li>\n<li>27\/06\/25 e 28\/06\/25<\/li>\n<\/ul>\n<p>*Datas dos webinars e mentorias online a confirmar.<\/p>\n\n\n\t\t<\/div>\n\t<\/div>\n\t\n\t<div id=\"accordion-2518433832\" class=\"accordion-item\">\n\t\t<a id=\"accordion-2518433832-label\" class=\"accordion-title plain\" href=\"#accordion-item-qual-o-hor\u00e1rio-e-carga-hor\u00e1ria-do-curso?\" aria-expanded=\"false\" aria-controls=\"accordion-2518433832-content\" >\n\t\t\t<button class=\"toggle\" aria-label=\"Toggle\"><i class=\"icon-angle-down\"><\/i><\/button>\n\t\t\t<span>Qual o hor\u00e1rio e carga hor\u00e1ria do curso?<\/span>\n\t\t<\/a>\n\t\t<div id=\"accordion-2518433832-content\" class=\"accordion-inner\" aria-labelledby=\"accordion-2518433832-label\" >\n\t\t\t\n\n<p><strong>Dias e Hor\u00e1rios:<\/strong> Sextas e s\u00e1bados, das 9h \u00e0s 18h;<\/p>\n<p><strong>Carga Hor\u00e1ria Total:<\/strong> 110h;<\/p>\n<p><strong>Carga Hor\u00e1ria Presencial:<\/strong> 80h (oitenta horas) no formato presencial, por meio de 10 (dez) encontros com dura\u00e7\u00e3o de 8h (oito horas) cada.<\/p>\n<div><strong>Carga Hor\u00e1ria Remota:<\/strong> 30h (trinta horas), por meio de 6 (seis) aulas com dura\u00e7\u00e3o de 3h (tr\u00eas horas) cada, 3 (duas) aulas com dura\u00e7\u00e3o de 2h (duas horas) e 1 (uma) aula com dura\u00e7\u00e3o de 4h (quatro horas) cada, as quais ser\u00e3o realizadas no formato s\u00edncrono, sem grava\u00e7\u00e3o e possibilidade de o Contratante acessar a aula posteriormente;<\/div>\n\n\t\t<\/div>\n\t<\/div>\n\t\n\t<div id=\"accordion-113888424\" class=\"accordion-item\">\n\t\t<a id=\"accordion-113888424-label\" class=\"accordion-title plain\" href=\"#accordion-item-onde-ser\u00e1-realizado?\" aria-expanded=\"false\" aria-controls=\"accordion-113888424-content\" >\n\t\t\t<button class=\"toggle\" aria-label=\"Toggle\"><i class=\"icon-angle-down\"><\/i><\/button>\n\t\t\t<span>Onde ser\u00e1 realizado?<\/span>\n\t\t<\/a>\n\t\t<div id=\"accordion-113888424-content\" class=\"accordion-inner\" aria-labelledby=\"accordion-113888424-label\" >\n\t\t\t\n\n<p>Wyndham S\u00e3o Paulo Paulista, Alameda Campinas, 540 &#8211;<br \/>Jardim Paulista, S\u00e3o Paulo.<\/p>\n\n\t\t<\/div>\n\t<\/div>\n\t\n\t<div id=\"accordion-1144695017\" class=\"accordion-item\">\n\t\t<a id=\"accordion-1144695017-label\" class=\"accordion-title plain\" href=\"#accordion-item-para-quem-\u00e9-o-programa?-qual-o-p\u00fablico?\" aria-expanded=\"false\" aria-controls=\"accordion-1144695017-content\" >\n\t\t\t<button class=\"toggle\" aria-label=\"Toggle\"><i class=\"icon-angle-down\"><\/i><\/button>\n\t\t\t<span>Para quem \u00e9 o programa? Qual o p\u00fablico?<\/span>\n\t\t<\/a>\n\t\t<div id=\"accordion-1144695017-content\" class=\"accordion-inner\" aria-labelledby=\"accordion-1144695017-label\" >\n\t\t\t\n\n<p>Um programa de educa\u00e7\u00e3o \u00fanico e completo, pensado para l\u00edderes e gestores do mercado fitness<\/p>\n\n\t\t<\/div>\n\t<\/div>\n\t\n\t<div id=\"accordion-377272057\" class=\"accordion-item\">\n\t\t<a id=\"accordion-377272057-label\" class=\"accordion-title plain\" href=\"#accordion-item-onde-se-hospedar?\" aria-expanded=\"false\" aria-controls=\"accordion-377272057-content\" >\n\t\t\t<button class=\"toggle\" aria-label=\"Toggle\"><i class=\"icon-angle-down\"><\/i><\/button>\n\t\t\t<span>Onde se hospedar?<\/span>\n\t\t<\/a>\n\t\t<div id=\"accordion-377272057-content\" class=\"accordion-inner\" aria-labelledby=\"accordion-377272057-label\" >\n\t\t\t\n\n<p>Al\u00e9m do pr\u00f3prio hotel onde ser\u00e1 realizado o curso:\u00a0<\/p>\n<p>Wyndham S\u00e3o Paulo Paulista, Alameda Campinas, 540 &#8211;<br \/>Jardim Paulista, S\u00e3o Paulo.<\/p>\n<p>A regi\u00e3o da Av.Paulista conta com uma vasta op\u00e7\u00e3o de hospedagem para todos os gostos, saiba mais <a href=\"https:\/\/www.google.com\/travel\/search?q=hoteis%20pr%C3%B3ximo%20a%20alameda%20campinas%20540&amp;g2lb=4814050%2C4874190%2C4893075%2C4899568%2C4899569%2C4965990%2C4969803%2C72277293%2C72302247%2C72317059%2C72406588%2C72414906%2C72421566%2C72462234%2C72470899%2C72471280%2C72472051%2C72473841%2C72481459%2C72485658%2C72486593%2C72494250%2C72499705%2C72536387%2C72549171%2C72569093%2C72570850%2C72602734%2C72616120%2C72619927%2C72620306%2C72626058%2C72628720%2C72634630%2C72647020%2C72648289%2C72653660%2C72658035%2C72662543%2C72662666%2C72671093%2C72676494%2C72686036%2C72690755%2C72691805&amp;hl=pt-BR&amp;gl=br&amp;ssta=1&amp;ts=CAESCAoCCAMKAggDGhwSGhIUCgcI6A8QCBgVEgcI6A8QCBgYGAMyAggCKgcKBToDQlJM&amp;qs=CAE4BlpgMl6qAVsQASoKIgZob3RlaXMoDDIfEAEiG-WEWEUcysrFM1FAX-W6_uVycY9O_SPy2bSxGTIqEAIiJmhvdGVpcyBwcsOzeGltbyBhIGFsYW1lZGEgY2FtcGluYXMgNTQw&amp;ap=SABoAQ&amp;ictx=111&amp;ved=0CAAQ5JsGahcKEwjQqbL6196HAxUAAAAAHQAAAAAQDA\" target=\"_blank\" rel=\"noopener\">clicando aqui.<\/a><\/p>\n<p>\u00a0<\/p>\n\n\t\t<\/div>\n\t<\/div>\n\t\n\n<\/div>\n\n<\/div>\n<div id=\"tab_compras\" class=\"panel entry-content\" role=\"tabpanel\" aria-labelledby=\"tab-compras\">\n\n<div class=\"accordion faq\">\n\n\t<div id=\"accordion-2735898477\" class=\"accordion-item\">\n\t\t<a id=\"accordion-2735898477-label\" class=\"accordion-title plain\" href=\"#accordion-item-como-comprar?\" aria-expanded=\"false\" aria-controls=\"accordion-2735898477-content\" >\n\t\t\t<button class=\"toggle\" aria-label=\"Toggle\"><i class=\"icon-angle-down\"><\/i><\/button>\n\t\t\t<span>Como comprar?<\/span>\n\t\t<\/a>\n\t\t<div id=\"accordion-2735898477-content\" class=\"accordion-inner\" aria-labelledby=\"accordion-2735898477-label\" >\n\t\t\t\n\n<p>As inscri\u00e7\u00f5es poder\u00e3o ser realizadas presencialmente na IHRSA Fitness Brasil 2024, ou online a partir do dia 25\/08\/2024.<\/p>\n\n\t\t<\/div>\n\t<\/div>\n\t\n\t<div id=\"accordion-2381733080\" class=\"accordion-item\">\n\t\t<a id=\"accordion-2381733080-label\" class=\"accordion-title plain\" href=\"#accordion-item-posso-comprar-at\u00e9-quando?\" aria-expanded=\"false\" aria-controls=\"accordion-2381733080-content\" >\n\t\t\t<button class=\"toggle\" aria-label=\"Toggle\"><i class=\"icon-angle-down\"><\/i><\/button>\n\t\t\t<span>Posso comprar at\u00e9 quando?<\/span>\n\t\t<\/a>\n\t\t<div id=\"accordion-2381733080-content\" class=\"accordion-inner\" aria-labelledby=\"accordion-2381733080-label\" >\n\t\t\t\n\n<p>O prazo limite para inscri\u00e7\u00f5es \u00e9 at\u00e9 10\/09 \u00e0s 23h59.<\/p>\n\n\t\t<\/div>\n\t<\/div>\n\t\n\t<div id=\"accordion-2696313701\" class=\"accordion-item\">\n\t\t<a id=\"accordion-2696313701-label\" class=\"accordion-title plain\" href=\"#accordion-item-tenho-desconto-como-idoso,-autista-ou-pcd?\" aria-expanded=\"false\" aria-controls=\"accordion-2696313701-content\" >\n\t\t\t<button class=\"toggle\" aria-label=\"Toggle\"><i class=\"icon-angle-down\"><\/i><\/button>\n\t\t\t<span>Tenho desconto como idoso, autista ou PcD?<\/span>\n\t\t<\/a>\n\t\t<div id=\"accordion-2696313701-content\" class=\"accordion-inner\" aria-labelledby=\"accordion-2696313701-label\" >\n\t\t\t\n\n<p>N\u00e3o, por se tratar de um curso\/programa educacional<\/p>\n\n\t\t<\/div>\n\t<\/div>\n\t\n\t<div id=\"accordion-607271400\" class=\"accordion-item\">\n\t\t<a id=\"accordion-607271400-label\" class=\"accordion-title plain\" href=\"#accordion-item-a-fitness-brasil-emite-nota-fiscal?\" aria-expanded=\"false\" aria-controls=\"accordion-607271400-content\" >\n\t\t\t<button class=\"toggle\" aria-label=\"Toggle\"><i class=\"icon-angle-down\"><\/i><\/button>\n\t\t\t<span>A Fitness Brasil emite nota fiscal?<\/span>\n\t\t<\/a>\n\t\t<div id=\"accordion-607271400-content\" class=\"accordion-inner\" aria-labelledby=\"accordion-607271400-label\" >\n\t\t\t\n\n<div dir=\"ltr\">\n<div>Sim. Ap\u00f3s a confirma\u00e7\u00e3o de compra, a Nota Fiscal ser\u00e1 enviada para o e-mail utilizado no cadastro no ato da compra.<\/div>\n<\/div>\n\n\t\t<\/div>\n\t<\/div>\n\t\n\n<\/div>\n\n<\/div><\/div><\/div>\n\n\t\t<\/div>\n\t\t\t\t\t<\/div>\n\n\t\n\n<\/div>\n\n\t\t<\/div>\n\n\t\t\n<style>\n#section_1095664851 {\n  padding-top: 30px;\n  padding-bottom: 30px;\n  background-color: rgb(255, 255, 255);\n}\n<\/style>\n\t<\/section>\n\t\n\n\t<section class=\"section rodape\" id=\"section_486426814\">\n\t\t<div class=\"section-bg fill\" >\n\t\t\t\t\t\t\t\t\t\n\t\t\t\n\n\t\t<\/div>\n\n\t\t\n\n\t\t<div class=\"section-content relative\">\n\t\t\t\n\n\n\n<style>\n\n@media (max-width: 768px) {\n\n    .section.rodape{\n        padding: 20px;\n    }\n\n}\n\n<\/style>\n\n<div class=\"row\"  id=\"row-1873872721\">\n\n\n\t<div id=\"col-1628531087\" class=\"col hide-for-medium medium-4 small-12 large-4\"  >\n\t\t\t\t<div class=\"col-inner\"  >\n\t\t\t\n\t\t\t\n\n\n\t\t<\/div>\n\t\t\t\t\t<\/div>\n\n\t\n\n\t<div id=\"col-1948150649\" class=\"col medium-4 small-12 large-4\"  >\n\t\t\t\t<div class=\"col-inner\"  >\n\t\t\t\n\t\t\t\n\n\t<div class=\"img has-hover x md-x lg-x y md-y lg-y\" id=\"image_913931464\">\n\t\t\t\t\t\t\t\t<div class=\"img-inner dark\" >\n\t\t\t<img decoding=\"async\" width=\"462\" height=\"58\" data-src=\"https:\/\/www.fitnessbrasil.com.br\/wp-content\/uploads\/2024\/07\/Logo-FitnessBrasil.png\" class=\"attachment-original size-original lazyload\" alt=\"\" data-srcset=\"https:\/\/www.fitnessbrasil.com.br\/wp-content\/uploads\/2024\/07\/Logo-FitnessBrasil.png 462w, https:\/\/www.fitnessbrasil.com.br\/wp-content\/uploads\/2024\/07\/Logo-FitnessBrasil-18x2.png 18w\" data-sizes=\"(max-width: 462px) 100vw, 462px\" src=\"data:image\/svg+xml;base64,PHN2ZyB3aWR0aD0iMSIgaGVpZ2h0PSIxIiB4bWxucz0iaHR0cDovL3d3dy53My5vcmcvMjAwMC9zdmciPjwvc3ZnPg==\" style=\"--smush-placeholder-width: 462px; --smush-placeholder-aspect-ratio: 462\/58;\" \/>\t\t\t\t\t\t\n\t\t\t\t\t<\/div>\n\t\t\t\t\t\t\t\t\n<style>\n#image_913931464 {\n  width: 100%;\n}\n<\/style>\n\t<\/div>\n\t\n\n\n\t\t<\/div>\n\t\t\t\t\t<\/div>\n\n\t\n\n\t<div id=\"col-1283905397\" class=\"col hide-for-medium medium-4 small-12 large-4\"  >\n\t\t\t\t<div class=\"col-inner\"  >\n\t\t\t\n\t\t\t\n\n\n\t\t<\/div>\n\t\t\t\t\t<\/div>\n\n\t\n\n<\/div>\n\n\t\t<\/div>\n\n\t\t\n<style>\n#section_486426814 {\n  padding-top: 30px;\n  padding-bottom: 30px;\n  background-color: rgb(247, 247, 247);\n}\n<\/style>\n\t<\/section>\n\t\n<div class=\"row\"  id=\"row-1297991249\">\n\n\n\t<div id=\"col-1343980418\" class=\"col medium-6 small-12 large-6\"  >\n\t\t\t\t<div class=\"col-inner\"  >\n\t\t\t\n\t\t\t\n\n\n\t\t<\/div>\n\t\t\t\t\t<\/div>\n\n\t\n\n\t<div id=\"col-935351834\" class=\"col medium-6 small-12 large-6\"  >\n\t\t\t\t<div class=\"col-inner\"  >\n\t\t\t\n\t\t\t\n\n\n\t\t<\/div>\n\t\t\t\t\t<\/div>\n\n\t\n\n<\/div>\n\n","protected":false},"excerpt":{"rendered":"","protected":false},"author":13726,"featured_media":0,"parent":0,"menu_order":0,"comment_status":"closed","ping_status":"closed","template":"page-blank-landingpage.php","meta":{"_acf_changed":false,"footnotes":""},"folder":[],"class_list":["post-95192","page","type-page","status-publish","hentry"],"acf":[],"yoast_head":"<!-- This site is optimized with the Yoast SEO plugin v27.4 - https:\/\/yoast.com\/product\/yoast-seo-wordpress\/ -->\n<title>Gestao Executiva - Fitness Brasil<\/title>\n<meta name=\"robots\" content=\"index, follow, max-snippet:-1, max-image-preview:large, max-video-preview:-1\" \/>\n<link rel=\"canonical\" href=\"https:\/\/www.fitnessbrasil.com.br\/es\/gestao-executiva\/\" \/>\n<meta property=\"og:locale\" content=\"es_ES\" \/>\n<meta property=\"og:type\" content=\"article\" \/>\n<meta property=\"og:title\" content=\"Gestao Executiva - Fitness Brasil\" \/>\n<meta property=\"og:url\" content=\"https:\/\/www.fitnessbrasil.com.br\/es\/gestao-executiva\/\" \/>\n<meta property=\"og:site_name\" content=\"Fitness Brasil\" \/>\n<meta property=\"article:modified_time\" content=\"2024-09-26T20:35:47+00:00\" \/>\n<meta name=\"twitter:card\" content=\"summary_large_image\" \/>\n<meta name=\"twitter:label1\" content=\"Tiempo de lectura\" \/>\n\t<meta name=\"twitter:data1\" content=\"13 minutos\" \/>\n<script type=\"application\/ld+json\" class=\"yoast-schema-graph\">{\"@context\":\"https:\\\/\\\/schema.org\",\"@graph\":[{\"@type\":\"WebPage\",\"@id\":\"https:\\\/\\\/www.fitnessbrasil.com.br\\\/gestao-executiva\\\/\",\"url\":\"https:\\\/\\\/www.fitnessbrasil.com.br\\\/gestao-executiva\\\/\",\"name\":\"Gestao Executiva - Fitness Brasil\",\"isPartOf\":{\"@id\":\"https:\\\/\\\/www.fitnessbrasil.com.br\\\/#website\"},\"datePublished\":\"2024-07-18T22:32:41+00:00\",\"dateModified\":\"2024-09-26T20:35:47+00:00\",\"breadcrumb\":{\"@id\":\"https:\\\/\\\/www.fitnessbrasil.com.br\\\/gestao-executiva\\\/#breadcrumb\"},\"inLanguage\":\"es\",\"potentialAction\":[{\"@type\":\"ReadAction\",\"target\":[\"https:\\\/\\\/www.fitnessbrasil.com.br\\\/gestao-executiva\\\/\"]}]},{\"@type\":\"BreadcrumbList\",\"@id\":\"https:\\\/\\\/www.fitnessbrasil.com.br\\\/gestao-executiva\\\/#breadcrumb\",\"itemListElement\":[{\"@type\":\"ListItem\",\"position\":1,\"name\":\"In\u00edcio\",\"item\":\"https:\\\/\\\/www.fitnessbrasil.com.br\\\/\"},{\"@type\":\"ListItem\",\"position\":2,\"name\":\"Gestao Executiva\"}]},{\"@type\":\"WebSite\",\"@id\":\"https:\\\/\\\/www.fitnessbrasil.com.br\\\/#website\",\"url\":\"https:\\\/\\\/www.fitnessbrasil.com.br\\\/\",\"name\":\"Fitness Brasil\",\"description\":\"\",\"publisher\":{\"@id\":\"https:\\\/\\\/www.fitnessbrasil.com.br\\\/#organization\"},\"potentialAction\":[{\"@type\":\"SearchAction\",\"target\":{\"@type\":\"EntryPoint\",\"urlTemplate\":\"https:\\\/\\\/www.fitnessbrasil.com.br\\\/?s={search_term_string}\"},\"query-input\":{\"@type\":\"PropertyValueSpecification\",\"valueRequired\":true,\"valueName\":\"search_term_string\"}}],\"inLanguage\":\"es\"},{\"@type\":\"Organization\",\"@id\":\"https:\\\/\\\/www.fitnessbrasil.com.br\\\/#organization\",\"name\":\"Fitness Brasil\",\"url\":\"https:\\\/\\\/www.fitnessbrasil.com.br\\\/\",\"logo\":{\"@type\":\"ImageObject\",\"inLanguage\":\"es\",\"@id\":\"https:\\\/\\\/www.fitnessbrasil.com.br\\\/#\\\/schema\\\/logo\\\/image\\\/\",\"url\":\"https:\\\/\\\/www.fitnessbrasil.com.br\\\/wp-content\\\/uploads\\\/2022\\\/01\\\/Logo-Fitness-Brasil_preto-e-cor.png\",\"contentUrl\":\"https:\\\/\\\/www.fitnessbrasil.com.br\\\/wp-content\\\/uploads\\\/2022\\\/01\\\/Logo-Fitness-Brasil_preto-e-cor.png\",\"width\":593,\"height\":316,\"caption\":\"Fitness Brasil\"},\"image\":{\"@id\":\"https:\\\/\\\/www.fitnessbrasil.com.br\\\/#\\\/schema\\\/logo\\\/image\\\/\"}}]}<\/script>\n<!-- \/ Yoast SEO plugin. -->","yoast_head_json":{"title":"Gestao Executiva - Fitness Brasil","robots":{"index":"index","follow":"follow","max-snippet":"max-snippet:-1","max-image-preview":"max-image-preview:large","max-video-preview":"max-video-preview:-1"},"canonical":"https:\/\/www.fitnessbrasil.com.br\/es\/gestao-executiva\/","og_locale":"es_ES","og_type":"article","og_title":"Gestao Executiva - Fitness Brasil","og_url":"https:\/\/www.fitnessbrasil.com.br\/es\/gestao-executiva\/","og_site_name":"Fitness Brasil","article_modified_time":"2024-09-26T20:35:47+00:00","twitter_card":"summary_large_image","twitter_misc":{"Tiempo de lectura":"13 minutos"},"schema":{"@context":"https:\/\/schema.org","@graph":[{"@type":"WebPage","@id":"https:\/\/www.fitnessbrasil.com.br\/gestao-executiva\/","url":"https:\/\/www.fitnessbrasil.com.br\/gestao-executiva\/","name":"Gestao Executiva - Fitness Brasil","isPartOf":{"@id":"https:\/\/www.fitnessbrasil.com.br\/#website"},"datePublished":"2024-07-18T22:32:41+00:00","dateModified":"2024-09-26T20:35:47+00:00","breadcrumb":{"@id":"https:\/\/www.fitnessbrasil.com.br\/gestao-executiva\/#breadcrumb"},"inLanguage":"es","potentialAction":[{"@type":"ReadAction","target":["https:\/\/www.fitnessbrasil.com.br\/gestao-executiva\/"]}]},{"@type":"BreadcrumbList","@id":"https:\/\/www.fitnessbrasil.com.br\/gestao-executiva\/#breadcrumb","itemListElement":[{"@type":"ListItem","position":1,"name":"In\u00edcio","item":"https:\/\/www.fitnessbrasil.com.br\/"},{"@type":"ListItem","position":2,"name":"Gestao Executiva"}]},{"@type":"WebSite","@id":"https:\/\/www.fitnessbrasil.com.br\/#website","url":"https:\/\/www.fitnessbrasil.com.br\/","name":"Fitness Brasil","description":"","publisher":{"@id":"https:\/\/www.fitnessbrasil.com.br\/#organization"},"potentialAction":[{"@type":"SearchAction","target":{"@type":"EntryPoint","urlTemplate":"https:\/\/www.fitnessbrasil.com.br\/?s={search_term_string}"},"query-input":{"@type":"PropertyValueSpecification","valueRequired":true,"valueName":"search_term_string"}}],"inLanguage":"es"},{"@type":"Organization","@id":"https:\/\/www.fitnessbrasil.com.br\/#organization","name":"Fitness Brasil","url":"https:\/\/www.fitnessbrasil.com.br\/","logo":{"@type":"ImageObject","inLanguage":"es","@id":"https:\/\/www.fitnessbrasil.com.br\/#\/schema\/logo\/image\/","url":"https:\/\/www.fitnessbrasil.com.br\/wp-content\/uploads\/2022\/01\/Logo-Fitness-Brasil_preto-e-cor.png","contentUrl":"https:\/\/www.fitnessbrasil.com.br\/wp-content\/uploads\/2022\/01\/Logo-Fitness-Brasil_preto-e-cor.png","width":593,"height":316,"caption":"Fitness Brasil"},"image":{"@id":"https:\/\/www.fitnessbrasil.com.br\/#\/schema\/logo\/image\/"}}]}},"_links":{"self":[{"href":"https:\/\/www.fitnessbrasil.com.br\/es\/wp-json\/wp\/v2\/pages\/95192","targetHints":{"allow":["GET"]}}],"collection":[{"href":"https:\/\/www.fitnessbrasil.com.br\/es\/wp-json\/wp\/v2\/pages"}],"about":[{"href":"https:\/\/www.fitnessbrasil.com.br\/es\/wp-json\/wp\/v2\/types\/page"}],"author":[{"embeddable":true,"href":"https:\/\/www.fitnessbrasil.com.br\/es\/wp-json\/wp\/v2\/users\/13726"}],"replies":[{"embeddable":true,"href":"https:\/\/www.fitnessbrasil.com.br\/es\/wp-json\/wp\/v2\/comments?post=95192"}],"version-history":[{"count":0,"href":"https:\/\/www.fitnessbrasil.com.br\/es\/wp-json\/wp\/v2\/pages\/95192\/revisions"}],"wp:attachment":[{"href":"https:\/\/www.fitnessbrasil.com.br\/es\/wp-json\/wp\/v2\/media?parent=95192"}],"wp:term":[{"taxonomy":"folder","embeddable":true,"href":"https:\/\/www.fitnessbrasil.com.br\/es\/wp-json\/wp\/v2\/folder?post=95192"}],"curies":[{"name":"wp","href":"https:\/\/api.w.org\/{rel}","templated":true}]}}